{"id":9792,"date":"2015-08-12T16:50:40","date_gmt":"2015-08-12T20:50:40","guid":{"rendered":"http:\/\/www.musee-mccord-stewart.ca\/?page_id=9792"},"modified":"2019-12-17T19:28:04","modified_gmt":"2019-12-18T00:28:04","slug":"les-5-a-9-au-mccord","status":"publish","type":"page","link":"https:\/\/www.musee-mccord-stewart.ca\/fr\/jeune-mccord\/les-5-a-9-au-mccord\/","title":{"rendered":"Les 5 \u00e0 9 au McCord"},"content":{"rendered":"<p>D\u00e9couvrez le<em>\u00a0<\/em>Mus\u00e9e et ses expositions sous un angle diff\u00e9rent lors de <strong>soir\u00e9es ludiques\u00a0destin\u00e9es aux jeunes professionnels<\/strong>.\u00a0Profitez-en pour visiter toutes les expositions en cours, boire un verre au bar entre coll\u00e8gues ou amis, faire de nouvelles rencontres et discuter dans une <strong>ambiance d\u00e9tendue qui allie cocktails et culture<\/strong>.<\/p>\n<ul>\n<li>Plusieurs bars th\u00e9matiques<\/li>\n<li>Performances artistiques en direct<\/li>\n<li>Visites guid\u00e9es insolites des expositions en cours<\/li>\n<li>Ateliers cr\u00e9atifs, cadeaux et plus!<\/li>\n<\/ul>\n<h2>Prochain rendez-vous<\/h2>\n<p>Restez \u00e0 l&rsquo;aff\u00fbt, la date et le programme seront d\u00e9voil\u00e9s prochainement!<\/p>\n<hr \/>\n<p><strong>Quelques photos des derniers <em>5 \u00e0 9 au McCord<\/em> :<\/strong><\/p>\n<ul class=\"sliderTiny\">\n<li>\n<img decoding=\"async\" src=\"https:\/\/www.musee-mccord-stewart.ca\/app\/uploads\/2015\/08\/allen-mcinnis_5a9mode_bureaudelamode_2-1200x800.jpg\" alt=\"\u00a9 Allen McInnis\" title=\"\u00a9 Allen McInnis\" \/>\n<\/li>\n<li>\n<img decoding=\"async\" src=\"https:\/\/www.musee-mccord-stewart.ca\/app\/uploads\/2015\/08\/elias-touil_5a9_fashiontech_3-800x800.jpg\" alt=\"\u00a9 Elias Touil\" title=\"\u00a9 Elias Touil\" \/>\n<\/li>\n<li>\n<img decoding=\"async\" src=\"https:\/\/www.musee-mccord-stewart.ca\/app\/uploads\/2015\/08\/vernissage_shalommtl_eliastouil_lr-35.jpg\" alt=\"\u00a9 Elias Touil\" title=\"\u00a9 Elias Touil\" \/>\n<\/li>\n<li>\n<img decoding=\"async\" src=\"https:\/\/www.musee-mccord-stewart.ca\/app\/uploads\/2015\/08\/mccord_5a9_22mars_web-88.jpg\" alt=\"\u00a9 Elias Touil\" title=\"\u00a9 Elias Touil\" \/>\n<\/li>\n<li>\n<img decoding=\"async\" src=\"https:\/\/www.musee-mccord-stewart.ca\/app\/uploads\/2015\/08\/mccord_5a9_22mars_web-27.jpg\" alt=\"\u00a9 Elias Touil\" title=\"\u00a9 Elias Touil\" \/>\n<\/li>\n<li>\n<img decoding=\"async\" src=\"https:\/\/www.musee-mccord-stewart.ca\/app\/uploads\/2015\/08\/elias-touil_5a9_fashiontech_2.jpg\" alt=\"\u00a9 Elias Touil\" title=\"\u00a9 Elias Touil\" \/>\n<\/li>\n<li>\n<img decoding=\"async\" src=\"https:\/\/www.musee-mccord-stewart.ca\/app\/uploads\/2015\/08\/elias-touil_5a9_futur_2.jpg\" alt=\"\u00a9 Elias Touil\" title=\"\u00a9 Elias Touil\" \/>\n<\/li>\n<li>\n<img decoding=\"async\" src=\"https:\/\/www.musee-mccord-stewart.ca\/app\/uploads\/2015\/08\/vernissage_shalommtl_eliastouil_lr-60.jpg\" alt=\"\u00a9 Elias Touil\" title=\"\u00a9 Elias Touil\" \/>\n<\/li>\n<li>\n<img decoding=\"async\" src=\"https:\/\/www.musee-mccord-stewart.ca\/app\/uploads\/2015\/08\/mccord_5a9_22mars_web-12.jpg\" alt=\"\u00a9 Elias Touil\" title=\"\u00a9 Elias Touil\" \/>\n<\/li>\n<li>\n<img decoding=\"async\" src=\"https:\/\/www.musee-mccord-stewart.ca\/app\/uploads\/2015\/08\/vernissage_shalommtl_eliastouil_lr-89-1200x800.jpg\" alt=\"\u00a9 Elias Touil\" title=\"\u00a9 Elias Touil\" \/>\n<\/li>\n<li>\n<img decoding=\"async\" src=\"https:\/\/www.musee-mccord-stewart.ca\/app\/uploads\/2015\/08\/elias-touil_5a9_multiple_8.jpg\" alt=\"\u00a9 Elias Touil\" title=\"\u00a9 Elias Touil\" \/>\n<\/li>\n<li>\n<img decoding=\"async\" src=\"https:\/\/www.musee-mccord-stewart.ca\/app\/uploads\/2015\/08\/allen-mcinnis_5a9mode_bureaudelamode_1-1200x800.jpg\" alt=\"\u00a9 Allen McInnis\" title=\"\u00a9 Allen McInnis\" \/>\n<\/li>\n<li>\n<img decoding=\"async\" src=\"https:\/\/www.musee-mccord-stewart.ca\/app\/uploads\/2015\/08\/elias-touil_5a9_multiple_5.jpg\" alt=\"\u00a9 Elias Touil\" title=\"\u00a9 Elias Touil\" \/>\n<\/li>\n<li>\n<img decoding=\"async\" src=\"https:\/\/www.musee-mccord-stewart.ca\/app\/uploads\/2015\/08\/elias-touil_5a9_fashiontech_5.jpg\" alt=\"\u00a9 Elias Touil\" title=\"\u00a9 Elias Touil\" \/>\n<\/li>\n<li>\n<img decoding=\"async\" src=\"https:\/\/www.musee-mccord-stewart.ca\/app\/uploads\/2015\/08\/elias-touil_5a9_multiple_3.jpg\" alt=\"\u00a9 Elias Touil\" title=\"\u00a9 Elias Touil\" \/>\n<\/li>\n<li>\n<img decoding=\"async\" src=\"https:\/\/www.musee-mccord-stewart.ca\/app\/uploads\/2015\/08\/elias-touil_5a9_mtldolcevita_3.jpg\" alt=\"\u00a9 Elias Touil\" title=\"\u00a9 Elias Touil\" \/>\n<\/li>\n<li>\n<img decoding=\"async\" src=\"https:\/\/www.musee-mccord-stewart.ca\/app\/uploads\/2015\/08\/elias-touil_5a9_mtldolcevita_1.jpg\" alt=\"\u00a9 Elias Touil\" title=\"\u00a9 Elias Touil\" \/>\n<\/li>\n<li>\n<img decoding=\"async\" src=\"https:\/\/www.musee-mccord-stewart.ca\/app\/uploads\/2015\/08\/elias-touil_5a9_futur_1.jpg\" alt=\"\u00a9 Elias Touil\" title=\"\u00a9 Elias Touil\" \/>\n<\/li>\n<li>\n<img decoding=\"async\" src=\"https:\/\/www.musee-mccord-stewart.ca\/app\/uploads\/2015\/08\/elias-touil_5a9_fashiontech_1.jpg\" alt=\"\u00a9 Elias Touil\" title=\"\u00a9 Elias Touil\" \/>\n<\/li>\n<li>\n<img decoding=\"async\" src=\"https:\/\/www.musee-mccord-stewart.ca\/app\/uploads\/2015\/08\/elias-touil_5a9_excentrique_2.jpg\" alt=\"\u00a9 Elias Touil\" title=\"\u00a9 Elias Touil\" \/>\n<\/li>\n<li>\n<img decoding=\"async\" src=\"https:\/\/www.musee-mccord-stewart.ca\/app\/uploads\/2015\/08\/elias-touil_5a9_excentrique_1.jpg\" alt=\"\u00a9 Elias Touil\" title=\"\u00a9 Elias Touil\" \/>\n<\/li>\n<\/ul>\n\n","protected":false},"excerpt":{"rendered":"<p>D\u00e9couvrez le\u00a0Mus\u00e9e et ses expositions sous un angle diff\u00e9rent lors de soir\u00e9es ludiques\u00a0destin\u00e9es aux jeunes professionnels.\u00a0Profitez-en pour visiter toutes les expositions en cours, boire un verre au bar entre coll\u00e8gues ou amis, faire de nouvelles rencontres et discuter dans une ambiance d\u00e9tendue qui allie cocktails et culture. Plusieurs bars th\u00e9matiques Performances artistiques en direct Visites [&hellip;]<\/p>\n","protected":false},"author":17,"featured_media":0,"parent":1499,"menu_order":0,"comment_status":"closed","ping_status":"closed","template":"page-templates\/page-texte.php","meta":{"footnotes":""},"categories":[],"tags":[],"acf":[],"yoast_head":"<!-- This site is optimized with the Yoast SEO Premium plugin v20.11 (Yoast SEO v20.11) - https:\/\/yoast.com\/wordpress\/plugins\/seo\/ -->\n<title>Les 5 \u00e0 9 au McCord - Mus\u00e9e McCord<\/title>\n<meta name=\"description\" content=\"Visitez les expositions en cours, boire un verre au bar entre coll\u00e8gues ou amis, faire de nouvelles rencontres et discuter dans une ambiance d\u00e9tendue!\" \/>\n<meta name=\"robots\" content=\"index, follow, max-snippet:-1, max-image-preview:large, max-video-preview:-1\" \/>\n<link rel=\"canonical\" href=\"https:\/\/www.musee-mccord-stewart.ca\/fr\/jeune-mccord\/les-5-a-9-au-mccord\/\" \/>\n<meta property=\"og:locale\" content=\"fr_FR\" \/>\n<meta property=\"og:type\" content=\"article\" \/>\n<meta property=\"og:title\" content=\"Les 5 \u00e0 9 au McCord\" \/>\n<meta property=\"og:description\" content=\"D\u00e9couvrez le\u00a0Mus\u00e9e et ses expositions sous un angle diff\u00e9rent lors de soir\u00e9es ludiques\u00a0destin\u00e9es aux jeunes professionnels.\u00a0Profitez-en pour visiter\" \/>\n<meta property=\"og:url\" content=\"https:\/\/www.musee-mccord-stewart.ca\/fr\/jeune-mccord\/les-5-a-9-au-mccord\/\" \/>\n<meta property=\"og:site_name\" content=\"Mus\u00e9e McCord Stewart\" \/>\n<meta property=\"article:publisher\" content=\"https:\/\/www.facebook.com\/museemccordstewart\" \/>\n<meta property=\"article:modified_time\" content=\"2019-12-18T00:28:04+00:00\" \/>\n<meta property=\"og:image\" content=\"https:\/\/www.musee-mccord.qc.ca\/app\/uploads\/2015\/08\/allen-mcinnis_5a9mode_bureaudelamode_2-1200x800.jpg\" \/>\n<meta name=\"twitter:card\" content=\"summary_large_image\" \/>\n<meta name=\"twitter:site\" content=\"@MuseeMcCordStew\" \/>\n<meta name=\"twitter:label1\" content=\"Dur\u00e9e de lecture estim\u00e9e\" \/>\n\t<meta name=\"twitter:data1\" content=\"1 minute\" \/>\n<script type=\"application\/ld+json\" class=\"yoast-schema-graph\">{\"@context\":\"https:\/\/schema.org\",\"@graph\":[{\"@type\":\"WebPage\",\"@id\":\"https:\/\/www.musee-mccord-stewart.ca\/fr\/jeune-mccord\/les-5-a-9-au-mccord\/\",\"url\":\"https:\/\/www.musee-mccord-stewart.ca\/fr\/jeune-mccord\/les-5-a-9-au-mccord\/\",\"name\":\"Les 5 \u00e0 9 au McCord - Mus\u00e9e McCord\",\"isPartOf\":{\"@id\":\"https:\/\/www.musee-mccord-stewart.ca\/fr\/#website\"},\"datePublished\":\"2015-08-12T20:50:40+00:00\",\"dateModified\":\"2019-12-18T00:28:04+00:00\",\"description\":\"Visitez les expositions en cours, boire un verre au bar entre coll\u00e8gues ou amis, faire de nouvelles rencontres et discuter dans une ambiance d\u00e9tendue!\",\"breadcrumb\":{\"@id\":\"https:\/\/www.musee-mccord-stewart.ca\/fr\/jeune-mccord\/les-5-a-9-au-mccord\/#breadcrumb\"},\"inLanguage\":\"fr-FR\",\"potentialAction\":[{\"@type\":\"ReadAction\",\"target\":[\"https:\/\/www.musee-mccord-stewart.ca\/fr\/jeune-mccord\/les-5-a-9-au-mccord\/\"]}]},{\"@type\":\"BreadcrumbList\",\"@id\":\"https:\/\/www.musee-mccord-stewart.ca\/fr\/jeune-mccord\/les-5-a-9-au-mccord\/#breadcrumb\",\"itemListElement\":[{\"@type\":\"ListItem\",\"position\":1,\"name\":\"Accueil\",\"item\":\"https:\/\/www.musee-mccord-stewart.ca\/fr\/\"},{\"@type\":\"ListItem\",\"position\":2,\"name\":\"Jeune McCord Stewart\",\"item\":\"https:\/\/www.musee-mccord-stewart.ca\/fr\/?page_id=1499\"},{\"@type\":\"ListItem\",\"position\":3,\"name\":\"Les 5 \u00e0 9 au McCord\"}]},{\"@type\":\"WebSite\",\"@id\":\"https:\/\/www.musee-mccord-stewart.ca\/fr\/#website\",\"url\":\"https:\/\/www.musee-mccord-stewart.ca\/fr\/\",\"name\":\"Mus\u00e9e McCord Stewart\",\"description\":\"Notre monde, nos histoires\",\"publisher\":{\"@id\":\"https:\/\/www.musee-mccord-stewart.ca\/fr\/#organization\"},\"alternateName\":\"MCS\",\"potentialAction\":[{\"@type\":\"SearchAction\",\"target\":{\"@type\":\"EntryPoint\",\"urlTemplate\":\"https:\/\/www.musee-mccord-stewart.ca\/fr\/?s={search_term_string}\"},\"query-input\":\"required name=search_term_string\"}],\"inLanguage\":\"fr-FR\"},{\"@type\":\"Organization\",\"@id\":\"https:\/\/www.musee-mccord-stewart.ca\/fr\/#organization\",\"name\":\"McCord Stewart Museum\",\"alternateName\":\"MCS\",\"url\":\"https:\/\/www.musee-mccord-stewart.ca\/fr\/\",\"logo\":{\"@type\":\"ImageObject\",\"inLanguage\":\"fr-FR\",\"@id\":\"https:\/\/www.musee-mccord-stewart.ca\/fr\/#\/schema\/logo\/image\/\",\"url\":\"https:\/\/www.musee-mccord-stewart.ca\/app\/uploads\/2023\/05\/logo_museemccordstewart_horizontal_noir_slogan.svg\",\"contentUrl\":\"https:\/\/www.musee-mccord-stewart.ca\/app\/uploads\/2023\/05\/logo_museemccordstewart_horizontal_noir_slogan.svg\",\"width\":1,\"height\":1,\"caption\":\"McCord Stewart Museum\"},\"image\":{\"@id\":\"https:\/\/www.musee-mccord-stewart.ca\/fr\/#\/schema\/logo\/image\/\"},\"sameAs\":[\"https:\/\/www.facebook.com\/museemccordstewart\",\"https:\/\/twitter.com\/MuseeMcCordStew\",\"https:\/\/instagram.com\/museemccordstewart\",\"https:\/\/www.linkedin.com\/company\/museemccordstewart\/\",\"https:\/\/www.pinterest.com\/museemccordstewart\/\",\"https:\/\/www.youtube.com\/c\/MuseeMcCordStewartMuseum\"]}]}<\/script>\n<!-- \/ Yoast SEO Premium plugin. -->","yoast_head_json":{"title":"Les 5 \u00e0 9 au McCord - Mus\u00e9e McCord","description":"Visitez les expositions en cours, boire un verre au bar entre coll\u00e8gues ou amis, faire de nouvelles rencontres et discuter dans une ambiance d\u00e9tendue!","robots":{"index":"index","follow":"follow","max-snippet":"max-snippet:-1","max-image-preview":"max-image-preview:large","max-video-preview":"max-video-preview:-1"},"canonical":"https:\/\/www.musee-mccord-stewart.ca\/fr\/jeune-mccord\/les-5-a-9-au-mccord\/","og_locale":"fr_FR","og_type":"article","og_title":"Les 5 \u00e0 9 au McCord","og_description":"D\u00e9couvrez le\u00a0Mus\u00e9e et ses expositions sous un angle diff\u00e9rent lors de soir\u00e9es ludiques\u00a0destin\u00e9es aux jeunes professionnels.\u00a0Profitez-en pour visiter","og_url":"https:\/\/www.musee-mccord-stewart.ca\/fr\/jeune-mccord\/les-5-a-9-au-mccord\/","og_site_name":"Mus\u00e9e McCord Stewart","article_publisher":"https:\/\/www.facebook.com\/museemccordstewart","article_modified_time":"2019-12-18T00:28:04+00:00","og_image":[{"url":"https:\/\/www.musee-mccord.qc.ca\/app\/uploads\/2015\/08\/allen-mcinnis_5a9mode_bureaudelamode_2-1200x800.jpg"}],"twitter_card":"summary_large_image","twitter_site":"@MuseeMcCordStew","twitter_misc":{"Dur\u00e9e de lecture estim\u00e9e":"1 minute"},"schema":{"@context":"https:\/\/schema.org","@graph":[{"@type":"WebPage","@id":"https:\/\/www.musee-mccord-stewart.ca\/fr\/jeune-mccord\/les-5-a-9-au-mccord\/","url":"https:\/\/www.musee-mccord-stewart.ca\/fr\/jeune-mccord\/les-5-a-9-au-mccord\/","name":"Les 5 \u00e0 9 au McCord - Mus\u00e9e McCord","isPartOf":{"@id":"https:\/\/www.musee-mccord-stewart.ca\/fr\/#website"},"datePublished":"2015-08-12T20:50:40+00:00","dateModified":"2019-12-18T00:28:04+00:00","description":"Visitez les expositions en cours, boire un verre au bar entre coll\u00e8gues ou amis, faire de nouvelles rencontres et discuter dans une ambiance d\u00e9tendue!","breadcrumb":{"@id":"https:\/\/www.musee-mccord-stewart.ca\/fr\/jeune-mccord\/les-5-a-9-au-mccord\/#breadcrumb"},"inLanguage":"fr-FR","potentialAction":[{"@type":"ReadAction","target":["https:\/\/www.musee-mccord-stewart.ca\/fr\/jeune-mccord\/les-5-a-9-au-mccord\/"]}]},{"@type":"BreadcrumbList","@id":"https:\/\/www.musee-mccord-stewart.ca\/fr\/jeune-mccord\/les-5-a-9-au-mccord\/#breadcrumb","itemListElement":[{"@type":"ListItem","position":1,"name":"Accueil","item":"https:\/\/www.musee-mccord-stewart.ca\/fr\/"},{"@type":"ListItem","position":2,"name":"Jeune McCord Stewart","item":"https:\/\/www.musee-mccord-stewart.ca\/fr\/?page_id=1499"},{"@type":"ListItem","position":3,"name":"Les 5 \u00e0 9 au McCord"}]},{"@type":"WebSite","@id":"https:\/\/www.musee-mccord-stewart.ca\/fr\/#website","url":"https:\/\/www.musee-mccord-stewart.ca\/fr\/","name":"Mus\u00e9e McCord Stewart","description":"Notre monde, nos histoires","publisher":{"@id":"https:\/\/www.musee-mccord-stewart.ca\/fr\/#organization"},"alternateName":"MCS","potentialAction":[{"@type":"SearchAction","target":{"@type":"EntryPoint","urlTemplate":"https:\/\/www.musee-mccord-stewart.ca\/fr\/?s={search_term_string}"},"query-input":"required name=search_term_string"}],"inLanguage":"fr-FR"},{"@type":"Organization","@id":"https:\/\/www.musee-mccord-stewart.ca\/fr\/#organization","name":"McCord Stewart Museum","alternateName":"MCS","url":"https:\/\/www.musee-mccord-stewart.ca\/fr\/","logo":{"@type":"ImageObject","inLanguage":"fr-FR","@id":"https:\/\/www.musee-mccord-stewart.ca\/fr\/#\/schema\/logo\/image\/","url":"https:\/\/www.musee-mccord-stewart.ca\/app\/uploads\/2023\/05\/logo_museemccordstewart_horizontal_noir_slogan.svg","contentUrl":"https:\/\/www.musee-mccord-stewart.ca\/app\/uploads\/2023\/05\/logo_museemccordstewart_horizontal_noir_slogan.svg","width":1,"height":1,"caption":"McCord Stewart Museum"},"image":{"@id":"https:\/\/www.musee-mccord-stewart.ca\/fr\/#\/schema\/logo\/image\/"},"sameAs":["https:\/\/www.facebook.com\/museemccordstewart","https:\/\/twitter.com\/MuseeMcCordStew","https:\/\/instagram.com\/museemccordstewart","https:\/\/www.linkedin.com\/company\/museemccordstewart\/","https:\/\/www.pinterest.com\/museemccordstewart\/","https:\/\/www.youtube.com\/c\/MuseeMcCordStewartMuseum"]}]}},"_links":{"self":[{"href":"https:\/\/www.musee-mccord-stewart.ca\/fr\/wp-json\/wp\/v2\/pages\/9792"}],"collection":[{"href":"https:\/\/www.musee-mccord-stewart.ca\/fr\/wp-json\/wp\/v2\/pages"}],"about":[{"href":"https:\/\/www.musee-mccord-stewart.ca\/fr\/wp-json\/wp\/v2\/types\/page"}],"author":[{"embeddable":true,"href":"https:\/\/www.musee-mccord-stewart.ca\/fr\/wp-json\/wp\/v2\/users\/17"}],"replies":[{"embeddable":true,"href":"https:\/\/www.musee-mccord-stewart.ca\/fr\/wp-json\/wp\/v2\/comments?post=9792"}],"version-history":[{"count":0,"href":"https:\/\/www.musee-mccord-stewart.ca\/fr\/wp-json\/wp\/v2\/pages\/9792\/revisions"}],"up":[{"embeddable":true,"href":"https:\/\/www.musee-mccord-stewart.ca\/fr\/wp-json\/wp\/v2\/pages\/1499"}],"wp:attachment":[{"href":"https:\/\/www.musee-mccord-stewart.ca\/fr\/wp-json\/wp\/v2\/media?parent=9792"}],"wp:term":[{"taxonomy":"category","embeddable":true,"href":"https:\/\/www.musee-mccord-stewart.ca\/fr\/wp-json\/wp\/v2\/categories?post=9792"},{"taxonomy":"post_tag","embeddable":true,"href":"https:\/\/www.musee-mccord-stewart.ca\/fr\/wp-json\/wp\/v2\/tags?post=9792"}],"curies":[{"name":"wp","href":"https:\/\/api.w.org\/{rel}","templated":true}]}}