{"id":701,"date":"2015-03-18T10:16:26","date_gmt":"2015-03-18T14:16:26","guid":{"rendered":"http:\/\/www.musee-mccord-stewart.ca\/?page_id=701"},"modified":"2026-03-11T12:15:12","modified_gmt":"2026-03-11T16:15:12","slug":"equipe-du-musee","status":"publish","type":"page","link":"https:\/\/www.musee-mccord-stewart.ca\/fr\/equipe-du-musee\/","title":{"rendered":"\u00c9quipe du Mus\u00e9e"},"content":{"rendered":"<h2>Direction<\/h2>\n<p>Pr\u00e9sidente et cheffe de la direction : <a title=\"Mot de la pr\u00e9sidente et cheffe de la direction\" href=\"https:\/\/www.musee-mccord-stewart.ca\/fr\/mot-de-la-presidente-et-cheffe-de-la-direction\/\">Anne Eschapasse<\/a><br \/>\nAdjointe \u00e0 la direction : Marion Laberge<br \/>\nCheffe, Relations gouvernementales et institutionnelles : Martine Couillard<\/p>\n<h2>Collections<\/h2>\n<p>Cheffe, Collections et recherche et conservatrice, Costume, mode et textiles : <a href=\"http:\/\/www.musee-mccord-stewart.ca\/fr\/collections\/equipe\/cynthia-cooper\/\">Cynthia Cooper<\/a><br \/>\nConservatrice, Photographie : <a href=\"http:\/\/www.musee-mccord-stewart.ca\/fr\/collections\/equipe\/zoe-tousignant\/\">Zo\u00eb Tousignant, Ph.D.<\/a><br \/>\nConservateur, Cultures autochtones : <a title=\"Jonathan Lainey\" href=\"http:\/\/www.musee-mccord-stewart.ca\/fr\/collections\/equipe\/jonathan-lainey\/\">Jonathan Lainey<\/a><br \/>\nConservatrice, Culture mat\u00e9rielle : <a title=\"\" href=\"http:\/\/www.musee-mccord-stewart.ca\/fr\/collections\/equipe\/guislaine-lemay\/\">Guislaine Lemay<\/a><br \/>\nConservateur, Art documentaire : <a href=\"http:\/\/www.musee-mccord-stewart.ca\/fr\/collections\/equipe\/christian-vachon\/\">Christian Vachon<\/a><br \/>\nConservateur, Archives : <a href=\"https:\/\/www.musee-mccord-stewart.ca\/fr\/collections\/equipe\/mathieu-lapointe\/\">Mathieu Lapointe, Ph.D.<\/a><br \/>\nConservatrice adjointe, Costume, mode et textiles : <a href=\"https:\/\/www.musee-mccord-stewart.ca\/fr\/collections\/equipe\/alexis-walker\/\">Alexis Walker<\/a><br \/>\nAdjointe \u00e0 la conservation, Cultures autochtones : Celina Yellowbird<br \/>\nAssoci\u00e9e de recherche, Photographie : <a href=\"http:\/\/www.musee-mccord-stewart.ca\/fr\/collections\/equipe\/helene-samson\/\">H\u00e9l\u00e8ne Samson, Ph.D.<\/a><\/p>\n<p>Cheffe, Restauration : <a href=\"https:\/\/www.musee-mccord-stewart.ca\/fr\/collections\/equipe\/caterina-florio\/\">Caterina Florio<\/a><br \/>\nRestauratrice : Sara Serban<br \/>\nRestauratrice : Sonia Kata<br \/>\nAdjointe, Restauration : Caroline Bourgeois<br \/>\nAssoci\u00e9e de recherche, Restauration : <a href=\"http:\/\/www.musee-mccord-stewart.ca\/fr\/collections\/equipe\/anne-mackay\/\">Anne MacKay<\/a><\/p>\n<p>Directeur, Gestion des collections : <a href=\"http:\/\/www.musee-mccord-stewart.ca\/fr\/collections\/equipe\/christian-vachon\/\">Christian Vachon<\/a><br \/>\nCheffe, Gestion des collections : Karine Rousseau<br \/>\nCoordonnatrice au catalogage, Gestion des collections\u00a0: Genevi\u00e8ve D\u00e9ziel<br \/>\nAdjointe, Gestion des collections : Camille Deshaies-Forget<br \/>\nArchiviste de r\u00e9f\u00e9rence, Centre d\u2019archives et de documentation : Heather McNabb, Ph.D.<br \/>\nTechnicienne principale, Gestion des collections\u00a0: Josianne Venne<br \/>\nTechnicien principal, Gestion des collections\u00a0: Jean-Christophe Chenette<br \/>\nTechnicienne, Gestion des collections : Lorie-Anne Chamberland<br \/>\nCheffe, Diffusion num\u00e9rique, Collections et expositions : St\u00e9phanie Poisson<br \/>\nConseill\u00e8re, Diffusion num\u00e9rique, Collections et expositions : Anne-Fr\u00e9d\u00e9rique Beaulieu<br \/>\nPhotographe principale : Laura Dumitriu<br \/>\nPhotographe : Roger Aziz<\/p>\n<h2>Programmation et rayonnement<\/h2>\n<p>Directrice principale, Programmation et rayonnement : Pascale Grignon<\/p>\n<p>Chef, Expositions : Fran\u00e7ois Vall\u00e9e<br \/>\nCharg\u00e9e de projets principale, Expositions : Catherine K. Laflamme<br \/>\nCharg\u00e9e de projets principale, Expositions : Caroline Truchon, Ph. D.<br \/>\nCoordonnatrice, Expositions : Eve Martineau<br \/>\nAssistante, Expositions : Annie-Pier Brunelle<\/p>\n<p>Cheffe d\u2019\u00e9quipe, service technique, Expositions : M\u00e9lissa Jacques<br \/>\nTechnicien, Expositions : Olivier LeBlanc-Roy<\/p>\n<p>Cheffe, Action \u00e9ducative, citoyenne et culturelle : Maria-Luisa Romano<br \/>\nConseill\u00e8re, Relations avec les communaut\u00e9s : Le\u00efla Afriat<br \/>\nCharg\u00e9e de projets, Action \u00e9ducative, citoyenne et culturelle : Clara Chouinard<br \/>\nChef d&rsquo;\u00e9quipe, M\u00e9diation : David Brassard<br \/>\n\u00c9quipe de m\u00e9diation culturelle :<br \/>\nJoanna Abrahamowicz<br \/>\nMarianne Connell<br \/>\nMaximilien Lafrance-Liebman<br \/>\nRenata Paciullo Ribeiro<br \/>\nRomy Lepage<br \/>\n<span data-teams=\"true\">Caroline Marion<br \/>\nLaurence Niro<\/span><br \/>\nEt les m\u00e9diatrices et m\u00e9diateurs b\u00e9n\u00e9voles du Mus\u00e9e McCord Stewart<\/p>\n<p>Cheffe, Communications : Catherine Morellon<br \/>\nGestionnaire, Engagement num\u00e9rique : Sabrina Lorier<br \/>\nDesigner graphique : Anne-Marie Demers<br \/>\nConseiller, Relations publiques : Marc-Andr\u00e9 Champagne<br \/>\nConseiller, Engagement num\u00e9rique : Philippe Bergeron<br \/>\nConseill\u00e8re, Publicit\u00e9, promotion <span data-teams=\"true\">et partenariats <\/span>: Charlie Touikan<br \/>\nTechnicienne, Int\u00e9gration num\u00e9rique : M\u00e9lissa Legros<br \/>\nCoordonnatrice, Location et \u00e9v\u00e9nements : Maria-Del-Mar Sarmiento<\/p>\n<h2>Administration, finance et commercialisation<\/h2>\n<p>Directeur, Administration et finance : Fran\u00e7ois Laurin<br \/>\nConseill\u00e8re principale, Talents et culture : Marine Lemaitre<\/p>\n<p>Charg\u00e9 de projets, administration et finances : Antonin G\u00e9linas<\/p>\n<p>Analyste comptable : Yan Chuan Pan<br \/>\nTechnicienne, Comptabilit\u00e9 et administration : Svetlana Vengerova<\/p>\n<p>Chef, Technologies de l\u2019information : <span data-teams=\"true\">Youssef Aaddi<\/span><br \/>\nSp\u00e9cialiste, CRM : Kiriakos Galatis<br \/>\nTechnicien en informatique : Valizhan Tokhtokhunov<\/p>\n<p>Responsable des b\u00e2timents\u00a0: Mario Lafond<br \/>\nResponsable, S\u00e9curit\u00e9 : David Dup\u00e9r\u00e9<br \/>\nTechnicien en m\u00e9canique : Dominique Granger<br \/>\nTechnicien en entretien : Claudio Pacheco<br \/>\nAgent\u00b7e\u00b7s de s\u00e9curit\u00e9 : S\u00e9curitas (sous-traitance)<\/p>\n<p>Pr\u00e9pos\u00e9e principale, Billetterie : Sarah-Maxim Lapointe<br \/>\n\u00c9quipe des pr\u00e9pos\u00e9\u00b7e\u00b7s, Services au public :<br \/>\nGuillaume Ranger<br \/>\n<span data-teams=\"true\">No\u00e9mie Bourgault<\/span><br \/>\nAnabel Blanchette-Glaude<br \/>\nNia Estwick<\/p>\n<h2>Fondation du Mus\u00e9e McCord Stewart<\/h2>\n<p>Directrice g\u00e9n\u00e9rale, Fondation du Mus\u00e9e McCord Stewart : Am\u00e9lie Saint-Pierre<br \/>\nConseiller principal, Campagne annuelle et dons planifi\u00e9s : Pierre Poirier<br \/>\nConseill\u00e8re, D\u00e9veloppement philanthropique et dons majeurs : Caroline H\u00e9tu<br \/>\n<span lang=\"FR-FR\">Conseill\u00e8re, \u00c9v\u00e9nements de collecte de fonds <\/span><span lang=\"FR-FR\">: Minh Bui<\/span><br \/>\nCoordonnatrice, Philanthropie : Florence Chapdelaine Deslauriers<\/p>\n","protected":false},"excerpt":{"rendered":"<p>Direction Pr\u00e9sidente et cheffe de la direction : Anne Eschapasse Adjointe \u00e0 la direction : Marion Laberge Cheffe, Relations gouvernementales et institutionnelles : Martine Couillard Collections Cheffe, Collections et recherche et conservatrice, Costume, mode et textiles : Cynthia Cooper Conservatrice, Photographie : Zo\u00eb Tousignant, Ph.D. Conservateur, Cultures autochtones : Jonathan Lainey Conservatrice, Culture mat\u00e9rielle : [&hellip;]<\/p>\n","protected":false},"author":1,"featured_media":0,"parent":0,"menu_order":0,"comment_status":"closed","ping_status":"closed","template":"page-templates\/page-texte.php","meta":{"footnotes":""},"categories":[],"tags":[],"acf":[],"yoast_head":"<!-- This site is optimized with the Yoast SEO Premium plugin v20.11 (Yoast SEO v20.11) - https:\/\/yoast.com\/wordpress\/plugins\/seo\/ -->\n<title>\u00c9quipe du Mus\u00e9e - Mus\u00e9e McCord Stewart<\/title>\n<meta name=\"description\" content=\"Venez \u00e0 la rencontre de l&#039;\u00e9quipe du Mus\u00e9e McCord Stewart.\" \/>\n<meta name=\"robots\" content=\"index, follow, max-snippet:-1, max-image-preview:large, max-video-preview:-1\" \/>\n<link rel=\"canonical\" href=\"https:\/\/www.musee-mccord-stewart.ca\/fr\/equipe-du-musee\/\" \/>\n<meta property=\"og:locale\" content=\"fr_FR\" \/>\n<meta property=\"og:type\" content=\"article\" \/>\n<meta property=\"og:title\" content=\"\u00c9quipe du Mus\u00e9e\" \/>\n<meta property=\"og:description\" content=\"Venez \u00e0 la rencontre de l&#039;\u00e9quipe du Mus\u00e9e McCord Stewart.\" \/>\n<meta property=\"og:url\" content=\"https:\/\/www.musee-mccord-stewart.ca\/fr\/equipe-du-musee\/\" \/>\n<meta property=\"og:site_name\" content=\"Mus\u00e9e McCord Stewart\" \/>\n<meta property=\"article:publisher\" content=\"https:\/\/www.facebook.com\/museemccordstewart\" \/>\n<meta property=\"article:modified_time\" content=\"2026-03-11T16:15:12+00:00\" \/>\n<meta property=\"og:image\" content=\"https:\/\/www.musee-mccord-stewart.ca\/app\/uploads\/2015\/03\/equipe_1320x4802.jpg\" \/>\n\t<meta property=\"og:image:width\" content=\"1320\" \/>\n\t<meta property=\"og:image:height\" content=\"480\" \/>\n\t<meta property=\"og:image:type\" content=\"image\/jpeg\" \/>\n<meta name=\"twitter:card\" content=\"summary_large_image\" \/>\n<meta name=\"twitter:description\" content=\"Venez \u00e0 la rencontre de l&#039;\u00e9quipe du Mus\u00e9e McCord Stewart.\" \/>\n<meta name=\"twitter:site\" content=\"@MuseeMcCordStew\" \/>\n<meta name=\"twitter:label1\" content=\"Dur\u00e9e de lecture estim\u00e9e\" \/>\n\t<meta name=\"twitter:data1\" content=\"3 minutes\" \/>\n<script type=\"application\/ld+json\" class=\"yoast-schema-graph\">{\"@context\":\"https:\/\/schema.org\",\"@graph\":[{\"@type\":\"WebPage\",\"@id\":\"https:\/\/www.musee-mccord-stewart.ca\/fr\/equipe-du-musee\/\",\"url\":\"https:\/\/www.musee-mccord-stewart.ca\/fr\/equipe-du-musee\/\",\"name\":\"\u00c9quipe du Mus\u00e9e - Mus\u00e9e McCord Stewart\",\"isPartOf\":{\"@id\":\"https:\/\/www.musee-mccord-stewart.ca\/fr\/#website\"},\"datePublished\":\"2015-03-18T14:16:26+00:00\",\"dateModified\":\"2026-03-11T16:15:12+00:00\",\"description\":\"Venez \u00e0 la rencontre de l'\u00e9quipe du Mus\u00e9e McCord Stewart.\",\"breadcrumb\":{\"@id\":\"https:\/\/www.musee-mccord-stewart.ca\/fr\/equipe-du-musee\/#breadcrumb\"},\"inLanguage\":\"fr-FR\",\"potentialAction\":[{\"@type\":\"ReadAction\",\"target\":[\"https:\/\/www.musee-mccord-stewart.ca\/fr\/equipe-du-musee\/\"]}]},{\"@type\":\"BreadcrumbList\",\"@id\":\"https:\/\/www.musee-mccord-stewart.ca\/fr\/equipe-du-musee\/#breadcrumb\",\"itemListElement\":[{\"@type\":\"ListItem\",\"position\":1,\"name\":\"Accueil\",\"item\":\"https:\/\/www.musee-mccord-stewart.ca\/fr\/\"},{\"@type\":\"ListItem\",\"position\":2,\"name\":\"\u00c9quipe du Mus\u00e9e\"}]},{\"@type\":\"WebSite\",\"@id\":\"https:\/\/www.musee-mccord-stewart.ca\/fr\/#website\",\"url\":\"https:\/\/www.musee-mccord-stewart.ca\/fr\/\",\"name\":\"Mus\u00e9e McCord Stewart\",\"description\":\"Notre monde, nos histoires\",\"publisher\":{\"@id\":\"https:\/\/www.musee-mccord-stewart.ca\/fr\/#organization\"},\"alternateName\":\"MCS\",\"potentialAction\":[{\"@type\":\"SearchAction\",\"target\":{\"@type\":\"EntryPoint\",\"urlTemplate\":\"https:\/\/www.musee-mccord-stewart.ca\/fr\/?s={search_term_string}\"},\"query-input\":\"required name=search_term_string\"}],\"inLanguage\":\"fr-FR\"},{\"@type\":\"Organization\",\"@id\":\"https:\/\/www.musee-mccord-stewart.ca\/fr\/#organization\",\"name\":\"McCord Stewart Museum\",\"alternateName\":\"MCS\",\"url\":\"https:\/\/www.musee-mccord-stewart.ca\/fr\/\",\"logo\":{\"@type\":\"ImageObject\",\"inLanguage\":\"fr-FR\",\"@id\":\"https:\/\/www.musee-mccord-stewart.ca\/fr\/#\/schema\/logo\/image\/\",\"url\":\"https:\/\/www.musee-mccord-stewart.ca\/app\/uploads\/2023\/05\/logo_museemccordstewart_horizontal_noir_slogan.svg\",\"contentUrl\":\"https:\/\/www.musee-mccord-stewart.ca\/app\/uploads\/2023\/05\/logo_museemccordstewart_horizontal_noir_slogan.svg\",\"width\":1,\"height\":1,\"caption\":\"McCord Stewart Museum\"},\"image\":{\"@id\":\"https:\/\/www.musee-mccord-stewart.ca\/fr\/#\/schema\/logo\/image\/\"},\"sameAs\":[\"https:\/\/www.facebook.com\/museemccordstewart\",\"https:\/\/twitter.com\/MuseeMcCordStew\",\"https:\/\/instagram.com\/museemccordstewart\",\"https:\/\/www.linkedin.com\/company\/museemccordstewart\/\",\"https:\/\/www.pinterest.com\/museemccordstewart\/\",\"https:\/\/www.youtube.com\/c\/MuseeMcCordStewartMuseum\"]}]}<\/script>\n<!-- \/ Yoast SEO Premium plugin. -->","yoast_head_json":{"title":"\u00c9quipe du Mus\u00e9e - Mus\u00e9e McCord Stewart","description":"Venez \u00e0 la rencontre de l'\u00e9quipe du Mus\u00e9e McCord Stewart.","robots":{"index":"index","follow":"follow","max-snippet":"max-snippet:-1","max-image-preview":"max-image-preview:large","max-video-preview":"max-video-preview:-1"},"canonical":"https:\/\/www.musee-mccord-stewart.ca\/fr\/equipe-du-musee\/","og_locale":"fr_FR","og_type":"article","og_title":"\u00c9quipe du Mus\u00e9e","og_description":"Venez \u00e0 la rencontre de l'\u00e9quipe du Mus\u00e9e McCord Stewart.","og_url":"https:\/\/www.musee-mccord-stewart.ca\/fr\/equipe-du-musee\/","og_site_name":"Mus\u00e9e McCord Stewart","article_publisher":"https:\/\/www.facebook.com\/museemccordstewart","article_modified_time":"2026-03-11T16:15:12+00:00","og_image":[{"width":1320,"height":480,"url":"https:\/\/www.musee-mccord-stewart.ca\/app\/uploads\/2015\/03\/equipe_1320x4802.jpg","type":"image\/jpeg"}],"twitter_card":"summary_large_image","twitter_description":"Venez \u00e0 la rencontre de l'\u00e9quipe du Mus\u00e9e McCord Stewart.","twitter_site":"@MuseeMcCordStew","twitter_misc":{"Dur\u00e9e de lecture estim\u00e9e":"3 minutes"},"schema":{"@context":"https:\/\/schema.org","@graph":[{"@type":"WebPage","@id":"https:\/\/www.musee-mccord-stewart.ca\/fr\/equipe-du-musee\/","url":"https:\/\/www.musee-mccord-stewart.ca\/fr\/equipe-du-musee\/","name":"\u00c9quipe du Mus\u00e9e - Mus\u00e9e McCord Stewart","isPartOf":{"@id":"https:\/\/www.musee-mccord-stewart.ca\/fr\/#website"},"datePublished":"2015-03-18T14:16:26+00:00","dateModified":"2026-03-11T16:15:12+00:00","description":"Venez \u00e0 la rencontre de l'\u00e9quipe du Mus\u00e9e McCord Stewart.","breadcrumb":{"@id":"https:\/\/www.musee-mccord-stewart.ca\/fr\/equipe-du-musee\/#breadcrumb"},"inLanguage":"fr-FR","potentialAction":[{"@type":"ReadAction","target":["https:\/\/www.musee-mccord-stewart.ca\/fr\/equipe-du-musee\/"]}]},{"@type":"BreadcrumbList","@id":"https:\/\/www.musee-mccord-stewart.ca\/fr\/equipe-du-musee\/#breadcrumb","itemListElement":[{"@type":"ListItem","position":1,"name":"Accueil","item":"https:\/\/www.musee-mccord-stewart.ca\/fr\/"},{"@type":"ListItem","position":2,"name":"\u00c9quipe du Mus\u00e9e"}]},{"@type":"WebSite","@id":"https:\/\/www.musee-mccord-stewart.ca\/fr\/#website","url":"https:\/\/www.musee-mccord-stewart.ca\/fr\/","name":"Mus\u00e9e McCord Stewart","description":"Notre monde, nos histoires","publisher":{"@id":"https:\/\/www.musee-mccord-stewart.ca\/fr\/#organization"},"alternateName":"MCS","potentialAction":[{"@type":"SearchAction","target":{"@type":"EntryPoint","urlTemplate":"https:\/\/www.musee-mccord-stewart.ca\/fr\/?s={search_term_string}"},"query-input":"required name=search_term_string"}],"inLanguage":"fr-FR"},{"@type":"Organization","@id":"https:\/\/www.musee-mccord-stewart.ca\/fr\/#organization","name":"McCord Stewart Museum","alternateName":"MCS","url":"https:\/\/www.musee-mccord-stewart.ca\/fr\/","logo":{"@type":"ImageObject","inLanguage":"fr-FR","@id":"https:\/\/www.musee-mccord-stewart.ca\/fr\/#\/schema\/logo\/image\/","url":"https:\/\/www.musee-mccord-stewart.ca\/app\/uploads\/2023\/05\/logo_museemccordstewart_horizontal_noir_slogan.svg","contentUrl":"https:\/\/www.musee-mccord-stewart.ca\/app\/uploads\/2023\/05\/logo_museemccordstewart_horizontal_noir_slogan.svg","width":1,"height":1,"caption":"McCord Stewart Museum"},"image":{"@id":"https:\/\/www.musee-mccord-stewart.ca\/fr\/#\/schema\/logo\/image\/"},"sameAs":["https:\/\/www.facebook.com\/museemccordstewart","https:\/\/twitter.com\/MuseeMcCordStew","https:\/\/instagram.com\/museemccordstewart","https:\/\/www.linkedin.com\/company\/museemccordstewart\/","https:\/\/www.pinterest.com\/museemccordstewart\/","https:\/\/www.youtube.com\/c\/MuseeMcCordStewartMuseum"]}]}},"_links":{"self":[{"href":"https:\/\/www.musee-mccord-stewart.ca\/fr\/wp-json\/wp\/v2\/pages\/701"}],"collection":[{"href":"https:\/\/www.musee-mccord-stewart.ca\/fr\/wp-json\/wp\/v2\/pages"}],"about":[{"href":"https:\/\/www.musee-mccord-stewart.ca\/fr\/wp-json\/wp\/v2\/types\/page"}],"author":[{"embeddable":true,"href":"https:\/\/www.musee-mccord-stewart.ca\/fr\/wp-json\/wp\/v2\/users\/1"}],"replies":[{"embeddable":true,"href":"https:\/\/www.musee-mccord-stewart.ca\/fr\/wp-json\/wp\/v2\/comments?post=701"}],"version-history":[{"count":0,"href":"https:\/\/www.musee-mccord-stewart.ca\/fr\/wp-json\/wp\/v2\/pages\/701\/revisions"}],"wp:attachment":[{"href":"https:\/\/www.musee-mccord-stewart.ca\/fr\/wp-json\/wp\/v2\/media?parent=701"}],"wp:term":[{"taxonomy":"category","embeddable":true,"href":"https:\/\/www.musee-mccord-stewart.ca\/fr\/wp-json\/wp\/v2\/categories?post=701"},{"taxonomy":"post_tag","embeddable":true,"href":"https:\/\/www.musee-mccord-stewart.ca\/fr\/wp-json\/wp\/v2\/tags?post=701"}],"curies":[{"name":"wp","href":"https:\/\/api.w.org\/{rel}","templated":true}]}}