{"id":682,"date":"2015-03-17T13:28:19","date_gmt":"2015-03-17T17:28:19","guid":{"rendered":"http:\/\/www.musee-mccord-stewart.ca\/?page_id=682"},"modified":"2026-04-15T17:28:00","modified_gmt":"2026-04-15T21:28:00","slug":"devenez-membre","status":"publish","type":"page","link":"https:\/\/www.musee-mccord-stewart.ca\/fr\/devenez-membre\/","title":{"rendered":"Devenir Membre, c&rsquo;est contribuer \u00e0 la vitalit\u00e9 du Mus\u00e9e"},"content":{"rendered":"<p>Profitez d&rsquo;une offre culturelle enrichissante et flexible gr\u00e2ce \u00e0 nos formules d&rsquo;abonnement : <a id=\"illimitees\"><\/a><\/p>\n<h2>Entr\u00e9es illimit\u00e9es<\/h2>\n<p>Acc\u00e9dez \u00e0 un an d&rsquo;expositions th\u00e9matiques qui racontent Montr\u00e9al dans toute sa pluralit\u00e9. Profitez d&rsquo;entr\u00e9es illimit\u00e9es avec cet abonnement avantageux, rentabilis\u00e9 d\u00e8s votre seconde visite.<a id=\"exclusif\"><\/a><\/p>\n<p><strong>Abonnement 1 an : 35 $ | Abonnement 2 ans : 65 $<\/strong><br \/>\n\u2192 Visites illimit\u00e9es des expositions au Mus\u00e9e (hors \u00e9v\u00e9nements sp\u00e9ciaux)<\/p>\n<h2>Acc\u00e8s exclusif<\/h2>\n<p>Vivez pleinement l&rsquo;exp\u00e9rience du Mus\u00e9e! Profitez d&rsquo;un acc\u00e8s illimit\u00e9 aux expositions, mais aussi \u00e0 tous nos \u00e9v\u00e9nements, incluant les vernissages et les visites exclusives aux Membres. Vous b\u00e9n\u00e9ficierez d&rsquo;un laissez-passer pour un\u00b7e invit\u00e9\u00b7e gratuit \u00e0 chacune de vos visites et de r\u00e9ductions chez nos nombreux partenaires.<\/p>\n<p><strong>Abonnement 1 an : 135 $ | Abonnement 2 ans : 265 $<\/strong><br \/>\n\u2192 Visites illimit\u00e9es au Mus\u00e9e<br \/>\n\u2192 Acc\u00e8s au Mus\u00e9e avec un\u00b7e invit\u00e9\u00b7e<br \/>\n\u2192 Acc\u00e8s \u00e0 un large r\u00e9seau de mus\u00e9es gr\u00e2ce \u00e0 la carte <a title=\"\" href=\"https:\/\/sites.google.com\/site\/roammuseums\/\" target=\"_blank\" rel=\"noopener\">ROAM<\/a><br \/>\n\u2192 Invitation aux \u00e9v\u00e9nements (vernissages, etc.)<br \/>\n\u2192 Visites guid\u00e9es<br \/>\n\u2192 Rabais chez nos partenaires culturels<a id=\"roam\"><\/a><\/p>\n<p><a class=\"cta\" title=\"\" href=\"https:\/\/musee-mccord-stewart.logikpos.ca\/\/loyalty.aspx\" target=\"_blank\" rel=\"noopener\">Devenir Membre<i class=\"arrow-right-thickicon-\"><\/i><\/a><br \/>\n<a class=\"cta\" title=\"\" href=\"https:\/\/musee-mccord-stewart.logikpos.ca\/\/login.aspx\" target=\"_blank\" rel=\"noopener\">Renouveler mon abonnement<i class=\"arrow-right-thickicon-\"><\/i><\/a><\/p>\n","protected":false},"excerpt":{"rendered":"<p>Profitez d&rsquo;une offre culturelle enrichissante et flexible gr\u00e2ce \u00e0 nos formules d&rsquo;abonnement : Entr\u00e9es illimit\u00e9es Acc\u00e9dez \u00e0 un an d&rsquo;expositions th\u00e9matiques qui racontent Montr\u00e9al dans toute sa pluralit\u00e9. Profitez d&rsquo;entr\u00e9es illimit\u00e9es avec cet abonnement avantageux, rentabilis\u00e9 d\u00e8s votre seconde visite. Abonnement 1 an : 35 $ | Abonnement 2 ans : 65 $ \u2192 Visites [&hellip;]<\/p>\n","protected":false},"author":1,"featured_media":0,"parent":0,"menu_order":0,"comment_status":"closed","ping_status":"closed","template":"page-templates\/page-texte.php","meta":{"footnotes":""},"categories":[],"tags":[],"acf":[],"yoast_head":"<!-- This site is optimized with the Yoast SEO Premium plugin v20.11 (Yoast SEO v20.11) - https:\/\/yoast.com\/wordpress\/plugins\/seo\/ -->\n<title>Devenez Membre! Voir nos abonnements - Mus\u00e9e McCord Stewart<\/title>\n<meta name=\"description\" content=\"Rejoignez les Membres du Mus\u00e9e et soutenez une institution culturelle qui met en lumi\u00e8re l\u2019histoire et la vie \u00e0 Montr\u00e9al!\" \/>\n<meta name=\"robots\" content=\"index, follow, max-snippet:-1, max-image-preview:large, max-video-preview:-1\" \/>\n<link rel=\"canonical\" href=\"https:\/\/www.musee-mccord-stewart.ca\/fr\/devenez-membre\/\" \/>\n<meta property=\"og:locale\" content=\"fr_FR\" \/>\n<meta property=\"og:type\" content=\"article\" \/>\n<meta property=\"og:title\" content=\"Devenir Membre, c&#039;est contribuer \u00e0 la vitalit\u00e9 du Mus\u00e9e\" \/>\n<meta property=\"og:description\" content=\"Rejoignez les Membres du Mus\u00e9e et soutenez une institution culturelle qui met en lumi\u00e8re l\u2019histoire et la vie \u00e0 Montr\u00e9al!\" \/>\n<meta property=\"og:url\" content=\"https:\/\/www.musee-mccord-stewart.ca\/fr\/devenez-membre\/\" \/>\n<meta property=\"og:site_name\" content=\"Mus\u00e9e McCord Stewart\" \/>\n<meta property=\"article:publisher\" content=\"https:\/\/www.facebook.com\/museemccordstewart\" \/>\n<meta property=\"article:modified_time\" content=\"2026-04-15T21:28:00+00:00\" \/>\n<meta property=\"og:image\" content=\"https:\/\/www.musee-mccord-stewart.ca\/app\/uploads\/2024\/10\/mccord-stewart_devenez-membre_640x375.jpg\" \/>\n\t<meta property=\"og:image:width\" content=\"640\" \/>\n\t<meta property=\"og:image:height\" content=\"375\" \/>\n\t<meta property=\"og:image:type\" content=\"image\/jpeg\" \/>\n<meta name=\"twitter:card\" content=\"summary_large_image\" \/>\n<meta name=\"twitter:description\" content=\"Rejoignez les Membres du Mus\u00e9e et soutenez une institution culturelle qui met en lumi\u00e8re l\u2019histoire et la vie \u00e0 Montr\u00e9al!\" \/>\n<meta name=\"twitter:site\" content=\"@MuseeMcCordStew\" \/>\n<meta name=\"twitter:label1\" content=\"Dur\u00e9e de lecture estim\u00e9e\" \/>\n\t<meta name=\"twitter:data1\" content=\"1 minute\" \/>\n<script type=\"application\/ld+json\" class=\"yoast-schema-graph\">{\"@context\":\"https:\/\/schema.org\",\"@graph\":[{\"@type\":\"WebPage\",\"@id\":\"https:\/\/www.musee-mccord-stewart.ca\/fr\/devenez-membre\/\",\"url\":\"https:\/\/www.musee-mccord-stewart.ca\/fr\/devenez-membre\/\",\"name\":\"Devenez Membre! Voir nos abonnements - Mus\u00e9e McCord Stewart\",\"isPartOf\":{\"@id\":\"https:\/\/www.musee-mccord-stewart.ca\/fr\/#website\"},\"datePublished\":\"2015-03-17T17:28:19+00:00\",\"dateModified\":\"2026-04-15T21:28:00+00:00\",\"description\":\"Rejoignez les Membres du Mus\u00e9e et soutenez une institution culturelle qui met en lumi\u00e8re l\u2019histoire et la vie \u00e0 Montr\u00e9al!\",\"breadcrumb\":{\"@id\":\"https:\/\/www.musee-mccord-stewart.ca\/fr\/devenez-membre\/#breadcrumb\"},\"inLanguage\":\"fr-FR\",\"potentialAction\":[{\"@type\":\"ReadAction\",\"target\":[\"https:\/\/www.musee-mccord-stewart.ca\/fr\/devenez-membre\/\"]}]},{\"@type\":\"BreadcrumbList\",\"@id\":\"https:\/\/www.musee-mccord-stewart.ca\/fr\/devenez-membre\/#breadcrumb\",\"itemListElement\":[{\"@type\":\"ListItem\",\"position\":1,\"name\":\"Accueil\",\"item\":\"https:\/\/www.musee-mccord-stewart.ca\/fr\/\"},{\"@type\":\"ListItem\",\"position\":2,\"name\":\"Devenir Membre, c&rsquo;est contribuer \u00e0 la vitalit\u00e9 du Mus\u00e9e\"}]},{\"@type\":\"WebSite\",\"@id\":\"https:\/\/www.musee-mccord-stewart.ca\/fr\/#website\",\"url\":\"https:\/\/www.musee-mccord-stewart.ca\/fr\/\",\"name\":\"Mus\u00e9e McCord Stewart\",\"description\":\"Notre monde, nos histoires\",\"publisher\":{\"@id\":\"https:\/\/www.musee-mccord-stewart.ca\/fr\/#organization\"},\"alternateName\":\"MCS\",\"potentialAction\":[{\"@type\":\"SearchAction\",\"target\":{\"@type\":\"EntryPoint\",\"urlTemplate\":\"https:\/\/www.musee-mccord-stewart.ca\/fr\/?s={search_term_string}\"},\"query-input\":\"required name=search_term_string\"}],\"inLanguage\":\"fr-FR\"},{\"@type\":\"Organization\",\"@id\":\"https:\/\/www.musee-mccord-stewart.ca\/fr\/#organization\",\"name\":\"McCord Stewart Museum\",\"alternateName\":\"MCS\",\"url\":\"https:\/\/www.musee-mccord-stewart.ca\/fr\/\",\"logo\":{\"@type\":\"ImageObject\",\"inLanguage\":\"fr-FR\",\"@id\":\"https:\/\/www.musee-mccord-stewart.ca\/fr\/#\/schema\/logo\/image\/\",\"url\":\"https:\/\/www.musee-mccord-stewart.ca\/app\/uploads\/2023\/05\/logo_museemccordstewart_horizontal_noir_slogan.svg\",\"contentUrl\":\"https:\/\/www.musee-mccord-stewart.ca\/app\/uploads\/2023\/05\/logo_museemccordstewart_horizontal_noir_slogan.svg\",\"width\":1,\"height\":1,\"caption\":\"McCord Stewart Museum\"},\"image\":{\"@id\":\"https:\/\/www.musee-mccord-stewart.ca\/fr\/#\/schema\/logo\/image\/\"},\"sameAs\":[\"https:\/\/www.facebook.com\/museemccordstewart\",\"https:\/\/twitter.com\/MuseeMcCordStew\",\"https:\/\/instagram.com\/museemccordstewart\",\"https:\/\/www.linkedin.com\/company\/museemccordstewart\/\",\"https:\/\/www.pinterest.com\/museemccordstewart\/\",\"https:\/\/www.youtube.com\/c\/MuseeMcCordStewartMuseum\"]}]}<\/script>\n<!-- \/ Yoast SEO Premium plugin. -->","yoast_head_json":{"title":"Devenez Membre! Voir nos abonnements - Mus\u00e9e McCord Stewart","description":"Rejoignez les Membres du Mus\u00e9e et soutenez une institution culturelle qui met en lumi\u00e8re l\u2019histoire et la vie \u00e0 Montr\u00e9al!","robots":{"index":"index","follow":"follow","max-snippet":"max-snippet:-1","max-image-preview":"max-image-preview:large","max-video-preview":"max-video-preview:-1"},"canonical":"https:\/\/www.musee-mccord-stewart.ca\/fr\/devenez-membre\/","og_locale":"fr_FR","og_type":"article","og_title":"Devenir Membre, c'est contribuer \u00e0 la vitalit\u00e9 du Mus\u00e9e","og_description":"Rejoignez les Membres du Mus\u00e9e et soutenez une institution culturelle qui met en lumi\u00e8re l\u2019histoire et la vie \u00e0 Montr\u00e9al!","og_url":"https:\/\/www.musee-mccord-stewart.ca\/fr\/devenez-membre\/","og_site_name":"Mus\u00e9e McCord Stewart","article_publisher":"https:\/\/www.facebook.com\/museemccordstewart","article_modified_time":"2026-04-15T21:28:00+00:00","og_image":[{"width":640,"height":375,"url":"https:\/\/www.musee-mccord-stewart.ca\/app\/uploads\/2024\/10\/mccord-stewart_devenez-membre_640x375.jpg","type":"image\/jpeg"}],"twitter_card":"summary_large_image","twitter_description":"Rejoignez les Membres du Mus\u00e9e et soutenez une institution culturelle qui met en lumi\u00e8re l\u2019histoire et la vie \u00e0 Montr\u00e9al!","twitter_site":"@MuseeMcCordStew","twitter_misc":{"Dur\u00e9e de lecture estim\u00e9e":"1 minute"},"schema":{"@context":"https:\/\/schema.org","@graph":[{"@type":"WebPage","@id":"https:\/\/www.musee-mccord-stewart.ca\/fr\/devenez-membre\/","url":"https:\/\/www.musee-mccord-stewart.ca\/fr\/devenez-membre\/","name":"Devenez Membre! Voir nos abonnements - Mus\u00e9e McCord Stewart","isPartOf":{"@id":"https:\/\/www.musee-mccord-stewart.ca\/fr\/#website"},"datePublished":"2015-03-17T17:28:19+00:00","dateModified":"2026-04-15T21:28:00+00:00","description":"Rejoignez les Membres du Mus\u00e9e et soutenez une institution culturelle qui met en lumi\u00e8re l\u2019histoire et la vie \u00e0 Montr\u00e9al!","breadcrumb":{"@id":"https:\/\/www.musee-mccord-stewart.ca\/fr\/devenez-membre\/#breadcrumb"},"inLanguage":"fr-FR","potentialAction":[{"@type":"ReadAction","target":["https:\/\/www.musee-mccord-stewart.ca\/fr\/devenez-membre\/"]}]},{"@type":"BreadcrumbList","@id":"https:\/\/www.musee-mccord-stewart.ca\/fr\/devenez-membre\/#breadcrumb","itemListElement":[{"@type":"ListItem","position":1,"name":"Accueil","item":"https:\/\/www.musee-mccord-stewart.ca\/fr\/"},{"@type":"ListItem","position":2,"name":"Devenir Membre, c&rsquo;est contribuer \u00e0 la vitalit\u00e9 du Mus\u00e9e"}]},{"@type":"WebSite","@id":"https:\/\/www.musee-mccord-stewart.ca\/fr\/#website","url":"https:\/\/www.musee-mccord-stewart.ca\/fr\/","name":"Mus\u00e9e McCord Stewart","description":"Notre monde, nos histoires","publisher":{"@id":"https:\/\/www.musee-mccord-stewart.ca\/fr\/#organization"},"alternateName":"MCS","potentialAction":[{"@type":"SearchAction","target":{"@type":"EntryPoint","urlTemplate":"https:\/\/www.musee-mccord-stewart.ca\/fr\/?s={search_term_string}"},"query-input":"required name=search_term_string"}],"inLanguage":"fr-FR"},{"@type":"Organization","@id":"https:\/\/www.musee-mccord-stewart.ca\/fr\/#organization","name":"McCord Stewart Museum","alternateName":"MCS","url":"https:\/\/www.musee-mccord-stewart.ca\/fr\/","logo":{"@type":"ImageObject","inLanguage":"fr-FR","@id":"https:\/\/www.musee-mccord-stewart.ca\/fr\/#\/schema\/logo\/image\/","url":"https:\/\/www.musee-mccord-stewart.ca\/app\/uploads\/2023\/05\/logo_museemccordstewart_horizontal_noir_slogan.svg","contentUrl":"https:\/\/www.musee-mccord-stewart.ca\/app\/uploads\/2023\/05\/logo_museemccordstewart_horizontal_noir_slogan.svg","width":1,"height":1,"caption":"McCord Stewart Museum"},"image":{"@id":"https:\/\/www.musee-mccord-stewart.ca\/fr\/#\/schema\/logo\/image\/"},"sameAs":["https:\/\/www.facebook.com\/museemccordstewart","https:\/\/twitter.com\/MuseeMcCordStew","https:\/\/instagram.com\/museemccordstewart","https:\/\/www.linkedin.com\/company\/museemccordstewart\/","https:\/\/www.pinterest.com\/museemccordstewart\/","https:\/\/www.youtube.com\/c\/MuseeMcCordStewartMuseum"]}]}},"_links":{"self":[{"href":"https:\/\/www.musee-mccord-stewart.ca\/fr\/wp-json\/wp\/v2\/pages\/682"}],"collection":[{"href":"https:\/\/www.musee-mccord-stewart.ca\/fr\/wp-json\/wp\/v2\/pages"}],"about":[{"href":"https:\/\/www.musee-mccord-stewart.ca\/fr\/wp-json\/wp\/v2\/types\/page"}],"author":[{"embeddable":true,"href":"https:\/\/www.musee-mccord-stewart.ca\/fr\/wp-json\/wp\/v2\/users\/1"}],"replies":[{"embeddable":true,"href":"https:\/\/www.musee-mccord-stewart.ca\/fr\/wp-json\/wp\/v2\/comments?post=682"}],"version-history":[{"count":0,"href":"https:\/\/www.musee-mccord-stewart.ca\/fr\/wp-json\/wp\/v2\/pages\/682\/revisions"}],"wp:attachment":[{"href":"https:\/\/www.musee-mccord-stewart.ca\/fr\/wp-json\/wp\/v2\/media?parent=682"}],"wp:term":[{"taxonomy":"category","embeddable":true,"href":"https:\/\/www.musee-mccord-stewart.ca\/fr\/wp-json\/wp\/v2\/categories?post=682"},{"taxonomy":"post_tag","embeddable":true,"href":"https:\/\/www.musee-mccord-stewart.ca\/fr\/wp-json\/wp\/v2\/tags?post=682"}],"curies":[{"name":"wp","href":"https:\/\/api.w.org\/{rel}","templated":true}]}}