{"id":633,"date":"2015-03-17T10:26:38","date_gmt":"2015-03-17T14:26:38","guid":{"rendered":"http:\/\/www.musee-mccord-stewart.ca\/?page_id=633"},"modified":"2026-04-27T18:59:23","modified_gmt":"2026-04-27T22:59:23","slug":"heures-ouverture","status":"publish","type":"page","link":"https:\/\/www.musee-mccord-stewart.ca\/fr\/heures-ouverture\/","title":{"rendered":"Heures d&rsquo;ouverture"},"content":{"rendered":"<table style=\"width: 49.4549%; height: 168px;\">\n<tbody>\n<tr style=\"height: 24px;\">\n<td style=\"width: 37.1425%; height: 24px;\">Lundi<\/td>\n<td style=\"width: 97.0862%; height: 24px;\">Ferm\u00e9<br \/>\n<strong>Journ\u00e9e nationale des Patriotes<\/strong> <strong>\u2013 18 mai<\/strong>\u202f: 10\u202fh \u00e0 17\u202fh<\/td>\n<\/tr>\n<tr style=\"height: 24px;\">\n<td style=\"width: 37.1425%; height: 24px;\">Mardi<\/td>\n<td style=\"width: 97.0862%; height: 24px;\">10 h \u00e0 17 h<\/td>\n<\/tr>\n<tr style=\"height: 24px;\">\n<td style=\"width: 37.1425%; height: 24px;\">Mercredi*<\/td>\n<td style=\"width: 97.0862%; height: 24px;\">10 h \u00e0 21 h<br \/>\n<strong>13 mai <\/strong>\u2013 10\u202fh \u00e0 17 h. La nocturne est exceptionnellement annul\u00e9e en raison d&rsquo;un \u00e9v\u00e9nement priv\u00e9.<\/td>\n<\/tr>\n<tr style=\"height: 24px;\">\n<td style=\"width: 37.1425%; height: 24px;\">Jeudi<\/td>\n<td style=\"width: 97.0862%; height: 24px;\">10 h \u00e0 17 h<\/td>\n<\/tr>\n<tr style=\"height: 24px;\">\n<td style=\"width: 37.1425%; height: 24px;\">Vendredi<\/td>\n<td style=\"width: 97.0862%; height: 24px;\">10 h \u00e0 17 h<\/td>\n<\/tr>\n<tr style=\"height: 72px;\">\n<td style=\"width: 37.1425%; height: 24px;\">Samedi<\/td>\n<td style=\"width: 97.0862%; height: 24px;\">10 h \u00e0 17 h<\/td>\n<\/tr>\n<tr style=\"height: 24px;\">\n<td style=\"width: 37.1425%; height: 24px;\">Dimanche<\/td>\n<td style=\"width: 97.0862%; height: 24px;\">10\u00a0h \u00e0 17\u00a0h<\/td>\n<\/tr>\n<\/tbody>\n<\/table>\n<p><span style=\"font-size: 16px;\">Merci \u00e0 la Fondation Azrieli pour leur g\u00e9n\u00e9reuse contribution au programme d\u2019accessibilit\u00e9 du premier dimanche de chaque mois. Cet appui, combin\u00e9 \u00e0 la formule \u00ab Payez ce que vous pouvez \u00bb, r\u00e9affirme notre engagement \u00e0 rendre la culture accessible au plus grand nombre.<\/span><\/p>\n<ul>\n<li><strong>Horaire sp\u00e9cial :<\/strong><br \/>\n13 mai \u2013 10\u202fh \u00e0 17 h. La nocturne est exceptionnellement annul\u00e9e en raison d&rsquo;un \u00e9v\u00e9nement priv\u00e9.<br \/>\nJourn\u00e9e nationale des Patriotes \u2013\u202f Lundi 18 mai\u202f: 10\u202fh \u00e0 17\u202fh<br \/>\nF\u00eate nationale du Qu\u00e9bec \u2013 Mercredi 24 juin\u202f: 10\u202fh \u00e0 17\u202fh<br \/>\nF\u00eate du Canada \u2013\u202fMercredi 1<sup>er<\/sup>\u202fjuillet\u202f: 10\u202fh \u00e0 17\u202fh<\/li>\n<li>*Mercredis soirs : entr\u00e9e gratuite d\u00e8s 17 h, gracieuset\u00e9 de <a title=\"\" href=\"https:\/\/www.bmo.com\/principal\/particuliers\" target=\"_blank\" rel=\"noopener\">BMO Groupe financier<\/a><br \/>\nFrais d\u2019admission de 10 $ (taxes incluses) pour visiter les expositions vedettes.<\/li>\n<li>Enfants et jeunes : Entr\u00e9e gratuite en tout temps pour les 17 ans et moins.<br \/>\nLe Mus\u00e9e remercie chaleureusement la <strong><a href=\"https:\/\/www.jadeseve.com\/\">Fondation J. A. DeS\u00e8ve<\/a><\/strong> pour la gratuit\u00e9 des enfants de 12 ans et moins et la Fondation Rossy pour la gratuit\u00e9 des adolescents de 13 \u00e0 17 ans.<\/li>\n<\/ul>\n<p><a class=\"cta\" title=\"\" href=\"https:\/\/musee-mccord-stewart.logikpos.ca\/\" target=\"_blank\" rel=\"noopener\">Billets<i class=\"arrow-right-thickicon-\"><\/i><\/a><\/p>\n<h2>Centre d&rsquo;archives et documentation<\/h2>\n<p>Le <a href=\"http:\/\/www.musee-mccord-stewart.ca\/fr\/centre-archives-et-de-documentation\/\">Centre d\u2019archives et de documentation<\/a> est ouvert, sur rendez-vous seulement, du mardi au jeudi de 9 h 30 \u00e0 17 h.<\/p>\n<h2>Caf\u00e9 Notman<\/h2>\n<p><span data-teams=\"true\"><strong>Une nouvelle exp\u00e9rience caf\u00e9 au Mus\u00e9e d\u00e8s l\u2019\u00e9t\u00e9 prochain!<\/strong><br \/>\nLe Caf\u00e9 Notman a ferm\u00e9 ses portes le 12 d\u00e9cembre 2025 afin de laisser place \u00e0 un espace moderne et invitant aux ar\u00f4mes de grains fra\u00eechement moulus. Rendez-vous au Mus\u00e9e en 2026 pour d\u00e9couvrir ce lieu convivial, pens\u00e9 pour le confort et le plaisir!<\/span><\/p>\n","protected":false},"excerpt":{"rendered":"<p>Lundi Ferm\u00e9 Journ\u00e9e nationale des Patriotes \u2013 18 mai\u202f: 10\u202fh \u00e0 17\u202fh Mardi 10 h \u00e0 17 h Mercredi* 10 h \u00e0 21 h 13 mai \u2013 10\u202fh \u00e0 17 h. La nocturne est exceptionnellement annul\u00e9e en raison d&rsquo;un \u00e9v\u00e9nement priv\u00e9. Jeudi 10 h \u00e0 17 h Vendredi 10 h \u00e0 17 h Samedi 10 [&hellip;]<\/p>\n","protected":false},"author":1,"featured_media":0,"parent":0,"menu_order":0,"comment_status":"closed","ping_status":"closed","template":"page-templates\/page-texte.php","meta":{"footnotes":""},"categories":[],"tags":[],"acf":[],"yoast_head":"<!-- This site is optimized with the Yoast SEO Premium plugin v20.11 (Yoast SEO v20.11) - https:\/\/yoast.com\/wordpress\/plugins\/seo\/ -->\n<title>Heures d&#039;ouverture - Mus\u00e9e McCord Stewart<\/title>\n<meta name=\"description\" content=\"Planifiez votre visite : v\u00e9rifiez les heures d&#039;ouverture du Mus\u00e9e McCord Stewart. Consultez \u00e9galement les horaires de la Boutique.\" \/>\n<meta name=\"robots\" content=\"index, follow, max-snippet:-1, max-image-preview:large, max-video-preview:-1\" \/>\n<link rel=\"canonical\" href=\"https:\/\/www.musee-mccord-stewart.ca\/fr\/heures-ouverture\/\" \/>\n<meta property=\"og:locale\" content=\"fr_FR\" \/>\n<meta property=\"og:type\" content=\"article\" \/>\n<meta property=\"og:title\" content=\"Heures d&#039;ouverture\" \/>\n<meta property=\"og:description\" content=\"Planifiez votre visite : v\u00e9rifiez les heures d&#039;ouverture du Mus\u00e9e McCord Stewart. Consultez \u00e9galement les horaires de la Boutique.\" \/>\n<meta property=\"og:url\" content=\"https:\/\/www.musee-mccord-stewart.ca\/fr\/heures-ouverture\/\" \/>\n<meta property=\"og:site_name\" content=\"Mus\u00e9e McCord Stewart\" \/>\n<meta property=\"article:publisher\" content=\"https:\/\/www.facebook.com\/museemccordstewart\" \/>\n<meta property=\"article:modified_time\" content=\"2026-04-27T22:59:23+00:00\" \/>\n<meta property=\"og:image\" content=\"https:\/\/www.musee-mccord-stewart.ca\/app\/uploads\/2025\/08\/mccord-stewart_planifiez-visite_2025_640x375.jpg\" \/>\n\t<meta property=\"og:image:width\" content=\"640\" \/>\n\t<meta property=\"og:image:height\" content=\"375\" \/>\n\t<meta property=\"og:image:type\" content=\"image\/jpeg\" \/>\n<meta name=\"twitter:card\" content=\"summary_large_image\" \/>\n<meta name=\"twitter:description\" content=\"Planifiez votre visite : v\u00e9rifiez les heures d&#039;ouverture du Mus\u00e9e McCord Stewart. Consultez \u00e9galement les horaires de la Boutique.\" \/>\n<meta name=\"twitter:site\" content=\"@MuseeMcCordStew\" \/>\n<meta name=\"twitter:label1\" content=\"Dur\u00e9e de lecture estim\u00e9e\" \/>\n\t<meta name=\"twitter:data1\" content=\"2 minutes\" \/>\n<script type=\"application\/ld+json\" class=\"yoast-schema-graph\">{\"@context\":\"https:\/\/schema.org\",\"@graph\":[{\"@type\":\"WebPage\",\"@id\":\"https:\/\/www.musee-mccord-stewart.ca\/fr\/heures-ouverture\/\",\"url\":\"https:\/\/www.musee-mccord-stewart.ca\/fr\/heures-ouverture\/\",\"name\":\"Heures d'ouverture - Mus\u00e9e McCord Stewart\",\"isPartOf\":{\"@id\":\"https:\/\/www.musee-mccord-stewart.ca\/fr\/#website\"},\"datePublished\":\"2015-03-17T14:26:38+00:00\",\"dateModified\":\"2026-04-27T22:59:23+00:00\",\"description\":\"Planifiez votre visite : v\u00e9rifiez les heures d'ouverture du Mus\u00e9e McCord Stewart. Consultez \u00e9galement les horaires de la Boutique.\",\"breadcrumb\":{\"@id\":\"https:\/\/www.musee-mccord-stewart.ca\/fr\/heures-ouverture\/#breadcrumb\"},\"inLanguage\":\"fr-FR\",\"potentialAction\":[{\"@type\":\"ReadAction\",\"target\":[\"https:\/\/www.musee-mccord-stewart.ca\/fr\/heures-ouverture\/\"]}]},{\"@type\":\"BreadcrumbList\",\"@id\":\"https:\/\/www.musee-mccord-stewart.ca\/fr\/heures-ouverture\/#breadcrumb\",\"itemListElement\":[{\"@type\":\"ListItem\",\"position\":1,\"name\":\"Accueil\",\"item\":\"https:\/\/www.musee-mccord-stewart.ca\/fr\/\"},{\"@type\":\"ListItem\",\"position\":2,\"name\":\"Heures d&rsquo;ouverture\"}]},{\"@type\":\"WebSite\",\"@id\":\"https:\/\/www.musee-mccord-stewart.ca\/fr\/#website\",\"url\":\"https:\/\/www.musee-mccord-stewart.ca\/fr\/\",\"name\":\"Mus\u00e9e McCord Stewart\",\"description\":\"Notre monde, nos histoires\",\"publisher\":{\"@id\":\"https:\/\/www.musee-mccord-stewart.ca\/fr\/#organization\"},\"alternateName\":\"MCS\",\"potentialAction\":[{\"@type\":\"SearchAction\",\"target\":{\"@type\":\"EntryPoint\",\"urlTemplate\":\"https:\/\/www.musee-mccord-stewart.ca\/fr\/?s={search_term_string}\"},\"query-input\":\"required name=search_term_string\"}],\"inLanguage\":\"fr-FR\"},{\"@type\":\"Organization\",\"@id\":\"https:\/\/www.musee-mccord-stewart.ca\/fr\/#organization\",\"name\":\"McCord Stewart Museum\",\"alternateName\":\"MCS\",\"url\":\"https:\/\/www.musee-mccord-stewart.ca\/fr\/\",\"logo\":{\"@type\":\"ImageObject\",\"inLanguage\":\"fr-FR\",\"@id\":\"https:\/\/www.musee-mccord-stewart.ca\/fr\/#\/schema\/logo\/image\/\",\"url\":\"https:\/\/www.musee-mccord-stewart.ca\/app\/uploads\/2023\/05\/logo_museemccordstewart_horizontal_noir_slogan.svg\",\"contentUrl\":\"https:\/\/www.musee-mccord-stewart.ca\/app\/uploads\/2023\/05\/logo_museemccordstewart_horizontal_noir_slogan.svg\",\"width\":1,\"height\":1,\"caption\":\"McCord Stewart Museum\"},\"image\":{\"@id\":\"https:\/\/www.musee-mccord-stewart.ca\/fr\/#\/schema\/logo\/image\/\"},\"sameAs\":[\"https:\/\/www.facebook.com\/museemccordstewart\",\"https:\/\/twitter.com\/MuseeMcCordStew\",\"https:\/\/instagram.com\/museemccordstewart\",\"https:\/\/www.linkedin.com\/company\/museemccordstewart\/\",\"https:\/\/www.pinterest.com\/museemccordstewart\/\",\"https:\/\/www.youtube.com\/c\/MuseeMcCordStewartMuseum\"]}]}<\/script>\n<!-- \/ Yoast SEO Premium plugin. -->","yoast_head_json":{"title":"Heures d'ouverture - Mus\u00e9e McCord Stewart","description":"Planifiez votre visite : v\u00e9rifiez les heures d'ouverture du Mus\u00e9e McCord Stewart. Consultez \u00e9galement les horaires de la Boutique.","robots":{"index":"index","follow":"follow","max-snippet":"max-snippet:-1","max-image-preview":"max-image-preview:large","max-video-preview":"max-video-preview:-1"},"canonical":"https:\/\/www.musee-mccord-stewart.ca\/fr\/heures-ouverture\/","og_locale":"fr_FR","og_type":"article","og_title":"Heures d'ouverture","og_description":"Planifiez votre visite : v\u00e9rifiez les heures d'ouverture du Mus\u00e9e McCord Stewart. Consultez \u00e9galement les horaires de la Boutique.","og_url":"https:\/\/www.musee-mccord-stewart.ca\/fr\/heures-ouverture\/","og_site_name":"Mus\u00e9e McCord Stewart","article_publisher":"https:\/\/www.facebook.com\/museemccordstewart","article_modified_time":"2026-04-27T22:59:23+00:00","og_image":[{"width":640,"height":375,"url":"https:\/\/www.musee-mccord-stewart.ca\/app\/uploads\/2025\/08\/mccord-stewart_planifiez-visite_2025_640x375.jpg","type":"image\/jpeg"}],"twitter_card":"summary_large_image","twitter_description":"Planifiez votre visite : v\u00e9rifiez les heures d'ouverture du Mus\u00e9e McCord Stewart. Consultez \u00e9galement les horaires de la Boutique.","twitter_site":"@MuseeMcCordStew","twitter_misc":{"Dur\u00e9e de lecture estim\u00e9e":"2 minutes"},"schema":{"@context":"https:\/\/schema.org","@graph":[{"@type":"WebPage","@id":"https:\/\/www.musee-mccord-stewart.ca\/fr\/heures-ouverture\/","url":"https:\/\/www.musee-mccord-stewart.ca\/fr\/heures-ouverture\/","name":"Heures d'ouverture - Mus\u00e9e McCord Stewart","isPartOf":{"@id":"https:\/\/www.musee-mccord-stewart.ca\/fr\/#website"},"datePublished":"2015-03-17T14:26:38+00:00","dateModified":"2026-04-27T22:59:23+00:00","description":"Planifiez votre visite : v\u00e9rifiez les heures d'ouverture du Mus\u00e9e McCord Stewart. Consultez \u00e9galement les horaires de la Boutique.","breadcrumb":{"@id":"https:\/\/www.musee-mccord-stewart.ca\/fr\/heures-ouverture\/#breadcrumb"},"inLanguage":"fr-FR","potentialAction":[{"@type":"ReadAction","target":["https:\/\/www.musee-mccord-stewart.ca\/fr\/heures-ouverture\/"]}]},{"@type":"BreadcrumbList","@id":"https:\/\/www.musee-mccord-stewart.ca\/fr\/heures-ouverture\/#breadcrumb","itemListElement":[{"@type":"ListItem","position":1,"name":"Accueil","item":"https:\/\/www.musee-mccord-stewart.ca\/fr\/"},{"@type":"ListItem","position":2,"name":"Heures d&rsquo;ouverture"}]},{"@type":"WebSite","@id":"https:\/\/www.musee-mccord-stewart.ca\/fr\/#website","url":"https:\/\/www.musee-mccord-stewart.ca\/fr\/","name":"Mus\u00e9e McCord Stewart","description":"Notre monde, nos histoires","publisher":{"@id":"https:\/\/www.musee-mccord-stewart.ca\/fr\/#organization"},"alternateName":"MCS","potentialAction":[{"@type":"SearchAction","target":{"@type":"EntryPoint","urlTemplate":"https:\/\/www.musee-mccord-stewart.ca\/fr\/?s={search_term_string}"},"query-input":"required name=search_term_string"}],"inLanguage":"fr-FR"},{"@type":"Organization","@id":"https:\/\/www.musee-mccord-stewart.ca\/fr\/#organization","name":"McCord Stewart Museum","alternateName":"MCS","url":"https:\/\/www.musee-mccord-stewart.ca\/fr\/","logo":{"@type":"ImageObject","inLanguage":"fr-FR","@id":"https:\/\/www.musee-mccord-stewart.ca\/fr\/#\/schema\/logo\/image\/","url":"https:\/\/www.musee-mccord-stewart.ca\/app\/uploads\/2023\/05\/logo_museemccordstewart_horizontal_noir_slogan.svg","contentUrl":"https:\/\/www.musee-mccord-stewart.ca\/app\/uploads\/2023\/05\/logo_museemccordstewart_horizontal_noir_slogan.svg","width":1,"height":1,"caption":"McCord Stewart Museum"},"image":{"@id":"https:\/\/www.musee-mccord-stewart.ca\/fr\/#\/schema\/logo\/image\/"},"sameAs":["https:\/\/www.facebook.com\/museemccordstewart","https:\/\/twitter.com\/MuseeMcCordStew","https:\/\/instagram.com\/museemccordstewart","https:\/\/www.linkedin.com\/company\/museemccordstewart\/","https:\/\/www.pinterest.com\/museemccordstewart\/","https:\/\/www.youtube.com\/c\/MuseeMcCordStewartMuseum"]}]}},"_links":{"self":[{"href":"https:\/\/www.musee-mccord-stewart.ca\/fr\/wp-json\/wp\/v2\/pages\/633"}],"collection":[{"href":"https:\/\/www.musee-mccord-stewart.ca\/fr\/wp-json\/wp\/v2\/pages"}],"about":[{"href":"https:\/\/www.musee-mccord-stewart.ca\/fr\/wp-json\/wp\/v2\/types\/page"}],"author":[{"embeddable":true,"href":"https:\/\/www.musee-mccord-stewart.ca\/fr\/wp-json\/wp\/v2\/users\/1"}],"replies":[{"embeddable":true,"href":"https:\/\/www.musee-mccord-stewart.ca\/fr\/wp-json\/wp\/v2\/comments?post=633"}],"version-history":[{"count":0,"href":"https:\/\/www.musee-mccord-stewart.ca\/fr\/wp-json\/wp\/v2\/pages\/633\/revisions"}],"wp:attachment":[{"href":"https:\/\/www.musee-mccord-stewart.ca\/fr\/wp-json\/wp\/v2\/media?parent=633"}],"wp:term":[{"taxonomy":"category","embeddable":true,"href":"https:\/\/www.musee-mccord-stewart.ca\/fr\/wp-json\/wp\/v2\/categories?post=633"},{"taxonomy":"post_tag","embeddable":true,"href":"https:\/\/www.musee-mccord-stewart.ca\/fr\/wp-json\/wp\/v2\/tags?post=633"}],"curies":[{"name":"wp","href":"https:\/\/api.w.org\/{rel}","templated":true}]}}