{"id":49746,"date":"2024-12-18T16:11:20","date_gmt":"2024-12-18T21:11:20","guid":{"rendered":"https:\/\/www.musee-mccord-stewart.ca\/?page_id=49746"},"modified":"2025-12-15T11:43:02","modified_gmt":"2025-12-15T16:43:02","slug":"espace-fondation-rossy-education","status":"publish","type":"page","link":"https:\/\/www.musee-mccord-stewart.ca\/fr\/espace-fondation-rossy-education\/","title":{"rendered":"L\u2019espace Fondation Rossy pour l\u2019\u00e9ducation"},"content":{"rendered":"<p>Le Mus\u00e9e McCord Stewart est heureux de d\u00e9voiler son tout nouvel espace de m\u00e9diation compos\u00e9 de trois salles polyvalentes, conviviales et lumineuses, et r\u00e9alis\u00e9 gr\u00e2ce au g\u00e9n\u00e9reux soutien de la Fondation Rossy.<\/p>\n<p>Con\u00e7u par les architectes de la firme montr\u00e9alaise KANVA, cet espace incarne les valeurs du Mus\u00e9e, et les activit\u00e9s qui s\u2019y d\u00e9roulent favorisent la rencontre, le dialogue, la transmission et la cocr\u00e9ation. Les groupes, de tout \u00e2ge et de tout profil, profitent ainsi d\u2019un environnement chaleureux et propice \u00e0 l\u2019apprentissage, en plus d\u2019une visite mus\u00e9ale enrichie.<\/p>\n<h2>Des locaux adapt\u00e9s \u00e0 vos diff\u00e9rents besoins<\/h2>\n<p>Cet espace refl\u00e8te l\u2019engagement du Mus\u00e9e envers le bien-\u00eatre de ses publics et de ses \u00e9quipes. Il offre\u202f:<\/p>\n<ul>\n<li>Une salle circulaire consacr\u00e9e aux ateliers de discussion;<\/li>\n<li>Une salle multifonctionnelle, \u00e0 l\u2019am\u00e9nagement modulable;<\/li>\n<li>Un espace de repos et d\u2019allaitement.<\/li>\n<\/ul>\n<ul class=\"sliderTiny\">\n<li>\n<img decoding=\"async\" src=\"https:\/\/www.musee-mccord-stewart.ca\/app\/uploads\/2025\/01\/mccord-stewart_espaces-educatifs-rossy_1_1200x800.jpg\" alt=\"\u00a9 Elias Touil\" title=\"\u00a9 Elias Touil\" \/>\n<\/li>\n<li>\n<img decoding=\"async\" src=\"https:\/\/www.musee-mccord-stewart.ca\/app\/uploads\/2025\/01\/mccord-stewart_espaces-educatifs-rossy_4_1200x800.jpg\" alt=\"\u00a9 Elias Touil\" title=\"\u00a9 Elias Touil\" \/>\n<\/li>\n<li>\n<img decoding=\"async\" src=\"https:\/\/www.musee-mccord-stewart.ca\/app\/uploads\/2025\/01\/mccord-stewart_espaces-educatifs-rossy_3_1200x800.jpg\" alt=\"\u00a9 Elias Touil\" title=\"\u00a9 Elias Touil\" \/>\n<\/li>\n<li>\n<img decoding=\"async\" src=\"https:\/\/www.musee-mccord-stewart.ca\/app\/uploads\/2025\/01\/mccord-stewart_espaces-educatifs-rossy_5_1200x800.png\" alt=\"\u00a9 Elias Touil\" title=\"\u00a9 Elias Touil\" \/>\n<\/li>\n<li>\n<img decoding=\"async\" src=\"https:\/\/www.musee-mccord-stewart.ca\/app\/uploads\/2025\/01\/mccord-stewart_espaces-educatifs-rossy_2_1200x800.jpg\" alt=\"\u00a9 Elias Touil\" title=\"\u00a9 Elias Touil\" \/>\n<\/li>\n<\/ul>\n\n<p>Nous vous invitons \u00e0 d\u00e9couvrir ces nouvelles installations o\u00f9 se d\u00e9ploient les nombreux programmes propos\u00e9s par le Mus\u00e9e. Pour plus d\u2019informations sur les programmes destin\u00e9s aux groupes,<a href=\"https:\/\/www.musee-mccord-stewart.ca\/fr\/groupes\/\"> consultez notre offre<\/a>. Pour en savoir plus sur notre programmation culturelle, <a href=\"https:\/\/www.musee-mccord-stewart.ca\/fr\/menu-activites\/\">consultez notre calendrier<\/a>.<\/p>\n","protected":false},"excerpt":{"rendered":"<p>Le Mus\u00e9e McCord Stewart est heureux de d\u00e9voiler son tout nouvel espace de m\u00e9diation compos\u00e9 de trois salles polyvalentes, conviviales et lumineuses, et r\u00e9alis\u00e9 gr\u00e2ce au g\u00e9n\u00e9reux soutien de la Fondation Rossy. Con\u00e7u par les architectes de la firme montr\u00e9alaise KANVA, cet espace incarne les valeurs du Mus\u00e9e, et les activit\u00e9s qui s\u2019y d\u00e9roulent favorisent [&hellip;]<\/p>\n","protected":false},"author":51,"featured_media":0,"parent":0,"menu_order":0,"comment_status":"closed","ping_status":"closed","template":"page-templates\/page-texte.php","meta":{"footnotes":""},"categories":[],"tags":[],"acf":[],"yoast_head":"<!-- This site is optimized with the Yoast SEO Premium plugin v20.11 (Yoast SEO v20.11) - https:\/\/yoast.com\/wordpress\/plugins\/seo\/ -->\n<title>L\u2019espace Fondation Rossy pour l\u2019\u00e9ducation - Mus\u00e9e McCord Stewart<\/title>\n<meta name=\"description\" content=\"D\u00e9couvrez le nouvel espace de m\u00e9diation compos\u00e9 de trois salles polyvalentes, conviviales et lumineuses, r\u00e9alis\u00e9 gr\u00e2ce au g\u00e9n\u00e9reux soutien de la Fondation Rossy.\u202f\" \/>\n<meta name=\"robots\" content=\"index, follow, max-snippet:-1, max-image-preview:large, max-video-preview:-1\" \/>\n<link rel=\"canonical\" href=\"https:\/\/www.musee-mccord-stewart.ca\/fr\/espace-fondation-rossy-education\/\" \/>\n<meta property=\"og:locale\" content=\"fr_FR\" \/>\n<meta property=\"og:type\" content=\"article\" \/>\n<meta property=\"og:title\" content=\"L\u2019espace Fondation Rossy pour l\u2019\u00e9ducation\" \/>\n<meta property=\"og:description\" content=\"D\u00e9couvrez le nouvel espace de m\u00e9diation compos\u00e9 de trois salles polyvalentes, conviviales et lumineuses, r\u00e9alis\u00e9 gr\u00e2ce au g\u00e9n\u00e9reux soutien de la Fondation Rossy.\u202f\" \/>\n<meta property=\"og:url\" content=\"https:\/\/www.musee-mccord-stewart.ca\/fr\/espace-fondation-rossy-education\/\" \/>\n<meta property=\"og:site_name\" content=\"Mus\u00e9e McCord Stewart\" \/>\n<meta property=\"article:publisher\" content=\"https:\/\/www.facebook.com\/museemccordstewart\" \/>\n<meta property=\"article:modified_time\" content=\"2025-12-15T16:43:02+00:00\" \/>\n<meta property=\"og:image\" content=\"https:\/\/www.musee-mccord-stewart.ca\/app\/uploads\/2025\/01\/mccord-stewart_nouvelle_espace-fondation-rossy-pour-leducation_800x520.jpg\" \/>\n\t<meta property=\"og:image:width\" content=\"800\" \/>\n\t<meta property=\"og:image:height\" content=\"520\" \/>\n\t<meta property=\"og:image:type\" content=\"image\/jpeg\" \/>\n<meta name=\"twitter:card\" content=\"summary_large_image\" \/>\n<meta name=\"twitter:description\" content=\"D\u00e9couvrez le nouvel espace de m\u00e9diation compos\u00e9 de trois salles polyvalentes, conviviales et lumineuses, r\u00e9alis\u00e9 gr\u00e2ce au g\u00e9n\u00e9reux soutien de la Fondation Rossy.\u202f\" \/>\n<meta name=\"twitter:site\" content=\"@MuseeMcCordStew\" \/>\n<meta name=\"twitter:label1\" content=\"Dur\u00e9e de lecture estim\u00e9e\" \/>\n\t<meta name=\"twitter:data1\" content=\"1 minute\" \/>\n<script type=\"application\/ld+json\" class=\"yoast-schema-graph\">{\"@context\":\"https:\/\/schema.org\",\"@graph\":[{\"@type\":\"WebPage\",\"@id\":\"https:\/\/www.musee-mccord-stewart.ca\/fr\/espace-fondation-rossy-education\/\",\"url\":\"https:\/\/www.musee-mccord-stewart.ca\/fr\/espace-fondation-rossy-education\/\",\"name\":\"L\u2019espace Fondation Rossy pour l\u2019\u00e9ducation - Mus\u00e9e McCord Stewart\",\"isPartOf\":{\"@id\":\"https:\/\/www.musee-mccord-stewart.ca\/fr\/#website\"},\"datePublished\":\"2024-12-18T21:11:20+00:00\",\"dateModified\":\"2025-12-15T16:43:02+00:00\",\"description\":\"D\u00e9couvrez le nouvel espace de m\u00e9diation compos\u00e9 de trois salles polyvalentes, conviviales et lumineuses, r\u00e9alis\u00e9 gr\u00e2ce au g\u00e9n\u00e9reux soutien de la Fondation Rossy.\u202f\",\"breadcrumb\":{\"@id\":\"https:\/\/www.musee-mccord-stewart.ca\/fr\/espace-fondation-rossy-education\/#breadcrumb\"},\"inLanguage\":\"fr-FR\",\"potentialAction\":[{\"@type\":\"ReadAction\",\"target\":[\"https:\/\/www.musee-mccord-stewart.ca\/fr\/espace-fondation-rossy-education\/\"]}]},{\"@type\":\"BreadcrumbList\",\"@id\":\"https:\/\/www.musee-mccord-stewart.ca\/fr\/espace-fondation-rossy-education\/#breadcrumb\",\"itemListElement\":[{\"@type\":\"ListItem\",\"position\":1,\"name\":\"Accueil\",\"item\":\"https:\/\/www.musee-mccord-stewart.ca\/fr\/\"},{\"@type\":\"ListItem\",\"position\":2,\"name\":\"L\u2019espace Fondation Rossy pour l\u2019\u00e9ducation\"}]},{\"@type\":\"WebSite\",\"@id\":\"https:\/\/www.musee-mccord-stewart.ca\/fr\/#website\",\"url\":\"https:\/\/www.musee-mccord-stewart.ca\/fr\/\",\"name\":\"Mus\u00e9e McCord Stewart\",\"description\":\"Notre monde, nos histoires\",\"publisher\":{\"@id\":\"https:\/\/www.musee-mccord-stewart.ca\/fr\/#organization\"},\"alternateName\":\"MCS\",\"potentialAction\":[{\"@type\":\"SearchAction\",\"target\":{\"@type\":\"EntryPoint\",\"urlTemplate\":\"https:\/\/www.musee-mccord-stewart.ca\/fr\/?s={search_term_string}\"},\"query-input\":\"required name=search_term_string\"}],\"inLanguage\":\"fr-FR\"},{\"@type\":\"Organization\",\"@id\":\"https:\/\/www.musee-mccord-stewart.ca\/fr\/#organization\",\"name\":\"McCord Stewart Museum\",\"alternateName\":\"MCS\",\"url\":\"https:\/\/www.musee-mccord-stewart.ca\/fr\/\",\"logo\":{\"@type\":\"ImageObject\",\"inLanguage\":\"fr-FR\",\"@id\":\"https:\/\/www.musee-mccord-stewart.ca\/fr\/#\/schema\/logo\/image\/\",\"url\":\"https:\/\/www.musee-mccord-stewart.ca\/app\/uploads\/2023\/05\/logo_museemccordstewart_horizontal_noir_slogan.svg\",\"contentUrl\":\"https:\/\/www.musee-mccord-stewart.ca\/app\/uploads\/2023\/05\/logo_museemccordstewart_horizontal_noir_slogan.svg\",\"width\":1,\"height\":1,\"caption\":\"McCord Stewart Museum\"},\"image\":{\"@id\":\"https:\/\/www.musee-mccord-stewart.ca\/fr\/#\/schema\/logo\/image\/\"},\"sameAs\":[\"https:\/\/www.facebook.com\/museemccordstewart\",\"https:\/\/twitter.com\/MuseeMcCordStew\",\"https:\/\/instagram.com\/museemccordstewart\",\"https:\/\/www.linkedin.com\/company\/museemccordstewart\/\",\"https:\/\/www.pinterest.com\/museemccordstewart\/\",\"https:\/\/www.youtube.com\/c\/MuseeMcCordStewartMuseum\"]}]}<\/script>\n<!-- \/ Yoast SEO Premium plugin. -->","yoast_head_json":{"title":"L\u2019espace Fondation Rossy pour l\u2019\u00e9ducation - Mus\u00e9e McCord Stewart","description":"D\u00e9couvrez le nouvel espace de m\u00e9diation compos\u00e9 de trois salles polyvalentes, conviviales et lumineuses, r\u00e9alis\u00e9 gr\u00e2ce au g\u00e9n\u00e9reux soutien de la Fondation Rossy.\u202f","robots":{"index":"index","follow":"follow","max-snippet":"max-snippet:-1","max-image-preview":"max-image-preview:large","max-video-preview":"max-video-preview:-1"},"canonical":"https:\/\/www.musee-mccord-stewart.ca\/fr\/espace-fondation-rossy-education\/","og_locale":"fr_FR","og_type":"article","og_title":"L\u2019espace Fondation Rossy pour l\u2019\u00e9ducation","og_description":"D\u00e9couvrez le nouvel espace de m\u00e9diation compos\u00e9 de trois salles polyvalentes, conviviales et lumineuses, r\u00e9alis\u00e9 gr\u00e2ce au g\u00e9n\u00e9reux soutien de la Fondation Rossy.\u202f","og_url":"https:\/\/www.musee-mccord-stewart.ca\/fr\/espace-fondation-rossy-education\/","og_site_name":"Mus\u00e9e McCord Stewart","article_publisher":"https:\/\/www.facebook.com\/museemccordstewart","article_modified_time":"2025-12-15T16:43:02+00:00","og_image":[{"width":800,"height":520,"url":"https:\/\/www.musee-mccord-stewart.ca\/app\/uploads\/2025\/01\/mccord-stewart_nouvelle_espace-fondation-rossy-pour-leducation_800x520.jpg","type":"image\/jpeg"}],"twitter_card":"summary_large_image","twitter_description":"D\u00e9couvrez le nouvel espace de m\u00e9diation compos\u00e9 de trois salles polyvalentes, conviviales et lumineuses, r\u00e9alis\u00e9 gr\u00e2ce au g\u00e9n\u00e9reux soutien de la Fondation Rossy.\u202f","twitter_site":"@MuseeMcCordStew","twitter_misc":{"Dur\u00e9e de lecture estim\u00e9e":"1 minute"},"schema":{"@context":"https:\/\/schema.org","@graph":[{"@type":"WebPage","@id":"https:\/\/www.musee-mccord-stewart.ca\/fr\/espace-fondation-rossy-education\/","url":"https:\/\/www.musee-mccord-stewart.ca\/fr\/espace-fondation-rossy-education\/","name":"L\u2019espace Fondation Rossy pour l\u2019\u00e9ducation - Mus\u00e9e McCord Stewart","isPartOf":{"@id":"https:\/\/www.musee-mccord-stewart.ca\/fr\/#website"},"datePublished":"2024-12-18T21:11:20+00:00","dateModified":"2025-12-15T16:43:02+00:00","description":"D\u00e9couvrez le nouvel espace de m\u00e9diation compos\u00e9 de trois salles polyvalentes, conviviales et lumineuses, r\u00e9alis\u00e9 gr\u00e2ce au g\u00e9n\u00e9reux soutien de la Fondation Rossy.\u202f","breadcrumb":{"@id":"https:\/\/www.musee-mccord-stewart.ca\/fr\/espace-fondation-rossy-education\/#breadcrumb"},"inLanguage":"fr-FR","potentialAction":[{"@type":"ReadAction","target":["https:\/\/www.musee-mccord-stewart.ca\/fr\/espace-fondation-rossy-education\/"]}]},{"@type":"BreadcrumbList","@id":"https:\/\/www.musee-mccord-stewart.ca\/fr\/espace-fondation-rossy-education\/#breadcrumb","itemListElement":[{"@type":"ListItem","position":1,"name":"Accueil","item":"https:\/\/www.musee-mccord-stewart.ca\/fr\/"},{"@type":"ListItem","position":2,"name":"L\u2019espace Fondation Rossy pour l\u2019\u00e9ducation"}]},{"@type":"WebSite","@id":"https:\/\/www.musee-mccord-stewart.ca\/fr\/#website","url":"https:\/\/www.musee-mccord-stewart.ca\/fr\/","name":"Mus\u00e9e McCord Stewart","description":"Notre monde, nos histoires","publisher":{"@id":"https:\/\/www.musee-mccord-stewart.ca\/fr\/#organization"},"alternateName":"MCS","potentialAction":[{"@type":"SearchAction","target":{"@type":"EntryPoint","urlTemplate":"https:\/\/www.musee-mccord-stewart.ca\/fr\/?s={search_term_string}"},"query-input":"required name=search_term_string"}],"inLanguage":"fr-FR"},{"@type":"Organization","@id":"https:\/\/www.musee-mccord-stewart.ca\/fr\/#organization","name":"McCord Stewart Museum","alternateName":"MCS","url":"https:\/\/www.musee-mccord-stewart.ca\/fr\/","logo":{"@type":"ImageObject","inLanguage":"fr-FR","@id":"https:\/\/www.musee-mccord-stewart.ca\/fr\/#\/schema\/logo\/image\/","url":"https:\/\/www.musee-mccord-stewart.ca\/app\/uploads\/2023\/05\/logo_museemccordstewart_horizontal_noir_slogan.svg","contentUrl":"https:\/\/www.musee-mccord-stewart.ca\/app\/uploads\/2023\/05\/logo_museemccordstewart_horizontal_noir_slogan.svg","width":1,"height":1,"caption":"McCord Stewart Museum"},"image":{"@id":"https:\/\/www.musee-mccord-stewart.ca\/fr\/#\/schema\/logo\/image\/"},"sameAs":["https:\/\/www.facebook.com\/museemccordstewart","https:\/\/twitter.com\/MuseeMcCordStew","https:\/\/instagram.com\/museemccordstewart","https:\/\/www.linkedin.com\/company\/museemccordstewart\/","https:\/\/www.pinterest.com\/museemccordstewart\/","https:\/\/www.youtube.com\/c\/MuseeMcCordStewartMuseum"]}]}},"_links":{"self":[{"href":"https:\/\/www.musee-mccord-stewart.ca\/fr\/wp-json\/wp\/v2\/pages\/49746"}],"collection":[{"href":"https:\/\/www.musee-mccord-stewart.ca\/fr\/wp-json\/wp\/v2\/pages"}],"about":[{"href":"https:\/\/www.musee-mccord-stewart.ca\/fr\/wp-json\/wp\/v2\/types\/page"}],"author":[{"embeddable":true,"href":"https:\/\/www.musee-mccord-stewart.ca\/fr\/wp-json\/wp\/v2\/users\/51"}],"replies":[{"embeddable":true,"href":"https:\/\/www.musee-mccord-stewart.ca\/fr\/wp-json\/wp\/v2\/comments?post=49746"}],"version-history":[{"count":0,"href":"https:\/\/www.musee-mccord-stewart.ca\/fr\/wp-json\/wp\/v2\/pages\/49746\/revisions"}],"wp:attachment":[{"href":"https:\/\/www.musee-mccord-stewart.ca\/fr\/wp-json\/wp\/v2\/media?parent=49746"}],"wp:term":[{"taxonomy":"category","embeddable":true,"href":"https:\/\/www.musee-mccord-stewart.ca\/fr\/wp-json\/wp\/v2\/categories?post=49746"},{"taxonomy":"post_tag","embeddable":true,"href":"https:\/\/www.musee-mccord-stewart.ca\/fr\/wp-json\/wp\/v2\/tags?post=49746"}],"curies":[{"name":"wp","href":"https:\/\/api.w.org\/{rel}","templated":true}]}}