{"id":49306,"date":"2024-11-08T12:52:59","date_gmt":"2024-11-08T17:52:59","guid":{"rendered":"https:\/\/www.musee-mccord-stewart.ca\/?page_id=49306"},"modified":"2025-08-18T11:54:31","modified_gmt":"2025-08-18T15:54:31","slug":"parcours-famille-bals-costumes","status":"publish","type":"page","link":"https:\/\/www.musee-mccord-stewart.ca\/fr\/parcours-famille-bals-costumes\/","title":{"rendered":"Parcours famille dans l\u2019exposition <em>Bals costum\u00e9s \u2013 Habiller l\u2019Histoire, 1870-1927<\/em>"},"content":{"rendered":"<p><strong>Activit\u00e9 termin\u00e9e. Merci de votre participation!<\/strong><\/p>\n<p>Un parcours ludique et interactif, int\u00e9gr\u00e9 \u00e0 l\u2019exposition <strong><em><a href=\"https:\/\/www.musee-mccord-stewart.ca\/fr\/expositions\/bals-costumes\/\">Bals costum\u00e9s \u2013 Habiller l\u2019Histoire, 1870-1927<\/a><\/em><\/strong> et destin\u00e9 aux familles invite petit\u00b7e\u00b7s et grand\u00b7e\u00b7s \u00e0 partager l\u2019excitation de participer \u00e0 ces festivit\u00e9s. Des enfants de l\u2019\u00e9poque sont les guides de ce voyage parsem\u00e9 de d\u00e9couvertes, tout au long de stations participatives et gr\u00e2ce \u00e0 un livret d&rsquo;activit\u00e9s qui proposent d\u2019exp\u00e9rimenter les diff\u00e9rents aspects des bals costum\u00e9s, comme si vous y \u00e9tiez!<\/p>\n<p>Ne manquez pas de passer par le stand photo afin d\u2019immortaliser ce moment.<\/p>\n<ul>\n<li>L&rsquo;activit\u00e9 est recommand\u00e9e pour les enfants \u00e2g\u00e9s de 6 \u00e0 12 ans et est disponible \u00e0 tout moment pendant les heures d&rsquo;ouverture du Mus\u00e9e, du 14 novembre 2024 au 17 ao\u00fbt 2025.<\/li>\n<li>L&rsquo;entr\u00e9e au Mus\u00e9e est gratuite pour les jeunes de 17 ans et moins. Les adultes accompagnateurs doivent se procurer un billet d&rsquo;entr\u00e9e au Mus\u00e9e.<\/li>\n<li>Dur\u00e9e de la visite : 60 minutes<\/li>\n<li>Le livret est disponible \u00e0 l&rsquo;entr\u00e9e de l&rsquo;exposition, dans la limite des stocks disponibles.<\/li>\n<\/ul>\n<ul class=\"sliderTiny\">\n<li>\n<img decoding=\"async\" src=\"https:\/\/www.musee-mccord-stewart.ca\/app\/uploads\/2024\/12\/bals-costumes-parcours-famille-credit-elias-touil_800px_12-11-2024_hd-54.jpg\" alt=\"\u00a9 Elias Touil, 2024\" title=\"\u00a9 Elias Touil, 2024\" \/>\n<\/li>\n<li>\n<img decoding=\"async\" src=\"https:\/\/www.musee-mccord-stewart.ca\/app\/uploads\/2024\/12\/bals-costumes-parcours-famille-credit-elias-touil_800px_30-11-2024_hd-94.jpg\" alt=\"\u00a9 Elias Touil, 2024\" title=\"\u00a9 Elias Touil, 2024\" \/>\n<\/li>\n<li>\n<img decoding=\"async\" src=\"https:\/\/www.musee-mccord-stewart.ca\/app\/uploads\/2024\/12\/bals-costumes-parcours-famille-credit-elias-touil_800px_8670f0e1-5cc0-49d3-936c-1b4456e32e89.jpg\" alt=\"\u00a9 Elias Touil, 2024\" title=\"\u00a9 Elias Touil, 2024\" \/>\n<\/li>\n<li>\n<img decoding=\"async\" src=\"https:\/\/www.musee-mccord-stewart.ca\/app\/uploads\/2024\/12\/bals-costumes-parcours-famille-credit-elysa-lachapelle_800px_20241117_141546.jpg\" alt=\"\u00a9 Elias Touil, 2024\" title=\"\u00a9 Elias Touil, 2024\" \/>\n<\/li>\n<li>\n<img decoding=\"async\" src=\"https:\/\/www.musee-mccord-stewart.ca\/app\/uploads\/2024\/12\/bals-costumes-parcours-famille-credit-elysa-lachapelle_800px_20241117_141841.jpg\" alt=\"\u00a9 Elias Touil, 2024\" title=\"\u00a9 Elias Touil, 2024\" \/>\n<\/li>\n<\/ul>\n\n<h2>Des espaces accueillants pour les familles<\/h2>\n<p>Le Mus\u00e9e est un espace s\u00e9curitaire qui offre aussi une multitude de services pour faciliter la visite des familles. Ainsi, un espace repas, une salle d\u2019allaitement, des vestiaires en libre-service et des tables \u00e0 langer sont accessibles en tout temps. De plus, les familles peuvent profiter d\u2019un menu abordable qui saura satisfaire les palais les plus exigeants au <a href=\"https:\/\/www.musee-mccord-stewart.ca\/fr\/cafe-notman\/\">Caf\u00e9 Notman<\/a>.<\/p>\n","protected":false},"excerpt":{"rendered":"<p>Activit\u00e9 termin\u00e9e. Merci de votre participation! Un parcours ludique et interactif, int\u00e9gr\u00e9 \u00e0 l\u2019exposition Bals costum\u00e9s \u2013 Habiller l\u2019Histoire, 1870-1927 et destin\u00e9 aux familles invite petit\u00b7e\u00b7s et grand\u00b7e\u00b7s \u00e0 partager l\u2019excitation de participer \u00e0 ces festivit\u00e9s. Des enfants de l\u2019\u00e9poque sont les guides de ce voyage parsem\u00e9 de d\u00e9couvertes, tout au long de stations participatives [&hellip;]<\/p>\n","protected":false},"author":51,"featured_media":0,"parent":0,"menu_order":0,"comment_status":"closed","ping_status":"closed","template":"page-templates\/page-texte.php","meta":{"footnotes":""},"categories":[],"tags":[],"acf":[],"yoast_head":"<!-- This site is optimized with the Yoast SEO Premium plugin v20.11 (Yoast SEO v20.11) - https:\/\/yoast.com\/wordpress\/plugins\/seo\/ -->\n<title>Parcours famille dans l\u2019exposition Bals costum\u00e9s \u2013 Habiller l\u2019Histoire, 1870-1927 - Mus\u00e9e McCord Stewart<\/title>\n<meta name=\"description\" content=\"Le Mus\u00e9e invite petit\u2022e\u2022s et grand\u2022e\u2022s \u00e0 partager l\u2019excitation de participer aux festivit\u00e9s des Bals costum\u00e9s, comme si vous y \u00e9tiez!\" \/>\n<meta name=\"robots\" content=\"index, follow, max-snippet:-1, max-image-preview:large, max-video-preview:-1\" \/>\n<link rel=\"canonical\" href=\"https:\/\/www.musee-mccord-stewart.ca\/fr\/parcours-famille-bals-costumes\/\" \/>\n<meta property=\"og:locale\" content=\"fr_FR\" \/>\n<meta property=\"og:type\" content=\"article\" \/>\n<meta property=\"og:title\" content=\"Parcours famille dans l\u2019exposition Bals costum\u00e9s \u2013 Habiller l\u2019Histoire, 1870-1927\" \/>\n<meta property=\"og:description\" content=\"Le Mus\u00e9e invite petit\u2022e\u2022s et grand\u2022e\u2022s \u00e0 partager l\u2019excitation de participer aux festivit\u00e9s des Bals costum\u00e9s, comme si vous y \u00e9tiez!\" \/>\n<meta property=\"og:url\" content=\"https:\/\/www.musee-mccord-stewart.ca\/fr\/parcours-famille-bals-costumes\/\" \/>\n<meta property=\"og:site_name\" content=\"Mus\u00e9e McCord Stewart\" \/>\n<meta property=\"article:publisher\" content=\"https:\/\/www.facebook.com\/museemccordstewart\" \/>\n<meta property=\"article:modified_time\" content=\"2025-08-18T15:54:31+00:00\" \/>\n<meta property=\"og:image\" content=\"https:\/\/www.musee-mccord-stewart.ca\/app\/uploads\/2024\/11\/mccord-stewart_parcours-famille_bals-costumes_640x375.jpg\" \/>\n\t<meta property=\"og:image:width\" content=\"640\" \/>\n\t<meta property=\"og:image:height\" content=\"375\" \/>\n\t<meta property=\"og:image:type\" content=\"image\/jpeg\" \/>\n<meta name=\"twitter:card\" content=\"summary_large_image\" \/>\n<meta name=\"twitter:description\" content=\"Le Mus\u00e9e invite petit\u2022e\u2022s et grand\u2022e\u2022s \u00e0 partager l\u2019excitation de participer aux festivit\u00e9s des Bals costum\u00e9s, comme si vous y \u00e9tiez!\" \/>\n<meta name=\"twitter:site\" content=\"@MuseeMcCordStew\" \/>\n<meta name=\"twitter:label1\" content=\"Dur\u00e9e de lecture estim\u00e9e\" \/>\n\t<meta name=\"twitter:data1\" content=\"2 minutes\" \/>\n<script type=\"application\/ld+json\" class=\"yoast-schema-graph\">{\"@context\":\"https:\/\/schema.org\",\"@graph\":[{\"@type\":\"WebPage\",\"@id\":\"https:\/\/www.musee-mccord-stewart.ca\/fr\/parcours-famille-bals-costumes\/\",\"url\":\"https:\/\/www.musee-mccord-stewart.ca\/fr\/parcours-famille-bals-costumes\/\",\"name\":\"Parcours famille dans l\u2019exposition Bals costum\u00e9s \u2013 Habiller l\u2019Histoire, 1870-1927 - Mus\u00e9e McCord Stewart\",\"isPartOf\":{\"@id\":\"https:\/\/www.musee-mccord-stewart.ca\/fr\/#website\"},\"datePublished\":\"2024-11-08T17:52:59+00:00\",\"dateModified\":\"2025-08-18T15:54:31+00:00\",\"description\":\"Le Mus\u00e9e invite petit\u2022e\u2022s et grand\u2022e\u2022s \u00e0 partager l\u2019excitation de participer aux festivit\u00e9s des Bals costum\u00e9s, comme si vous y \u00e9tiez!\",\"breadcrumb\":{\"@id\":\"https:\/\/www.musee-mccord-stewart.ca\/fr\/parcours-famille-bals-costumes\/#breadcrumb\"},\"inLanguage\":\"fr-FR\",\"potentialAction\":[{\"@type\":\"ReadAction\",\"target\":[\"https:\/\/www.musee-mccord-stewart.ca\/fr\/parcours-famille-bals-costumes\/\"]}]},{\"@type\":\"BreadcrumbList\",\"@id\":\"https:\/\/www.musee-mccord-stewart.ca\/fr\/parcours-famille-bals-costumes\/#breadcrumb\",\"itemListElement\":[{\"@type\":\"ListItem\",\"position\":1,\"name\":\"Accueil\",\"item\":\"https:\/\/www.musee-mccord-stewart.ca\/fr\/\"},{\"@type\":\"ListItem\",\"position\":2,\"name\":\"Parcours famille dans l\u2019exposition Bals costum\u00e9s \u2013 Habiller l\u2019Histoire, 1870-1927\"}]},{\"@type\":\"WebSite\",\"@id\":\"https:\/\/www.musee-mccord-stewart.ca\/fr\/#website\",\"url\":\"https:\/\/www.musee-mccord-stewart.ca\/fr\/\",\"name\":\"Mus\u00e9e McCord Stewart\",\"description\":\"Notre monde, nos histoires\",\"publisher\":{\"@id\":\"https:\/\/www.musee-mccord-stewart.ca\/fr\/#organization\"},\"alternateName\":\"MCS\",\"potentialAction\":[{\"@type\":\"SearchAction\",\"target\":{\"@type\":\"EntryPoint\",\"urlTemplate\":\"https:\/\/www.musee-mccord-stewart.ca\/fr\/?s={search_term_string}\"},\"query-input\":\"required name=search_term_string\"}],\"inLanguage\":\"fr-FR\"},{\"@type\":\"Organization\",\"@id\":\"https:\/\/www.musee-mccord-stewart.ca\/fr\/#organization\",\"name\":\"McCord Stewart Museum\",\"alternateName\":\"MCS\",\"url\":\"https:\/\/www.musee-mccord-stewart.ca\/fr\/\",\"logo\":{\"@type\":\"ImageObject\",\"inLanguage\":\"fr-FR\",\"@id\":\"https:\/\/www.musee-mccord-stewart.ca\/fr\/#\/schema\/logo\/image\/\",\"url\":\"https:\/\/www.musee-mccord-stewart.ca\/app\/uploads\/2023\/05\/logo_museemccordstewart_horizontal_noir_slogan.svg\",\"contentUrl\":\"https:\/\/www.musee-mccord-stewart.ca\/app\/uploads\/2023\/05\/logo_museemccordstewart_horizontal_noir_slogan.svg\",\"width\":1,\"height\":1,\"caption\":\"McCord Stewart Museum\"},\"image\":{\"@id\":\"https:\/\/www.musee-mccord-stewart.ca\/fr\/#\/schema\/logo\/image\/\"},\"sameAs\":[\"https:\/\/www.facebook.com\/museemccordstewart\",\"https:\/\/twitter.com\/MuseeMcCordStew\",\"https:\/\/instagram.com\/museemccordstewart\",\"https:\/\/www.linkedin.com\/company\/museemccordstewart\/\",\"https:\/\/www.pinterest.com\/museemccordstewart\/\",\"https:\/\/www.youtube.com\/c\/MuseeMcCordStewartMuseum\"]}]}<\/script>\n<!-- \/ Yoast SEO Premium plugin. -->","yoast_head_json":{"title":"Parcours famille dans l\u2019exposition Bals costum\u00e9s \u2013 Habiller l\u2019Histoire, 1870-1927 - Mus\u00e9e McCord Stewart","description":"Le Mus\u00e9e invite petit\u2022e\u2022s et grand\u2022e\u2022s \u00e0 partager l\u2019excitation de participer aux festivit\u00e9s des Bals costum\u00e9s, comme si vous y \u00e9tiez!","robots":{"index":"index","follow":"follow","max-snippet":"max-snippet:-1","max-image-preview":"max-image-preview:large","max-video-preview":"max-video-preview:-1"},"canonical":"https:\/\/www.musee-mccord-stewart.ca\/fr\/parcours-famille-bals-costumes\/","og_locale":"fr_FR","og_type":"article","og_title":"Parcours famille dans l\u2019exposition Bals costum\u00e9s \u2013 Habiller l\u2019Histoire, 1870-1927","og_description":"Le Mus\u00e9e invite petit\u2022e\u2022s et grand\u2022e\u2022s \u00e0 partager l\u2019excitation de participer aux festivit\u00e9s des Bals costum\u00e9s, comme si vous y \u00e9tiez!","og_url":"https:\/\/www.musee-mccord-stewart.ca\/fr\/parcours-famille-bals-costumes\/","og_site_name":"Mus\u00e9e McCord Stewart","article_publisher":"https:\/\/www.facebook.com\/museemccordstewart","article_modified_time":"2025-08-18T15:54:31+00:00","og_image":[{"width":640,"height":375,"url":"https:\/\/www.musee-mccord-stewart.ca\/app\/uploads\/2024\/11\/mccord-stewart_parcours-famille_bals-costumes_640x375.jpg","type":"image\/jpeg"}],"twitter_card":"summary_large_image","twitter_description":"Le Mus\u00e9e invite petit\u2022e\u2022s et grand\u2022e\u2022s \u00e0 partager l\u2019excitation de participer aux festivit\u00e9s des Bals costum\u00e9s, comme si vous y \u00e9tiez!","twitter_site":"@MuseeMcCordStew","twitter_misc":{"Dur\u00e9e de lecture estim\u00e9e":"2 minutes"},"schema":{"@context":"https:\/\/schema.org","@graph":[{"@type":"WebPage","@id":"https:\/\/www.musee-mccord-stewart.ca\/fr\/parcours-famille-bals-costumes\/","url":"https:\/\/www.musee-mccord-stewart.ca\/fr\/parcours-famille-bals-costumes\/","name":"Parcours famille dans l\u2019exposition Bals costum\u00e9s \u2013 Habiller l\u2019Histoire, 1870-1927 - Mus\u00e9e McCord Stewart","isPartOf":{"@id":"https:\/\/www.musee-mccord-stewart.ca\/fr\/#website"},"datePublished":"2024-11-08T17:52:59+00:00","dateModified":"2025-08-18T15:54:31+00:00","description":"Le Mus\u00e9e invite petit\u2022e\u2022s et grand\u2022e\u2022s \u00e0 partager l\u2019excitation de participer aux festivit\u00e9s des Bals costum\u00e9s, comme si vous y \u00e9tiez!","breadcrumb":{"@id":"https:\/\/www.musee-mccord-stewart.ca\/fr\/parcours-famille-bals-costumes\/#breadcrumb"},"inLanguage":"fr-FR","potentialAction":[{"@type":"ReadAction","target":["https:\/\/www.musee-mccord-stewart.ca\/fr\/parcours-famille-bals-costumes\/"]}]},{"@type":"BreadcrumbList","@id":"https:\/\/www.musee-mccord-stewart.ca\/fr\/parcours-famille-bals-costumes\/#breadcrumb","itemListElement":[{"@type":"ListItem","position":1,"name":"Accueil","item":"https:\/\/www.musee-mccord-stewart.ca\/fr\/"},{"@type":"ListItem","position":2,"name":"Parcours famille dans l\u2019exposition Bals costum\u00e9s \u2013 Habiller l\u2019Histoire, 1870-1927"}]},{"@type":"WebSite","@id":"https:\/\/www.musee-mccord-stewart.ca\/fr\/#website","url":"https:\/\/www.musee-mccord-stewart.ca\/fr\/","name":"Mus\u00e9e McCord Stewart","description":"Notre monde, nos histoires","publisher":{"@id":"https:\/\/www.musee-mccord-stewart.ca\/fr\/#organization"},"alternateName":"MCS","potentialAction":[{"@type":"SearchAction","target":{"@type":"EntryPoint","urlTemplate":"https:\/\/www.musee-mccord-stewart.ca\/fr\/?s={search_term_string}"},"query-input":"required name=search_term_string"}],"inLanguage":"fr-FR"},{"@type":"Organization","@id":"https:\/\/www.musee-mccord-stewart.ca\/fr\/#organization","name":"McCord Stewart Museum","alternateName":"MCS","url":"https:\/\/www.musee-mccord-stewart.ca\/fr\/","logo":{"@type":"ImageObject","inLanguage":"fr-FR","@id":"https:\/\/www.musee-mccord-stewart.ca\/fr\/#\/schema\/logo\/image\/","url":"https:\/\/www.musee-mccord-stewart.ca\/app\/uploads\/2023\/05\/logo_museemccordstewart_horizontal_noir_slogan.svg","contentUrl":"https:\/\/www.musee-mccord-stewart.ca\/app\/uploads\/2023\/05\/logo_museemccordstewart_horizontal_noir_slogan.svg","width":1,"height":1,"caption":"McCord Stewart Museum"},"image":{"@id":"https:\/\/www.musee-mccord-stewart.ca\/fr\/#\/schema\/logo\/image\/"},"sameAs":["https:\/\/www.facebook.com\/museemccordstewart","https:\/\/twitter.com\/MuseeMcCordStew","https:\/\/instagram.com\/museemccordstewart","https:\/\/www.linkedin.com\/company\/museemccordstewart\/","https:\/\/www.pinterest.com\/museemccordstewart\/","https:\/\/www.youtube.com\/c\/MuseeMcCordStewartMuseum"]}]}},"_links":{"self":[{"href":"https:\/\/www.musee-mccord-stewart.ca\/fr\/wp-json\/wp\/v2\/pages\/49306"}],"collection":[{"href":"https:\/\/www.musee-mccord-stewart.ca\/fr\/wp-json\/wp\/v2\/pages"}],"about":[{"href":"https:\/\/www.musee-mccord-stewart.ca\/fr\/wp-json\/wp\/v2\/types\/page"}],"author":[{"embeddable":true,"href":"https:\/\/www.musee-mccord-stewart.ca\/fr\/wp-json\/wp\/v2\/users\/51"}],"replies":[{"embeddable":true,"href":"https:\/\/www.musee-mccord-stewart.ca\/fr\/wp-json\/wp\/v2\/comments?post=49306"}],"version-history":[{"count":0,"href":"https:\/\/www.musee-mccord-stewart.ca\/fr\/wp-json\/wp\/v2\/pages\/49306\/revisions"}],"wp:attachment":[{"href":"https:\/\/www.musee-mccord-stewart.ca\/fr\/wp-json\/wp\/v2\/media?parent=49306"}],"wp:term":[{"taxonomy":"category","embeddable":true,"href":"https:\/\/www.musee-mccord-stewart.ca\/fr\/wp-json\/wp\/v2\/categories?post=49306"},{"taxonomy":"post_tag","embeddable":true,"href":"https:\/\/www.musee-mccord-stewart.ca\/fr\/wp-json\/wp\/v2\/tags?post=49306"}],"curies":[{"name":"wp","href":"https:\/\/api.w.org\/{rel}","templated":true}]}}