{"id":42583,"date":"2022-10-11T12:34:03","date_gmt":"2022-10-11T16:34:03","guid":{"rendered":"https:\/\/www.musee-mccord-stewart.ca\/?page_id=42583"},"modified":"2022-10-11T12:45:35","modified_gmt":"2022-10-11T16:45:35","slug":"nouveaux-echanges-collections-musee-mccord","status":"publish","type":"page","link":"https:\/\/www.musee-mccord-stewart.ca\/fr\/collections\/colloques-et-symposiums\/nouveaux-echanges-collections-musee-mccord\/","title":{"rendered":"\u00c0 la recherche du savoir: nouveaux \u00e9changes sur les collections du Mus\u00e9e McCord"},"content":{"rendered":"<h4>\u00c0 LA RECHERCHE DU SAVOIR\u00a0: NOUVEAUX \u00c9CHANGES SUR LES COLLECTIONS DU MUS\u00c9E McCORD<\/h4>\n<p>Les 7, 8 et novembre 2013 a eu lieu le colloque <strong>\u00c0 la recherche du savoir : Nouveaux \u00e9changes sur les collections du Mus\u00e9e McCord<\/strong> organis\u00e9 dans le cadre d&rsquo;une collaboration entre l&rsquo;\u00e9quipe de recherche Montr\u00e9al, plaque tournante des \u00e9changes et le Mus\u00e9e McCord.<\/p>\n<p>Cet \u00e9v\u00e9nement unique qui a r\u00e9uni 150 participants avait pour objectif d&rsquo;\u00e9tablir un dialogue sur les nouvelles fronti\u00e8res de la recherche et d&rsquo;inciter des \u00e9changes pour accro\u00eetre la connaissance des collections du Mus\u00e9e. Le colloque fut \u00e9galement l&rsquo;occasion de pr\u00e9senter les r\u00e9sultats de recherches r\u00e9centes t\u00e9moignant de certaines utilisations novatrices des collections historiques du Mus\u00e9e McCord, qui constituent l&rsquo;une des plus grandes sources de documents et d&rsquo;artefacts au Canada pour la recherche historique.<\/p>\n<p>La richesse des contributions et le grand int\u00e9r\u00eat soulev\u00e9 par la rencontre t\u00e9moignent de l&rsquo;importance du dialogue amorc\u00e9 entre les milieux de la recherche et de la conservation.<\/p>\n<p><strong>Conf\u00e9rences<\/strong><br \/>\nPlus d&rsquo;une trentaine de conf\u00e9renciers ont anim\u00e9 huit s\u00e9ances et ont partag\u00e9 le fruit de leurs recherches avec leurs coll\u00e8gues et le personnel du Mus\u00e9e, ainsi qu&rsquo;avec un public nombreux int\u00e9ress\u00e9 par Montr\u00e9al et son important r\u00f4le dans l&rsquo;histoire du Canada. Le coup d&rsquo;envoi a \u00e9t\u00e9 donn\u00e9 par la s\u00e9ance <strong>Des voix venant des vo\u00fbtes : La biographie d&rsquo;objets et les collections du Mus\u00e9e McCord<\/strong>, pr\u00e9sid\u00e9e par Joanne Burgess, de l&rsquo;Universit\u00e9 du Qu\u00e9bec \u00e0 Montr\u00e9al, et anim\u00e9e par Anne Mackay, chef, Restauration, Guislaine Lemay, conservatrice, Ethnologie et arch\u00e9ologie, ainsi que Cynthia Cooper, conservatrice, Costume et textiles. Le discours liminaire a \u00e9t\u00e9 livr\u00e9 par Jacques Mathieu, professeur \u00e9m\u00e9rite de l&rsquo;Universit\u00e9 Laval, et historien sp\u00e9cialiste de la Nouvelle-France. Sa conf\u00e9rence, intitul\u00e9e Journal intime de l&rsquo;objet, a explor\u00e9 les diff\u00e9rents angles sous lesquels l&rsquo;objet de mus\u00e9e peut \u00eatre document\u00e9, \u00e9tudi\u00e9, analys\u00e9 et pr\u00e9sent\u00e9 \u00e0 diff\u00e9rents publics.<\/p>\n<p><a class=\"download\" href=\"http:\/\/www.musee-mccord-stewart.ca\/app\/uploads\/2015\/05\/colloque_recherche_savoir_2013_programme_fr.pdf\">Programme<\/a> <a class=\"download\" href=\"http:\/\/www.musee-mccord-stewart.ca\/app\/uploads\/2015\/05\/colloque_recherche_savoir_2013_cahier_fr_en.pdf\">Cahier des r\u00e9sum\u00e9s<\/a><\/p>\n<p><strong>Visites<\/strong><br \/>\nUne soixantaine de participants ont aussi eu la chance de participer \u00e0 une visite des r\u00e9serves, \u00e0 un atelier dans les coulisses du Mus\u00e9e ou \u00e0 la visite guid\u00e9e de l&rsquo;exposition <a href=\"http:\/\/www.musee-mccord-stewart.ca\/fr\/expositions\/porter-son-identite-la-collection-premiers-peuples\/\"><em><strong>Porter son Identit\u00e9 &#8211; La collection Premiers Peuples<\/strong><\/em><\/a>, tous pr\u00e9sent\u00e9s par les conservateurs du Mus\u00e9e.<\/p>\n<ul class=\"sliderTiny\">\n<li>\n<img decoding=\"async\" src=\"https:\/\/www.musee-mccord-stewart.ca\/app\/uploads\/2015\/06\/colloque_recherche_savoir_visite_biblio_2013_01.jpg\" alt=\"\" title=\"\" \/>\n<\/li>\n<li>\n<img decoding=\"async\" src=\"https:\/\/www.musee-mccord-stewart.ca\/app\/uploads\/2015\/06\/colloque_recherche_savoir_visite_biblio_2013_02.jpg\" alt=\"\" title=\"\" \/>\n<\/li>\n<li>\n<img decoding=\"async\" src=\"https:\/\/www.musee-mccord-stewart.ca\/app\/uploads\/2015\/06\/colloque_recherche_savoir_visite_expo_pp_2013_01.jpg\" alt=\"\" title=\"\" \/>\n<\/li>\n<li>\n<img decoding=\"async\" src=\"https:\/\/www.musee-mccord-stewart.ca\/app\/uploads\/2015\/06\/colloque_recherche_savoir_visite_expo_pp_2013_02.jpg\" alt=\"\" title=\"\" \/>\n<\/li>\n<li>\n<img decoding=\"async\" src=\"https:\/\/www.musee-mccord-stewart.ca\/app\/uploads\/2015\/06\/colloque_recherche_savoir_visite_labo_restauration_2013_01.jpg\" alt=\"\" title=\"\" \/>\n<\/li>\n<li>\n<img decoding=\"async\" src=\"https:\/\/www.musee-mccord-stewart.ca\/app\/uploads\/2015\/06\/colloque_recherche_savoir_visite_labo_restauration_2013_02-548x800.jpg\" alt=\"\" title=\"\" \/>\n<\/li>\n<li>\n<img decoding=\"async\" src=\"https:\/\/www.musee-mccord-stewart.ca\/app\/uploads\/2015\/06\/colloque_recherche_savoir_visite_reserve_ct_2013_01-549x800.jpg\" alt=\"\" title=\"\" \/>\n<\/li>\n<li>\n<img decoding=\"async\" src=\"https:\/\/www.musee-mccord-stewart.ca\/app\/uploads\/2015\/06\/colloque_recherche_savoir_visite_reserve_ct_2013_02-551x800.jpg\" alt=\"\" title=\"\" \/>\n<\/li>\n<li>\n<img decoding=\"async\" src=\"https:\/\/www.musee-mccord-stewart.ca\/app\/uploads\/2015\/06\/colloque_recherche_savoir_visite_reserve_ct_2013_03-547x800.jpg\" alt=\"\" title=\"\" \/>\n<\/li>\n<li>\n<img decoding=\"async\" src=\"https:\/\/www.musee-mccord-stewart.ca\/app\/uploads\/2015\/06\/colloque_recherche_savoir_visite_reserve_no_2013_01.jpg\" alt=\"\" title=\"\" \/>\n<\/li>\n<li>\n<img decoding=\"async\" src=\"https:\/\/www.musee-mccord-stewart.ca\/app\/uploads\/2015\/06\/colloque_recherche_savoir_visite_reserve_no_2013_02.jpg\" alt=\"\" title=\"\" \/>\n<\/li>\n<li>\n<img decoding=\"async\" src=\"https:\/\/www.musee-mccord-stewart.ca\/app\/uploads\/2015\/06\/colloque_recherche_savoir_visite_reserve_no_2013_03.jpg\" alt=\"\" title=\"\" \/>\n<\/li>\n<li>\n<img decoding=\"async\" src=\"https:\/\/www.musee-mccord-stewart.ca\/app\/uploads\/2015\/06\/colloque_recherche_savoir_visite_reserve_pt_2013_01-548x800.jpg\" alt=\"\" title=\"\" \/>\n<\/li>\n<li>\n<img decoding=\"async\" src=\"https:\/\/www.musee-mccord-stewart.ca\/app\/uploads\/2015\/06\/colloque_recherche_savoir_visite_reserve_pt_2013_02.jpg\" alt=\"\" title=\"\" \/>\n<\/li>\n<\/ul>\n\n<p><strong>T\u00e9moignage<\/strong><br \/>\n\u00ab Beaucoup d&rsquo;\u00e9changes inesp\u00e9r\u00e9s, de nouvelles avenues d\u00e9frich\u00e9es&#8230; des souvenirs d&rsquo;objets et de recherches passionnantes et illuminantes pour notre compr\u00e9hension de ce qu&rsquo;est cette extraordinaire ville \u00bb<br \/>\n-Dominic Hardy, pr\u00e9sident de la s\u00e9ance Iconographie et politique<\/p>\n<p><strong>Diffusion<br \/>\n<\/strong>Ces fructueux \u00e9changes ont \u00e9t\u00e9 capt\u00e9s et sont diffus\u00e9s sur la cha\u00eene <a href=\"https:\/\/www.youtube.com\/user\/MuseeMcCordMuseum\"><strong>Youtube du Mus\u00e9e McCord<\/strong><\/a> et sur <a href=\"http:\/\/tv.uqam.ca\/Recherche.aspx?s=63\"><strong>UQ\u00c0M.tv<\/strong><\/a>.<\/p>\n<p><iframe loading=\"lazy\" title=\"Colloque \u00ab \u00c0 la recherche du savoir \u00bb \u2013 Mot de bienvenue et s\u00e9ance 1\" width=\"474\" height=\"267\" src=\"https:\/\/www.youtube.com\/embed\/wpcTHgpAwyc?feature=oembed&rel=0&#038;enablejsapi=1&#038;origin=https:\/\/www.musee-mccord-stewart.ca\" frameborder=\"0\" allow=\"accelerometer; autoplay; clipboard-write; encrypted-media; gyroscope; picture-in-picture\" allowfullscreen><\/iframe><\/p>\n","protected":false},"excerpt":{"rendered":"<p>\u00c0 LA RECHERCHE DU SAVOIR\u00a0: NOUVEAUX \u00c9CHANGES SUR LES COLLECTIONS DU MUS\u00c9E McCORD Les 7, 8 et novembre 2013 a eu lieu le colloque \u00c0 la recherche du savoir : Nouveaux \u00e9changes sur les collections du Mus\u00e9e McCord organis\u00e9 dans le cadre d&rsquo;une collaboration entre l&rsquo;\u00e9quipe de recherche Montr\u00e9al, plaque tournante des \u00e9changes et le [&hellip;]<\/p>\n","protected":false},"author":3,"featured_media":0,"parent":1475,"menu_order":0,"comment_status":"closed","ping_status":"closed","template":"page-templates\/page-texte.php","meta":{"footnotes":""},"categories":[],"tags":[],"acf":[],"yoast_head":"<!-- This site is optimized with the Yoast SEO Premium plugin v20.11 (Yoast SEO v20.11) - https:\/\/yoast.com\/wordpress\/plugins\/seo\/ -->\n<title>\u00c0 la recherche du savoir: nouveaux \u00e9changes sur les collections du Mus\u00e9e McCord - Mus\u00e9e McCord Stewart<\/title>\n<meta name=\"description\" content=\"Colloque visant a \u00e9tablir un dialogue sur les nouvelles fronti\u00e8res de la recherche et d&#039;inciter des \u00e9changes pour accro\u00eetre la connaissance des collections du Mus\u00e9e.\" \/>\n<meta name=\"robots\" content=\"index, follow, max-snippet:-1, max-image-preview:large, max-video-preview:-1\" \/>\n<link rel=\"canonical\" href=\"https:\/\/www.musee-mccord-stewart.ca\/fr\/collections\/colloques-et-symposiums\/nouveaux-echanges-collections-musee-mccord\/\" \/>\n<meta property=\"og:locale\" content=\"fr_FR\" \/>\n<meta property=\"og:type\" content=\"article\" \/>\n<meta property=\"og:title\" content=\"\u00c0 la recherche du savoir: nouveaux \u00e9changes sur les collections du Mus\u00e9e McCord\" \/>\n<meta property=\"og:description\" content=\"\u00c0 LA RECHERCHE DU SAVOIR\u00a0: NOUVEAUX \u00c9CHANGES SUR LES COLLECTIONS DU MUS\u00c9E McCORD Les 7, 8 et novembre 2013 a eu lieu le colloque \u00c0 la recherche du savoir\" \/>\n<meta property=\"og:url\" content=\"https:\/\/www.musee-mccord-stewart.ca\/fr\/collections\/colloques-et-symposiums\/nouveaux-echanges-collections-musee-mccord\/\" \/>\n<meta property=\"og:site_name\" content=\"Mus\u00e9e McCord Stewart\" \/>\n<meta property=\"article:publisher\" content=\"https:\/\/www.facebook.com\/museemccordstewart\" \/>\n<meta property=\"article:modified_time\" content=\"2022-10-11T16:45:35+00:00\" \/>\n<meta property=\"og:image\" content=\"https:\/\/www.musee-mccord-stewart.ca\/app\/uploads\/2015\/06\/colloque_recherche_savoir_visite_biblio_2013_01.jpg\" \/>\n<meta name=\"twitter:card\" content=\"summary_large_image\" \/>\n<meta name=\"twitter:site\" content=\"@MuseeMcCordStew\" \/>\n<meta name=\"twitter:label1\" content=\"Dur\u00e9e de lecture estim\u00e9e\" \/>\n\t<meta name=\"twitter:data1\" content=\"2 minutes\" \/>\n<script type=\"application\/ld+json\" class=\"yoast-schema-graph\">{\"@context\":\"https:\/\/schema.org\",\"@graph\":[{\"@type\":\"WebPage\",\"@id\":\"https:\/\/www.musee-mccord-stewart.ca\/fr\/collections\/colloques-et-symposiums\/nouveaux-echanges-collections-musee-mccord\/\",\"url\":\"https:\/\/www.musee-mccord-stewart.ca\/fr\/collections\/colloques-et-symposiums\/nouveaux-echanges-collections-musee-mccord\/\",\"name\":\"\u00c0 la recherche du savoir: nouveaux \u00e9changes sur les collections du Mus\u00e9e McCord - Mus\u00e9e McCord Stewart\",\"isPartOf\":{\"@id\":\"https:\/\/www.musee-mccord-stewart.ca\/fr\/#website\"},\"datePublished\":\"2022-10-11T16:34:03+00:00\",\"dateModified\":\"2022-10-11T16:45:35+00:00\",\"description\":\"Colloque visant a \u00e9tablir un dialogue sur les nouvelles fronti\u00e8res de la recherche et d'inciter des \u00e9changes pour accro\u00eetre la connaissance des collections du Mus\u00e9e.\",\"breadcrumb\":{\"@id\":\"https:\/\/www.musee-mccord-stewart.ca\/fr\/collections\/colloques-et-symposiums\/nouveaux-echanges-collections-musee-mccord\/#breadcrumb\"},\"inLanguage\":\"fr-FR\",\"potentialAction\":[{\"@type\":\"ReadAction\",\"target\":[\"https:\/\/www.musee-mccord-stewart.ca\/fr\/collections\/colloques-et-symposiums\/nouveaux-echanges-collections-musee-mccord\/\"]}]},{\"@type\":\"BreadcrumbList\",\"@id\":\"https:\/\/www.musee-mccord-stewart.ca\/fr\/collections\/colloques-et-symposiums\/nouveaux-echanges-collections-musee-mccord\/#breadcrumb\",\"itemListElement\":[{\"@type\":\"ListItem\",\"position\":1,\"name\":\"Accueil\",\"item\":\"https:\/\/www.musee-mccord-stewart.ca\/fr\/\"},{\"@type\":\"ListItem\",\"position\":2,\"name\":\"Collections\",\"item\":\"https:\/\/www.musee-mccord-stewart.ca\/fr\/collections\/\"},{\"@type\":\"ListItem\",\"position\":3,\"name\":\"Colloques et symposiums\",\"item\":\"https:\/\/www.musee-mccord-stewart.ca\/fr\/collections\/colloques-et-symposiums\/\"},{\"@type\":\"ListItem\",\"position\":4,\"name\":\"\u00c0 la recherche du savoir: nouveaux \u00e9changes sur les collections du Mus\u00e9e McCord\"}]},{\"@type\":\"WebSite\",\"@id\":\"https:\/\/www.musee-mccord-stewart.ca\/fr\/#website\",\"url\":\"https:\/\/www.musee-mccord-stewart.ca\/fr\/\",\"name\":\"Mus\u00e9e McCord Stewart\",\"description\":\"Notre monde, nos histoires\",\"publisher\":{\"@id\":\"https:\/\/www.musee-mccord-stewart.ca\/fr\/#organization\"},\"alternateName\":\"MCS\",\"potentialAction\":[{\"@type\":\"SearchAction\",\"target\":{\"@type\":\"EntryPoint\",\"urlTemplate\":\"https:\/\/www.musee-mccord-stewart.ca\/fr\/?s={search_term_string}\"},\"query-input\":\"required name=search_term_string\"}],\"inLanguage\":\"fr-FR\"},{\"@type\":\"Organization\",\"@id\":\"https:\/\/www.musee-mccord-stewart.ca\/fr\/#organization\",\"name\":\"McCord Stewart Museum\",\"alternateName\":\"MCS\",\"url\":\"https:\/\/www.musee-mccord-stewart.ca\/fr\/\",\"logo\":{\"@type\":\"ImageObject\",\"inLanguage\":\"fr-FR\",\"@id\":\"https:\/\/www.musee-mccord-stewart.ca\/fr\/#\/schema\/logo\/image\/\",\"url\":\"https:\/\/www.musee-mccord-stewart.ca\/app\/uploads\/2023\/05\/logo_museemccordstewart_horizontal_noir_slogan.svg\",\"contentUrl\":\"https:\/\/www.musee-mccord-stewart.ca\/app\/uploads\/2023\/05\/logo_museemccordstewart_horizontal_noir_slogan.svg\",\"width\":1,\"height\":1,\"caption\":\"McCord Stewart Museum\"},\"image\":{\"@id\":\"https:\/\/www.musee-mccord-stewart.ca\/fr\/#\/schema\/logo\/image\/\"},\"sameAs\":[\"https:\/\/www.facebook.com\/museemccordstewart\",\"https:\/\/twitter.com\/MuseeMcCordStew\",\"https:\/\/instagram.com\/museemccordstewart\",\"https:\/\/www.linkedin.com\/company\/museemccordstewart\/\",\"https:\/\/www.pinterest.com\/museemccordstewart\/\",\"https:\/\/www.youtube.com\/c\/MuseeMcCordStewartMuseum\"]}]}<\/script>\n<!-- \/ Yoast SEO Premium plugin. -->","yoast_head_json":{"title":"\u00c0 la recherche du savoir: nouveaux \u00e9changes sur les collections du Mus\u00e9e McCord - Mus\u00e9e McCord Stewart","description":"Colloque visant a \u00e9tablir un dialogue sur les nouvelles fronti\u00e8res de la recherche et d'inciter des \u00e9changes pour accro\u00eetre la connaissance des collections du Mus\u00e9e.","robots":{"index":"index","follow":"follow","max-snippet":"max-snippet:-1","max-image-preview":"max-image-preview:large","max-video-preview":"max-video-preview:-1"},"canonical":"https:\/\/www.musee-mccord-stewart.ca\/fr\/collections\/colloques-et-symposiums\/nouveaux-echanges-collections-musee-mccord\/","og_locale":"fr_FR","og_type":"article","og_title":"\u00c0 la recherche du savoir: nouveaux \u00e9changes sur les collections du Mus\u00e9e McCord","og_description":"\u00c0 LA RECHERCHE DU SAVOIR\u00a0: NOUVEAUX \u00c9CHANGES SUR LES COLLECTIONS DU MUS\u00c9E McCORD Les 7, 8 et novembre 2013 a eu lieu le colloque \u00c0 la recherche du savoir","og_url":"https:\/\/www.musee-mccord-stewart.ca\/fr\/collections\/colloques-et-symposiums\/nouveaux-echanges-collections-musee-mccord\/","og_site_name":"Mus\u00e9e McCord Stewart","article_publisher":"https:\/\/www.facebook.com\/museemccordstewart","article_modified_time":"2022-10-11T16:45:35+00:00","og_image":[{"url":"https:\/\/www.musee-mccord-stewart.ca\/app\/uploads\/2015\/06\/colloque_recherche_savoir_visite_biblio_2013_01.jpg"}],"twitter_card":"summary_large_image","twitter_site":"@MuseeMcCordStew","twitter_misc":{"Dur\u00e9e de lecture estim\u00e9e":"2 minutes"},"schema":{"@context":"https:\/\/schema.org","@graph":[{"@type":"WebPage","@id":"https:\/\/www.musee-mccord-stewart.ca\/fr\/collections\/colloques-et-symposiums\/nouveaux-echanges-collections-musee-mccord\/","url":"https:\/\/www.musee-mccord-stewart.ca\/fr\/collections\/colloques-et-symposiums\/nouveaux-echanges-collections-musee-mccord\/","name":"\u00c0 la recherche du savoir: nouveaux \u00e9changes sur les collections du Mus\u00e9e McCord - Mus\u00e9e McCord Stewart","isPartOf":{"@id":"https:\/\/www.musee-mccord-stewart.ca\/fr\/#website"},"datePublished":"2022-10-11T16:34:03+00:00","dateModified":"2022-10-11T16:45:35+00:00","description":"Colloque visant a \u00e9tablir un dialogue sur les nouvelles fronti\u00e8res de la recherche et d'inciter des \u00e9changes pour accro\u00eetre la connaissance des collections du Mus\u00e9e.","breadcrumb":{"@id":"https:\/\/www.musee-mccord-stewart.ca\/fr\/collections\/colloques-et-symposiums\/nouveaux-echanges-collections-musee-mccord\/#breadcrumb"},"inLanguage":"fr-FR","potentialAction":[{"@type":"ReadAction","target":["https:\/\/www.musee-mccord-stewart.ca\/fr\/collections\/colloques-et-symposiums\/nouveaux-echanges-collections-musee-mccord\/"]}]},{"@type":"BreadcrumbList","@id":"https:\/\/www.musee-mccord-stewart.ca\/fr\/collections\/colloques-et-symposiums\/nouveaux-echanges-collections-musee-mccord\/#breadcrumb","itemListElement":[{"@type":"ListItem","position":1,"name":"Accueil","item":"https:\/\/www.musee-mccord-stewart.ca\/fr\/"},{"@type":"ListItem","position":2,"name":"Collections","item":"https:\/\/www.musee-mccord-stewart.ca\/fr\/collections\/"},{"@type":"ListItem","position":3,"name":"Colloques et symposiums","item":"https:\/\/www.musee-mccord-stewart.ca\/fr\/collections\/colloques-et-symposiums\/"},{"@type":"ListItem","position":4,"name":"\u00c0 la recherche du savoir: nouveaux \u00e9changes sur les collections du Mus\u00e9e McCord"}]},{"@type":"WebSite","@id":"https:\/\/www.musee-mccord-stewart.ca\/fr\/#website","url":"https:\/\/www.musee-mccord-stewart.ca\/fr\/","name":"Mus\u00e9e McCord Stewart","description":"Notre monde, nos histoires","publisher":{"@id":"https:\/\/www.musee-mccord-stewart.ca\/fr\/#organization"},"alternateName":"MCS","potentialAction":[{"@type":"SearchAction","target":{"@type":"EntryPoint","urlTemplate":"https:\/\/www.musee-mccord-stewart.ca\/fr\/?s={search_term_string}"},"query-input":"required name=search_term_string"}],"inLanguage":"fr-FR"},{"@type":"Organization","@id":"https:\/\/www.musee-mccord-stewart.ca\/fr\/#organization","name":"McCord Stewart Museum","alternateName":"MCS","url":"https:\/\/www.musee-mccord-stewart.ca\/fr\/","logo":{"@type":"ImageObject","inLanguage":"fr-FR","@id":"https:\/\/www.musee-mccord-stewart.ca\/fr\/#\/schema\/logo\/image\/","url":"https:\/\/www.musee-mccord-stewart.ca\/app\/uploads\/2023\/05\/logo_museemccordstewart_horizontal_noir_slogan.svg","contentUrl":"https:\/\/www.musee-mccord-stewart.ca\/app\/uploads\/2023\/05\/logo_museemccordstewart_horizontal_noir_slogan.svg","width":1,"height":1,"caption":"McCord Stewart Museum"},"image":{"@id":"https:\/\/www.musee-mccord-stewart.ca\/fr\/#\/schema\/logo\/image\/"},"sameAs":["https:\/\/www.facebook.com\/museemccordstewart","https:\/\/twitter.com\/MuseeMcCordStew","https:\/\/instagram.com\/museemccordstewart","https:\/\/www.linkedin.com\/company\/museemccordstewart\/","https:\/\/www.pinterest.com\/museemccordstewart\/","https:\/\/www.youtube.com\/c\/MuseeMcCordStewartMuseum"]}]}},"_links":{"self":[{"href":"https:\/\/www.musee-mccord-stewart.ca\/fr\/wp-json\/wp\/v2\/pages\/42583"}],"collection":[{"href":"https:\/\/www.musee-mccord-stewart.ca\/fr\/wp-json\/wp\/v2\/pages"}],"about":[{"href":"https:\/\/www.musee-mccord-stewart.ca\/fr\/wp-json\/wp\/v2\/types\/page"}],"author":[{"embeddable":true,"href":"https:\/\/www.musee-mccord-stewart.ca\/fr\/wp-json\/wp\/v2\/users\/3"}],"replies":[{"embeddable":true,"href":"https:\/\/www.musee-mccord-stewart.ca\/fr\/wp-json\/wp\/v2\/comments?post=42583"}],"version-history":[{"count":0,"href":"https:\/\/www.musee-mccord-stewart.ca\/fr\/wp-json\/wp\/v2\/pages\/42583\/revisions"}],"up":[{"embeddable":true,"href":"https:\/\/www.musee-mccord-stewart.ca\/fr\/wp-json\/wp\/v2\/pages\/1475"}],"wp:attachment":[{"href":"https:\/\/www.musee-mccord-stewart.ca\/fr\/wp-json\/wp\/v2\/media?parent=42583"}],"wp:term":[{"taxonomy":"category","embeddable":true,"href":"https:\/\/www.musee-mccord-stewart.ca\/fr\/wp-json\/wp\/v2\/categories?post=42583"},{"taxonomy":"post_tag","embeddable":true,"href":"https:\/\/www.musee-mccord-stewart.ca\/fr\/wp-json\/wp\/v2\/tags?post=42583"}],"curies":[{"name":"wp","href":"https:\/\/api.w.org\/{rel}","templated":true}]}}