{"id":42076,"date":"2022-09-22T12:37:43","date_gmt":"2022-09-22T16:37:43","guid":{"rendered":"https:\/\/www.musee-mccord-stewart.ca\/?page_id=42076"},"modified":"2025-10-06T09:25:01","modified_gmt":"2025-10-06T13:25:01","slug":"don-in-memoriam-honneur","status":"publish","type":"page","link":"https:\/\/www.musee-mccord-stewart.ca\/fr\/faites-un-don\/don-in-memoriam-honneur\/","title":{"rendered":"Don <i>In memoriam<\/i> et en l\u2019honneur d&rsquo;une personne"},"content":{"rendered":"<p><strong>Le don\u00a0In memoriam est une fa\u00e7on toute d\u00e9licate de perp\u00e9tuer la m\u00e9moire d\u2019une vie.<\/strong> Faire un don au Mus\u00e9e McCord Stewart en m\u00e9moire d\u2019un \u00eatre cher est une fa\u00e7on de rendre hommage avec dignit\u00e9 \u00e0 une personne et d\u2019encourager le Mus\u00e9e \u00e0 continuer \u00e0 pr\u00e9senter des histoires qui nous rassemblent. L\u2019\u00e9quipe de la Fondation s\u2019engage \u00e9galement \u00e0 transmettre vos mots de condol\u00e9ances aux proches du d\u00e9funt.<\/p>\n<h3>T\u00e9moignage<\/h3>\n<p>\u00ab Jean Saint-Cyr admirait le travail du Mus\u00e9e McCord Stewart et, plus particuli\u00e8rement, la collection photographique Notman. Il \u00e9tait donc normal qu\u2019\u00e0 son d\u00e9c\u00e8s et en r\u00e9ponse \u00e0 son souhait ses proches soient invit\u00e9s \u00e0 donner \u00e0 sa m\u00e9moire \u00e0 la Fondation du Mus\u00e9e. \u00bb<br \/>\n&#8211; Andr\u00e9 Saint-Cyr<\/p>\n<p><a class=\"cta\" title=\"\" href=\"https:\/\/mccordmuseumfoundation.akaraisin.com\/ui\/5bf861a972f646ab967e6d5eba0c7171\/donations\/start\" target=\"_blank\" rel=\"noopener\">Faire un don<i class=\"arrow-right-thickicon-\"><\/i><\/a><\/p>\n","protected":false},"excerpt":{"rendered":"<p>Le don\u00a0In memoriam est une fa\u00e7on toute d\u00e9licate de perp\u00e9tuer la m\u00e9moire d\u2019une vie. Faire un don au Mus\u00e9e McCord Stewart en m\u00e9moire d\u2019un \u00eatre cher est une fa\u00e7on de rendre hommage avec dignit\u00e9 \u00e0 une personne et d\u2019encourager le Mus\u00e9e \u00e0 continuer \u00e0 pr\u00e9senter des histoires qui nous rassemblent. L\u2019\u00e9quipe de la Fondation s\u2019engage [&hellip;]<\/p>\n","protected":false},"author":17,"featured_media":0,"parent":42067,"menu_order":0,"comment_status":"closed","ping_status":"closed","template":"page-templates\/page-texte.php","meta":{"footnotes":""},"categories":[],"tags":[],"acf":[],"yoast_head":"<!-- This site is optimized with the Yoast SEO Premium plugin v20.11 (Yoast SEO v20.11) - https:\/\/yoast.com\/wordpress\/plugins\/seo\/ -->\n<title>Don\u00a0In memoriam - Fondation - Mus\u00e9e McCord Stewart<\/title>\n<meta name=\"description\" content=\"Faire un don In memoriam au Mus\u00e9e McCord Stewart en m\u00e9moire d\u2019un \u00eatre cher est une fa\u00e7on de rendre hommage avec dignit\u00e9 \u00e0 une personne.\" \/>\n<meta name=\"robots\" content=\"index, follow, max-snippet:-1, max-image-preview:large, max-video-preview:-1\" \/>\n<link rel=\"canonical\" href=\"https:\/\/www.musee-mccord-stewart.ca\/fr\/faites-un-don\/don-in-memoriam-honneur\/\" \/>\n<meta property=\"og:locale\" content=\"fr_FR\" \/>\n<meta property=\"og:type\" content=\"article\" \/>\n<meta property=\"og:title\" content=\"Don In memoriam et en l\u2019honneur d&#039;une personne\" \/>\n<meta property=\"og:description\" content=\"Faire un don In memoriam au Mus\u00e9e McCord Stewart en m\u00e9moire d\u2019un \u00eatre cher est une fa\u00e7on de rendre hommage avec dignit\u00e9 \u00e0 une personne.\" \/>\n<meta property=\"og:url\" content=\"https:\/\/www.musee-mccord-stewart.ca\/fr\/faites-un-don\/don-in-memoriam-honneur\/\" \/>\n<meta property=\"og:site_name\" content=\"Mus\u00e9e McCord Stewart\" \/>\n<meta property=\"article:publisher\" content=\"https:\/\/www.facebook.com\/museemccordstewart\" \/>\n<meta property=\"article:modified_time\" content=\"2025-10-06T13:25:01+00:00\" \/>\n<meta property=\"og:image\" content=\"https:\/\/www.musee-mccord-stewart.ca\/app\/uploads\/2022\/09\/mccord-fondation-faites-un-don_in-memoriam_ii-329610-a_1320x480.jpg\" \/>\n\t<meta property=\"og:image:width\" content=\"1320\" \/>\n\t<meta property=\"og:image:height\" content=\"480\" \/>\n\t<meta property=\"og:image:type\" content=\"image\/jpeg\" \/>\n<meta name=\"twitter:card\" content=\"summary_large_image\" \/>\n<meta name=\"twitter:description\" content=\"Faire un don In memoriam au Mus\u00e9e McCord Stewart en m\u00e9moire d\u2019un \u00eatre cher est une fa\u00e7on de rendre hommage avec dignit\u00e9 \u00e0 une personne.\" \/>\n<meta name=\"twitter:site\" content=\"@MuseeMcCordStew\" \/>\n<meta name=\"twitter:label1\" content=\"Dur\u00e9e de lecture estim\u00e9e\" \/>\n\t<meta name=\"twitter:data1\" content=\"1 minute\" \/>\n<script type=\"application\/ld+json\" class=\"yoast-schema-graph\">{\"@context\":\"https:\/\/schema.org\",\"@graph\":[{\"@type\":\"WebPage\",\"@id\":\"https:\/\/www.musee-mccord-stewart.ca\/fr\/faites-un-don\/don-in-memoriam-honneur\/\",\"url\":\"https:\/\/www.musee-mccord-stewart.ca\/fr\/faites-un-don\/don-in-memoriam-honneur\/\",\"name\":\"Don\u00a0In memoriam - Fondation - Mus\u00e9e McCord Stewart\",\"isPartOf\":{\"@id\":\"https:\/\/www.musee-mccord-stewart.ca\/fr\/#website\"},\"datePublished\":\"2022-09-22T16:37:43+00:00\",\"dateModified\":\"2025-10-06T13:25:01+00:00\",\"description\":\"Faire un don In memoriam au Mus\u00e9e McCord Stewart en m\u00e9moire d\u2019un \u00eatre cher est une fa\u00e7on de rendre hommage avec dignit\u00e9 \u00e0 une personne.\",\"breadcrumb\":{\"@id\":\"https:\/\/www.musee-mccord-stewart.ca\/fr\/faites-un-don\/don-in-memoriam-honneur\/#breadcrumb\"},\"inLanguage\":\"fr-FR\",\"potentialAction\":[{\"@type\":\"ReadAction\",\"target\":[\"https:\/\/www.musee-mccord-stewart.ca\/fr\/faites-un-don\/don-in-memoriam-honneur\/\"]}]},{\"@type\":\"BreadcrumbList\",\"@id\":\"https:\/\/www.musee-mccord-stewart.ca\/fr\/faites-un-don\/don-in-memoriam-honneur\/#breadcrumb\",\"itemListElement\":[{\"@type\":\"ListItem\",\"position\":1,\"name\":\"Accueil\",\"item\":\"https:\/\/www.musee-mccord-stewart.ca\/fr\/\"},{\"@type\":\"ListItem\",\"position\":2,\"name\":\"Fa\u00e7ons de donner\",\"item\":\"https:\/\/www.musee-mccord-stewart.ca\/fr\/faites-un-don\/\"},{\"@type\":\"ListItem\",\"position\":3,\"name\":\"Don In memoriam et en l\u2019honneur d&rsquo;une personne\"}]},{\"@type\":\"WebSite\",\"@id\":\"https:\/\/www.musee-mccord-stewart.ca\/fr\/#website\",\"url\":\"https:\/\/www.musee-mccord-stewart.ca\/fr\/\",\"name\":\"Mus\u00e9e McCord Stewart\",\"description\":\"Notre monde, nos histoires\",\"publisher\":{\"@id\":\"https:\/\/www.musee-mccord-stewart.ca\/fr\/#organization\"},\"alternateName\":\"MCS\",\"potentialAction\":[{\"@type\":\"SearchAction\",\"target\":{\"@type\":\"EntryPoint\",\"urlTemplate\":\"https:\/\/www.musee-mccord-stewart.ca\/fr\/?s={search_term_string}\"},\"query-input\":\"required name=search_term_string\"}],\"inLanguage\":\"fr-FR\"},{\"@type\":\"Organization\",\"@id\":\"https:\/\/www.musee-mccord-stewart.ca\/fr\/#organization\",\"name\":\"McCord Stewart Museum\",\"alternateName\":\"MCS\",\"url\":\"https:\/\/www.musee-mccord-stewart.ca\/fr\/\",\"logo\":{\"@type\":\"ImageObject\",\"inLanguage\":\"fr-FR\",\"@id\":\"https:\/\/www.musee-mccord-stewart.ca\/fr\/#\/schema\/logo\/image\/\",\"url\":\"https:\/\/www.musee-mccord-stewart.ca\/app\/uploads\/2023\/05\/logo_museemccordstewart_horizontal_noir_slogan.svg\",\"contentUrl\":\"https:\/\/www.musee-mccord-stewart.ca\/app\/uploads\/2023\/05\/logo_museemccordstewart_horizontal_noir_slogan.svg\",\"width\":1,\"height\":1,\"caption\":\"McCord Stewart Museum\"},\"image\":{\"@id\":\"https:\/\/www.musee-mccord-stewart.ca\/fr\/#\/schema\/logo\/image\/\"},\"sameAs\":[\"https:\/\/www.facebook.com\/museemccordstewart\",\"https:\/\/twitter.com\/MuseeMcCordStew\",\"https:\/\/instagram.com\/museemccordstewart\",\"https:\/\/www.linkedin.com\/company\/museemccordstewart\/\",\"https:\/\/www.pinterest.com\/museemccordstewart\/\",\"https:\/\/www.youtube.com\/c\/MuseeMcCordStewartMuseum\"]}]}<\/script>\n<!-- \/ Yoast SEO Premium plugin. -->","yoast_head_json":{"title":"Don\u00a0In memoriam - Fondation - Mus\u00e9e McCord Stewart","description":"Faire un don In memoriam au Mus\u00e9e McCord Stewart en m\u00e9moire d\u2019un \u00eatre cher est une fa\u00e7on de rendre hommage avec dignit\u00e9 \u00e0 une personne.","robots":{"index":"index","follow":"follow","max-snippet":"max-snippet:-1","max-image-preview":"max-image-preview:large","max-video-preview":"max-video-preview:-1"},"canonical":"https:\/\/www.musee-mccord-stewart.ca\/fr\/faites-un-don\/don-in-memoriam-honneur\/","og_locale":"fr_FR","og_type":"article","og_title":"Don In memoriam et en l\u2019honneur d'une personne","og_description":"Faire un don In memoriam au Mus\u00e9e McCord Stewart en m\u00e9moire d\u2019un \u00eatre cher est une fa\u00e7on de rendre hommage avec dignit\u00e9 \u00e0 une personne.","og_url":"https:\/\/www.musee-mccord-stewart.ca\/fr\/faites-un-don\/don-in-memoriam-honneur\/","og_site_name":"Mus\u00e9e McCord Stewart","article_publisher":"https:\/\/www.facebook.com\/museemccordstewart","article_modified_time":"2025-10-06T13:25:01+00:00","og_image":[{"width":1320,"height":480,"url":"https:\/\/www.musee-mccord-stewart.ca\/app\/uploads\/2022\/09\/mccord-fondation-faites-un-don_in-memoriam_ii-329610-a_1320x480.jpg","type":"image\/jpeg"}],"twitter_card":"summary_large_image","twitter_description":"Faire un don In memoriam au Mus\u00e9e McCord Stewart en m\u00e9moire d\u2019un \u00eatre cher est une fa\u00e7on de rendre hommage avec dignit\u00e9 \u00e0 une personne.","twitter_site":"@MuseeMcCordStew","twitter_misc":{"Dur\u00e9e de lecture estim\u00e9e":"1 minute"},"schema":{"@context":"https:\/\/schema.org","@graph":[{"@type":"WebPage","@id":"https:\/\/www.musee-mccord-stewart.ca\/fr\/faites-un-don\/don-in-memoriam-honneur\/","url":"https:\/\/www.musee-mccord-stewart.ca\/fr\/faites-un-don\/don-in-memoriam-honneur\/","name":"Don\u00a0In memoriam - Fondation - Mus\u00e9e McCord Stewart","isPartOf":{"@id":"https:\/\/www.musee-mccord-stewart.ca\/fr\/#website"},"datePublished":"2022-09-22T16:37:43+00:00","dateModified":"2025-10-06T13:25:01+00:00","description":"Faire un don In memoriam au Mus\u00e9e McCord Stewart en m\u00e9moire d\u2019un \u00eatre cher est une fa\u00e7on de rendre hommage avec dignit\u00e9 \u00e0 une personne.","breadcrumb":{"@id":"https:\/\/www.musee-mccord-stewart.ca\/fr\/faites-un-don\/don-in-memoriam-honneur\/#breadcrumb"},"inLanguage":"fr-FR","potentialAction":[{"@type":"ReadAction","target":["https:\/\/www.musee-mccord-stewart.ca\/fr\/faites-un-don\/don-in-memoriam-honneur\/"]}]},{"@type":"BreadcrumbList","@id":"https:\/\/www.musee-mccord-stewart.ca\/fr\/faites-un-don\/don-in-memoriam-honneur\/#breadcrumb","itemListElement":[{"@type":"ListItem","position":1,"name":"Accueil","item":"https:\/\/www.musee-mccord-stewart.ca\/fr\/"},{"@type":"ListItem","position":2,"name":"Fa\u00e7ons de donner","item":"https:\/\/www.musee-mccord-stewart.ca\/fr\/faites-un-don\/"},{"@type":"ListItem","position":3,"name":"Don In memoriam et en l\u2019honneur d&rsquo;une personne"}]},{"@type":"WebSite","@id":"https:\/\/www.musee-mccord-stewart.ca\/fr\/#website","url":"https:\/\/www.musee-mccord-stewart.ca\/fr\/","name":"Mus\u00e9e McCord Stewart","description":"Notre monde, nos histoires","publisher":{"@id":"https:\/\/www.musee-mccord-stewart.ca\/fr\/#organization"},"alternateName":"MCS","potentialAction":[{"@type":"SearchAction","target":{"@type":"EntryPoint","urlTemplate":"https:\/\/www.musee-mccord-stewart.ca\/fr\/?s={search_term_string}"},"query-input":"required name=search_term_string"}],"inLanguage":"fr-FR"},{"@type":"Organization","@id":"https:\/\/www.musee-mccord-stewart.ca\/fr\/#organization","name":"McCord Stewart Museum","alternateName":"MCS","url":"https:\/\/www.musee-mccord-stewart.ca\/fr\/","logo":{"@type":"ImageObject","inLanguage":"fr-FR","@id":"https:\/\/www.musee-mccord-stewart.ca\/fr\/#\/schema\/logo\/image\/","url":"https:\/\/www.musee-mccord-stewart.ca\/app\/uploads\/2023\/05\/logo_museemccordstewart_horizontal_noir_slogan.svg","contentUrl":"https:\/\/www.musee-mccord-stewart.ca\/app\/uploads\/2023\/05\/logo_museemccordstewart_horizontal_noir_slogan.svg","width":1,"height":1,"caption":"McCord Stewart Museum"},"image":{"@id":"https:\/\/www.musee-mccord-stewart.ca\/fr\/#\/schema\/logo\/image\/"},"sameAs":["https:\/\/www.facebook.com\/museemccordstewart","https:\/\/twitter.com\/MuseeMcCordStew","https:\/\/instagram.com\/museemccordstewart","https:\/\/www.linkedin.com\/company\/museemccordstewart\/","https:\/\/www.pinterest.com\/museemccordstewart\/","https:\/\/www.youtube.com\/c\/MuseeMcCordStewartMuseum"]}]}},"_links":{"self":[{"href":"https:\/\/www.musee-mccord-stewart.ca\/fr\/wp-json\/wp\/v2\/pages\/42076"}],"collection":[{"href":"https:\/\/www.musee-mccord-stewart.ca\/fr\/wp-json\/wp\/v2\/pages"}],"about":[{"href":"https:\/\/www.musee-mccord-stewart.ca\/fr\/wp-json\/wp\/v2\/types\/page"}],"author":[{"embeddable":true,"href":"https:\/\/www.musee-mccord-stewart.ca\/fr\/wp-json\/wp\/v2\/users\/17"}],"replies":[{"embeddable":true,"href":"https:\/\/www.musee-mccord-stewart.ca\/fr\/wp-json\/wp\/v2\/comments?post=42076"}],"version-history":[{"count":0,"href":"https:\/\/www.musee-mccord-stewart.ca\/fr\/wp-json\/wp\/v2\/pages\/42076\/revisions"}],"up":[{"embeddable":true,"href":"https:\/\/www.musee-mccord-stewart.ca\/fr\/wp-json\/wp\/v2\/pages\/42067"}],"wp:attachment":[{"href":"https:\/\/www.musee-mccord-stewart.ca\/fr\/wp-json\/wp\/v2\/media?parent=42076"}],"wp:term":[{"taxonomy":"category","embeddable":true,"href":"https:\/\/www.musee-mccord-stewart.ca\/fr\/wp-json\/wp\/v2\/categories?post=42076"},{"taxonomy":"post_tag","embeddable":true,"href":"https:\/\/www.musee-mccord-stewart.ca\/fr\/wp-json\/wp\/v2\/tags?post=42076"}],"curies":[{"name":"wp","href":"https:\/\/api.w.org\/{rel}","templated":true}]}}