{"id":3825,"date":"2015-06-08T16:10:06","date_gmt":"2015-06-08T20:10:06","guid":{"rendered":"http:\/\/www.musee-mccord-stewart.ca\/?page_id=3825"},"modified":"2019-05-23T16:36:37","modified_gmt":"2019-05-23T20:36:37","slug":"comite-pair-a-pair","status":"publish","type":"page","link":"https:\/\/www.musee-mccord-stewart.ca\/fr\/jeune-mccord\/comite-pair-a-pair\/","title":{"rendered":"Comit\u00e9 pair-\u00e0-pair"},"content":{"rendered":"<p>Le Comit\u00e9 pair-\u00e0-pair est compos\u00e9 d\u2019<strong>une dizaine de jeunes professionnels<\/strong> qui s\u2019impliquent au Mus\u00e9e McCord pour \u00eatre des acteurs de changement au sein de leur communaut\u00e9 : ils souhaitent <strong>faire une diff\u00e9rence dans la vie des enfants montr\u00e9alais en leur assurant un acc\u00e8s gratuit \u00e0 notre histoire et notre culture<\/strong>, et ainsi contribuer au mieux-\u00eatre des familles montr\u00e9alaises.<\/p>\n<p>Un grand merci \u00e0 notre Comit\u00e9 pair-\u00e0-pair 2018 pour leur soutien et implication lors de leur campagne <em><a href=\"http:\/\/www.musee-mccord-stewart.ca\/fr\/faites-un-don\/les-ateliers-du-dimanche\/\">Les Ateliers du dimanche<\/a><\/em>!<\/p>\n<h2>Membres du Comit\u00e9 2018<\/h2>\n<p><strong>\u00a0<\/strong><strong>MERCI \u00c0 TOUS NOS B\u00c9N\u00c9VOLES!<\/strong><\/p>\n<p><strong>Jiad Joseph Ghoussoub, <\/strong><strong>Comit\u00e9 Ex\u00e9cutif<br \/>\n<\/strong><strong>Julie M\u00e9lissa Marin, Comit\u00e9 Ex\u00e9cutif<br \/>\n<\/strong><strong>Ka\u00efla A. Munro, Comit\u00e9 Ex\u00e9cutif<\/strong><\/p>\n<p>Sandra Araoune<br \/>\nAnnick Bissainthe<br \/>\nMarc Da Silva<br \/>\nLyne Lamarche<br \/>\nMarina Pilarinos<br \/>\nTiffany Zampini<\/p>\n<h2>Initiatives pr\u00e9c\u00e9dentes<\/h2>\n<p><strong>2017\u00a0: <a title=\"\" href=\"http:\/\/www.musee-mccord-stewart.ca\/fr\/il-etait-une-fois\/\"><em>Il \u00e9tait une fois<\/em><\/a><\/strong><br \/>\n20\u00a0099 $ recueillis pour la campagne <em>Il \u00e9tait une fois<\/em> dans le but de restaurer des jouets et des objets d\u00e9coratifs de la collection du Mus\u00e9e qui ont \u00e9t\u00e9 pr\u00e9sent\u00e9s dans l\u2019exposition\u00a0<em><a href=\"http:\/\/www.musee-mccord-stewart.ca\/fr\/expositions\/tohu-bohu-au-pays-des-contes\/\">Tohu-bohu au pays des contes<\/a><\/em> et ainsi permettre \u00e0 des milliers d\u2019enfants de les d\u00e9couvrir.<br \/>\n<a class=\"cta\" title=\"\" href=\"http:\/\/www.musee-mccord-stewart.ca\/fr\/il-etait-une-fois\/\">En savoir plus<i class=\"arrow-right-thickicon-\"><\/i><\/a><\/p>\n<p><strong>2016\u00a0: <a title=\"\" href=\"http:\/\/www.musee-mccord-stewart.ca\/fr\/une-semaine-au-musee-mccord\/\"><em>Une semaine au Mus\u00e9e McCord<\/em><\/a><\/strong><br \/>\n30 515 $ recueillis pour soutenir le programme\u00a0<em>Une semaine au Mus\u00e9e McCord<\/em>, permettant aux enfants montr\u00e9alais de passer une semaine \u00e9ducative, divertissante et cr\u00e9ative au Mus\u00e9e et ainsi d\u2019en apprendre davantage sur leur h\u00e9ritage, leur culture et leur soci\u00e9t\u00e9. Cette campagne tremplin fait maintenant partie des activit\u00e9s r\u00e9currentes de la Fondation.<br \/>\n<a class=\"cta\" title=\"\" href=\"http:\/\/www.musee-mccord-stewart.ca\/fr\/une-semaine-au-musee-mccord\/\" target=\"_blank\" rel=\"noopener noreferrer\">En savoir plus<i class=\"arrow-right-thickicon-\"><\/i><\/a><\/p>\n","protected":false},"excerpt":{"rendered":"<p>Le Comit\u00e9 pair-\u00e0-pair est compos\u00e9 d\u2019une dizaine de jeunes professionnels qui s\u2019impliquent au Mus\u00e9e McCord pour \u00eatre des acteurs de changement au sein de leur communaut\u00e9 : ils souhaitent faire une diff\u00e9rence dans la vie des enfants montr\u00e9alais en leur assurant un acc\u00e8s gratuit \u00e0 notre histoire et notre culture, et ainsi contribuer au mieux-\u00eatre [&hellip;]<\/p>\n","protected":false},"author":3,"featured_media":0,"parent":1499,"menu_order":0,"comment_status":"closed","ping_status":"closed","template":"page-templates\/page-texte.php","meta":{"footnotes":""},"categories":[],"tags":[],"acf":[],"yoast_head":"<!-- This site is optimized with the Yoast SEO Premium plugin v20.11 (Yoast SEO v20.11) - https:\/\/yoast.com\/wordpress\/plugins\/seo\/ -->\n<title>Comit\u00e9 pair-\u00e0-pair - Mus\u00e9e McCord Stewart<\/title>\n<meta name=\"description\" content=\"Le Comit\u00e9 pair-\u00e0-pair est compos\u00e9 d\u2019une dizaine de jeunes professionnels qui s\u2019impliquent au Mus\u00e9e McCord pour \u00eatre des acteurs de changement au sein de\" \/>\n<meta name=\"robots\" content=\"index, follow, max-snippet:-1, max-image-preview:large, max-video-preview:-1\" \/>\n<link rel=\"canonical\" href=\"https:\/\/www.musee-mccord-stewart.ca\/fr\/jeune-mccord\/comite-pair-a-pair\/\" \/>\n<meta property=\"og:locale\" content=\"fr_FR\" \/>\n<meta property=\"og:type\" content=\"article\" \/>\n<meta property=\"og:title\" content=\"Comit\u00e9 pair-\u00e0-pair\" \/>\n<meta property=\"og:description\" content=\"Le Comit\u00e9 pair-\u00e0-pair est compos\u00e9 d\u2019une dizaine de jeunes professionnels qui s\u2019impliquent au Mus\u00e9e McCord pour \u00eatre des acteurs de changement au sein de\" \/>\n<meta property=\"og:url\" content=\"https:\/\/www.musee-mccord-stewart.ca\/fr\/jeune-mccord\/comite-pair-a-pair\/\" \/>\n<meta property=\"og:site_name\" content=\"Mus\u00e9e McCord Stewart\" \/>\n<meta property=\"article:publisher\" content=\"https:\/\/www.facebook.com\/museemccordstewart\" \/>\n<meta property=\"article:modified_time\" content=\"2019-05-23T20:36:37+00:00\" \/>\n<meta property=\"og:image\" content=\"https:\/\/www.musee-mccord-stewart.ca\/app\/uploads\/2022\/09\/mccord-stewart_facade-exterieur-henderson-2022_roger-aziz_1320x480.jpg\" \/>\n\t<meta property=\"og:image:width\" content=\"1320\" \/>\n\t<meta property=\"og:image:height\" content=\"480\" \/>\n\t<meta property=\"og:image:type\" content=\"image\/jpeg\" \/>\n<meta name=\"twitter:card\" content=\"summary_large_image\" \/>\n<meta name=\"twitter:site\" content=\"@MuseeMcCordStew\" \/>\n<meta name=\"twitter:label1\" content=\"Dur\u00e9e de lecture estim\u00e9e\" \/>\n\t<meta name=\"twitter:data1\" content=\"1 minute\" \/>\n<script type=\"application\/ld+json\" class=\"yoast-schema-graph\">{\"@context\":\"https:\/\/schema.org\",\"@graph\":[{\"@type\":\"WebPage\",\"@id\":\"https:\/\/www.musee-mccord-stewart.ca\/fr\/jeune-mccord\/comite-pair-a-pair\/\",\"url\":\"https:\/\/www.musee-mccord-stewart.ca\/fr\/jeune-mccord\/comite-pair-a-pair\/\",\"name\":\"Comit\u00e9 pair-\u00e0-pair - Mus\u00e9e McCord Stewart\",\"isPartOf\":{\"@id\":\"https:\/\/www.musee-mccord-stewart.ca\/fr\/#website\"},\"datePublished\":\"2015-06-08T20:10:06+00:00\",\"dateModified\":\"2019-05-23T20:36:37+00:00\",\"description\":\"Le Comit\u00e9 pair-\u00e0-pair est compos\u00e9 d\u2019une dizaine de jeunes professionnels qui s\u2019impliquent au Mus\u00e9e McCord pour \u00eatre des acteurs de changement au sein de\",\"breadcrumb\":{\"@id\":\"https:\/\/www.musee-mccord-stewart.ca\/fr\/jeune-mccord\/comite-pair-a-pair\/#breadcrumb\"},\"inLanguage\":\"fr-FR\",\"potentialAction\":[{\"@type\":\"ReadAction\",\"target\":[\"https:\/\/www.musee-mccord-stewart.ca\/fr\/jeune-mccord\/comite-pair-a-pair\/\"]}]},{\"@type\":\"BreadcrumbList\",\"@id\":\"https:\/\/www.musee-mccord-stewart.ca\/fr\/jeune-mccord\/comite-pair-a-pair\/#breadcrumb\",\"itemListElement\":[{\"@type\":\"ListItem\",\"position\":1,\"name\":\"Accueil\",\"item\":\"https:\/\/www.musee-mccord-stewart.ca\/fr\/\"},{\"@type\":\"ListItem\",\"position\":2,\"name\":\"Jeune McCord Stewart\",\"item\":\"https:\/\/www.musee-mccord-stewart.ca\/fr\/?page_id=1499\"},{\"@type\":\"ListItem\",\"position\":3,\"name\":\"Comit\u00e9 pair-\u00e0-pair\"}]},{\"@type\":\"WebSite\",\"@id\":\"https:\/\/www.musee-mccord-stewart.ca\/fr\/#website\",\"url\":\"https:\/\/www.musee-mccord-stewart.ca\/fr\/\",\"name\":\"Mus\u00e9e McCord Stewart\",\"description\":\"Notre monde, nos histoires\",\"publisher\":{\"@id\":\"https:\/\/www.musee-mccord-stewart.ca\/fr\/#organization\"},\"alternateName\":\"MCS\",\"potentialAction\":[{\"@type\":\"SearchAction\",\"target\":{\"@type\":\"EntryPoint\",\"urlTemplate\":\"https:\/\/www.musee-mccord-stewart.ca\/fr\/?s={search_term_string}\"},\"query-input\":\"required name=search_term_string\"}],\"inLanguage\":\"fr-FR\"},{\"@type\":\"Organization\",\"@id\":\"https:\/\/www.musee-mccord-stewart.ca\/fr\/#organization\",\"name\":\"McCord Stewart Museum\",\"alternateName\":\"MCS\",\"url\":\"https:\/\/www.musee-mccord-stewart.ca\/fr\/\",\"logo\":{\"@type\":\"ImageObject\",\"inLanguage\":\"fr-FR\",\"@id\":\"https:\/\/www.musee-mccord-stewart.ca\/fr\/#\/schema\/logo\/image\/\",\"url\":\"https:\/\/www.musee-mccord-stewart.ca\/app\/uploads\/2023\/05\/logo_museemccordstewart_horizontal_noir_slogan.svg\",\"contentUrl\":\"https:\/\/www.musee-mccord-stewart.ca\/app\/uploads\/2023\/05\/logo_museemccordstewart_horizontal_noir_slogan.svg\",\"width\":1,\"height\":1,\"caption\":\"McCord Stewart Museum\"},\"image\":{\"@id\":\"https:\/\/www.musee-mccord-stewart.ca\/fr\/#\/schema\/logo\/image\/\"},\"sameAs\":[\"https:\/\/www.facebook.com\/museemccordstewart\",\"https:\/\/twitter.com\/MuseeMcCordStew\",\"https:\/\/instagram.com\/museemccordstewart\",\"https:\/\/www.linkedin.com\/company\/museemccordstewart\/\",\"https:\/\/www.pinterest.com\/museemccordstewart\/\",\"https:\/\/www.youtube.com\/c\/MuseeMcCordStewartMuseum\"]}]}<\/script>\n<!-- \/ Yoast SEO Premium plugin. -->","yoast_head_json":{"title":"Comit\u00e9 pair-\u00e0-pair - Mus\u00e9e McCord Stewart","description":"Le Comit\u00e9 pair-\u00e0-pair est compos\u00e9 d\u2019une dizaine de jeunes professionnels qui s\u2019impliquent au Mus\u00e9e McCord pour \u00eatre des acteurs de changement au sein de","robots":{"index":"index","follow":"follow","max-snippet":"max-snippet:-1","max-image-preview":"max-image-preview:large","max-video-preview":"max-video-preview:-1"},"canonical":"https:\/\/www.musee-mccord-stewart.ca\/fr\/jeune-mccord\/comite-pair-a-pair\/","og_locale":"fr_FR","og_type":"article","og_title":"Comit\u00e9 pair-\u00e0-pair","og_description":"Le Comit\u00e9 pair-\u00e0-pair est compos\u00e9 d\u2019une dizaine de jeunes professionnels qui s\u2019impliquent au Mus\u00e9e McCord pour \u00eatre des acteurs de changement au sein de","og_url":"https:\/\/www.musee-mccord-stewart.ca\/fr\/jeune-mccord\/comite-pair-a-pair\/","og_site_name":"Mus\u00e9e McCord Stewart","article_publisher":"https:\/\/www.facebook.com\/museemccordstewart","article_modified_time":"2019-05-23T20:36:37+00:00","og_image":[{"width":1320,"height":480,"url":"https:\/\/www.musee-mccord-stewart.ca\/app\/uploads\/2022\/09\/mccord-stewart_facade-exterieur-henderson-2022_roger-aziz_1320x480.jpg","type":"image\/jpeg"}],"twitter_card":"summary_large_image","twitter_site":"@MuseeMcCordStew","twitter_misc":{"Dur\u00e9e de lecture estim\u00e9e":"1 minute"},"schema":{"@context":"https:\/\/schema.org","@graph":[{"@type":"WebPage","@id":"https:\/\/www.musee-mccord-stewart.ca\/fr\/jeune-mccord\/comite-pair-a-pair\/","url":"https:\/\/www.musee-mccord-stewart.ca\/fr\/jeune-mccord\/comite-pair-a-pair\/","name":"Comit\u00e9 pair-\u00e0-pair - Mus\u00e9e McCord Stewart","isPartOf":{"@id":"https:\/\/www.musee-mccord-stewart.ca\/fr\/#website"},"datePublished":"2015-06-08T20:10:06+00:00","dateModified":"2019-05-23T20:36:37+00:00","description":"Le Comit\u00e9 pair-\u00e0-pair est compos\u00e9 d\u2019une dizaine de jeunes professionnels qui s\u2019impliquent au Mus\u00e9e McCord pour \u00eatre des acteurs de changement au sein de","breadcrumb":{"@id":"https:\/\/www.musee-mccord-stewart.ca\/fr\/jeune-mccord\/comite-pair-a-pair\/#breadcrumb"},"inLanguage":"fr-FR","potentialAction":[{"@type":"ReadAction","target":["https:\/\/www.musee-mccord-stewart.ca\/fr\/jeune-mccord\/comite-pair-a-pair\/"]}]},{"@type":"BreadcrumbList","@id":"https:\/\/www.musee-mccord-stewart.ca\/fr\/jeune-mccord\/comite-pair-a-pair\/#breadcrumb","itemListElement":[{"@type":"ListItem","position":1,"name":"Accueil","item":"https:\/\/www.musee-mccord-stewart.ca\/fr\/"},{"@type":"ListItem","position":2,"name":"Jeune McCord Stewart","item":"https:\/\/www.musee-mccord-stewart.ca\/fr\/?page_id=1499"},{"@type":"ListItem","position":3,"name":"Comit\u00e9 pair-\u00e0-pair"}]},{"@type":"WebSite","@id":"https:\/\/www.musee-mccord-stewart.ca\/fr\/#website","url":"https:\/\/www.musee-mccord-stewart.ca\/fr\/","name":"Mus\u00e9e McCord Stewart","description":"Notre monde, nos histoires","publisher":{"@id":"https:\/\/www.musee-mccord-stewart.ca\/fr\/#organization"},"alternateName":"MCS","potentialAction":[{"@type":"SearchAction","target":{"@type":"EntryPoint","urlTemplate":"https:\/\/www.musee-mccord-stewart.ca\/fr\/?s={search_term_string}"},"query-input":"required name=search_term_string"}],"inLanguage":"fr-FR"},{"@type":"Organization","@id":"https:\/\/www.musee-mccord-stewart.ca\/fr\/#organization","name":"McCord Stewart Museum","alternateName":"MCS","url":"https:\/\/www.musee-mccord-stewart.ca\/fr\/","logo":{"@type":"ImageObject","inLanguage":"fr-FR","@id":"https:\/\/www.musee-mccord-stewart.ca\/fr\/#\/schema\/logo\/image\/","url":"https:\/\/www.musee-mccord-stewart.ca\/app\/uploads\/2023\/05\/logo_museemccordstewart_horizontal_noir_slogan.svg","contentUrl":"https:\/\/www.musee-mccord-stewart.ca\/app\/uploads\/2023\/05\/logo_museemccordstewart_horizontal_noir_slogan.svg","width":1,"height":1,"caption":"McCord Stewart Museum"},"image":{"@id":"https:\/\/www.musee-mccord-stewart.ca\/fr\/#\/schema\/logo\/image\/"},"sameAs":["https:\/\/www.facebook.com\/museemccordstewart","https:\/\/twitter.com\/MuseeMcCordStew","https:\/\/instagram.com\/museemccordstewart","https:\/\/www.linkedin.com\/company\/museemccordstewart\/","https:\/\/www.pinterest.com\/museemccordstewart\/","https:\/\/www.youtube.com\/c\/MuseeMcCordStewartMuseum"]}]}},"_links":{"self":[{"href":"https:\/\/www.musee-mccord-stewart.ca\/fr\/wp-json\/wp\/v2\/pages\/3825"}],"collection":[{"href":"https:\/\/www.musee-mccord-stewart.ca\/fr\/wp-json\/wp\/v2\/pages"}],"about":[{"href":"https:\/\/www.musee-mccord-stewart.ca\/fr\/wp-json\/wp\/v2\/types\/page"}],"author":[{"embeddable":true,"href":"https:\/\/www.musee-mccord-stewart.ca\/fr\/wp-json\/wp\/v2\/users\/3"}],"replies":[{"embeddable":true,"href":"https:\/\/www.musee-mccord-stewart.ca\/fr\/wp-json\/wp\/v2\/comments?post=3825"}],"version-history":[{"count":0,"href":"https:\/\/www.musee-mccord-stewart.ca\/fr\/wp-json\/wp\/v2\/pages\/3825\/revisions"}],"up":[{"embeddable":true,"href":"https:\/\/www.musee-mccord-stewart.ca\/fr\/wp-json\/wp\/v2\/pages\/1499"}],"wp:attachment":[{"href":"https:\/\/www.musee-mccord-stewart.ca\/fr\/wp-json\/wp\/v2\/media?parent=3825"}],"wp:term":[{"taxonomy":"category","embeddable":true,"href":"https:\/\/www.musee-mccord-stewart.ca\/fr\/wp-json\/wp\/v2\/categories?post=3825"},{"taxonomy":"post_tag","embeddable":true,"href":"https:\/\/www.musee-mccord-stewart.ca\/fr\/wp-json\/wp\/v2\/tags?post=3825"}],"curies":[{"name":"wp","href":"https:\/\/api.w.org\/{rel}","templated":true}]}}