{"id":25293,"date":"2019-04-30T10:31:08","date_gmt":"2019-04-30T14:31:08","guid":{"rendered":"https:\/\/www.musee-mccord-stewart.ca\/?page_id=25293\/"},"modified":"2025-07-10T13:39:08","modified_gmt":"2025-07-10T17:39:08","slug":"nouveau-musee-montreal-centre-ville","status":"publish","type":"page","link":"https:\/\/www.musee-mccord-stewart.ca\/fr\/nouveau-musee-montreal-centre-ville\/","title":{"rendered":"Un nouveau mus\u00e9e pour Montr\u00e9al au c\u0153ur du centre-ville"},"content":{"rendered":"<p>Le Mus\u00e9e McCord Stewart est fier d\u2019annoncer que son <strong>projet de nouveau mus\u00e9e se r\u00e9alisera en plein c\u0153ur du centre-ville de Montr\u00e9al<\/strong>. Il sera \u00e9rig\u00e9 sur l\u2019emplacement actuel du Mus\u00e9e McCord Stewart, en plus d\u2019y int\u00e9grer la rue Victoria qui jouxte le c\u00f4t\u00e9 ouest du Mus\u00e9e et le terrain de l\u2019ancien restaurant Le Caveau qui se trouvait sur l\u2019avenue du Pr\u00e9sident-Kennedy.<\/p>\n<p>En occupant l\u2019ensemble de ces terrains, le mus\u00e9e pourra r\u00e9pondre \u00e0 ses besoins d\u2019<strong>espaces additionnels<\/strong> et construire un <strong>\u00e9tablissement mus\u00e9al qui marquera le paysage urbain et culturel de Montr\u00e9al<\/strong>.<\/p>\n<p><iframe loading=\"lazy\" src=\"https:\/\/www.youtube.com\/embed\/rVlofwDolLg\" width=\"1028\" height=\"578\" frameborder=\"0\" allowfullscreen=\"allowfullscreen\"><\/iframe><\/p>\n<h2>Un besoin criant d\u2019espace<\/h2>\n<p><strong>Le Mus\u00e9e McCord Stewart fait face depuis plusieurs ann\u00e9es \u00e0 des enjeux d\u2019espace qui affectent de mani\u00e8re consid\u00e9rable son potentiel de d\u00e9veloppement et de rayonnemen<\/strong>t, enjeux encore plus marquants depuis l\u2019int\u00e9gration des collections du Mus\u00e9e de la mode en 2017.<\/p>\n<p>\u00c0 titre d\u2019exemple, le nombre limit\u00e9 de salles d\u2019exposition et leurs dimensions restreintes permettent d\u2019exposer \u00e0 peine 1 % de la collection du Mus\u00e9e. Le manque d\u2019espace se fait \u00e9galement sentir dans les r\u00e9serves, les ateliers de restauration et les espaces \u00e9ducatifs satur\u00e9s, qui limitent d\u00e9sormais l\u2019achalandage des groupes scolaires malgr\u00e9 la demande croissante.<\/p>\n<p><strong>Le nouveau mus\u00e9e r\u00e9unira en un seul lieu trois mus\u00e9es fusionn\u00e9s<\/strong> au cours des derni\u00e8res ann\u00e9es : le <strong>Mus\u00e9e McCord<\/strong>, le <strong>Mus\u00e9e Stewart<\/strong> et le <strong>Mus\u00e9e de la mode<\/strong>. Ce projet d\u2019envergure viendra doter Montr\u00e9al d\u2019une institution de calibre international qui sera un <strong>legs pour les Montr\u00e9alais<\/strong>.<\/p>\n<ul>\n<li><strong>3 mus\u00e9es<\/strong> sous un m\u00eame toit, abritant <strong>1 500 000 artefacts<\/strong><\/li>\n<li><strong>2 fois plus de superficie<\/strong><\/li>\n<li><strong>3 fois plus d\u2019espaces<\/strong> d\u00e9di\u00e9s aux <strong>expositions<\/strong><\/li>\n<li><strong>3 fois plus d\u2019\u00e9l\u00e8ves accueillis<\/strong> chaque ann\u00e9e<\/li>\n<li><strong>1 grand projet<\/strong> architectural de <strong>10 \u00e9tages<\/strong><\/li>\n<li><strong>600 000 visiteurs<\/strong> par an<\/li>\n<\/ul>\n<h2>Un don historique pour le nouveau mus\u00e9e<\/h2>\n<p>Le Mus\u00e9e McCord Stewart annonce \u00e9galement avoir re\u00e7u la promesse d\u2019un <strong>don de 15\u00a0millions de dollars de la part de La Fondation Emmanuelle Gattuso<\/strong>, un don d\u2019une ampleur historique. Il s\u2019agit en effet du don priv\u00e9 mon\u00e9taire le plus important fait \u00e0 une institution mus\u00e9ale qu\u00e9b\u00e9coise depuis plus de trente ans.<\/p>\n<p>En 1987, la Fondation J.W. McConnell avait donn\u00e9 50\u00a0millions de dollars au Mus\u00e9e McCord pour son agrandissement et pour la cr\u00e9ation d\u2019un fonds de dotation pour la conservation de la collection.<\/p>\n<h2>Un emplacement strat\u00e9gique au c\u0153ur de Montr\u00e9al<\/h2>\n<p>Symbole de <strong>fiert\u00e9 locale<\/strong> et <strong>attrait touristique important<\/strong>, le nouveau mus\u00e9e sera situ\u00e9 <strong>au centre de la ville qu\u2019il mettra en lumi\u00e8re<\/strong>.<\/p>\n<p>Au c\u0153ur du Mille carr\u00e9 dor\u00e9, \u00e0 mi-chemin entre le Mus\u00e9e des beaux-arts de Montr\u00e9al et le Mus\u00e9e d\u2019art contemporain, \u00e0 proximit\u00e9 des universit\u00e9s du centre-ville, de la station de m\u00e9tro McGill, du prochain R\u00e9seau express m\u00e9tropolitain (REM) et de la future place publique McGill College, le site choisi r\u00e9pond \u00e0 la <strong>volont\u00e9 d\u2019accessibilit\u00e9 et d\u2019ouverture du mus\u00e9e<\/strong>.<\/p>\n<p><img loading=\"lazy\" decoding=\"async\" width=\"800\" height=\"400\" class=\"alignleft size-full wp-image-25310\" src=\"https:\/\/www.musee-mccord-stewart.ca\/app\/uploads\/2019\/04\/nouveau-musee-montreal_carte-emplacement.jpg\" alt=\"\" srcset=\"https:\/\/www.musee-mccord-stewart.ca\/app\/uploads\/2019\/04\/nouveau-musee-montreal_carte-emplacement.jpg 800w, https:\/\/www.musee-mccord-stewart.ca\/app\/uploads\/2019\/04\/nouveau-musee-montreal_carte-emplacement-300x150.jpg 300w, https:\/\/www.musee-mccord-stewart.ca\/app\/uploads\/2019\/04\/nouveau-musee-montreal_carte-emplacement-768x384.jpg 768w\" sizes=\"(max-width: 800px) 100vw, 800px\" \/><\/p>\n<h2>Le grand mus\u00e9e d\u2019histoire sociale de Montr\u00e9al<\/h2>\n<p>Fond\u00e9 sur une collection historique parmi les plus importantes en Am\u00e9rique du Nord avec <strong>plus de 1 500 000 objets qui documentent l\u2019histoire sociale de Montr\u00e9al<\/strong> de la p\u00e9riode pr\u00e9coloniale \u00e0 aujourd\u2019hui, le nouveau mus\u00e9e sera un <strong>mus\u00e9e participatif<\/strong> t\u00e9moin de la <strong>diversit\u00e9 culturelle<\/strong>, de la <strong>cr\u00e9ativit\u00e9<\/strong> et du <strong>dynamisme<\/strong> de la m\u00e9tropole, un mus\u00e9e <strong>\u00e0 l\u2019image de Montr\u00e9al, une ville ouverte, accueillante et inclusive<\/strong>.<\/p>\n<ul>\n<li>Il pr\u00e9sentera l\u2019<strong>apport de Montr\u00e9al dans le d\u00e9veloppement du Qu\u00e9bec et du Canada<\/strong>, et mettra en lumi\u00e8re les <strong>r\u00e9alisations pass\u00e9es et pr\u00e9sentes<\/strong> de la Ville, de ses <strong>citoyens <\/strong>et de ses <strong>communaut\u00e9s<\/strong>.<\/li>\n<li>Il sera aussi un <strong>lieu d\u2019\u00e9changes<\/strong> o\u00f9 l\u2019on d\u00e9battra de grands enjeux sociaux et urbains, de la diversit\u00e9 au sein des communaut\u00e9s, et de diff\u00e9rentes r\u00e9alisations qui ont fa\u00e7onn\u00e9 notre histoire.<\/li>\n<li>Il sera une <strong>r\u00e9f\u00e9rence incontournable<\/strong> sur le Montr\u00e9al d\u2019hier, d\u2019aujourd\u2019hui et de demain.<\/li>\n<li>Il contribuera \u00e0<strong> situer Montr\u00e9al parmi les villes d\u2019envergure internationale<\/strong>.<\/li>\n<\/ul>\n<ul class=\"sliderTiny\">\n<li>\n<img decoding=\"async\" src=\"https:\/\/www.musee-mccord-stewart.ca\/app\/uploads\/2019\/04\/nouveau-musee-montreal_1_coin-sherbrooke_1200x800.jpg\" alt=\"Vue d\u2019ensemble depuis la rue Sherbrooke \/ Sherbrooke Street view. Images : DMA\" title=\"Vue d\u2019ensemble depuis la rue Sherbrooke \/ Sherbrooke Street view. Images : DMA\" \/>\n<\/li>\n<li>\n<img decoding=\"async\" src=\"https:\/\/www.musee-mccord-stewart.ca\/app\/uploads\/2019\/04\/nouveau-musee-montreal_2_atrium_1200x800.jpg\" alt=\"Vue du hall d\u2019entr\u00e9e monumental \/ Monumental lobby. Images : DMA\" title=\"Vue du hall d\u2019entr\u00e9e monumental \/ Monumental lobby. Images : DMA\" \/>\n<\/li>\n<li>\n<img decoding=\"async\" src=\"https:\/\/www.musee-mccord-stewart.ca\/app\/uploads\/2019\/04\/nouveau-musee-montreal_3_jardin_1200x800.jpg\" alt=\"Vue du jardin du mus\u00e9e \/ View of the museum\u2019s garden. Images : DMA\" title=\"Vue du jardin du mus\u00e9e \/ View of the museum\u2019s garden. Images : DMA\" \/>\n<\/li>\n<li>\n<img decoding=\"async\" src=\"https:\/\/www.musee-mccord-stewart.ca\/app\/uploads\/2019\/04\/nouveau-musee-montreal_4_agora_1200x800.jpg\" alt=\"Vue de l\u2019agora \/ View of the Agora. Images : DMA\" title=\"Vue de l\u2019agora \/ View of the Agora. Images : DMA\" \/>\n<\/li>\n<li>\n<img decoding=\"async\" src=\"https:\/\/www.musee-mccord-stewart.ca\/app\/uploads\/2019\/04\/nouveau-musee-montreal_5_galerie-ville_1200x800.jpg\" alt=\"Vue d\u2019une galerie vers la Place Ville Marie \/ View of Place Ville Marie from a gallery. Images : DMA\" title=\"Vue d\u2019une galerie vers la Place Ville Marie \/ View of Place Ville Marie from a gallery. Images : DMA\" \/>\n<\/li>\n<li>\n<img decoding=\"async\" src=\"https:\/\/www.musee-mccord-stewart.ca\/app\/uploads\/2019\/04\/nouveau-musee-montreal_6_terrasse_1200x800.jpg\" alt=\"Vue de la terrasse ext\u00e9rieure vers le Mont-Royal \/ View of Mount Royal from an outdoor terrace. Images : DMA\n\" title=\"Vue de la terrasse ext\u00e9rieure vers le Mont-Royal \/ View of Mount Royal from an outdoor terrace. Images : DMA\n\" \/>\n<\/li>\n<\/ul>\n\n","protected":false},"excerpt":{"rendered":"<p>Le Mus\u00e9e McCord Stewart est fier d\u2019annoncer que son projet de nouveau mus\u00e9e se r\u00e9alisera en plein c\u0153ur du centre-ville de Montr\u00e9al. Il sera \u00e9rig\u00e9 sur l\u2019emplacement actuel du Mus\u00e9e McCord Stewart, en plus d\u2019y int\u00e9grer la rue Victoria qui jouxte le c\u00f4t\u00e9 ouest du Mus\u00e9e et le terrain de l\u2019ancien restaurant Le Caveau qui [&hellip;]<\/p>\n","protected":false},"author":17,"featured_media":0,"parent":0,"menu_order":0,"comment_status":"closed","ping_status":"closed","template":"page-templates\/page-texte.php","meta":{"footnotes":""},"categories":[],"tags":[],"acf":[],"yoast_head":"<!-- This site is optimized with the Yoast SEO Premium plugin v20.11 (Yoast SEO v20.11) - https:\/\/yoast.com\/wordpress\/plugins\/seo\/ -->\n<title>Un nouveau mus\u00e9e pour Montr\u00e9al au c\u0153ur du centre-ville - Mus\u00e9e McCord Stewart<\/title>\n<meta name=\"description\" content=\"Le Mus\u00e9e McCord Stewart est fier d\u2019annoncer que son projet de nouveau mus\u00e9e se r\u00e9alisera en plein c\u0153ur du centre-ville de Montr\u00e9al.\" \/>\n<meta name=\"robots\" content=\"index, follow, max-snippet:-1, max-image-preview:large, max-video-preview:-1\" \/>\n<link rel=\"canonical\" href=\"https:\/\/www.musee-mccord-stewart.ca\/fr\/nouveau-musee-montreal-centre-ville\/\" \/>\n<meta property=\"og:locale\" content=\"fr_FR\" \/>\n<meta property=\"og:type\" content=\"article\" \/>\n<meta property=\"og:title\" content=\"Un nouveau mus\u00e9e pour Montr\u00e9al au c\u0153ur du centre-ville\" \/>\n<meta property=\"og:description\" content=\"Le Mus\u00e9e McCord Stewart est fier d\u2019annoncer que son projet de nouveau mus\u00e9e se r\u00e9alisera en plein c\u0153ur du centre-ville de Montr\u00e9al.\" \/>\n<meta property=\"og:url\" content=\"https:\/\/www.musee-mccord-stewart.ca\/fr\/nouveau-musee-montreal-centre-ville\/\" \/>\n<meta property=\"og:site_name\" content=\"Mus\u00e9e McCord Stewart\" \/>\n<meta property=\"article:publisher\" content=\"https:\/\/www.facebook.com\/museemccordstewart\" \/>\n<meta property=\"article:modified_time\" content=\"2025-07-10T17:39:08+00:00\" \/>\n<meta property=\"og:image\" content=\"https:\/\/www.musee-mccord-stewart.ca\/app\/uploads\/2019\/04\/nouveau-musee-montreal_1_coin-sherbrooke_1200x800.jpg\" \/>\n<meta name=\"twitter:card\" content=\"summary_large_image\" \/>\n<meta name=\"twitter:description\" content=\"Le Mus\u00e9e McCord Stewart est fier d\u2019annoncer que son projet de nouveau mus\u00e9e se r\u00e9alisera en plein c\u0153ur du centre-ville de Montr\u00e9al.\" \/>\n<meta name=\"twitter:site\" content=\"@MuseeMcCordStew\" \/>\n<meta name=\"twitter:label1\" content=\"Dur\u00e9e de lecture estim\u00e9e\" \/>\n\t<meta name=\"twitter:data1\" content=\"4 minutes\" \/>\n<script type=\"application\/ld+json\" class=\"yoast-schema-graph\">{\"@context\":\"https:\/\/schema.org\",\"@graph\":[{\"@type\":\"WebPage\",\"@id\":\"https:\/\/www.musee-mccord-stewart.ca\/fr\/nouveau-musee-montreal-centre-ville\/\",\"url\":\"https:\/\/www.musee-mccord-stewart.ca\/fr\/nouveau-musee-montreal-centre-ville\/\",\"name\":\"Un nouveau mus\u00e9e pour Montr\u00e9al au c\u0153ur du centre-ville - Mus\u00e9e McCord Stewart\",\"isPartOf\":{\"@id\":\"https:\/\/www.musee-mccord-stewart.ca\/fr\/#website\"},\"datePublished\":\"2019-04-30T14:31:08+00:00\",\"dateModified\":\"2025-07-10T17:39:08+00:00\",\"description\":\"Le Mus\u00e9e McCord Stewart est fier d\u2019annoncer que son projet de nouveau mus\u00e9e se r\u00e9alisera en plein c\u0153ur du centre-ville de Montr\u00e9al.\",\"breadcrumb\":{\"@id\":\"https:\/\/www.musee-mccord-stewart.ca\/fr\/nouveau-musee-montreal-centre-ville\/#breadcrumb\"},\"inLanguage\":\"fr-FR\",\"potentialAction\":[{\"@type\":\"ReadAction\",\"target\":[\"https:\/\/www.musee-mccord-stewart.ca\/fr\/nouveau-musee-montreal-centre-ville\/\"]}]},{\"@type\":\"BreadcrumbList\",\"@id\":\"https:\/\/www.musee-mccord-stewart.ca\/fr\/nouveau-musee-montreal-centre-ville\/#breadcrumb\",\"itemListElement\":[{\"@type\":\"ListItem\",\"position\":1,\"name\":\"Accueil\",\"item\":\"https:\/\/www.musee-mccord-stewart.ca\/fr\/\"},{\"@type\":\"ListItem\",\"position\":2,\"name\":\"Un nouveau mus\u00e9e pour Montr\u00e9al au c\u0153ur du centre-ville\"}]},{\"@type\":\"WebSite\",\"@id\":\"https:\/\/www.musee-mccord-stewart.ca\/fr\/#website\",\"url\":\"https:\/\/www.musee-mccord-stewart.ca\/fr\/\",\"name\":\"Mus\u00e9e McCord Stewart\",\"description\":\"Notre monde, nos histoires\",\"publisher\":{\"@id\":\"https:\/\/www.musee-mccord-stewart.ca\/fr\/#organization\"},\"alternateName\":\"MCS\",\"potentialAction\":[{\"@type\":\"SearchAction\",\"target\":{\"@type\":\"EntryPoint\",\"urlTemplate\":\"https:\/\/www.musee-mccord-stewart.ca\/fr\/?s={search_term_string}\"},\"query-input\":\"required name=search_term_string\"}],\"inLanguage\":\"fr-FR\"},{\"@type\":\"Organization\",\"@id\":\"https:\/\/www.musee-mccord-stewart.ca\/fr\/#organization\",\"name\":\"McCord Stewart Museum\",\"alternateName\":\"MCS\",\"url\":\"https:\/\/www.musee-mccord-stewart.ca\/fr\/\",\"logo\":{\"@type\":\"ImageObject\",\"inLanguage\":\"fr-FR\",\"@id\":\"https:\/\/www.musee-mccord-stewart.ca\/fr\/#\/schema\/logo\/image\/\",\"url\":\"https:\/\/www.musee-mccord-stewart.ca\/app\/uploads\/2023\/05\/logo_museemccordstewart_horizontal_noir_slogan.svg\",\"contentUrl\":\"https:\/\/www.musee-mccord-stewart.ca\/app\/uploads\/2023\/05\/logo_museemccordstewart_horizontal_noir_slogan.svg\",\"width\":1,\"height\":1,\"caption\":\"McCord Stewart Museum\"},\"image\":{\"@id\":\"https:\/\/www.musee-mccord-stewart.ca\/fr\/#\/schema\/logo\/image\/\"},\"sameAs\":[\"https:\/\/www.facebook.com\/museemccordstewart\",\"https:\/\/twitter.com\/MuseeMcCordStew\",\"https:\/\/instagram.com\/museemccordstewart\",\"https:\/\/www.linkedin.com\/company\/museemccordstewart\/\",\"https:\/\/www.pinterest.com\/museemccordstewart\/\",\"https:\/\/www.youtube.com\/c\/MuseeMcCordStewartMuseum\"]}]}<\/script>\n<!-- \/ Yoast SEO Premium plugin. -->","yoast_head_json":{"title":"Un nouveau mus\u00e9e pour Montr\u00e9al au c\u0153ur du centre-ville - Mus\u00e9e McCord Stewart","description":"Le Mus\u00e9e McCord Stewart est fier d\u2019annoncer que son projet de nouveau mus\u00e9e se r\u00e9alisera en plein c\u0153ur du centre-ville de Montr\u00e9al.","robots":{"index":"index","follow":"follow","max-snippet":"max-snippet:-1","max-image-preview":"max-image-preview:large","max-video-preview":"max-video-preview:-1"},"canonical":"https:\/\/www.musee-mccord-stewart.ca\/fr\/nouveau-musee-montreal-centre-ville\/","og_locale":"fr_FR","og_type":"article","og_title":"Un nouveau mus\u00e9e pour Montr\u00e9al au c\u0153ur du centre-ville","og_description":"Le Mus\u00e9e McCord Stewart est fier d\u2019annoncer que son projet de nouveau mus\u00e9e se r\u00e9alisera en plein c\u0153ur du centre-ville de Montr\u00e9al.","og_url":"https:\/\/www.musee-mccord-stewart.ca\/fr\/nouveau-musee-montreal-centre-ville\/","og_site_name":"Mus\u00e9e McCord Stewart","article_publisher":"https:\/\/www.facebook.com\/museemccordstewart","article_modified_time":"2025-07-10T17:39:08+00:00","og_image":[{"url":"https:\/\/www.musee-mccord-stewart.ca\/app\/uploads\/2019\/04\/nouveau-musee-montreal_1_coin-sherbrooke_1200x800.jpg"}],"twitter_card":"summary_large_image","twitter_description":"Le Mus\u00e9e McCord Stewart est fier d\u2019annoncer que son projet de nouveau mus\u00e9e se r\u00e9alisera en plein c\u0153ur du centre-ville de Montr\u00e9al.","twitter_site":"@MuseeMcCordStew","twitter_misc":{"Dur\u00e9e de lecture estim\u00e9e":"4 minutes"},"schema":{"@context":"https:\/\/schema.org","@graph":[{"@type":"WebPage","@id":"https:\/\/www.musee-mccord-stewart.ca\/fr\/nouveau-musee-montreal-centre-ville\/","url":"https:\/\/www.musee-mccord-stewart.ca\/fr\/nouveau-musee-montreal-centre-ville\/","name":"Un nouveau mus\u00e9e pour Montr\u00e9al au c\u0153ur du centre-ville - Mus\u00e9e McCord Stewart","isPartOf":{"@id":"https:\/\/www.musee-mccord-stewart.ca\/fr\/#website"},"datePublished":"2019-04-30T14:31:08+00:00","dateModified":"2025-07-10T17:39:08+00:00","description":"Le Mus\u00e9e McCord Stewart est fier d\u2019annoncer que son projet de nouveau mus\u00e9e se r\u00e9alisera en plein c\u0153ur du centre-ville de Montr\u00e9al.","breadcrumb":{"@id":"https:\/\/www.musee-mccord-stewart.ca\/fr\/nouveau-musee-montreal-centre-ville\/#breadcrumb"},"inLanguage":"fr-FR","potentialAction":[{"@type":"ReadAction","target":["https:\/\/www.musee-mccord-stewart.ca\/fr\/nouveau-musee-montreal-centre-ville\/"]}]},{"@type":"BreadcrumbList","@id":"https:\/\/www.musee-mccord-stewart.ca\/fr\/nouveau-musee-montreal-centre-ville\/#breadcrumb","itemListElement":[{"@type":"ListItem","position":1,"name":"Accueil","item":"https:\/\/www.musee-mccord-stewart.ca\/fr\/"},{"@type":"ListItem","position":2,"name":"Un nouveau mus\u00e9e pour Montr\u00e9al au c\u0153ur du centre-ville"}]},{"@type":"WebSite","@id":"https:\/\/www.musee-mccord-stewart.ca\/fr\/#website","url":"https:\/\/www.musee-mccord-stewart.ca\/fr\/","name":"Mus\u00e9e McCord Stewart","description":"Notre monde, nos histoires","publisher":{"@id":"https:\/\/www.musee-mccord-stewart.ca\/fr\/#organization"},"alternateName":"MCS","potentialAction":[{"@type":"SearchAction","target":{"@type":"EntryPoint","urlTemplate":"https:\/\/www.musee-mccord-stewart.ca\/fr\/?s={search_term_string}"},"query-input":"required name=search_term_string"}],"inLanguage":"fr-FR"},{"@type":"Organization","@id":"https:\/\/www.musee-mccord-stewart.ca\/fr\/#organization","name":"McCord Stewart Museum","alternateName":"MCS","url":"https:\/\/www.musee-mccord-stewart.ca\/fr\/","logo":{"@type":"ImageObject","inLanguage":"fr-FR","@id":"https:\/\/www.musee-mccord-stewart.ca\/fr\/#\/schema\/logo\/image\/","url":"https:\/\/www.musee-mccord-stewart.ca\/app\/uploads\/2023\/05\/logo_museemccordstewart_horizontal_noir_slogan.svg","contentUrl":"https:\/\/www.musee-mccord-stewart.ca\/app\/uploads\/2023\/05\/logo_museemccordstewart_horizontal_noir_slogan.svg","width":1,"height":1,"caption":"McCord Stewart Museum"},"image":{"@id":"https:\/\/www.musee-mccord-stewart.ca\/fr\/#\/schema\/logo\/image\/"},"sameAs":["https:\/\/www.facebook.com\/museemccordstewart","https:\/\/twitter.com\/MuseeMcCordStew","https:\/\/instagram.com\/museemccordstewart","https:\/\/www.linkedin.com\/company\/museemccordstewart\/","https:\/\/www.pinterest.com\/museemccordstewart\/","https:\/\/www.youtube.com\/c\/MuseeMcCordStewartMuseum"]}]}},"_links":{"self":[{"href":"https:\/\/www.musee-mccord-stewart.ca\/fr\/wp-json\/wp\/v2\/pages\/25293"}],"collection":[{"href":"https:\/\/www.musee-mccord-stewart.ca\/fr\/wp-json\/wp\/v2\/pages"}],"about":[{"href":"https:\/\/www.musee-mccord-stewart.ca\/fr\/wp-json\/wp\/v2\/types\/page"}],"author":[{"embeddable":true,"href":"https:\/\/www.musee-mccord-stewart.ca\/fr\/wp-json\/wp\/v2\/users\/17"}],"replies":[{"embeddable":true,"href":"https:\/\/www.musee-mccord-stewart.ca\/fr\/wp-json\/wp\/v2\/comments?post=25293"}],"version-history":[{"count":0,"href":"https:\/\/www.musee-mccord-stewart.ca\/fr\/wp-json\/wp\/v2\/pages\/25293\/revisions"}],"wp:attachment":[{"href":"https:\/\/www.musee-mccord-stewart.ca\/fr\/wp-json\/wp\/v2\/media?parent=25293"}],"wp:term":[{"taxonomy":"category","embeddable":true,"href":"https:\/\/www.musee-mccord-stewart.ca\/fr\/wp-json\/wp\/v2\/categories?post=25293"},{"taxonomy":"post_tag","embeddable":true,"href":"https:\/\/www.musee-mccord-stewart.ca\/fr\/wp-json\/wp\/v2\/tags?post=25293"}],"curies":[{"name":"wp","href":"https:\/\/api.w.org\/{rel}","templated":true}]}}