{"id":25072,"date":"2019-03-25T14:17:04","date_gmt":"2019-03-25T18:17:04","guid":{"rendered":"https:\/\/www.musee-mccord-stewart.ca\/?page_id=25072\/"},"modified":"2024-04-25T14:35:46","modified_gmt":"2024-04-25T18:35:46","slug":"sensibilites-partagees","status":"publish","type":"page","link":"https:\/\/www.musee-mccord-stewart.ca\/fr\/collections\/archives\/sensibilites-partagees\/","title":{"rendered":"Sensibilit\u00e9s partag\u00e9es"},"content":{"rendered":"<p><strong>Comment se rendre compte des sentiments qui se cachent dans les documents d\u2019archives ?<\/strong><\/p>\n<p>Quiconque a d\u00e9j\u00e0 lu des documents d\u2019archives, tels des lettres ou des journaux intimes, sait \u00e0 quel point ces t\u00e9moins du pass\u00e9 peuvent \u00eatre riches en \u00e9motions. Ces documents peuvent \u00e9voquer entre autres des <strong>sentiments<\/strong>, des <strong>sensations<\/strong>, des <strong>attitudes<\/strong>, des <strong>valeurs<\/strong> et des <strong>id\u00e9ologies<\/strong>, lesquels sont souvent n\u00e9glig\u00e9s par le processus traditionnel d\u2019indexation (marquage de documents \u00e0 l\u2019aide de mots-cl\u00e9s) et donc difficiles \u00e0 retrouver dans la masse documentaire.<\/p>\n<p>Le projet <strong>Sensibilit\u00e9s partag\u00e9es<\/strong> vise \u00e0 rendre plus facilement rep\u00e9rables par le public et les chercheurs les \u00e9l\u00e9ments li\u00e9s \u00e0 l\u2019histoire des sensibilit\u00e9s. Par l\u2019\u00e9laboration et la mise en \u0153uvre d\u2019une proc\u00e9dure novatrice d\u2019indexation des th\u00e8mes sensibles, le Mus\u00e9e McCord Stewart tient \u00e0 mettre en valeur l\u2019une des forces de sa collection d\u2019archives textuelles particuli\u00e8rement riche en \u00e9crits personnels, qui illustrent les dimensions sociales, culturelles, voire affectives et intimes, de la <strong>vie des Montr\u00e9alais<\/strong>.<\/p>\n<p>Dans la foul\u00e9e des projets de num\u00e9risation men\u00e9s au cours des derni\u00e8res ann\u00e9es au Mus\u00e9e, cette initiative a permis d\u2019<strong>enrichir la description<\/strong> et l\u2019indexation des archives num\u00e9ris\u00e9es en vue de les rendre plus accessibles et rep\u00e9rables sur le Web.<\/p>\n<p>Gr\u00e2ce au soutien financier de <a href=\"http:\/\/www.bac-lac.gc.ca\/fra\/Pages\/accueil.aspx\">Biblioth\u00e8que et Archives Canada<\/a>, notre \u00e9quipe a pu bonifier substantiellement la description de 100 ensembles d\u2019archives issus de 29 fonds et collections. Quelque 200 pi\u00e8ces ont aussi \u00e9t\u00e9 d\u00e9crites et index\u00e9es, et 48 des plus int\u00e9ressantes d\u2019entre elles ont fait l\u2019objet d\u2019une exp\u00e9rience de transcription participative, qui facilitera la d\u00e9couverte et la lecture de ces documents manuscrits.<\/p>\n<h2>Fonds et collections d\u2019archives trait\u00e9s<\/h2>\n<ul class=\"sliderTiny\">\n<li>\n<img decoding=\"async\" src=\"https:\/\/www.musee-mccord-stewart.ca\/app\/uploads\/2019\/03\/m2009-31-64-7_170818-p2_crop_fr-1004x800.jpg\" alt=\"Extrait du spicil\u00e8ge de Katherine Mary Cuthbert Skelton (1901-1972) (d\u00e9tail), vers 1934. Don du Dr Wendy C. Weaver, Fonds Famille Cuthbert P105, M2009.31.64 \u00a9 Mus\u00e9e McCord\" title=\"Extrait du spicil\u00e8ge de Katherine Mary Cuthbert Skelton (1901-1972) (d\u00e9tail), vers 1934. Don du Dr Wendy C. Weaver, Fonds Famille Cuthbert P105, M2009.31.64 \u00a9 Mus\u00e9e McCord\" \/>\n<\/li>\n<li>\n<img decoding=\"async\" src=\"https:\/\/www.musee-mccord-stewart.ca\/app\/uploads\/2019\/03\/p748_a1-7_161004-p1_crop_fr-1200x693.jpg\" alt=\"Lettre de L\u00e9ontine Poutr\u00e9 \u00e0 Hercule Martin (d\u00e9tail), 16 novembre 1924. Don de Marthe et Patrick McDonald, Fonds L\u00e9ontine Poutr\u00e9 et Hercule Martin P748, M2012.58.1.3 \u00a9 Mus\u00e9e McCord\" title=\"Lettre de L\u00e9ontine Poutr\u00e9 \u00e0 Hercule Martin (d\u00e9tail), 16 novembre 1924. Don de Marthe et Patrick McDonald, Fonds L\u00e9ontine Poutr\u00e9 et Hercule Martin P748, M2012.58.1.3 \u00a9 Mus\u00e9e McCord\" \/>\n<\/li>\n<li>\n<img decoding=\"async\" src=\"https:\/\/www.musee-mccord-stewart.ca\/app\/uploads\/2019\/03\/p106_c-2_170526-p1_crop_fr-1051x800.jpg\" alt=\"&lt;i&gt;Complainte des personnes qui se sont noy\u00e9 dans le fleuve saint laurent en l\u2019ann\u00e9e 1819&lt;\/i&gt; (d\u00e9tail), Anonyme, vers 1820. Don de M. Peter Williamson, Fonds Famille Robillard P106, P106\/C.1 \u00a9 Mus\u00e9e McCord\" title=\"&lt;i&gt;Complainte des personnes qui se sont noy\u00e9 dans le fleuve saint laurent en l\u2019ann\u00e9e 1819&lt;\/i&gt; (d\u00e9tail), Anonyme, vers 1820. Don de M. Peter Williamson, Fonds Famille Robillard P106, P106\/C.1 \u00a9 Mus\u00e9e McCord\" \/>\n<\/li>\n<li>\n<img decoding=\"async\" src=\"https:\/\/www.musee-mccord-stewart.ca\/app\/uploads\/2019\/03\/p556_c-76_170510-p1_crop_fr-1200x726.jpg\" alt=\"Extrait du carnet d&#039;autographes de Monique Meloche (d\u00e9tail), 1940-1944. Don de Monique Meloche, Fonds Famille Meloche P556, M2000.89.35.2 \u00a9 Mus\u00e9e McCord\" title=\"Extrait du carnet d&#039;autographes de Monique Meloche (d\u00e9tail), 1940-1944. Don de Monique Meloche, Fonds Famille Meloche P556, M2000.89.35.2 \u00a9 Mus\u00e9e McCord\" \/>\n<\/li>\n<li>\n<img decoding=\"async\" src=\"https:\/\/www.musee-mccord-stewart.ca\/app\/uploads\/2019\/03\/p010_a95-8_161004-p1_crop_fr-859x800.jpg\" alt=\"Lettre de Louis-Antoine Dessaulles \u00e0 Fanny Leman (d\u00e9tail), 1er ao\u00fbt 1864. Fonds Familles Dessaulles, Papineau, Leman et B\u00e9ique P010, P010\/A9,5.1 \u00a9 Mus\u00e9e McCord\" title=\"Lettre de Louis-Antoine Dessaulles \u00e0 Fanny Leman (d\u00e9tail), 1er ao\u00fbt 1864. Fonds Familles Dessaulles, Papineau, Leman et B\u00e9ique P010, P010\/A9,5.1 \u00a9 Mus\u00e9e McCord\" \/>\n<\/li>\n<li>\n<img decoding=\"async\" src=\"https:\/\/www.musee-mccord-stewart.ca\/app\/uploads\/2019\/03\/m2001-8-2-36_170905-p1_crop_fr-1200x775.jpg\" alt=\"Extrait du spicil\u00e8ge de Gilberte Christin (1906-1977) (d\u00e9tail), 1918-1921. Don de la Famille Cardaillac, Fonds Gilberte Christin de Cardaillac P573, M2001.8.2 \u00a9 Mus\u00e9e McCord\" title=\"Extrait du spicil\u00e8ge de Gilberte Christin (1906-1977) (d\u00e9tail), 1918-1921. Don de la Famille Cardaillac, Fonds Gilberte Christin de Cardaillac P573, M2001.8.2 \u00a9 Mus\u00e9e McCord\" \/>\n<\/li>\n<li>\n<img decoding=\"async\" src=\"https:\/\/www.musee-mccord-stewart.ca\/app\/uploads\/2019\/03\/p139_b4-745_170117-p1_crop_fr-1200x722.jpg\" alt=\"&lt;i&gt;The Lost Treasure (A Psychological Sketch)&lt;\/i&gt;, Essai du Dr. Thomas Joseph Workman Burgess, extrait du spicil\u00e8ge du Pen and Pencil Club (d\u00e9tail), 22 f\u00e9vrier 1896. Transfert de l&#039;Universit\u00e9 McGill, Fonds Pen and Pencil Club of Montreal P139, M966.176.103D \u00a9 Mus\u00e9e McCord\" title=\"&lt;i&gt;The Lost Treasure (A Psychological Sketch)&lt;\/i&gt;, Essai du Dr. Thomas Joseph Workman Burgess, extrait du spicil\u00e8ge du Pen and Pencil Club (d\u00e9tail), 22 f\u00e9vrier 1896. Transfert de l&#039;Universit\u00e9 McGill, Fonds Pen and Pencil Club of Montreal P139, M966.176.103D \u00a9 Mus\u00e9e McCord\" \/>\n<\/li>\n<\/ul>\n\n<table width=\"543\">\n<tbody>\n<tr>\n<td><a title=\"\" href=\"https:\/\/collections.musee-mccord-stewart.ca\/fr\/objects\/176414\/dessaulles-papineau-leman-and-beique-families-fonds\" target=\"_blank\" rel=\"noopener\">Fonds des familles Dessaulles, Papineau, Leman et B\u00e9ique<\/a><\/td>\n<td>P010<\/td>\n<td>1737-2003<\/td>\n<\/tr>\n<tr>\n<td><a title=\"\" href=\"https:\/\/collections.musee-mccord-stewart.ca\/fr\/objects\/details\/176469\" target=\"_blank\" rel=\"noopener\">Fonds de la famille Racey<\/a><\/td>\n<td>P057<\/td>\n<td>1802-1964<\/td>\n<\/tr>\n<tr>\n<td><a title=\"\" href=\"https:\/\/collections.musee-mccord-stewart.ca\/fr\/objects\/176540\/cuthbert-family?ctx=aad34128b1263ecf8c3a3336371cbb04cb8ecc99&amp;idx=0\" target=\"_blank\" rel=\"noopener\">Fonds de la famille Cuthbert<\/a><\/td>\n<td>P105<\/td>\n<td>1648-1971<\/td>\n<\/tr>\n<tr>\n<td><a title=\"\" href=\"https:\/\/collections.musee-mccord-stewart.ca\/fr\/objects\/details\/176541\" target=\"_blank\" rel=\"noopener\">Fonds de la famille Robillard<\/a><\/td>\n<td>P106<\/td>\n<td>1739-1943<\/td>\n<\/tr>\n<tr>\n<td><a title=\"\" href=\"https:\/\/collections.musee-mccord-stewart.ca\/fr\/objects\/176553\/gagnon-clarence-a?ctx=32eff4640dff875bd0b3b627db8714713f34d225&amp;idx=0\" target=\"_blank\" rel=\"noopener\">Fonds Clarence A. Gagnon<\/a><\/td>\n<td>P116<\/td>\n<td>1904-1978<\/td>\n<\/tr>\n<tr>\n<td><a title=\"\" href=\"https:\/\/collections.musee-mccord-stewart.ca\/fr\/objects\/176640\/helene-baillargeoncote?ctx=cc262691edffe16ed918ba51cc10c6840ee56fff&amp;idx=0\" target=\"_blank\" rel=\"noopener\">Fonds H\u00e9l\u00e8ne Baillargeon-C\u00f4t\u00e9<\/a><\/td>\n<td>P132<\/td>\n<td>1960-1989<\/td>\n<\/tr>\n<tr>\n<td><a title=\"\" href=\"https:\/\/collections.musee-mccord-stewart.ca\/fr\/objects\/details\/176647\" target=\"_blank\" rel=\"noopener\">Fonds Pen and Pencil Club of Montreal<\/a><\/td>\n<td>P139<\/td>\n<td>1890-1966<\/td>\n<\/tr>\n<tr>\n<td><a title=\"\" href=\"https:\/\/collections.musee-mccord-stewart.ca\/fr\/objects\/176681\/montreal-thistle-curling-club?ctx=165e768866031bb5e538823d98bc9a5f340c3661&amp;idx=0\" target=\"_blank\" rel=\"noopener\">Fonds Montreal Thistle Curling Club<\/a><\/td>\n<td>P148<\/td>\n<td>1843-1995<\/td>\n<\/tr>\n<tr>\n<td><a title=\"\" href=\"https:\/\/collections.musee-mccord-stewart.ca\/fr\/objects\/176733\/john-wardrop-ross\" target=\"_blank\" rel=\"noopener\">Fonds John Wardrop Ross<\/a><\/td>\n<td>P217<\/td>\n<td>1899-1951<\/td>\n<\/tr>\n<tr>\n<td><a title=\"\" href=\"https:\/\/collections.musee-mccord-stewart.ca\/fr\/objects\/176323\/recipes-and-food\" target=\"_blank\" rel=\"noopener\">Collection Recettes et alimentation<\/a><\/td>\n<td>C265<\/td>\n<td>1749-2000<\/td>\n<\/tr>\n<tr>\n<td><a title=\"\" href=\"https:\/\/collections.musee-mccord-stewart.ca\/fr\/objects\/details\/176857\" target=\"_blank\" rel=\"noopener\">Fonds de la famille Meloche<\/a><\/td>\n<td>P556<\/td>\n<td>1867-1966<\/td>\n<\/tr>\n<tr>\n<td><a title=\"\" href=\"https:\/\/collections.musee-mccord-stewart.ca\/fr\/objects\/178814\/gilberte-christin-de-cardaillac?ctx=ebc77f68528d783b7d6a8742f8fe2a678ef66667&amp;idx=0\" target=\"_blank\" rel=\"noopener\">Fonds de Gilberte Christin de Cardaillac<\/a><\/td>\n<td>P573<\/td>\n<td>1906-1978<\/td>\n<\/tr>\n<tr>\n<td><a title=\"\" href=\"https:\/\/collections.musee-mccord-stewart.ca\/fr\/objects\/details\/214241\" target=\"_blank\" rel=\"noopener\">Collection Mode, textiles et v\u00eatements<\/a><\/td>\n<td>C609<\/td>\n<td>1826-2008<\/td>\n<\/tr>\n<tr>\n<td><a title=\"\" href=\"https:\/\/collections.musee-mccord-stewart.ca\/fr\/objects\/details\/214589\" target=\"_blank\" rel=\"noopener\">Fonds de la famille Guerin<\/a><\/td>\n<td>P610<\/td>\n<td>1780-1961<\/td>\n<\/tr>\n<tr>\n<td><a title=\"\" href=\"https:\/\/collections.musee-mccord-stewart.ca\/fr\/objects\/218195\" target=\"_blank\" rel=\"noopener\">Fonds Louis-Alexandre Taschereau<\/a><\/td>\n<td>P632<\/td>\n<td>1883-1885<\/td>\n<\/tr>\n<tr>\n<td><a title=\"\" href=\"https:\/\/collections.musee-mccord-stewart.ca\/fr\/objects\/226299\/famille-caverhill?ctx=91ed631a1b2ec7e1a854b5b12f49f11cacf3c458&amp;idx=0\" target=\"_blank\" rel=\"noopener\">Fonds de la famille Caverhill<\/a><\/td>\n<td>P645<\/td>\n<td>1761, 1817-1970<\/td>\n<\/tr>\n<tr>\n<td><a title=\"\" href=\"https:\/\/collections.musee-mccord-stewart.ca\/fr\/objects\/230524\/famille-louisjoseph-cartier?ctx=3808bebe718506f11190cb17ada41a3735572283&amp;idx=0\" target=\"_blank\" rel=\"noopener\">Fonds de la famille Louis-Joseph Cartier<\/a><\/td>\n<td>P660<\/td>\n<td>1797-1996<\/td>\n<\/tr>\n<tr>\n<td><a title=\"\" href=\"https:\/\/collections.musee-mccord-stewart.ca\/fr\/objects\/241148\/honore-beaugrand?ctx=27620d9bd30c10623fea289a601ec3d054c0149e&amp;idx=0\" target=\"_blank\" rel=\"noopener\">Fonds Honor\u00e9 Beaugrand<\/a><\/td>\n<td>P675<\/td>\n<td>1593-1959<\/td>\n<\/tr>\n<tr>\n<td><a title=\"\" href=\"https:\/\/collections.musee-mccord-stewart.ca\/fr\/objects\/242915\/familles-casgrain-forget-et-berthelot?ctx=3d8aecf8e428f6c0b6e07f0f002a2b044318b63a&amp;idx=0\" target=\"_blank\" rel=\"noopener\">Fonds des familles Casgrain, Forget et Berthelot<\/a><\/td>\n<td>P683<\/td>\n<td>1801-2005<\/td>\n<\/tr>\n<tr>\n<td><a title=\"\" href=\"https:\/\/collections.musee-mccord-stewart.ca\/fr\/objects\/244002\/murielle-mailloux?ctx=6928464db9abcb61c14c18dac81b381991f464ab&amp;idx=0\" target=\"_blank\" rel=\"noopener\">Fonds Murielle Mailloux<\/a><\/td>\n<td>P687<\/td>\n<td>1934-1969<\/td>\n<\/tr>\n<tr>\n<td><a title=\"\" href=\"https:\/\/collections.musee-mccord-stewart.ca\/fr\/objects\/245274\/jeanclaude-poitras?ctx=fe4eb92ec1df09e7d968f050777813b23a228aef&amp;idx=0\" target=\"_blank\" rel=\"noopener\">Fonds Jean-Claude Poitras<\/a><\/td>\n<td>P689<\/td>\n<td>1949-2006<\/td>\n<\/tr>\n<tr>\n<td><a title=\"\" href=\"https:\/\/collections.musee-mccord-stewart.ca\/fr\/objects\/289463\/famille-leclere-leclerc?ctx=e62a230c75f272e09e91e523d215bce427994dc8&amp;idx=0\" target=\"_blank\" rel=\"noopener\">Fonds de la famille Lecl\u00e8re (Leclerc)<\/a><\/td>\n<td>P731<\/td>\n<td>1750-1949<\/td>\n<\/tr>\n<tr>\n<td><a title=\"\" href=\"https:\/\/collections.musee-mccord-stewart.ca\/fr\/objects\/332555\/familles-grignon-et-guevremont?ctx=8b35dec013b925ff1c4fe2eecfcdf5f348ffa304&amp;idx=0\" target=\"_blank\" rel=\"noopener\">Fonds des familles Grignon et Gu\u00e8vremont<\/a><\/td>\n<td>P747<\/td>\n<td>1892-1974<\/td>\n<\/tr>\n<tr>\n<td><a title=\"\" href=\"https:\/\/collections.musee-mccord-stewart.ca\/fr\/objects\/328728\/leontine-poutre-et-hercule-martin?ctx=43e063c7005f6c2cdcb9783578be9885cfc4acee&amp;idx=0\" target=\"_blank\" rel=\"noopener\">Fonds L\u00e9ontine Poutr\u00e9 et Hercule Martin<\/a><\/td>\n<td>P748<\/td>\n<td>1847-1982<\/td>\n<\/tr>\n<tr>\n<td><a title=\"\" href=\"https:\/\/collections.musee-mccord-stewart.ca\/fr\/objects\/332631\/the-westmount-thespians?ctx=b0a6a444522323ad5854fb395c337c15137a3f73&amp;idx=0\" target=\"_blank\" rel=\"noopener\">Fonds The Westmount Thespians<\/a><\/td>\n<td>P751<\/td>\n<td>1922-2001<\/td>\n<\/tr>\n<tr>\n<td><a title=\"\" href=\"https:\/\/collections.musee-mccord-stewart.ca\/fr\/objects\/332898\/familles-des-rivieres-et-taschereau?ctx=36c21673803ba0f3b1a2b7d1ddbad0130b234c58&amp;idx=0\" target=\"_blank\" rel=\"noopener\">Fonds des familles Des Rivi\u00e8res et Taschereau<\/a><\/td>\n<td>P752<\/td>\n<td>1839-1972<\/td>\n<\/tr>\n<tr>\n<td><a title=\"\" href=\"https:\/\/collections.musee-mccord-stewart.ca\/fr\/objects\/356417\/jeremie-tremblay-et-mariette-bergeron?ctx=18052bd59aa60c93aa03e8ee5d1fc1b25a54cb46&amp;idx=0\" target=\"_blank\" rel=\"noopener\">Fonds J\u00e9r\u00e9mie Tremblay et Mariette Bergeron<\/a><\/td>\n<td>P757<\/td>\n<td>1930-2016<\/td>\n<\/tr>\n<tr>\n<td><a title=\"\" href=\"https:\/\/collections.musee-mccord-stewart.ca\/fr\/objects\/372754\/famille-le-moine?ctx=b9c921a70ee919a21b95284b73fb337f8a384b3e&amp;idx=0\" target=\"_blank\" rel=\"noopener\">Fonds de la famille Le Moine<\/a><\/td>\n<td>P761<\/td>\n<td>1849-1955<\/td>\n<\/tr>\n<tr>\n<td><a title=\"\" href=\"https:\/\/collections.musee-mccord-stewart.ca\/fr\/objects\/393631\/eckstein-willie?ctx=64aae1b3af5f34359b7197982c3c2d0a9ba51ed7&amp;idx=0\" target=\"_blank\" rel=\"noopener\">Fonds Willie Eckstein<\/a><\/td>\n<td>P767<\/td>\n<td>1877, 1900-1990<\/td>\n<\/tr>\n<\/tbody>\n<\/table>\n","protected":false},"excerpt":{"rendered":"<p>Comment se rendre compte des sentiments qui se cachent dans les documents d\u2019archives ? Quiconque a d\u00e9j\u00e0 lu des documents d\u2019archives, tels des lettres ou des journaux intimes, sait \u00e0 quel point ces t\u00e9moins du pass\u00e9 peuvent \u00eatre riches en \u00e9motions. Ces documents peuvent \u00e9voquer entre autres des sentiments, des sensations, des attitudes, des valeurs [&hellip;]<\/p>\n","protected":false},"author":3,"featured_media":0,"parent":1816,"menu_order":0,"comment_status":"closed","ping_status":"closed","template":"page-templates\/page-texte.php","meta":{"footnotes":""},"categories":[],"tags":[],"acf":[],"yoast_head":"<!-- This site is optimized with the Yoast SEO Premium plugin v20.11 (Yoast SEO v20.11) - https:\/\/yoast.com\/wordpress\/plugins\/seo\/ -->\n<title>Sensibilit\u00e9s partag\u00e9es - Mus\u00e9e McCord Stewart<\/title>\n<meta name=\"description\" content=\"D\u00e9couvrez dans une s\u00e9rie produite par le Mus\u00e9e, des documents d\u2019archives du Mus\u00e9e qui t\u00e9moigne des riches \u00e9motions du pass\u00e9.\" \/>\n<meta name=\"robots\" content=\"index, follow, max-snippet:-1, max-image-preview:large, max-video-preview:-1\" \/>\n<link rel=\"canonical\" href=\"https:\/\/www.musee-mccord-stewart.ca\/fr\/collections\/archives\/sensibilites-partagees\/\" \/>\n<meta property=\"og:locale\" content=\"fr_FR\" \/>\n<meta property=\"og:type\" content=\"article\" \/>\n<meta property=\"og:title\" content=\"Sensibilit\u00e9s partag\u00e9es\" \/>\n<meta property=\"og:description\" content=\"D\u00e9couvrez dans une s\u00e9rie produite par le Mus\u00e9e, des documents d\u2019archives du Mus\u00e9e qui t\u00e9moigne des riches \u00e9motions du pass\u00e9.\" \/>\n<meta property=\"og:url\" content=\"https:\/\/www.musee-mccord-stewart.ca\/fr\/collections\/archives\/sensibilites-partagees\/\" \/>\n<meta property=\"og:site_name\" content=\"Mus\u00e9e McCord Stewart\" \/>\n<meta property=\"article:publisher\" content=\"https:\/\/www.facebook.com\/museemccordstewart\" \/>\n<meta property=\"article:modified_time\" content=\"2024-04-25T18:35:46+00:00\" \/>\n<meta property=\"og:image\" content=\"https:\/\/www.musee-mccord-stewart.ca\/app\/uploads\/2021\/12\/mccord_sensibilites_partages_640x448px_fr.jpg\" \/>\n\t<meta property=\"og:image:width\" content=\"640\" \/>\n\t<meta property=\"og:image:height\" content=\"448\" \/>\n\t<meta property=\"og:image:type\" content=\"image\/jpeg\" \/>\n<meta name=\"twitter:card\" content=\"summary_large_image\" \/>\n<meta name=\"twitter:description\" content=\"D\u00e9couvrez dans une s\u00e9rie produite par le Mus\u00e9e, des documents d\u2019archives du Mus\u00e9e qui t\u00e9moigne des riches \u00e9motions du pass\u00e9.\" \/>\n<meta name=\"twitter:site\" content=\"@MuseeMcCordStew\" \/>\n<meta name=\"twitter:label1\" content=\"Dur\u00e9e de lecture estim\u00e9e\" \/>\n\t<meta name=\"twitter:data1\" content=\"3 minutes\" \/>\n<script type=\"application\/ld+json\" class=\"yoast-schema-graph\">{\"@context\":\"https:\/\/schema.org\",\"@graph\":[{\"@type\":\"WebPage\",\"@id\":\"https:\/\/www.musee-mccord-stewart.ca\/fr\/collections\/archives\/sensibilites-partagees\/\",\"url\":\"https:\/\/www.musee-mccord-stewart.ca\/fr\/collections\/archives\/sensibilites-partagees\/\",\"name\":\"Sensibilit\u00e9s partag\u00e9es - Mus\u00e9e McCord Stewart\",\"isPartOf\":{\"@id\":\"https:\/\/www.musee-mccord-stewart.ca\/fr\/#website\"},\"datePublished\":\"2019-03-25T18:17:04+00:00\",\"dateModified\":\"2024-04-25T18:35:46+00:00\",\"description\":\"D\u00e9couvrez dans une s\u00e9rie produite par le Mus\u00e9e, des documents d\u2019archives du Mus\u00e9e qui t\u00e9moigne des riches \u00e9motions du pass\u00e9.\",\"breadcrumb\":{\"@id\":\"https:\/\/www.musee-mccord-stewart.ca\/fr\/collections\/archives\/sensibilites-partagees\/#breadcrumb\"},\"inLanguage\":\"fr-FR\",\"potentialAction\":[{\"@type\":\"ReadAction\",\"target\":[\"https:\/\/www.musee-mccord-stewart.ca\/fr\/collections\/archives\/sensibilites-partagees\/\"]}]},{\"@type\":\"BreadcrumbList\",\"@id\":\"https:\/\/www.musee-mccord-stewart.ca\/fr\/collections\/archives\/sensibilites-partagees\/#breadcrumb\",\"itemListElement\":[{\"@type\":\"ListItem\",\"position\":1,\"name\":\"Accueil\",\"item\":\"https:\/\/www.musee-mccord-stewart.ca\/fr\/\"},{\"@type\":\"ListItem\",\"position\":2,\"name\":\"Collections\",\"item\":\"https:\/\/www.musee-mccord-stewart.ca\/fr\/collections\/\"},{\"@type\":\"ListItem\",\"position\":3,\"name\":\"Archives\",\"item\":\"https:\/\/www.musee-mccord-stewart.ca\/fr\/collections\/archives\/\"},{\"@type\":\"ListItem\",\"position\":4,\"name\":\"Sensibilit\u00e9s partag\u00e9es\"}]},{\"@type\":\"WebSite\",\"@id\":\"https:\/\/www.musee-mccord-stewart.ca\/fr\/#website\",\"url\":\"https:\/\/www.musee-mccord-stewart.ca\/fr\/\",\"name\":\"Mus\u00e9e McCord Stewart\",\"description\":\"Notre monde, nos histoires\",\"publisher\":{\"@id\":\"https:\/\/www.musee-mccord-stewart.ca\/fr\/#organization\"},\"alternateName\":\"MCS\",\"potentialAction\":[{\"@type\":\"SearchAction\",\"target\":{\"@type\":\"EntryPoint\",\"urlTemplate\":\"https:\/\/www.musee-mccord-stewart.ca\/fr\/?s={search_term_string}\"},\"query-input\":\"required name=search_term_string\"}],\"inLanguage\":\"fr-FR\"},{\"@type\":\"Organization\",\"@id\":\"https:\/\/www.musee-mccord-stewart.ca\/fr\/#organization\",\"name\":\"McCord Stewart Museum\",\"alternateName\":\"MCS\",\"url\":\"https:\/\/www.musee-mccord-stewart.ca\/fr\/\",\"logo\":{\"@type\":\"ImageObject\",\"inLanguage\":\"fr-FR\",\"@id\":\"https:\/\/www.musee-mccord-stewart.ca\/fr\/#\/schema\/logo\/image\/\",\"url\":\"https:\/\/www.musee-mccord-stewart.ca\/app\/uploads\/2023\/05\/logo_museemccordstewart_horizontal_noir_slogan.svg\",\"contentUrl\":\"https:\/\/www.musee-mccord-stewart.ca\/app\/uploads\/2023\/05\/logo_museemccordstewart_horizontal_noir_slogan.svg\",\"width\":1,\"height\":1,\"caption\":\"McCord Stewart Museum\"},\"image\":{\"@id\":\"https:\/\/www.musee-mccord-stewart.ca\/fr\/#\/schema\/logo\/image\/\"},\"sameAs\":[\"https:\/\/www.facebook.com\/museemccordstewart\",\"https:\/\/twitter.com\/MuseeMcCordStew\",\"https:\/\/instagram.com\/museemccordstewart\",\"https:\/\/www.linkedin.com\/company\/museemccordstewart\/\",\"https:\/\/www.pinterest.com\/museemccordstewart\/\",\"https:\/\/www.youtube.com\/c\/MuseeMcCordStewartMuseum\"]}]}<\/script>\n<!-- \/ Yoast SEO Premium plugin. -->","yoast_head_json":{"title":"Sensibilit\u00e9s partag\u00e9es - Mus\u00e9e McCord Stewart","description":"D\u00e9couvrez dans une s\u00e9rie produite par le Mus\u00e9e, des documents d\u2019archives du Mus\u00e9e qui t\u00e9moigne des riches \u00e9motions du pass\u00e9.","robots":{"index":"index","follow":"follow","max-snippet":"max-snippet:-1","max-image-preview":"max-image-preview:large","max-video-preview":"max-video-preview:-1"},"canonical":"https:\/\/www.musee-mccord-stewart.ca\/fr\/collections\/archives\/sensibilites-partagees\/","og_locale":"fr_FR","og_type":"article","og_title":"Sensibilit\u00e9s partag\u00e9es","og_description":"D\u00e9couvrez dans une s\u00e9rie produite par le Mus\u00e9e, des documents d\u2019archives du Mus\u00e9e qui t\u00e9moigne des riches \u00e9motions du pass\u00e9.","og_url":"https:\/\/www.musee-mccord-stewart.ca\/fr\/collections\/archives\/sensibilites-partagees\/","og_site_name":"Mus\u00e9e McCord Stewart","article_publisher":"https:\/\/www.facebook.com\/museemccordstewart","article_modified_time":"2024-04-25T18:35:46+00:00","og_image":[{"width":640,"height":448,"url":"https:\/\/www.musee-mccord-stewart.ca\/app\/uploads\/2021\/12\/mccord_sensibilites_partages_640x448px_fr.jpg","type":"image\/jpeg"}],"twitter_card":"summary_large_image","twitter_description":"D\u00e9couvrez dans une s\u00e9rie produite par le Mus\u00e9e, des documents d\u2019archives du Mus\u00e9e qui t\u00e9moigne des riches \u00e9motions du pass\u00e9.","twitter_site":"@MuseeMcCordStew","twitter_misc":{"Dur\u00e9e de lecture estim\u00e9e":"3 minutes"},"schema":{"@context":"https:\/\/schema.org","@graph":[{"@type":"WebPage","@id":"https:\/\/www.musee-mccord-stewart.ca\/fr\/collections\/archives\/sensibilites-partagees\/","url":"https:\/\/www.musee-mccord-stewart.ca\/fr\/collections\/archives\/sensibilites-partagees\/","name":"Sensibilit\u00e9s partag\u00e9es - Mus\u00e9e McCord Stewart","isPartOf":{"@id":"https:\/\/www.musee-mccord-stewart.ca\/fr\/#website"},"datePublished":"2019-03-25T18:17:04+00:00","dateModified":"2024-04-25T18:35:46+00:00","description":"D\u00e9couvrez dans une s\u00e9rie produite par le Mus\u00e9e, des documents d\u2019archives du Mus\u00e9e qui t\u00e9moigne des riches \u00e9motions du pass\u00e9.","breadcrumb":{"@id":"https:\/\/www.musee-mccord-stewart.ca\/fr\/collections\/archives\/sensibilites-partagees\/#breadcrumb"},"inLanguage":"fr-FR","potentialAction":[{"@type":"ReadAction","target":["https:\/\/www.musee-mccord-stewart.ca\/fr\/collections\/archives\/sensibilites-partagees\/"]}]},{"@type":"BreadcrumbList","@id":"https:\/\/www.musee-mccord-stewart.ca\/fr\/collections\/archives\/sensibilites-partagees\/#breadcrumb","itemListElement":[{"@type":"ListItem","position":1,"name":"Accueil","item":"https:\/\/www.musee-mccord-stewart.ca\/fr\/"},{"@type":"ListItem","position":2,"name":"Collections","item":"https:\/\/www.musee-mccord-stewart.ca\/fr\/collections\/"},{"@type":"ListItem","position":3,"name":"Archives","item":"https:\/\/www.musee-mccord-stewart.ca\/fr\/collections\/archives\/"},{"@type":"ListItem","position":4,"name":"Sensibilit\u00e9s partag\u00e9es"}]},{"@type":"WebSite","@id":"https:\/\/www.musee-mccord-stewart.ca\/fr\/#website","url":"https:\/\/www.musee-mccord-stewart.ca\/fr\/","name":"Mus\u00e9e McCord Stewart","description":"Notre monde, nos histoires","publisher":{"@id":"https:\/\/www.musee-mccord-stewart.ca\/fr\/#organization"},"alternateName":"MCS","potentialAction":[{"@type":"SearchAction","target":{"@type":"EntryPoint","urlTemplate":"https:\/\/www.musee-mccord-stewart.ca\/fr\/?s={search_term_string}"},"query-input":"required name=search_term_string"}],"inLanguage":"fr-FR"},{"@type":"Organization","@id":"https:\/\/www.musee-mccord-stewart.ca\/fr\/#organization","name":"McCord Stewart Museum","alternateName":"MCS","url":"https:\/\/www.musee-mccord-stewart.ca\/fr\/","logo":{"@type":"ImageObject","inLanguage":"fr-FR","@id":"https:\/\/www.musee-mccord-stewart.ca\/fr\/#\/schema\/logo\/image\/","url":"https:\/\/www.musee-mccord-stewart.ca\/app\/uploads\/2023\/05\/logo_museemccordstewart_horizontal_noir_slogan.svg","contentUrl":"https:\/\/www.musee-mccord-stewart.ca\/app\/uploads\/2023\/05\/logo_museemccordstewart_horizontal_noir_slogan.svg","width":1,"height":1,"caption":"McCord Stewart Museum"},"image":{"@id":"https:\/\/www.musee-mccord-stewart.ca\/fr\/#\/schema\/logo\/image\/"},"sameAs":["https:\/\/www.facebook.com\/museemccordstewart","https:\/\/twitter.com\/MuseeMcCordStew","https:\/\/instagram.com\/museemccordstewart","https:\/\/www.linkedin.com\/company\/museemccordstewart\/","https:\/\/www.pinterest.com\/museemccordstewart\/","https:\/\/www.youtube.com\/c\/MuseeMcCordStewartMuseum"]}]}},"_links":{"self":[{"href":"https:\/\/www.musee-mccord-stewart.ca\/fr\/wp-json\/wp\/v2\/pages\/25072"}],"collection":[{"href":"https:\/\/www.musee-mccord-stewart.ca\/fr\/wp-json\/wp\/v2\/pages"}],"about":[{"href":"https:\/\/www.musee-mccord-stewart.ca\/fr\/wp-json\/wp\/v2\/types\/page"}],"author":[{"embeddable":true,"href":"https:\/\/www.musee-mccord-stewart.ca\/fr\/wp-json\/wp\/v2\/users\/3"}],"replies":[{"embeddable":true,"href":"https:\/\/www.musee-mccord-stewart.ca\/fr\/wp-json\/wp\/v2\/comments?post=25072"}],"version-history":[{"count":0,"href":"https:\/\/www.musee-mccord-stewart.ca\/fr\/wp-json\/wp\/v2\/pages\/25072\/revisions"}],"up":[{"embeddable":true,"href":"https:\/\/www.musee-mccord-stewart.ca\/fr\/wp-json\/wp\/v2\/pages\/1816"}],"wp:attachment":[{"href":"https:\/\/www.musee-mccord-stewart.ca\/fr\/wp-json\/wp\/v2\/media?parent=25072"}],"wp:term":[{"taxonomy":"category","embeddable":true,"href":"https:\/\/www.musee-mccord-stewart.ca\/fr\/wp-json\/wp\/v2\/categories?post=25072"},{"taxonomy":"post_tag","embeddable":true,"href":"https:\/\/www.musee-mccord-stewart.ca\/fr\/wp-json\/wp\/v2\/tags?post=25072"}],"curies":[{"name":"wp","href":"https:\/\/api.w.org\/{rel}","templated":true}]}}