{"id":22544,"date":"2018-06-14T11:00:44","date_gmt":"2018-06-14T15:00:44","guid":{"rendered":"http:\/\/www.musee-mccord-stewart.ca\/?page_id=22544\/"},"modified":"2018-07-06T14:19:32","modified_gmt":"2018-07-06T18:19:32","slug":"conferences-tables-ronde-shalom-montreal","status":"publish","type":"page","link":"https:\/\/www.musee-mccord-stewart.ca\/fr\/conferences-tables-ronde-shalom-montreal\/","title":{"rendered":"Conf\u00e9rences et tables rondes Shalom Montr\u00e9al"},"content":{"rendered":"<p>En lien avec l&rsquo;exposition <a title=\"Shalom Montr\u00e9al\" href=\"http:\/\/www.musee-mccord-stewart.ca\/fr\/expositions\/shalom-montreal\/\"><em>Shalom Montr\u00e9al &#8211; Histoires et contributions de la communaut\u00e9 juive<\/em><\/a>, des conf\u00e9rences et tables rondes sont organis\u00e9es au Mus\u00e9e McCord durant l&rsquo;automne 2018.<\/p>\n<h4>Programmation compl\u00e8te :<\/h4>\n<p><strong>26 SEPTEMBRE \u00c0 18 H<br \/>\n<\/strong><a title=\"Sam Borenstein et les peintres juifs de Montr\u00e9al : Regard sur leur temps\" href=\"http:\/\/www.musee-mccord-stewart.ca\/fr\/activites\/peintres-juifs-montreal\/\">Projection du film\u00a0<em>The Colours of my Father<\/em><\/a>\u00a0pr\u00e9c\u00e9d\u00e9e de t\u00e9moignages des artistes sur leur \u00e9poque<\/p>\n<p><strong>3 OCTOBRE \u00c0 18 H<br \/>\n<\/strong><a title=\"Table ronde : Des femmes de partout dans un Montr\u00e9al pluriel\" href=\"http:\/\/www.musee-mccord-stewart.ca\/fr\/activites\/table-ronde-montreal-pluriel\/\">Table ronde <em>Des femmes de partout dans un Montr\u00e9al pluriel<\/em><\/a><\/p>\n<p><strong>10 OCTOBRE \u00c0 18 H<\/strong><br \/>\nRencontre avec les gagnants des prix Azrieli 2018. En collaboration avec la <a title=\"\" href=\"https:\/\/azrielifoundation.org\/fr\/\" target=\"_blank\" rel=\"noopener\">Fondation\u00a0Azrieli<\/a><\/p>\n<p><strong>7 NOVEMBRE \u00c0 13 H 30<\/strong><br \/>\n<a title=\"Juifs au Maroc, S\u00e9pharades au Qu\u00e9bec : Une histoire de migration postcoloniale\" href=\"http:\/\/www.musee-mccord-stewart.ca\/fr\/activites\/belles-soirees-migration-postcoloniale\/\"><em>Juifs au Maroc,\u00a0<\/em><em>S\u00e9pharades au Qu\u00e9bec : une histoire de migration post-coloniale<\/a><br \/>\n<\/em>Activit\u00e9 payante en collaboration avec\u00a0<a title=\"\" href=\"https:\/\/bellessoirees.umontreal.ca\/\" target=\"_blank\" rel=\"noopener\">Les Belles Soir\u00e9es de l&rsquo;Universit\u00e9 de Montr\u00e9al<\/a><\/p>\n<p>De multiples activit\u00e9s sont organis\u00e9es dans le cadre de l&rsquo;exposition : d\u00e9couvrez les <a title=\"Concerts Shalom Montr\u00e9al\" href=\"http:\/\/www.musee-mccord-stewart.ca\/fr\/concerts-shalom-montreal\/\">concerts ext\u00e9rieurs dans <em>La For\u00eat urbaine<\/em>\u00a0<\/a>\u00a0en juillet et ao\u00fbt, et les <a title=\"Projections Shalom Montr\u00e9al\" href=\"http:\/\/www.musee-mccord-stewart.ca\/fr\/projections-shalom-montreal\/\">projections gratuites<\/a>\u00a0chaque premier dimanche du mois.<\/p>\n<p><strong>Lieu :<\/strong> Th\u00e9\u00e2tre J. A. Bombardier du Mus\u00e9e McCord<br \/>\nPlaces limit\u00e9es, horaire sujet \u00e0 changement sans pr\u00e9avis.\u00a0Sauf indication contraire, les activit\u00e9s sont gratuites.<\/p>\n<p><strong>Privil\u00e8ge aux Membres :\u00a0<\/strong><a href=\"mailto:membership@mccord-stewart.ca\">R\u00e9servez votre place!<\/a><strong><br \/>\n<\/strong>Les Membres du Mus\u00e9e peuvent r\u00e9server leur place aux activit\u00e9s et profiter d\u2019un acc\u00e8s illimit\u00e9 au Mus\u00e9e McCord et au Mus\u00e9e Stewart, en plus d\u2019une foule de privil\u00e8ges.\u00a0<a href=\"http:\/\/www.musee-mccord-stewart.ca\/fr\/devenez-membre\/\">Devenez Membre aujourd\u2019hui!<\/a><\/p>\n","protected":false},"excerpt":{"rendered":"<p>En lien avec l&rsquo;exposition Shalom Montr\u00e9al &#8211; Histoires et contributions de la communaut\u00e9 juive, des conf\u00e9rences et tables rondes sont organis\u00e9es au Mus\u00e9e McCord durant l&rsquo;automne 2018. Programmation compl\u00e8te : 26 SEPTEMBRE \u00c0 18 H Projection du film\u00a0The Colours of my Father\u00a0pr\u00e9c\u00e9d\u00e9e de t\u00e9moignages des artistes sur leur \u00e9poque 3 OCTOBRE \u00c0 18 H Table [&hellip;]<\/p>\n","protected":false},"author":17,"featured_media":0,"parent":0,"menu_order":0,"comment_status":"closed","ping_status":"closed","template":"page-templates\/page-texte.php","meta":{"footnotes":""},"categories":[],"tags":[],"acf":[],"yoast_head":"<!-- This site is optimized with the Yoast SEO Premium plugin v20.11 (Yoast SEO v20.11) - https:\/\/yoast.com\/wordpress\/plugins\/seo\/ -->\n<title>Conf\u00e9rences et tables rondes Shalom Montr\u00e9al - Mus\u00e9e McCord Stewart<\/title>\n<meta name=\"description\" content=\"En lien avec l&#039;exposition Shalom Montr\u00e9al, des conf\u00e9rences et tables rondes sont organis\u00e9es au Mus\u00e9e McCord durant l&#039;automne 2018.\" \/>\n<meta name=\"robots\" content=\"index, follow, max-snippet:-1, max-image-preview:large, max-video-preview:-1\" \/>\n<link rel=\"canonical\" href=\"https:\/\/www.musee-mccord-stewart.ca\/fr\/conferences-tables-ronde-shalom-montreal\/\" \/>\n<meta property=\"og:locale\" content=\"fr_FR\" \/>\n<meta property=\"og:type\" content=\"article\" \/>\n<meta property=\"og:title\" content=\"Conf\u00e9rences et tables rondes Shalom Montr\u00e9al\" \/>\n<meta property=\"og:description\" content=\"En lien avec l&#039;exposition Shalom Montr\u00e9al - Histoires et contributions de la communaut\u00e9 juive, des conf\u00e9rences et tables rondes sont organis\u00e9es au Mus\u00e9e\" \/>\n<meta property=\"og:url\" content=\"https:\/\/www.musee-mccord-stewart.ca\/fr\/conferences-tables-ronde-shalom-montreal\/\" \/>\n<meta property=\"og:site_name\" content=\"Mus\u00e9e McCord Stewart\" \/>\n<meta property=\"article:publisher\" content=\"https:\/\/www.facebook.com\/museemccordstewart\" \/>\n<meta property=\"article:modified_time\" content=\"2018-07-06T18:19:32+00:00\" \/>\n<meta property=\"og:image\" content=\"https:\/\/www.musee-mccord-stewart.ca\/app\/uploads\/2022\/09\/mccord-stewart_facade-exterieur-henderson-2022_roger-aziz_1320x480.jpg\" \/>\n\t<meta property=\"og:image:width\" content=\"1320\" \/>\n\t<meta property=\"og:image:height\" content=\"480\" \/>\n\t<meta property=\"og:image:type\" content=\"image\/jpeg\" \/>\n<meta name=\"twitter:card\" content=\"summary_large_image\" \/>\n<meta name=\"twitter:site\" content=\"@MuseeMcCordStew\" \/>\n<meta name=\"twitter:label1\" content=\"Dur\u00e9e de lecture estim\u00e9e\" \/>\n\t<meta name=\"twitter:data1\" content=\"1 minute\" \/>\n<script type=\"application\/ld+json\" class=\"yoast-schema-graph\">{\"@context\":\"https:\/\/schema.org\",\"@graph\":[{\"@type\":\"WebPage\",\"@id\":\"https:\/\/www.musee-mccord-stewart.ca\/fr\/conferences-tables-ronde-shalom-montreal\/\",\"url\":\"https:\/\/www.musee-mccord-stewart.ca\/fr\/conferences-tables-ronde-shalom-montreal\/\",\"name\":\"Conf\u00e9rences et tables rondes Shalom Montr\u00e9al - Mus\u00e9e McCord Stewart\",\"isPartOf\":{\"@id\":\"https:\/\/www.musee-mccord-stewart.ca\/fr\/#website\"},\"datePublished\":\"2018-06-14T15:00:44+00:00\",\"dateModified\":\"2018-07-06T18:19:32+00:00\",\"description\":\"En lien avec l'exposition Shalom Montr\u00e9al, des conf\u00e9rences et tables rondes sont organis\u00e9es au Mus\u00e9e McCord durant l'automne 2018.\",\"breadcrumb\":{\"@id\":\"https:\/\/www.musee-mccord-stewart.ca\/fr\/conferences-tables-ronde-shalom-montreal\/#breadcrumb\"},\"inLanguage\":\"fr-FR\",\"potentialAction\":[{\"@type\":\"ReadAction\",\"target\":[\"https:\/\/www.musee-mccord-stewart.ca\/fr\/conferences-tables-ronde-shalom-montreal\/\"]}]},{\"@type\":\"BreadcrumbList\",\"@id\":\"https:\/\/www.musee-mccord-stewart.ca\/fr\/conferences-tables-ronde-shalom-montreal\/#breadcrumb\",\"itemListElement\":[{\"@type\":\"ListItem\",\"position\":1,\"name\":\"Accueil\",\"item\":\"https:\/\/www.musee-mccord-stewart.ca\/fr\/\"},{\"@type\":\"ListItem\",\"position\":2,\"name\":\"Conf\u00e9rences et tables rondes Shalom Montr\u00e9al\"}]},{\"@type\":\"WebSite\",\"@id\":\"https:\/\/www.musee-mccord-stewart.ca\/fr\/#website\",\"url\":\"https:\/\/www.musee-mccord-stewart.ca\/fr\/\",\"name\":\"Mus\u00e9e McCord Stewart\",\"description\":\"Notre monde, nos histoires\",\"publisher\":{\"@id\":\"https:\/\/www.musee-mccord-stewart.ca\/fr\/#organization\"},\"alternateName\":\"MCS\",\"potentialAction\":[{\"@type\":\"SearchAction\",\"target\":{\"@type\":\"EntryPoint\",\"urlTemplate\":\"https:\/\/www.musee-mccord-stewart.ca\/fr\/?s={search_term_string}\"},\"query-input\":\"required name=search_term_string\"}],\"inLanguage\":\"fr-FR\"},{\"@type\":\"Organization\",\"@id\":\"https:\/\/www.musee-mccord-stewart.ca\/fr\/#organization\",\"name\":\"McCord Stewart Museum\",\"alternateName\":\"MCS\",\"url\":\"https:\/\/www.musee-mccord-stewart.ca\/fr\/\",\"logo\":{\"@type\":\"ImageObject\",\"inLanguage\":\"fr-FR\",\"@id\":\"https:\/\/www.musee-mccord-stewart.ca\/fr\/#\/schema\/logo\/image\/\",\"url\":\"https:\/\/www.musee-mccord-stewart.ca\/app\/uploads\/2023\/05\/logo_museemccordstewart_horizontal_noir_slogan.svg\",\"contentUrl\":\"https:\/\/www.musee-mccord-stewart.ca\/app\/uploads\/2023\/05\/logo_museemccordstewart_horizontal_noir_slogan.svg\",\"width\":1,\"height\":1,\"caption\":\"McCord Stewart Museum\"},\"image\":{\"@id\":\"https:\/\/www.musee-mccord-stewart.ca\/fr\/#\/schema\/logo\/image\/\"},\"sameAs\":[\"https:\/\/www.facebook.com\/museemccordstewart\",\"https:\/\/twitter.com\/MuseeMcCordStew\",\"https:\/\/instagram.com\/museemccordstewart\",\"https:\/\/www.linkedin.com\/company\/museemccordstewart\/\",\"https:\/\/www.pinterest.com\/museemccordstewart\/\",\"https:\/\/www.youtube.com\/c\/MuseeMcCordStewartMuseum\"]}]}<\/script>\n<!-- \/ Yoast SEO Premium plugin. -->","yoast_head_json":{"title":"Conf\u00e9rences et tables rondes Shalom Montr\u00e9al - Mus\u00e9e McCord Stewart","description":"En lien avec l'exposition Shalom Montr\u00e9al, des conf\u00e9rences et tables rondes sont organis\u00e9es au Mus\u00e9e McCord durant l'automne 2018.","robots":{"index":"index","follow":"follow","max-snippet":"max-snippet:-1","max-image-preview":"max-image-preview:large","max-video-preview":"max-video-preview:-1"},"canonical":"https:\/\/www.musee-mccord-stewart.ca\/fr\/conferences-tables-ronde-shalom-montreal\/","og_locale":"fr_FR","og_type":"article","og_title":"Conf\u00e9rences et tables rondes Shalom Montr\u00e9al","og_description":"En lien avec l'exposition Shalom Montr\u00e9al - Histoires et contributions de la communaut\u00e9 juive, des conf\u00e9rences et tables rondes sont organis\u00e9es au Mus\u00e9e","og_url":"https:\/\/www.musee-mccord-stewart.ca\/fr\/conferences-tables-ronde-shalom-montreal\/","og_site_name":"Mus\u00e9e McCord Stewart","article_publisher":"https:\/\/www.facebook.com\/museemccordstewart","article_modified_time":"2018-07-06T18:19:32+00:00","og_image":[{"width":1320,"height":480,"url":"https:\/\/www.musee-mccord-stewart.ca\/app\/uploads\/2022\/09\/mccord-stewart_facade-exterieur-henderson-2022_roger-aziz_1320x480.jpg","type":"image\/jpeg"}],"twitter_card":"summary_large_image","twitter_site":"@MuseeMcCordStew","twitter_misc":{"Dur\u00e9e de lecture estim\u00e9e":"1 minute"},"schema":{"@context":"https:\/\/schema.org","@graph":[{"@type":"WebPage","@id":"https:\/\/www.musee-mccord-stewart.ca\/fr\/conferences-tables-ronde-shalom-montreal\/","url":"https:\/\/www.musee-mccord-stewart.ca\/fr\/conferences-tables-ronde-shalom-montreal\/","name":"Conf\u00e9rences et tables rondes Shalom Montr\u00e9al - Mus\u00e9e McCord Stewart","isPartOf":{"@id":"https:\/\/www.musee-mccord-stewart.ca\/fr\/#website"},"datePublished":"2018-06-14T15:00:44+00:00","dateModified":"2018-07-06T18:19:32+00:00","description":"En lien avec l'exposition Shalom Montr\u00e9al, des conf\u00e9rences et tables rondes sont organis\u00e9es au Mus\u00e9e McCord durant l'automne 2018.","breadcrumb":{"@id":"https:\/\/www.musee-mccord-stewart.ca\/fr\/conferences-tables-ronde-shalom-montreal\/#breadcrumb"},"inLanguage":"fr-FR","potentialAction":[{"@type":"ReadAction","target":["https:\/\/www.musee-mccord-stewart.ca\/fr\/conferences-tables-ronde-shalom-montreal\/"]}]},{"@type":"BreadcrumbList","@id":"https:\/\/www.musee-mccord-stewart.ca\/fr\/conferences-tables-ronde-shalom-montreal\/#breadcrumb","itemListElement":[{"@type":"ListItem","position":1,"name":"Accueil","item":"https:\/\/www.musee-mccord-stewart.ca\/fr\/"},{"@type":"ListItem","position":2,"name":"Conf\u00e9rences et tables rondes Shalom Montr\u00e9al"}]},{"@type":"WebSite","@id":"https:\/\/www.musee-mccord-stewart.ca\/fr\/#website","url":"https:\/\/www.musee-mccord-stewart.ca\/fr\/","name":"Mus\u00e9e McCord Stewart","description":"Notre monde, nos histoires","publisher":{"@id":"https:\/\/www.musee-mccord-stewart.ca\/fr\/#organization"},"alternateName":"MCS","potentialAction":[{"@type":"SearchAction","target":{"@type":"EntryPoint","urlTemplate":"https:\/\/www.musee-mccord-stewart.ca\/fr\/?s={search_term_string}"},"query-input":"required name=search_term_string"}],"inLanguage":"fr-FR"},{"@type":"Organization","@id":"https:\/\/www.musee-mccord-stewart.ca\/fr\/#organization","name":"McCord Stewart Museum","alternateName":"MCS","url":"https:\/\/www.musee-mccord-stewart.ca\/fr\/","logo":{"@type":"ImageObject","inLanguage":"fr-FR","@id":"https:\/\/www.musee-mccord-stewart.ca\/fr\/#\/schema\/logo\/image\/","url":"https:\/\/www.musee-mccord-stewart.ca\/app\/uploads\/2023\/05\/logo_museemccordstewart_horizontal_noir_slogan.svg","contentUrl":"https:\/\/www.musee-mccord-stewart.ca\/app\/uploads\/2023\/05\/logo_museemccordstewart_horizontal_noir_slogan.svg","width":1,"height":1,"caption":"McCord Stewart Museum"},"image":{"@id":"https:\/\/www.musee-mccord-stewart.ca\/fr\/#\/schema\/logo\/image\/"},"sameAs":["https:\/\/www.facebook.com\/museemccordstewart","https:\/\/twitter.com\/MuseeMcCordStew","https:\/\/instagram.com\/museemccordstewart","https:\/\/www.linkedin.com\/company\/museemccordstewart\/","https:\/\/www.pinterest.com\/museemccordstewart\/","https:\/\/www.youtube.com\/c\/MuseeMcCordStewartMuseum"]}]}},"_links":{"self":[{"href":"https:\/\/www.musee-mccord-stewart.ca\/fr\/wp-json\/wp\/v2\/pages\/22544"}],"collection":[{"href":"https:\/\/www.musee-mccord-stewart.ca\/fr\/wp-json\/wp\/v2\/pages"}],"about":[{"href":"https:\/\/www.musee-mccord-stewart.ca\/fr\/wp-json\/wp\/v2\/types\/page"}],"author":[{"embeddable":true,"href":"https:\/\/www.musee-mccord-stewart.ca\/fr\/wp-json\/wp\/v2\/users\/17"}],"replies":[{"embeddable":true,"href":"https:\/\/www.musee-mccord-stewart.ca\/fr\/wp-json\/wp\/v2\/comments?post=22544"}],"version-history":[{"count":0,"href":"https:\/\/www.musee-mccord-stewart.ca\/fr\/wp-json\/wp\/v2\/pages\/22544\/revisions"}],"wp:attachment":[{"href":"https:\/\/www.musee-mccord-stewart.ca\/fr\/wp-json\/wp\/v2\/media?parent=22544"}],"wp:term":[{"taxonomy":"category","embeddable":true,"href":"https:\/\/www.musee-mccord-stewart.ca\/fr\/wp-json\/wp\/v2\/categories?post=22544"},{"taxonomy":"post_tag","embeddable":true,"href":"https:\/\/www.musee-mccord-stewart.ca\/fr\/wp-json\/wp\/v2\/tags?post=22544"}],"curies":[{"name":"wp","href":"https:\/\/api.w.org\/{rel}","templated":true}]}}