{"id":22541,"date":"2018-06-14T10:16:37","date_gmt":"2018-06-14T14:16:37","guid":{"rendered":"http:\/\/www.musee-mccord-stewart.ca\/?page_id=22541\/"},"modified":"2018-07-04T16:07:35","modified_gmt":"2018-07-04T20:07:35","slug":"projections-shalom-montreal","status":"publish","type":"page","link":"https:\/\/www.musee-mccord-stewart.ca\/fr\/projections-shalom-montreal\/","title":{"rendered":"Projections Shalom Montr\u00e9al"},"content":{"rendered":"<p>Dans le cadre de l&rsquo;exposition <a title=\"Shalom Montr\u00e9al\" href=\"http:\/\/www.musee-mccord-stewart.ca\/fr\/expositions\/shalom-montreal\/\"><em>Shalom Montr\u00e9al &#8211; Histoires et contributions de la communaut\u00e9 juive<\/em><\/a>, des projections de films sont tenues <strong>tous les premiers dimanches du mois \u00e0 14 h<\/strong> entre juin et novembre 2018.<\/p>\n<h4>Programme complet :<\/h4>\n<p><strong>3 JUIN \u00c0 14 H<\/strong> &#8211; <a title=\"Projection du film L\u2019H\u00e9ritier par \u00c9dith Jorisch\" href=\"http:\/\/www.musee-mccord-stewart.ca\/fr\/activites\/projection-heritier\/\"><em>L&rsquo;H\u00e9ritier<\/em> d&rsquo;\u00c9dith Jorisch<\/a><br \/>\n<strong>1ER JUILLET\u00a0\u00c0 14 H<\/strong> &#8211; <a title=\"Projection du film Mesdames et messieurs, M. Leonard Cohen\" href=\"http:\/\/www.musee-mccord-stewart.ca\/fr\/activites\/projection-leonard-cohen\/\"><em>Mesdames et Messieurs, M. Leonard Cohen<\/em> de Donald Brittain et Don Owen<\/a><br \/>\n<strong>5 AO\u00dbT\u00a0\u00c0 14 H<\/strong> &#8211;\u00a0<a title=\"Projection Shalom Montr\u00e9al : Socalled de Garry Beitel\" href=\"http:\/\/www.musee-mccord-stewart.ca\/fr\/activites\/projection-socalled\/\"><em>Socalled<\/em> de Garry Beitel<\/a><br \/>\n<strong>2 SEPTEMBRE\u00a0\u00c0 14 H<\/strong> &#8211;\u00a0<a title=\"Projection de The Apprenticeship of Duddy Kravitz\" href=\"http:\/\/www.musee-mccord-stewart.ca\/fr\/activites\/projection-duddy-kravitz\/\"><em>The Apprenticeship of Duddy Kravitz<\/em> de Ted Kotcheff<\/a><br \/>\n<strong>7 OCTOBRE\u00a0\u00c0 14 H<\/strong> &#8211;<em>\u00a0<a title=\"Projection de Chez Schwartz de Garry Beitel\" href=\"http:\/\/www.musee-mccord-stewart.ca\/fr\/activites\/projection-chez-schwartz\/\">Chez Schwartz<\/a><\/em> de Garry Beitel<br \/>\n<strong>4 NOVEMBRE\u00a0\u00c0 14 H<\/strong> &#8211;\u00a0<a title=\"Projection de Barney\u2019s Version de Richard J. Lewis\" href=\"http:\/\/www.musee-mccord-stewart.ca\/fr\/activites\/projection-barneys-version\/\"><em>Barney\u2019s Version<\/em> de Richard J. Lewis<\/a><\/p>\n<p>De multiples activit\u00e9s sont organis\u00e9es dans le cadre de l\u2019exposition : d\u00e9couvrez les\u00a0<a title=\"Concerts Shalom Montr\u00e9al\" href=\"http:\/\/www.musee-mccord-stewart.ca\/fr\/concerts-shalom-montreal\/\">concerts ext\u00e9rieurs dans\u00a0<em>La For\u00eat urbaine<\/em>\u00a0<\/a>\u00a0en juillet et ao\u00fbt, et les\u00a0<a title=\"Projections Shalom Montr\u00e9al\" href=\"http:\/\/www.musee-mccord-stewart.ca\/fr\/projections-shalom-montreal\/\">projections gratuites<\/a>\u00a0chaque premier dimanche du mois.<\/p>\n<p><strong>Projections gratuites<\/strong><br \/>\n<strong>Lieu :<\/strong> Th\u00e9\u00e2tre J. A. Bombardier du Mus\u00e9e McCord<\/p>\n<p><strong>Privil\u00e8ge aux Membres &#8211;\u00a0<a href=\"mailto:membership@mccord-stewart.ca\">R\u00e9servez votre place!<\/a><\/strong><br \/>\nLes Membres du Mus\u00e9e peuvent r\u00e9server leur place aux activit\u00e9s et profiter d\u2019un acc\u00e8s illimit\u00e9 au Mus\u00e9e McCord et au Mus\u00e9e Stewart, en plus d\u2019une foule de privil\u00e8ges.\u00a0<a href=\"http:\/\/www.musee-mccord-stewart.ca\/fr\/devenez-membre\/\">Devenez Membre aujourd\u2019hui!<\/a><\/p>\n","protected":false},"excerpt":{"rendered":"<p>Dans le cadre de l&rsquo;exposition Shalom Montr\u00e9al &#8211; Histoires et contributions de la communaut\u00e9 juive, des projections de films sont tenues tous les premiers dimanches du mois \u00e0 14 h entre juin et novembre 2018. Programme complet : 3 JUIN \u00c0 14 H &#8211; L&rsquo;H\u00e9ritier d&rsquo;\u00c9dith Jorisch 1ER JUILLET\u00a0\u00c0 14 H &#8211; Mesdames et Messieurs, [&hellip;]<\/p>\n","protected":false},"author":17,"featured_media":0,"parent":0,"menu_order":0,"comment_status":"closed","ping_status":"closed","template":"page-templates\/page-texte.php","meta":{"footnotes":""},"categories":[],"tags":[],"acf":[],"yoast_head":"<!-- This site is optimized with the Yoast SEO Premium plugin v20.11 (Yoast SEO v20.11) - https:\/\/yoast.com\/wordpress\/plugins\/seo\/ -->\n<title>Projections Shalom Montr\u00e9al - Mus\u00e9e McCord Stewart<\/title>\n<meta name=\"description\" content=\"Dans le cadre de l&#039;exposition Shalom Montr\u00e9al, des projections de films sont tenues tous les premiers dimanches du mois entre juin et novembre 2018.\" \/>\n<meta name=\"robots\" content=\"index, follow, max-snippet:-1, max-image-preview:large, max-video-preview:-1\" \/>\n<link rel=\"canonical\" href=\"https:\/\/www.musee-mccord-stewart.ca\/fr\/projections-shalom-montreal\/\" \/>\n<meta property=\"og:locale\" content=\"fr_FR\" \/>\n<meta property=\"og:type\" content=\"article\" \/>\n<meta property=\"og:title\" content=\"Projections Shalom Montr\u00e9al\" \/>\n<meta property=\"og:description\" content=\"Dans le cadre de l&#039;exposition Shalom Montr\u00e9al - Histoires et contributions de la communaut\u00e9 juive, des projections de films sont tenues tous les premiers\" \/>\n<meta property=\"og:url\" content=\"https:\/\/www.musee-mccord-stewart.ca\/fr\/projections-shalom-montreal\/\" \/>\n<meta property=\"og:site_name\" content=\"Mus\u00e9e McCord Stewart\" \/>\n<meta property=\"article:publisher\" content=\"https:\/\/www.facebook.com\/museemccordstewart\" \/>\n<meta property=\"article:modified_time\" content=\"2018-07-04T20:07:35+00:00\" \/>\n<meta property=\"og:image\" content=\"https:\/\/www.musee-mccord-stewart.ca\/app\/uploads\/2022\/09\/mccord-stewart_facade-exterieur-henderson-2022_roger-aziz_1320x480.jpg\" \/>\n\t<meta property=\"og:image:width\" content=\"1320\" \/>\n\t<meta property=\"og:image:height\" content=\"480\" \/>\n\t<meta property=\"og:image:type\" content=\"image\/jpeg\" \/>\n<meta name=\"twitter:card\" content=\"summary_large_image\" \/>\n<meta name=\"twitter:site\" content=\"@MuseeMcCordStew\" \/>\n<meta name=\"twitter:label1\" content=\"Dur\u00e9e de lecture estim\u00e9e\" \/>\n\t<meta name=\"twitter:data1\" content=\"1 minute\" \/>\n<script type=\"application\/ld+json\" class=\"yoast-schema-graph\">{\"@context\":\"https:\/\/schema.org\",\"@graph\":[{\"@type\":\"WebPage\",\"@id\":\"https:\/\/www.musee-mccord-stewart.ca\/fr\/projections-shalom-montreal\/\",\"url\":\"https:\/\/www.musee-mccord-stewart.ca\/fr\/projections-shalom-montreal\/\",\"name\":\"Projections Shalom Montr\u00e9al - Mus\u00e9e McCord Stewart\",\"isPartOf\":{\"@id\":\"https:\/\/www.musee-mccord-stewart.ca\/fr\/#website\"},\"datePublished\":\"2018-06-14T14:16:37+00:00\",\"dateModified\":\"2018-07-04T20:07:35+00:00\",\"description\":\"Dans le cadre de l'exposition Shalom Montr\u00e9al, des projections de films sont tenues tous les premiers dimanches du mois entre juin et novembre 2018.\",\"breadcrumb\":{\"@id\":\"https:\/\/www.musee-mccord-stewart.ca\/fr\/projections-shalom-montreal\/#breadcrumb\"},\"inLanguage\":\"fr-FR\",\"potentialAction\":[{\"@type\":\"ReadAction\",\"target\":[\"https:\/\/www.musee-mccord-stewart.ca\/fr\/projections-shalom-montreal\/\"]}]},{\"@type\":\"BreadcrumbList\",\"@id\":\"https:\/\/www.musee-mccord-stewart.ca\/fr\/projections-shalom-montreal\/#breadcrumb\",\"itemListElement\":[{\"@type\":\"ListItem\",\"position\":1,\"name\":\"Accueil\",\"item\":\"https:\/\/www.musee-mccord-stewart.ca\/fr\/\"},{\"@type\":\"ListItem\",\"position\":2,\"name\":\"Projections Shalom Montr\u00e9al\"}]},{\"@type\":\"WebSite\",\"@id\":\"https:\/\/www.musee-mccord-stewart.ca\/fr\/#website\",\"url\":\"https:\/\/www.musee-mccord-stewart.ca\/fr\/\",\"name\":\"Mus\u00e9e McCord Stewart\",\"description\":\"Notre monde, nos histoires\",\"publisher\":{\"@id\":\"https:\/\/www.musee-mccord-stewart.ca\/fr\/#organization\"},\"alternateName\":\"MCS\",\"potentialAction\":[{\"@type\":\"SearchAction\",\"target\":{\"@type\":\"EntryPoint\",\"urlTemplate\":\"https:\/\/www.musee-mccord-stewart.ca\/fr\/?s={search_term_string}\"},\"query-input\":\"required name=search_term_string\"}],\"inLanguage\":\"fr-FR\"},{\"@type\":\"Organization\",\"@id\":\"https:\/\/www.musee-mccord-stewart.ca\/fr\/#organization\",\"name\":\"McCord Stewart Museum\",\"alternateName\":\"MCS\",\"url\":\"https:\/\/www.musee-mccord-stewart.ca\/fr\/\",\"logo\":{\"@type\":\"ImageObject\",\"inLanguage\":\"fr-FR\",\"@id\":\"https:\/\/www.musee-mccord-stewart.ca\/fr\/#\/schema\/logo\/image\/\",\"url\":\"https:\/\/www.musee-mccord-stewart.ca\/app\/uploads\/2023\/05\/logo_museemccordstewart_horizontal_noir_slogan.svg\",\"contentUrl\":\"https:\/\/www.musee-mccord-stewart.ca\/app\/uploads\/2023\/05\/logo_museemccordstewart_horizontal_noir_slogan.svg\",\"width\":1,\"height\":1,\"caption\":\"McCord Stewart Museum\"},\"image\":{\"@id\":\"https:\/\/www.musee-mccord-stewart.ca\/fr\/#\/schema\/logo\/image\/\"},\"sameAs\":[\"https:\/\/www.facebook.com\/museemccordstewart\",\"https:\/\/twitter.com\/MuseeMcCordStew\",\"https:\/\/instagram.com\/museemccordstewart\",\"https:\/\/www.linkedin.com\/company\/museemccordstewart\/\",\"https:\/\/www.pinterest.com\/museemccordstewart\/\",\"https:\/\/www.youtube.com\/c\/MuseeMcCordStewartMuseum\"]}]}<\/script>\n<!-- \/ Yoast SEO Premium plugin. -->","yoast_head_json":{"title":"Projections Shalom Montr\u00e9al - Mus\u00e9e McCord Stewart","description":"Dans le cadre de l'exposition Shalom Montr\u00e9al, des projections de films sont tenues tous les premiers dimanches du mois entre juin et novembre 2018.","robots":{"index":"index","follow":"follow","max-snippet":"max-snippet:-1","max-image-preview":"max-image-preview:large","max-video-preview":"max-video-preview:-1"},"canonical":"https:\/\/www.musee-mccord-stewart.ca\/fr\/projections-shalom-montreal\/","og_locale":"fr_FR","og_type":"article","og_title":"Projections Shalom Montr\u00e9al","og_description":"Dans le cadre de l'exposition Shalom Montr\u00e9al - Histoires et contributions de la communaut\u00e9 juive, des projections de films sont tenues tous les premiers","og_url":"https:\/\/www.musee-mccord-stewart.ca\/fr\/projections-shalom-montreal\/","og_site_name":"Mus\u00e9e McCord Stewart","article_publisher":"https:\/\/www.facebook.com\/museemccordstewart","article_modified_time":"2018-07-04T20:07:35+00:00","og_image":[{"width":1320,"height":480,"url":"https:\/\/www.musee-mccord-stewart.ca\/app\/uploads\/2022\/09\/mccord-stewart_facade-exterieur-henderson-2022_roger-aziz_1320x480.jpg","type":"image\/jpeg"}],"twitter_card":"summary_large_image","twitter_site":"@MuseeMcCordStew","twitter_misc":{"Dur\u00e9e de lecture estim\u00e9e":"1 minute"},"schema":{"@context":"https:\/\/schema.org","@graph":[{"@type":"WebPage","@id":"https:\/\/www.musee-mccord-stewart.ca\/fr\/projections-shalom-montreal\/","url":"https:\/\/www.musee-mccord-stewart.ca\/fr\/projections-shalom-montreal\/","name":"Projections Shalom Montr\u00e9al - Mus\u00e9e McCord Stewart","isPartOf":{"@id":"https:\/\/www.musee-mccord-stewart.ca\/fr\/#website"},"datePublished":"2018-06-14T14:16:37+00:00","dateModified":"2018-07-04T20:07:35+00:00","description":"Dans le cadre de l'exposition Shalom Montr\u00e9al, des projections de films sont tenues tous les premiers dimanches du mois entre juin et novembre 2018.","breadcrumb":{"@id":"https:\/\/www.musee-mccord-stewart.ca\/fr\/projections-shalom-montreal\/#breadcrumb"},"inLanguage":"fr-FR","potentialAction":[{"@type":"ReadAction","target":["https:\/\/www.musee-mccord-stewart.ca\/fr\/projections-shalom-montreal\/"]}]},{"@type":"BreadcrumbList","@id":"https:\/\/www.musee-mccord-stewart.ca\/fr\/projections-shalom-montreal\/#breadcrumb","itemListElement":[{"@type":"ListItem","position":1,"name":"Accueil","item":"https:\/\/www.musee-mccord-stewart.ca\/fr\/"},{"@type":"ListItem","position":2,"name":"Projections Shalom Montr\u00e9al"}]},{"@type":"WebSite","@id":"https:\/\/www.musee-mccord-stewart.ca\/fr\/#website","url":"https:\/\/www.musee-mccord-stewart.ca\/fr\/","name":"Mus\u00e9e McCord Stewart","description":"Notre monde, nos histoires","publisher":{"@id":"https:\/\/www.musee-mccord-stewart.ca\/fr\/#organization"},"alternateName":"MCS","potentialAction":[{"@type":"SearchAction","target":{"@type":"EntryPoint","urlTemplate":"https:\/\/www.musee-mccord-stewart.ca\/fr\/?s={search_term_string}"},"query-input":"required name=search_term_string"}],"inLanguage":"fr-FR"},{"@type":"Organization","@id":"https:\/\/www.musee-mccord-stewart.ca\/fr\/#organization","name":"McCord Stewart Museum","alternateName":"MCS","url":"https:\/\/www.musee-mccord-stewart.ca\/fr\/","logo":{"@type":"ImageObject","inLanguage":"fr-FR","@id":"https:\/\/www.musee-mccord-stewart.ca\/fr\/#\/schema\/logo\/image\/","url":"https:\/\/www.musee-mccord-stewart.ca\/app\/uploads\/2023\/05\/logo_museemccordstewart_horizontal_noir_slogan.svg","contentUrl":"https:\/\/www.musee-mccord-stewart.ca\/app\/uploads\/2023\/05\/logo_museemccordstewart_horizontal_noir_slogan.svg","width":1,"height":1,"caption":"McCord Stewart Museum"},"image":{"@id":"https:\/\/www.musee-mccord-stewart.ca\/fr\/#\/schema\/logo\/image\/"},"sameAs":["https:\/\/www.facebook.com\/museemccordstewart","https:\/\/twitter.com\/MuseeMcCordStew","https:\/\/instagram.com\/museemccordstewart","https:\/\/www.linkedin.com\/company\/museemccordstewart\/","https:\/\/www.pinterest.com\/museemccordstewart\/","https:\/\/www.youtube.com\/c\/MuseeMcCordStewartMuseum"]}]}},"_links":{"self":[{"href":"https:\/\/www.musee-mccord-stewart.ca\/fr\/wp-json\/wp\/v2\/pages\/22541"}],"collection":[{"href":"https:\/\/www.musee-mccord-stewart.ca\/fr\/wp-json\/wp\/v2\/pages"}],"about":[{"href":"https:\/\/www.musee-mccord-stewart.ca\/fr\/wp-json\/wp\/v2\/types\/page"}],"author":[{"embeddable":true,"href":"https:\/\/www.musee-mccord-stewart.ca\/fr\/wp-json\/wp\/v2\/users\/17"}],"replies":[{"embeddable":true,"href":"https:\/\/www.musee-mccord-stewart.ca\/fr\/wp-json\/wp\/v2\/comments?post=22541"}],"version-history":[{"count":0,"href":"https:\/\/www.musee-mccord-stewart.ca\/fr\/wp-json\/wp\/v2\/pages\/22541\/revisions"}],"wp:attachment":[{"href":"https:\/\/www.musee-mccord-stewart.ca\/fr\/wp-json\/wp\/v2\/media?parent=22541"}],"wp:term":[{"taxonomy":"category","embeddable":true,"href":"https:\/\/www.musee-mccord-stewart.ca\/fr\/wp-json\/wp\/v2\/categories?post=22541"},{"taxonomy":"post_tag","embeddable":true,"href":"https:\/\/www.musee-mccord-stewart.ca\/fr\/wp-json\/wp\/v2\/tags?post=22541"}],"curies":[{"name":"wp","href":"https:\/\/api.w.org\/{rel}","templated":true}]}}