{"id":22364,"date":"2018-05-25T11:25:07","date_gmt":"2018-05-25T15:25:07","guid":{"rendered":"http:\/\/www.musee-mccord-stewart.ca\/?page_id=22364\/"},"modified":"2018-07-26T09:45:54","modified_gmt":"2018-07-26T13:45:54","slug":"concerts-shalom-montreal","status":"publish","type":"page","link":"https:\/\/www.musee-mccord-stewart.ca\/fr\/concerts-shalom-montreal\/","title":{"rendered":"Concerts Shalom Montr\u00e9al"},"content":{"rendered":"<p>En lien avec l&rsquo;exposition <a href=\"http:\/\/www.musee-mccord-stewart.ca\/fr\/expositions\/shalom-montreal\/\"><em>Shalom Montr\u00e9al &#8211; Histoires et contributions de la communaut\u00e9 juive<\/em><\/a>, des concerts ext\u00e9rieurs sont pr\u00e9sent\u00e9s tous les mercredis de juillet et ao\u00fbt dans la<em> For\u00eat urbaine<\/em> du Mus\u00e9e McCord.<\/p>\n<h3>Programme complet des Concerts Shalom Montr\u00e9al<\/h3>\n<p><strong>4 JUILLET &#8211; <a title=\"Concerts Shalom Montr\u00e9al : Ichka\" href=\"http:\/\/www.musee-mccord-stewart.ca\/fr\/activites\/concert-ichka\/\">Ichka<\/a><\/strong><br \/>\n<strong>11 JUILLET &#8211; <a title=\"Concerts Shalom Montr\u00e9al : Siach Hasadeh\" href=\"http:\/\/www.musee-mccord-stewart.ca\/fr\/activites\/concert-siach-hasadeh\/\">Siach Hasadeh<\/a>\u00a0<\/strong><br \/>\n<strong>18 JUILLET &#8211; <a title=\"Concerts Shalom Montr\u00e9al : Oktopus\" href=\"http:\/\/www.musee-mccord-stewart.ca\/fr\/activites\/concert-oktopus\/\">Oktopus<\/a>\u00a0<\/strong><strong><br \/>\n1ER AO\u00dbT &#8211; <a title=\"Concerts Shalom Montr\u00e9al : Orkestra Severni\" href=\"http:\/\/www.musee-mccord-stewart.ca\/fr\/activites\/concert-orkestra-severni\/\">Orkestra Severni<br \/>\n<\/a><\/strong><strong>2 AO\u00dbT &#8211; <a title=\"Concerts Shalom Montr\u00e9al : Shtreiml\" href=\"http:\/\/www.musee-mccord-stewart.ca\/fr\/activites\/concert-shtreiml\/\">Shtreiml<\/a><\/strong><br \/>\n<strong>8 AO\u00dbT &#8211; <a title=\"Concerts Shalom Montr\u00e9al : Jordi Rosen\" href=\"http:\/\/www.musee-mccord-stewart.ca\/fr\/activites\/concert-jordi-rosen\/\">Jordi Rosen<\/a>\u00a0<\/strong><br \/>\n<strong>15 AO\u00dbT &#8211; <a title=\"Concerts Shalom Montr\u00e9al : Orkestar Kriminal\" href=\"http:\/\/www.musee-mccord-stewart.ca\/fr\/activites\/concert-orkestar-kriminal\/\">Orkestar Kriminal<\/a><br \/>\n22 AO\u00dbT &#8211; <a title=\"Concerts Shalom Montr\u00e9al : Tonnes\" href=\"http:\/\/www.musee-mccord-stewart.ca\/fr\/activites\/concert-tonnes\/\">Tonnes<\/a><\/strong><br \/>\n<strong>29 AO\u00dbT &#8211; <a title=\"Concerts Shalom Montr\u00e9al : Ora Cogan\" href=\"http:\/\/www.musee-mccord-stewart.ca\/fr\/activites\/concert-ora-cogan\/\">Ora Cogan<\/a>\u00a0<\/strong><\/p>\n<p><strong>Concerts gratuits et ouverts \u00e0 tous!<\/strong><br \/>\n<strong>Lieu :<\/strong> rue Victoria, entre la rue Sherbrooke Ouest et l&rsquo;Avenue du Pr\u00e9sident-Kennedy<br \/>\nSauf indication contraire,\u00a0en cas de pluie, les concerts seront annul\u00e9s.<\/p>\n","protected":false},"excerpt":{"rendered":"<p>En lien avec l&rsquo;exposition Shalom Montr\u00e9al &#8211; Histoires et contributions de la communaut\u00e9 juive, des concerts ext\u00e9rieurs sont pr\u00e9sent\u00e9s tous les mercredis de juillet et ao\u00fbt dans la For\u00eat urbaine du Mus\u00e9e McCord. Programme complet des Concerts Shalom Montr\u00e9al 4 JUILLET &#8211; Ichka 11 JUILLET &#8211; Siach Hasadeh\u00a0 18 JUILLET &#8211; Oktopus\u00a0 1ER AO\u00dbT &#8211; [&hellip;]<\/p>\n","protected":false},"author":17,"featured_media":0,"parent":0,"menu_order":0,"comment_status":"closed","ping_status":"closed","template":"page-templates\/page-texte.php","meta":{"footnotes":""},"categories":[],"tags":[],"acf":[],"yoast_head":"<!-- This site is optimized with the Yoast SEO Premium plugin v20.11 (Yoast SEO v20.11) - https:\/\/yoast.com\/wordpress\/plugins\/seo\/ -->\n<title>Concerts Shalom Montr\u00e9al - Mus\u00e9e McCord Stewart<\/title>\n<meta name=\"description\" content=\"En lien avec l&#039;exposition Shalom Montr\u00e9al - Histoires et contributions de la communaut\u00e9 juive, des concerts ext\u00e9rieurs sont donn\u00e9s dans la For\u00eat urbaine.\" \/>\n<meta name=\"robots\" content=\"index, follow, max-snippet:-1, max-image-preview:large, max-video-preview:-1\" \/>\n<link rel=\"canonical\" href=\"https:\/\/www.musee-mccord-stewart.ca\/fr\/concerts-shalom-montreal\/\" \/>\n<meta property=\"og:locale\" content=\"fr_FR\" \/>\n<meta property=\"og:type\" content=\"article\" \/>\n<meta property=\"og:title\" content=\"Concerts Shalom Montr\u00e9al\" \/>\n<meta property=\"og:description\" content=\"En lien avec l&#039;exposition Shalom Montr\u00e9al - Histoires et contributions de la communaut\u00e9 juive, des concerts ext\u00e9rieurs sont pr\u00e9sent\u00e9s tous les mercredis\" \/>\n<meta property=\"og:url\" content=\"https:\/\/www.musee-mccord-stewart.ca\/fr\/concerts-shalom-montreal\/\" \/>\n<meta property=\"og:site_name\" content=\"Mus\u00e9e McCord Stewart\" \/>\n<meta property=\"article:publisher\" content=\"https:\/\/www.facebook.com\/museemccordstewart\" \/>\n<meta property=\"article:modified_time\" content=\"2018-07-26T13:45:54+00:00\" \/>\n<meta property=\"og:image\" content=\"https:\/\/www.musee-mccord-stewart.ca\/app\/uploads\/2022\/09\/mccord-stewart_facade-exterieur-henderson-2022_roger-aziz_1320x480.jpg\" \/>\n\t<meta property=\"og:image:width\" content=\"1320\" \/>\n\t<meta property=\"og:image:height\" content=\"480\" \/>\n\t<meta property=\"og:image:type\" content=\"image\/jpeg\" \/>\n<meta name=\"twitter:card\" content=\"summary_large_image\" \/>\n<meta name=\"twitter:site\" content=\"@MuseeMcCordStew\" \/>\n<meta name=\"twitter:label1\" content=\"Dur\u00e9e de lecture estim\u00e9e\" \/>\n\t<meta name=\"twitter:data1\" content=\"1 minute\" \/>\n<script type=\"application\/ld+json\" class=\"yoast-schema-graph\">{\"@context\":\"https:\/\/schema.org\",\"@graph\":[{\"@type\":\"WebPage\",\"@id\":\"https:\/\/www.musee-mccord-stewart.ca\/fr\/concerts-shalom-montreal\/\",\"url\":\"https:\/\/www.musee-mccord-stewart.ca\/fr\/concerts-shalom-montreal\/\",\"name\":\"Concerts Shalom Montr\u00e9al - Mus\u00e9e McCord Stewart\",\"isPartOf\":{\"@id\":\"https:\/\/www.musee-mccord-stewart.ca\/fr\/#website\"},\"datePublished\":\"2018-05-25T15:25:07+00:00\",\"dateModified\":\"2018-07-26T13:45:54+00:00\",\"description\":\"En lien avec l'exposition Shalom Montr\u00e9al - Histoires et contributions de la communaut\u00e9 juive, des concerts ext\u00e9rieurs sont donn\u00e9s dans la For\u00eat urbaine.\",\"breadcrumb\":{\"@id\":\"https:\/\/www.musee-mccord-stewart.ca\/fr\/concerts-shalom-montreal\/#breadcrumb\"},\"inLanguage\":\"fr-FR\",\"potentialAction\":[{\"@type\":\"ReadAction\",\"target\":[\"https:\/\/www.musee-mccord-stewart.ca\/fr\/concerts-shalom-montreal\/\"]}]},{\"@type\":\"BreadcrumbList\",\"@id\":\"https:\/\/www.musee-mccord-stewart.ca\/fr\/concerts-shalom-montreal\/#breadcrumb\",\"itemListElement\":[{\"@type\":\"ListItem\",\"position\":1,\"name\":\"Accueil\",\"item\":\"https:\/\/www.musee-mccord-stewart.ca\/fr\/\"},{\"@type\":\"ListItem\",\"position\":2,\"name\":\"Concerts Shalom Montr\u00e9al\"}]},{\"@type\":\"WebSite\",\"@id\":\"https:\/\/www.musee-mccord-stewart.ca\/fr\/#website\",\"url\":\"https:\/\/www.musee-mccord-stewart.ca\/fr\/\",\"name\":\"Mus\u00e9e McCord Stewart\",\"description\":\"Notre monde, nos histoires\",\"publisher\":{\"@id\":\"https:\/\/www.musee-mccord-stewart.ca\/fr\/#organization\"},\"alternateName\":\"MCS\",\"potentialAction\":[{\"@type\":\"SearchAction\",\"target\":{\"@type\":\"EntryPoint\",\"urlTemplate\":\"https:\/\/www.musee-mccord-stewart.ca\/fr\/?s={search_term_string}\"},\"query-input\":\"required name=search_term_string\"}],\"inLanguage\":\"fr-FR\"},{\"@type\":\"Organization\",\"@id\":\"https:\/\/www.musee-mccord-stewart.ca\/fr\/#organization\",\"name\":\"McCord Stewart Museum\",\"alternateName\":\"MCS\",\"url\":\"https:\/\/www.musee-mccord-stewart.ca\/fr\/\",\"logo\":{\"@type\":\"ImageObject\",\"inLanguage\":\"fr-FR\",\"@id\":\"https:\/\/www.musee-mccord-stewart.ca\/fr\/#\/schema\/logo\/image\/\",\"url\":\"https:\/\/www.musee-mccord-stewart.ca\/app\/uploads\/2023\/05\/logo_museemccordstewart_horizontal_noir_slogan.svg\",\"contentUrl\":\"https:\/\/www.musee-mccord-stewart.ca\/app\/uploads\/2023\/05\/logo_museemccordstewart_horizontal_noir_slogan.svg\",\"width\":1,\"height\":1,\"caption\":\"McCord Stewart Museum\"},\"image\":{\"@id\":\"https:\/\/www.musee-mccord-stewart.ca\/fr\/#\/schema\/logo\/image\/\"},\"sameAs\":[\"https:\/\/www.facebook.com\/museemccordstewart\",\"https:\/\/twitter.com\/MuseeMcCordStew\",\"https:\/\/instagram.com\/museemccordstewart\",\"https:\/\/www.linkedin.com\/company\/museemccordstewart\/\",\"https:\/\/www.pinterest.com\/museemccordstewart\/\",\"https:\/\/www.youtube.com\/c\/MuseeMcCordStewartMuseum\"]}]}<\/script>\n<!-- \/ Yoast SEO Premium plugin. -->","yoast_head_json":{"title":"Concerts Shalom Montr\u00e9al - Mus\u00e9e McCord Stewart","description":"En lien avec l'exposition Shalom Montr\u00e9al - Histoires et contributions de la communaut\u00e9 juive, des concerts ext\u00e9rieurs sont donn\u00e9s dans la For\u00eat urbaine.","robots":{"index":"index","follow":"follow","max-snippet":"max-snippet:-1","max-image-preview":"max-image-preview:large","max-video-preview":"max-video-preview:-1"},"canonical":"https:\/\/www.musee-mccord-stewart.ca\/fr\/concerts-shalom-montreal\/","og_locale":"fr_FR","og_type":"article","og_title":"Concerts Shalom Montr\u00e9al","og_description":"En lien avec l'exposition Shalom Montr\u00e9al - Histoires et contributions de la communaut\u00e9 juive, des concerts ext\u00e9rieurs sont pr\u00e9sent\u00e9s tous les mercredis","og_url":"https:\/\/www.musee-mccord-stewart.ca\/fr\/concerts-shalom-montreal\/","og_site_name":"Mus\u00e9e McCord Stewart","article_publisher":"https:\/\/www.facebook.com\/museemccordstewart","article_modified_time":"2018-07-26T13:45:54+00:00","og_image":[{"width":1320,"height":480,"url":"https:\/\/www.musee-mccord-stewart.ca\/app\/uploads\/2022\/09\/mccord-stewart_facade-exterieur-henderson-2022_roger-aziz_1320x480.jpg","type":"image\/jpeg"}],"twitter_card":"summary_large_image","twitter_site":"@MuseeMcCordStew","twitter_misc":{"Dur\u00e9e de lecture estim\u00e9e":"1 minute"},"schema":{"@context":"https:\/\/schema.org","@graph":[{"@type":"WebPage","@id":"https:\/\/www.musee-mccord-stewart.ca\/fr\/concerts-shalom-montreal\/","url":"https:\/\/www.musee-mccord-stewart.ca\/fr\/concerts-shalom-montreal\/","name":"Concerts Shalom Montr\u00e9al - Mus\u00e9e McCord Stewart","isPartOf":{"@id":"https:\/\/www.musee-mccord-stewart.ca\/fr\/#website"},"datePublished":"2018-05-25T15:25:07+00:00","dateModified":"2018-07-26T13:45:54+00:00","description":"En lien avec l'exposition Shalom Montr\u00e9al - Histoires et contributions de la communaut\u00e9 juive, des concerts ext\u00e9rieurs sont donn\u00e9s dans la For\u00eat urbaine.","breadcrumb":{"@id":"https:\/\/www.musee-mccord-stewart.ca\/fr\/concerts-shalom-montreal\/#breadcrumb"},"inLanguage":"fr-FR","potentialAction":[{"@type":"ReadAction","target":["https:\/\/www.musee-mccord-stewart.ca\/fr\/concerts-shalom-montreal\/"]}]},{"@type":"BreadcrumbList","@id":"https:\/\/www.musee-mccord-stewart.ca\/fr\/concerts-shalom-montreal\/#breadcrumb","itemListElement":[{"@type":"ListItem","position":1,"name":"Accueil","item":"https:\/\/www.musee-mccord-stewart.ca\/fr\/"},{"@type":"ListItem","position":2,"name":"Concerts Shalom Montr\u00e9al"}]},{"@type":"WebSite","@id":"https:\/\/www.musee-mccord-stewart.ca\/fr\/#website","url":"https:\/\/www.musee-mccord-stewart.ca\/fr\/","name":"Mus\u00e9e McCord Stewart","description":"Notre monde, nos histoires","publisher":{"@id":"https:\/\/www.musee-mccord-stewart.ca\/fr\/#organization"},"alternateName":"MCS","potentialAction":[{"@type":"SearchAction","target":{"@type":"EntryPoint","urlTemplate":"https:\/\/www.musee-mccord-stewart.ca\/fr\/?s={search_term_string}"},"query-input":"required name=search_term_string"}],"inLanguage":"fr-FR"},{"@type":"Organization","@id":"https:\/\/www.musee-mccord-stewart.ca\/fr\/#organization","name":"McCord Stewart Museum","alternateName":"MCS","url":"https:\/\/www.musee-mccord-stewart.ca\/fr\/","logo":{"@type":"ImageObject","inLanguage":"fr-FR","@id":"https:\/\/www.musee-mccord-stewart.ca\/fr\/#\/schema\/logo\/image\/","url":"https:\/\/www.musee-mccord-stewart.ca\/app\/uploads\/2023\/05\/logo_museemccordstewart_horizontal_noir_slogan.svg","contentUrl":"https:\/\/www.musee-mccord-stewart.ca\/app\/uploads\/2023\/05\/logo_museemccordstewart_horizontal_noir_slogan.svg","width":1,"height":1,"caption":"McCord Stewart Museum"},"image":{"@id":"https:\/\/www.musee-mccord-stewart.ca\/fr\/#\/schema\/logo\/image\/"},"sameAs":["https:\/\/www.facebook.com\/museemccordstewart","https:\/\/twitter.com\/MuseeMcCordStew","https:\/\/instagram.com\/museemccordstewart","https:\/\/www.linkedin.com\/company\/museemccordstewart\/","https:\/\/www.pinterest.com\/museemccordstewart\/","https:\/\/www.youtube.com\/c\/MuseeMcCordStewartMuseum"]}]}},"_links":{"self":[{"href":"https:\/\/www.musee-mccord-stewart.ca\/fr\/wp-json\/wp\/v2\/pages\/22364"}],"collection":[{"href":"https:\/\/www.musee-mccord-stewart.ca\/fr\/wp-json\/wp\/v2\/pages"}],"about":[{"href":"https:\/\/www.musee-mccord-stewart.ca\/fr\/wp-json\/wp\/v2\/types\/page"}],"author":[{"embeddable":true,"href":"https:\/\/www.musee-mccord-stewart.ca\/fr\/wp-json\/wp\/v2\/users\/17"}],"replies":[{"embeddable":true,"href":"https:\/\/www.musee-mccord-stewart.ca\/fr\/wp-json\/wp\/v2\/comments?post=22364"}],"version-history":[{"count":0,"href":"https:\/\/www.musee-mccord-stewart.ca\/fr\/wp-json\/wp\/v2\/pages\/22364\/revisions"}],"wp:attachment":[{"href":"https:\/\/www.musee-mccord-stewart.ca\/fr\/wp-json\/wp\/v2\/media?parent=22364"}],"wp:term":[{"taxonomy":"category","embeddable":true,"href":"https:\/\/www.musee-mccord-stewart.ca\/fr\/wp-json\/wp\/v2\/categories?post=22364"},{"taxonomy":"post_tag","embeddable":true,"href":"https:\/\/www.musee-mccord-stewart.ca\/fr\/wp-json\/wp\/v2\/tags?post=22364"}],"curies":[{"name":"wp","href":"https:\/\/api.w.org\/{rel}","templated":true}]}}