{"id":21477,"date":"2018-01-25T12:53:44","date_gmt":"2018-01-25T17:53:44","guid":{"rendered":"http:\/\/www.musee-mccord-stewart.ca\/?page_id=21477\/"},"modified":"2024-07-08T17:53:43","modified_gmt":"2024-07-08T21:53:43","slug":"guislaine-lemay","status":"publish","type":"page","link":"https:\/\/www.musee-mccord-stewart.ca\/fr\/collections\/equipe\/guislaine-lemay\/","title":{"rendered":"Guislaine Lemay"},"content":{"rendered":"<h4>Conservatrice, Culture Mat\u00e9rielle<\/h4>\n<p><strong><em>Au-del\u00e0 de sa mat\u00e9rialit\u00e9, l\u2019objet est insuffl\u00e9 d\u2019une signification culturelle, sociale, mais aussi personnelle et souvent \u00e9motionnelle. Ce sont ces histoires cach\u00e9es qui me fascinent et que j\u2019aime r\u00e9v\u00e9ler.<\/em><\/strong><\/p>\n<p>________<\/p>\n<p>Guislaine Lemay s\u2019est jointe au Mus\u00e9e en 1992, travaillant plus particuli\u00e8rement avec la collection Cultures autochtones. Elle a fait des \u00e9tudes en anthropologie et arch\u00e9ologie et d\u00e9tient une ma\u00eetrise en ethnohistoire de l\u2019Universit\u00e9 de Montr\u00e9al. En 2010, elle devient responsable de la collection des Arts d\u00e9coratifs du Mus\u00e9e. Depuis ce temps, elle explore un univers ludique et d\u00e9veloppe une expertise en mus\u00e9ologie consacr\u00e9e aux tr\u00e8s jeunes visiteuses et visiteurs en travaillant chaque ann\u00e9e sur une exposition de jouets destin\u00e9e aux enfants (et \u00e0 leurs parents), dont <strong><a href=\"http:\/\/www.musee-mccord.qc.ca\/fr\/expositions\/tohu-bohu-au-pays-des-contes\/\"><em>Tohu-bohu au pays des contes<\/em><\/a><\/strong>, <strong><a href=\"http:\/\/www.musee-mccord.qc.ca\/fr\/expositions\/le-cirque-de-monsieur-lapin\/\"><em>Le cirque de Monsieur Lapin<\/em><\/a><\/strong> et <strong><a href=\"https:\/\/www.musee-mccord.qc.ca\/fr\/expositions\/grenier-aux-tresors\/\"><em>Le grenier aux tr\u00e9sors<\/em><\/a><\/strong> pour n\u2019en nommer que quelques-unes. Elle participe en 2016 \u00e0 un vaste <a href=\"https:\/\/www.musee-mccord.qc.ca\/fr\/collections\/ceramique-et-verrerie\/\">projet de num\u00e9risation des objets en c\u00e9ramique et en verre<\/a>, un projet rendu possible gr\u00e2ce au soutien du Plan culturel num\u00e9rique du Qu\u00e9bec.<\/p>\n<p>En 2019, elle devient conservatrice de la collection Culture mat\u00e9rielle, issue de la fusion du Mus\u00e9e McCord et du Mus\u00e9e Stewart. Cette vaste collection englobe des artefacts qui t\u00e9moignent des int\u00e9rieurs domestiques, des avanc\u00e9es scientifiques, de la vie communautaire et des habitudes de consommation. On y trouve des objets aussi vari\u00e9s que des meubles, des articles li\u00e9s \u00e0 la pr\u00e9paration des aliments, \u00e0 la d\u00e9coration int\u00e9rieure, \u00e0 l\u2019organisation m\u00e9nag\u00e8re et \u00e0 la numismatique, des globes terrestres et des instruments de navigation, du mat\u00e9riel de chasse et de p\u00eache, des \u00e9quipements sportifs, des armes et des objets d\u2019art.<\/p>\n<p><a class=\"cta\" title=\"\" href=\"https:\/\/www.musee-mccord-stewart.ca\/fr\/collections\/culture-materielle\/\">Plus sur la collection Culture mat\u00e9rielle<i class=\"arrow-right-thickicon-\"><\/i><\/a><br \/>\n<a class=\"cta\" title=\"\" href=\"https:\/\/collections.musee-mccord-stewart.ca\/fr\/collections\/155920\/material-culture\/objects\">Explorez la collection en ligne<i class=\"arrow-right-thickicon-\"><\/i><\/a><\/p>\n","protected":false},"excerpt":{"rendered":"<p>Conservatrice, Culture Mat\u00e9rielle Au-del\u00e0 de sa mat\u00e9rialit\u00e9, l\u2019objet est insuffl\u00e9 d\u2019une signification culturelle, sociale, mais aussi personnelle et souvent \u00e9motionnelle. Ce sont ces histoires cach\u00e9es qui me fascinent et que j\u2019aime r\u00e9v\u00e9ler. ________ Guislaine Lemay s\u2019est jointe au Mus\u00e9e en 1992, travaillant plus particuli\u00e8rement avec la collection Cultures autochtones. Elle a fait des \u00e9tudes en [&hellip;]<\/p>\n","protected":false},"author":3,"featured_media":0,"parent":21301,"menu_order":0,"comment_status":"closed","ping_status":"closed","template":"page-templates\/page-texte.php","meta":{"footnotes":""},"categories":[],"tags":[],"acf":[],"yoast_head":"<!-- This site is optimized with the Yoast SEO Premium plugin v20.11 (Yoast SEO v20.11) - https:\/\/yoast.com\/wordpress\/plugins\/seo\/ -->\n<title>Guislaine Lemay - Conservatrice, Culture mat\u00e9rielle - Mus\u00e9e McCord Stewart<\/title>\n<meta name=\"description\" content=\"Faites connaissance avec Guislaine Lemay, conservatrice de la collection Culture mat\u00e9rielle et apprenez-en plus sur son expertise et son travail.\" \/>\n<meta name=\"robots\" content=\"index, follow, max-snippet:-1, max-image-preview:large, max-video-preview:-1\" \/>\n<link rel=\"canonical\" href=\"https:\/\/www.musee-mccord-stewart.ca\/fr\/collections\/equipe\/guislaine-lemay\/\" \/>\n<meta property=\"og:locale\" content=\"fr_FR\" \/>\n<meta property=\"og:type\" content=\"article\" \/>\n<meta property=\"og:title\" content=\"Guislaine Lemay\" \/>\n<meta property=\"og:description\" content=\"Conservatrice, Culture Mat\u00e9rielle Au-del\u00e0 de sa mat\u00e9rialit\u00e9, l\u2019objet est insuffl\u00e9 d\u2019une signification culturelle, sociale, mais aussi personnelle et\" \/>\n<meta property=\"og:url\" content=\"https:\/\/www.musee-mccord-stewart.ca\/fr\/collections\/equipe\/guislaine-lemay\/\" \/>\n<meta property=\"og:site_name\" content=\"Mus\u00e9e McCord Stewart\" \/>\n<meta property=\"article:publisher\" content=\"https:\/\/www.facebook.com\/museemccordstewart\" \/>\n<meta property=\"article:modified_time\" content=\"2024-07-08T21:53:43+00:00\" \/>\n<meta property=\"og:image\" content=\"https:\/\/www.musee-mccord-stewart.ca\/app\/uploads\/2022\/09\/mccord-stewart_facade-exterieur-henderson-2022_roger-aziz_1320x480.jpg\" \/>\n\t<meta property=\"og:image:width\" content=\"1320\" \/>\n\t<meta property=\"og:image:height\" content=\"480\" \/>\n\t<meta property=\"og:image:type\" content=\"image\/jpeg\" \/>\n<meta name=\"twitter:card\" content=\"summary_large_image\" \/>\n<meta name=\"twitter:site\" content=\"@MuseeMcCordStew\" \/>\n<meta name=\"twitter:label1\" content=\"Dur\u00e9e de lecture estim\u00e9e\" \/>\n\t<meta name=\"twitter:data1\" content=\"2 minutes\" \/>\n<script type=\"application\/ld+json\" class=\"yoast-schema-graph\">{\"@context\":\"https:\/\/schema.org\",\"@graph\":[{\"@type\":\"WebPage\",\"@id\":\"https:\/\/www.musee-mccord-stewart.ca\/fr\/collections\/equipe\/guislaine-lemay\/\",\"url\":\"https:\/\/www.musee-mccord-stewart.ca\/fr\/collections\/equipe\/guislaine-lemay\/\",\"name\":\"Guislaine Lemay - Conservatrice, Culture mat\u00e9rielle - Mus\u00e9e McCord Stewart\",\"isPartOf\":{\"@id\":\"https:\/\/www.musee-mccord-stewart.ca\/fr\/#website\"},\"datePublished\":\"2018-01-25T17:53:44+00:00\",\"dateModified\":\"2024-07-08T21:53:43+00:00\",\"description\":\"Faites connaissance avec Guislaine Lemay, conservatrice de la collection Culture mat\u00e9rielle et apprenez-en plus sur son expertise et son travail.\",\"breadcrumb\":{\"@id\":\"https:\/\/www.musee-mccord-stewart.ca\/fr\/collections\/equipe\/guislaine-lemay\/#breadcrumb\"},\"inLanguage\":\"fr-FR\",\"potentialAction\":[{\"@type\":\"ReadAction\",\"target\":[\"https:\/\/www.musee-mccord-stewart.ca\/fr\/collections\/equipe\/guislaine-lemay\/\"]}]},{\"@type\":\"BreadcrumbList\",\"@id\":\"https:\/\/www.musee-mccord-stewart.ca\/fr\/collections\/equipe\/guislaine-lemay\/#breadcrumb\",\"itemListElement\":[{\"@type\":\"ListItem\",\"position\":1,\"name\":\"Accueil\",\"item\":\"https:\/\/www.musee-mccord-stewart.ca\/fr\/\"},{\"@type\":\"ListItem\",\"position\":2,\"name\":\"Collections\",\"item\":\"https:\/\/www.musee-mccord-stewart.ca\/fr\/collections\/\"},{\"@type\":\"ListItem\",\"position\":3,\"name\":\"\u00c9quipe\",\"item\":\"https:\/\/www.musee-mccord-stewart.ca\/fr\/collections\/equipe\/\"},{\"@type\":\"ListItem\",\"position\":4,\"name\":\"Guislaine Lemay\"}]},{\"@type\":\"WebSite\",\"@id\":\"https:\/\/www.musee-mccord-stewart.ca\/fr\/#website\",\"url\":\"https:\/\/www.musee-mccord-stewart.ca\/fr\/\",\"name\":\"Mus\u00e9e McCord Stewart\",\"description\":\"Notre monde, nos histoires\",\"publisher\":{\"@id\":\"https:\/\/www.musee-mccord-stewart.ca\/fr\/#organization\"},\"alternateName\":\"MCS\",\"potentialAction\":[{\"@type\":\"SearchAction\",\"target\":{\"@type\":\"EntryPoint\",\"urlTemplate\":\"https:\/\/www.musee-mccord-stewart.ca\/fr\/?s={search_term_string}\"},\"query-input\":\"required name=search_term_string\"}],\"inLanguage\":\"fr-FR\"},{\"@type\":\"Organization\",\"@id\":\"https:\/\/www.musee-mccord-stewart.ca\/fr\/#organization\",\"name\":\"McCord Stewart Museum\",\"alternateName\":\"MCS\",\"url\":\"https:\/\/www.musee-mccord-stewart.ca\/fr\/\",\"logo\":{\"@type\":\"ImageObject\",\"inLanguage\":\"fr-FR\",\"@id\":\"https:\/\/www.musee-mccord-stewart.ca\/fr\/#\/schema\/logo\/image\/\",\"url\":\"https:\/\/www.musee-mccord-stewart.ca\/app\/uploads\/2023\/05\/logo_museemccordstewart_horizontal_noir_slogan.svg\",\"contentUrl\":\"https:\/\/www.musee-mccord-stewart.ca\/app\/uploads\/2023\/05\/logo_museemccordstewart_horizontal_noir_slogan.svg\",\"width\":1,\"height\":1,\"caption\":\"McCord Stewart Museum\"},\"image\":{\"@id\":\"https:\/\/www.musee-mccord-stewart.ca\/fr\/#\/schema\/logo\/image\/\"},\"sameAs\":[\"https:\/\/www.facebook.com\/museemccordstewart\",\"https:\/\/twitter.com\/MuseeMcCordStew\",\"https:\/\/instagram.com\/museemccordstewart\",\"https:\/\/www.linkedin.com\/company\/museemccordstewart\/\",\"https:\/\/www.pinterest.com\/museemccordstewart\/\",\"https:\/\/www.youtube.com\/c\/MuseeMcCordStewartMuseum\"]}]}<\/script>\n<!-- \/ Yoast SEO Premium plugin. -->","yoast_head_json":{"title":"Guislaine Lemay - Conservatrice, Culture mat\u00e9rielle - Mus\u00e9e McCord Stewart","description":"Faites connaissance avec Guislaine Lemay, conservatrice de la collection Culture mat\u00e9rielle et apprenez-en plus sur son expertise et son travail.","robots":{"index":"index","follow":"follow","max-snippet":"max-snippet:-1","max-image-preview":"max-image-preview:large","max-video-preview":"max-video-preview:-1"},"canonical":"https:\/\/www.musee-mccord-stewart.ca\/fr\/collections\/equipe\/guislaine-lemay\/","og_locale":"fr_FR","og_type":"article","og_title":"Guislaine Lemay","og_description":"Conservatrice, Culture Mat\u00e9rielle Au-del\u00e0 de sa mat\u00e9rialit\u00e9, l\u2019objet est insuffl\u00e9 d\u2019une signification culturelle, sociale, mais aussi personnelle et","og_url":"https:\/\/www.musee-mccord-stewart.ca\/fr\/collections\/equipe\/guislaine-lemay\/","og_site_name":"Mus\u00e9e McCord Stewart","article_publisher":"https:\/\/www.facebook.com\/museemccordstewart","article_modified_time":"2024-07-08T21:53:43+00:00","og_image":[{"width":1320,"height":480,"url":"https:\/\/www.musee-mccord-stewart.ca\/app\/uploads\/2022\/09\/mccord-stewart_facade-exterieur-henderson-2022_roger-aziz_1320x480.jpg","type":"image\/jpeg"}],"twitter_card":"summary_large_image","twitter_site":"@MuseeMcCordStew","twitter_misc":{"Dur\u00e9e de lecture estim\u00e9e":"2 minutes"},"schema":{"@context":"https:\/\/schema.org","@graph":[{"@type":"WebPage","@id":"https:\/\/www.musee-mccord-stewart.ca\/fr\/collections\/equipe\/guislaine-lemay\/","url":"https:\/\/www.musee-mccord-stewart.ca\/fr\/collections\/equipe\/guislaine-lemay\/","name":"Guislaine Lemay - Conservatrice, Culture mat\u00e9rielle - Mus\u00e9e McCord Stewart","isPartOf":{"@id":"https:\/\/www.musee-mccord-stewart.ca\/fr\/#website"},"datePublished":"2018-01-25T17:53:44+00:00","dateModified":"2024-07-08T21:53:43+00:00","description":"Faites connaissance avec Guislaine Lemay, conservatrice de la collection Culture mat\u00e9rielle et apprenez-en plus sur son expertise et son travail.","breadcrumb":{"@id":"https:\/\/www.musee-mccord-stewart.ca\/fr\/collections\/equipe\/guislaine-lemay\/#breadcrumb"},"inLanguage":"fr-FR","potentialAction":[{"@type":"ReadAction","target":["https:\/\/www.musee-mccord-stewart.ca\/fr\/collections\/equipe\/guislaine-lemay\/"]}]},{"@type":"BreadcrumbList","@id":"https:\/\/www.musee-mccord-stewart.ca\/fr\/collections\/equipe\/guislaine-lemay\/#breadcrumb","itemListElement":[{"@type":"ListItem","position":1,"name":"Accueil","item":"https:\/\/www.musee-mccord-stewart.ca\/fr\/"},{"@type":"ListItem","position":2,"name":"Collections","item":"https:\/\/www.musee-mccord-stewart.ca\/fr\/collections\/"},{"@type":"ListItem","position":3,"name":"\u00c9quipe","item":"https:\/\/www.musee-mccord-stewart.ca\/fr\/collections\/equipe\/"},{"@type":"ListItem","position":4,"name":"Guislaine Lemay"}]},{"@type":"WebSite","@id":"https:\/\/www.musee-mccord-stewart.ca\/fr\/#website","url":"https:\/\/www.musee-mccord-stewart.ca\/fr\/","name":"Mus\u00e9e McCord Stewart","description":"Notre monde, nos histoires","publisher":{"@id":"https:\/\/www.musee-mccord-stewart.ca\/fr\/#organization"},"alternateName":"MCS","potentialAction":[{"@type":"SearchAction","target":{"@type":"EntryPoint","urlTemplate":"https:\/\/www.musee-mccord-stewart.ca\/fr\/?s={search_term_string}"},"query-input":"required name=search_term_string"}],"inLanguage":"fr-FR"},{"@type":"Organization","@id":"https:\/\/www.musee-mccord-stewart.ca\/fr\/#organization","name":"McCord Stewart Museum","alternateName":"MCS","url":"https:\/\/www.musee-mccord-stewart.ca\/fr\/","logo":{"@type":"ImageObject","inLanguage":"fr-FR","@id":"https:\/\/www.musee-mccord-stewart.ca\/fr\/#\/schema\/logo\/image\/","url":"https:\/\/www.musee-mccord-stewart.ca\/app\/uploads\/2023\/05\/logo_museemccordstewart_horizontal_noir_slogan.svg","contentUrl":"https:\/\/www.musee-mccord-stewart.ca\/app\/uploads\/2023\/05\/logo_museemccordstewart_horizontal_noir_slogan.svg","width":1,"height":1,"caption":"McCord Stewart Museum"},"image":{"@id":"https:\/\/www.musee-mccord-stewart.ca\/fr\/#\/schema\/logo\/image\/"},"sameAs":["https:\/\/www.facebook.com\/museemccordstewart","https:\/\/twitter.com\/MuseeMcCordStew","https:\/\/instagram.com\/museemccordstewart","https:\/\/www.linkedin.com\/company\/museemccordstewart\/","https:\/\/www.pinterest.com\/museemccordstewart\/","https:\/\/www.youtube.com\/c\/MuseeMcCordStewartMuseum"]}]}},"_links":{"self":[{"href":"https:\/\/www.musee-mccord-stewart.ca\/fr\/wp-json\/wp\/v2\/pages\/21477"}],"collection":[{"href":"https:\/\/www.musee-mccord-stewart.ca\/fr\/wp-json\/wp\/v2\/pages"}],"about":[{"href":"https:\/\/www.musee-mccord-stewart.ca\/fr\/wp-json\/wp\/v2\/types\/page"}],"author":[{"embeddable":true,"href":"https:\/\/www.musee-mccord-stewart.ca\/fr\/wp-json\/wp\/v2\/users\/3"}],"replies":[{"embeddable":true,"href":"https:\/\/www.musee-mccord-stewart.ca\/fr\/wp-json\/wp\/v2\/comments?post=21477"}],"version-history":[{"count":0,"href":"https:\/\/www.musee-mccord-stewart.ca\/fr\/wp-json\/wp\/v2\/pages\/21477\/revisions"}],"up":[{"embeddable":true,"href":"https:\/\/www.musee-mccord-stewart.ca\/fr\/wp-json\/wp\/v2\/pages\/21301"}],"wp:attachment":[{"href":"https:\/\/www.musee-mccord-stewart.ca\/fr\/wp-json\/wp\/v2\/media?parent=21477"}],"wp:term":[{"taxonomy":"category","embeddable":true,"href":"https:\/\/www.musee-mccord-stewart.ca\/fr\/wp-json\/wp\/v2\/categories?post=21477"},{"taxonomy":"post_tag","embeddable":true,"href":"https:\/\/www.musee-mccord-stewart.ca\/fr\/wp-json\/wp\/v2\/tags?post=21477"}],"curies":[{"name":"wp","href":"https:\/\/api.w.org\/{rel}","templated":true}]}}