{"id":21251,"date":"2018-01-29T09:28:04","date_gmt":"2018-01-29T14:28:04","guid":{"rendered":"http:\/\/www.musee-mccord-stewart.ca\/?page_id=21251\/"},"modified":"2022-08-15T15:41:56","modified_gmt":"2022-08-15T19:41:56","slug":"helene-samson","status":"publish","type":"page","link":"https:\/\/www.musee-mccord-stewart.ca\/fr\/collections\/equipe\/helene-samson\/","title":{"rendered":"H\u00e9l\u00e8ne Samson"},"content":{"rendered":"<h4>Conservatrice associ\u00e9e, Photographie<\/h4>\n<p><strong><em>J\u2019\u00e9tais dans la vingtaine lorsque j\u2019ai eu un coup de foudre en regardant un livre de photos d\u2019Edward Steichen. Je m\u2019int\u00e9ressais plus au dessin, mais ces photographies m\u2019ont boulevers\u00e9e et donn\u00e9 l\u2019envie d\u2019en faire autant. \u00c9trangement, j\u2019ai eu la conviction que cet engouement pour la photo durerait toute ma vie.<\/em><\/strong><\/p>\n<p>________<\/p>\n<p>H\u00e9l\u00e8ne Samson s\u2019est jointe \u00e0 l\u2019\u00e9quipe du Mus\u00e9e McCord en 2006. Elle est responsable du d\u00e9veloppement et de la diffusion de la collection Photographie qui regroupe plus de 2 150 000 photographies, incluant la collection Notman. Ces photographies documentent la soci\u00e9t\u00e9 canadienne, principalement montr\u00e9alaise, des dix-neuvi\u00e8me et vingti\u00e8me si\u00e8cles.<\/p>\n<p>\u00c0 son arriv\u00e9e au Mus\u00e9e, elle organise le symposium <em>Images de soci\u00e9t\u00e9 : trajectoires variables<\/em> (septembre 2007), premier exemple de collaboration entre le milieu universitaire et le Mus\u00e9e McCord dans les \u00e9tudes photographiques. Depuis, elle con\u00e7oit les nombreuses expositions photographiques du Mus\u00e9e, notamment les expositions annuelles de l\u2019avenue McGill College qui permettent de mettre en valeur les multiples facettes de la collection.<\/p>\n<p>En 2017, elle remporte un prix d\u2019excellence de la Soci\u00e9t\u00e9 des mus\u00e9es du Qu\u00e9bec (SMQ) pour l\u2019exposition <a href=\"http:\/\/www.musee-mccord-stewart.ca\/fr\/expositions\/notman\/\"><em>Notman, photographe visionnaire<\/em><\/a>, de m\u00eame que le prix d\u2019excellence, cat\u00e9gorie Recherche \u2013 Patrimoine culturel de l\u2019Association des mus\u00e9es canadiens (AMC) pour le livre publi\u00e9 sous sa direction en compl\u00e9ment de l\u2019exposition.<\/p>\n<p>H\u00e9l\u00e8ne Samson poss\u00e8de un doctorat en histoire de l\u2019art de l\u2019Universit\u00e9 de Montr\u00e9al et est boursi\u00e8re du Conseil de recherches en sciences humaines du Canada (CRSH). Sa th\u00e8se porte sur l\u2019influence de la photographie d\u2019identit\u00e9 dans l\u2019art du portrait des ann\u00e9es 1980 \u00e0 2000. Elle est aussi dipl\u00f4m\u00e9e du d\u00e9partement d\u2019arts visuels de l\u2019Universit\u00e9 d\u2019Ottawa avec une sp\u00e9cialisation en photographie.<\/p>\n<p>En parall\u00e8le, elle a men\u00e9 des \u00e9tudes sup\u00e9rieures en psychologie exp\u00e9rimentale \u00e0 l\u2019Universit\u00e9 d\u2019Ottawa et \u00e0 l\u2019Universit\u00e9 de Nice. C\u2019est durant un s\u00e9jour de plusieurs ann\u00e9es en France qu\u2019elle effectue un tournant d\u00e9cisif vers l\u2019histoire de l\u2019art et la photographie. Son int\u00e9r\u00eat actuel pour le portrait photographique comme forme d\u2019expression de l\u2019identit\u00e9 narrative prend racine dans cette double formation et trouve un terrain de recherches exceptionnel dans la collection photographique du Mus\u00e9e McCord.<\/p>\n<p><strong><a href=\"http:\/\/www.musee-mccord-stewart.ca\/fr\/collections\/photographie\/\"> &#8211; PLUS SUR LA COLLECTION PHOTOGRAPHIE<\/a><\/strong><br \/>\n<strong><a href=\"http:\/\/www.musee-mccord-stewart.ca\/scripts\/search_results.php?Lang=2&amp;keywords=departmentID:00016\">&#8211; VOIR LES OBJETS EN LIGNE<\/a><\/strong><\/p>\n","protected":false},"excerpt":{"rendered":"<p>Conservatrice associ\u00e9e, Photographie J\u2019\u00e9tais dans la vingtaine lorsque j\u2019ai eu un coup de foudre en regardant un livre de photos d\u2019Edward Steichen. Je m\u2019int\u00e9ressais plus au dessin, mais ces photographies m\u2019ont boulevers\u00e9e et donn\u00e9 l\u2019envie d\u2019en faire autant. \u00c9trangement, j\u2019ai eu la conviction que cet engouement pour la photo durerait toute ma vie. ________ H\u00e9l\u00e8ne [&hellip;]<\/p>\n","protected":false},"author":3,"featured_media":0,"parent":21301,"menu_order":0,"comment_status":"closed","ping_status":"closed","template":"page-templates\/page-texte.php","meta":{"footnotes":""},"categories":[],"tags":[],"acf":[],"yoast_head":"<!-- This site is optimized with the Yoast SEO Premium plugin v20.11 (Yoast SEO v20.11) - https:\/\/yoast.com\/wordpress\/plugins\/seo\/ -->\n<title>H\u00e9l\u00e8ne Samson - Conservatrice, Photographie - Mus\u00e9e McCord<\/title>\n<meta name=\"description\" content=\"Faites connaissance avec H\u00e9l\u00e8ne Samson, Conservatrice de la collection Photographie.\" \/>\n<meta name=\"robots\" content=\"index, follow, max-snippet:-1, max-image-preview:large, max-video-preview:-1\" \/>\n<link rel=\"canonical\" href=\"https:\/\/www.musee-mccord-stewart.ca\/fr\/collections\/equipe\/helene-samson\/\" \/>\n<meta property=\"og:locale\" content=\"fr_FR\" \/>\n<meta property=\"og:type\" content=\"article\" \/>\n<meta property=\"og:title\" content=\"H\u00e9l\u00e8ne Samson\" \/>\n<meta property=\"og:description\" content=\"Conservatrice associ\u00e9e, Photographie J\u2019\u00e9tais dans la vingtaine lorsque j\u2019ai eu un coup de foudre en regardant un livre de photos d\u2019Edward Steichen. Je\" \/>\n<meta property=\"og:url\" content=\"https:\/\/www.musee-mccord-stewart.ca\/fr\/collections\/equipe\/helene-samson\/\" \/>\n<meta property=\"og:site_name\" content=\"Mus\u00e9e McCord Stewart\" \/>\n<meta property=\"article:publisher\" content=\"https:\/\/www.facebook.com\/museemccordstewart\" \/>\n<meta property=\"article:modified_time\" content=\"2022-08-15T19:41:56+00:00\" \/>\n<meta property=\"og:image\" content=\"https:\/\/www.musee-mccord-stewart.ca\/app\/uploads\/2022\/09\/mccord-stewart_facade-exterieur-henderson-2022_roger-aziz_1320x480.jpg\" \/>\n\t<meta property=\"og:image:width\" content=\"1320\" \/>\n\t<meta property=\"og:image:height\" content=\"480\" \/>\n\t<meta property=\"og:image:type\" content=\"image\/jpeg\" \/>\n<meta name=\"twitter:card\" content=\"summary_large_image\" \/>\n<meta name=\"twitter:site\" content=\"@MuseeMcCordStew\" \/>\n<meta name=\"twitter:label1\" content=\"Dur\u00e9e de lecture estim\u00e9e\" \/>\n\t<meta name=\"twitter:data1\" content=\"2 minutes\" \/>\n<script type=\"application\/ld+json\" class=\"yoast-schema-graph\">{\"@context\":\"https:\/\/schema.org\",\"@graph\":[{\"@type\":\"WebPage\",\"@id\":\"https:\/\/www.musee-mccord-stewart.ca\/fr\/collections\/equipe\/helene-samson\/\",\"url\":\"https:\/\/www.musee-mccord-stewart.ca\/fr\/collections\/equipe\/helene-samson\/\",\"name\":\"H\u00e9l\u00e8ne Samson - Conservatrice, Photographie - Mus\u00e9e McCord\",\"isPartOf\":{\"@id\":\"https:\/\/www.musee-mccord-stewart.ca\/fr\/#website\"},\"datePublished\":\"2018-01-29T14:28:04+00:00\",\"dateModified\":\"2022-08-15T19:41:56+00:00\",\"description\":\"Faites connaissance avec H\u00e9l\u00e8ne Samson, Conservatrice de la collection Photographie.\",\"breadcrumb\":{\"@id\":\"https:\/\/www.musee-mccord-stewart.ca\/fr\/collections\/equipe\/helene-samson\/#breadcrumb\"},\"inLanguage\":\"fr-FR\",\"potentialAction\":[{\"@type\":\"ReadAction\",\"target\":[\"https:\/\/www.musee-mccord-stewart.ca\/fr\/collections\/equipe\/helene-samson\/\"]}]},{\"@type\":\"BreadcrumbList\",\"@id\":\"https:\/\/www.musee-mccord-stewart.ca\/fr\/collections\/equipe\/helene-samson\/#breadcrumb\",\"itemListElement\":[{\"@type\":\"ListItem\",\"position\":1,\"name\":\"Accueil\",\"item\":\"https:\/\/www.musee-mccord-stewart.ca\/fr\/\"},{\"@type\":\"ListItem\",\"position\":2,\"name\":\"Collections\",\"item\":\"https:\/\/www.musee-mccord-stewart.ca\/fr\/collections\/\"},{\"@type\":\"ListItem\",\"position\":3,\"name\":\"\u00c9quipe\",\"item\":\"https:\/\/www.musee-mccord-stewart.ca\/fr\/collections\/equipe\/\"},{\"@type\":\"ListItem\",\"position\":4,\"name\":\"H\u00e9l\u00e8ne Samson\"}]},{\"@type\":\"WebSite\",\"@id\":\"https:\/\/www.musee-mccord-stewart.ca\/fr\/#website\",\"url\":\"https:\/\/www.musee-mccord-stewart.ca\/fr\/\",\"name\":\"Mus\u00e9e McCord Stewart\",\"description\":\"Notre monde, nos histoires\",\"publisher\":{\"@id\":\"https:\/\/www.musee-mccord-stewart.ca\/fr\/#organization\"},\"alternateName\":\"MCS\",\"potentialAction\":[{\"@type\":\"SearchAction\",\"target\":{\"@type\":\"EntryPoint\",\"urlTemplate\":\"https:\/\/www.musee-mccord-stewart.ca\/fr\/?s={search_term_string}\"},\"query-input\":\"required name=search_term_string\"}],\"inLanguage\":\"fr-FR\"},{\"@type\":\"Organization\",\"@id\":\"https:\/\/www.musee-mccord-stewart.ca\/fr\/#organization\",\"name\":\"McCord Stewart Museum\",\"alternateName\":\"MCS\",\"url\":\"https:\/\/www.musee-mccord-stewart.ca\/fr\/\",\"logo\":{\"@type\":\"ImageObject\",\"inLanguage\":\"fr-FR\",\"@id\":\"https:\/\/www.musee-mccord-stewart.ca\/fr\/#\/schema\/logo\/image\/\",\"url\":\"https:\/\/www.musee-mccord-stewart.ca\/app\/uploads\/2023\/05\/logo_museemccordstewart_horizontal_noir_slogan.svg\",\"contentUrl\":\"https:\/\/www.musee-mccord-stewart.ca\/app\/uploads\/2023\/05\/logo_museemccordstewart_horizontal_noir_slogan.svg\",\"width\":1,\"height\":1,\"caption\":\"McCord Stewart Museum\"},\"image\":{\"@id\":\"https:\/\/www.musee-mccord-stewart.ca\/fr\/#\/schema\/logo\/image\/\"},\"sameAs\":[\"https:\/\/www.facebook.com\/museemccordstewart\",\"https:\/\/twitter.com\/MuseeMcCordStew\",\"https:\/\/instagram.com\/museemccordstewart\",\"https:\/\/www.linkedin.com\/company\/museemccordstewart\/\",\"https:\/\/www.pinterest.com\/museemccordstewart\/\",\"https:\/\/www.youtube.com\/c\/MuseeMcCordStewartMuseum\"]}]}<\/script>\n<!-- \/ Yoast SEO Premium plugin. -->","yoast_head_json":{"title":"H\u00e9l\u00e8ne Samson - Conservatrice, Photographie - Mus\u00e9e McCord","description":"Faites connaissance avec H\u00e9l\u00e8ne Samson, Conservatrice de la collection Photographie.","robots":{"index":"index","follow":"follow","max-snippet":"max-snippet:-1","max-image-preview":"max-image-preview:large","max-video-preview":"max-video-preview:-1"},"canonical":"https:\/\/www.musee-mccord-stewart.ca\/fr\/collections\/equipe\/helene-samson\/","og_locale":"fr_FR","og_type":"article","og_title":"H\u00e9l\u00e8ne Samson","og_description":"Conservatrice associ\u00e9e, Photographie J\u2019\u00e9tais dans la vingtaine lorsque j\u2019ai eu un coup de foudre en regardant un livre de photos d\u2019Edward Steichen. Je","og_url":"https:\/\/www.musee-mccord-stewart.ca\/fr\/collections\/equipe\/helene-samson\/","og_site_name":"Mus\u00e9e McCord Stewart","article_publisher":"https:\/\/www.facebook.com\/museemccordstewart","article_modified_time":"2022-08-15T19:41:56+00:00","og_image":[{"width":1320,"height":480,"url":"https:\/\/www.musee-mccord-stewart.ca\/app\/uploads\/2022\/09\/mccord-stewart_facade-exterieur-henderson-2022_roger-aziz_1320x480.jpg","type":"image\/jpeg"}],"twitter_card":"summary_large_image","twitter_site":"@MuseeMcCordStew","twitter_misc":{"Dur\u00e9e de lecture estim\u00e9e":"2 minutes"},"schema":{"@context":"https:\/\/schema.org","@graph":[{"@type":"WebPage","@id":"https:\/\/www.musee-mccord-stewart.ca\/fr\/collections\/equipe\/helene-samson\/","url":"https:\/\/www.musee-mccord-stewart.ca\/fr\/collections\/equipe\/helene-samson\/","name":"H\u00e9l\u00e8ne Samson - Conservatrice, Photographie - Mus\u00e9e McCord","isPartOf":{"@id":"https:\/\/www.musee-mccord-stewart.ca\/fr\/#website"},"datePublished":"2018-01-29T14:28:04+00:00","dateModified":"2022-08-15T19:41:56+00:00","description":"Faites connaissance avec H\u00e9l\u00e8ne Samson, Conservatrice de la collection Photographie.","breadcrumb":{"@id":"https:\/\/www.musee-mccord-stewart.ca\/fr\/collections\/equipe\/helene-samson\/#breadcrumb"},"inLanguage":"fr-FR","potentialAction":[{"@type":"ReadAction","target":["https:\/\/www.musee-mccord-stewart.ca\/fr\/collections\/equipe\/helene-samson\/"]}]},{"@type":"BreadcrumbList","@id":"https:\/\/www.musee-mccord-stewart.ca\/fr\/collections\/equipe\/helene-samson\/#breadcrumb","itemListElement":[{"@type":"ListItem","position":1,"name":"Accueil","item":"https:\/\/www.musee-mccord-stewart.ca\/fr\/"},{"@type":"ListItem","position":2,"name":"Collections","item":"https:\/\/www.musee-mccord-stewart.ca\/fr\/collections\/"},{"@type":"ListItem","position":3,"name":"\u00c9quipe","item":"https:\/\/www.musee-mccord-stewart.ca\/fr\/collections\/equipe\/"},{"@type":"ListItem","position":4,"name":"H\u00e9l\u00e8ne Samson"}]},{"@type":"WebSite","@id":"https:\/\/www.musee-mccord-stewart.ca\/fr\/#website","url":"https:\/\/www.musee-mccord-stewart.ca\/fr\/","name":"Mus\u00e9e McCord Stewart","description":"Notre monde, nos histoires","publisher":{"@id":"https:\/\/www.musee-mccord-stewart.ca\/fr\/#organization"},"alternateName":"MCS","potentialAction":[{"@type":"SearchAction","target":{"@type":"EntryPoint","urlTemplate":"https:\/\/www.musee-mccord-stewart.ca\/fr\/?s={search_term_string}"},"query-input":"required name=search_term_string"}],"inLanguage":"fr-FR"},{"@type":"Organization","@id":"https:\/\/www.musee-mccord-stewart.ca\/fr\/#organization","name":"McCord Stewart Museum","alternateName":"MCS","url":"https:\/\/www.musee-mccord-stewart.ca\/fr\/","logo":{"@type":"ImageObject","inLanguage":"fr-FR","@id":"https:\/\/www.musee-mccord-stewart.ca\/fr\/#\/schema\/logo\/image\/","url":"https:\/\/www.musee-mccord-stewart.ca\/app\/uploads\/2023\/05\/logo_museemccordstewart_horizontal_noir_slogan.svg","contentUrl":"https:\/\/www.musee-mccord-stewart.ca\/app\/uploads\/2023\/05\/logo_museemccordstewart_horizontal_noir_slogan.svg","width":1,"height":1,"caption":"McCord Stewart Museum"},"image":{"@id":"https:\/\/www.musee-mccord-stewart.ca\/fr\/#\/schema\/logo\/image\/"},"sameAs":["https:\/\/www.facebook.com\/museemccordstewart","https:\/\/twitter.com\/MuseeMcCordStew","https:\/\/instagram.com\/museemccordstewart","https:\/\/www.linkedin.com\/company\/museemccordstewart\/","https:\/\/www.pinterest.com\/museemccordstewart\/","https:\/\/www.youtube.com\/c\/MuseeMcCordStewartMuseum"]}]}},"_links":{"self":[{"href":"https:\/\/www.musee-mccord-stewart.ca\/fr\/wp-json\/wp\/v2\/pages\/21251"}],"collection":[{"href":"https:\/\/www.musee-mccord-stewart.ca\/fr\/wp-json\/wp\/v2\/pages"}],"about":[{"href":"https:\/\/www.musee-mccord-stewart.ca\/fr\/wp-json\/wp\/v2\/types\/page"}],"author":[{"embeddable":true,"href":"https:\/\/www.musee-mccord-stewart.ca\/fr\/wp-json\/wp\/v2\/users\/3"}],"replies":[{"embeddable":true,"href":"https:\/\/www.musee-mccord-stewart.ca\/fr\/wp-json\/wp\/v2\/comments?post=21251"}],"version-history":[{"count":0,"href":"https:\/\/www.musee-mccord-stewart.ca\/fr\/wp-json\/wp\/v2\/pages\/21251\/revisions"}],"up":[{"embeddable":true,"href":"https:\/\/www.musee-mccord-stewart.ca\/fr\/wp-json\/wp\/v2\/pages\/21301"}],"wp:attachment":[{"href":"https:\/\/www.musee-mccord-stewart.ca\/fr\/wp-json\/wp\/v2\/media?parent=21251"}],"wp:term":[{"taxonomy":"category","embeddable":true,"href":"https:\/\/www.musee-mccord-stewart.ca\/fr\/wp-json\/wp\/v2\/categories?post=21251"},{"taxonomy":"post_tag","embeddable":true,"href":"https:\/\/www.musee-mccord-stewart.ca\/fr\/wp-json\/wp\/v2\/tags?post=21251"}],"curies":[{"name":"wp","href":"https:\/\/api.w.org\/{rel}","templated":true}]}}