{"id":1606,"date":"2015-04-30T09:44:45","date_gmt":"2015-04-30T13:44:45","guid":{"rendered":"http:\/\/www.musee-mccord-stewart.ca\/?page_id=1606"},"modified":"2025-09-11T16:42:00","modified_gmt":"2025-09-11T20:42:00","slug":"mot-de-la-presidente-et-cheffe-de-la-direction","status":"publish","type":"page","link":"https:\/\/www.musee-mccord-stewart.ca\/fr\/mot-de-la-presidente-et-cheffe-de-la-direction\/","title":{"rendered":"Mot de la pr\u00e9sidente et cheffe de la direction"},"content":{"rendered":"<p><strong>Le Mus\u00e9e McCord Stewart c\u00e9l\u00e8bre la vie \u00e0 Montr\u00e9al, d\u2019hier et d\u2019aujourd\u2019hui. Il refl\u00e8te la soci\u00e9t\u00e9 montr\u00e9alaise\u202f: cr\u00e9ative, diversifi\u00e9e et en constante \u00e9volution.\u00a0\u00a0<\/strong><\/p>\n<p><span data-contrast=\"none\">D\u00e9di\u00e9 \u00e0 l\u2019<strong>histoire sociale<\/strong>, le Mus\u00e9e n\u2019en est pas moins r\u00e9solument <\/span><span data-contrast=\"none\">tourn\u00e9 vers l\u2019avenir. <\/span><span data-contrast=\"none\"><strong>Par l\u2019entremise de ses collections, de sa programmation et de ses activit\u00e9s, il pr\u00e9sente de mani\u00e8re critique et inclusive l\u2019histoire de la ville<\/strong> ainsi que son influence sur le Qu\u00e9bec, le Canada et le monde. Il invite \u00e0<\/span><span data-contrast=\"none\"> se questionner sur les enjeux sociaux qui pr\u00e9occupent les Montr\u00e9alaises et Montr\u00e9alais de toutes origines. Il suscite des \u00e9changes et cr\u00e9e des liens entre les communaut\u00e9s en offrant un espace s\u00fbr pour tous et toutes.\u00a0<\/span><span data-ccp-props=\"{&quot;201341983&quot;:0,&quot;335559739&quot;:160,&quot;335559740&quot;:259}\">\u00a0<\/span><\/p>\n<p><span data-contrast=\"none\">C\u2019est dans cet <strong>esprit d\u2019inclusion<\/strong> et dans une <strong>volont\u00e9 forte de contribuer \u00e0 faire de notre soci\u00e9t\u00e9 une soci\u00e9t\u00e9 plus juste<\/strong> que le Mus\u00e9e<\/span><span data-contrast=\"none\"> s\u2019est <\/span><span data-contrast=\"none\">\u00e9galement <\/span><span data-contrast=\"none\">engag\u00e9 <\/span><span data-contrast=\"none\">\u00e0 <\/span><span data-contrast=\"none\">poursuivre la <strong>d\u00e9colonisation de ses pratiques<\/strong> et <\/span><span data-contrast=\"none\">\u00e0 mettre le<\/span> <span data-contrast=\"none\"><strong>d\u00e9veloppement durable au c\u0153ur de celles-ci<\/strong>.\u00a0<\/span><span data-ccp-props=\"{&quot;201341983&quot;:0,&quot;335559739&quot;:160,&quot;335559740&quot;:259}\">\u00a0<\/span><\/p>\n<p><span data-contrast=\"none\">Au plaisir de vous accueillir prochainement au Mus\u00e9e McCord Stewart pour d\u00e9couvrir, r\u00e9fl\u00e9chir et repenser Montr\u00e9al avec nous!\u00a0<\/span><span data-ccp-props=\"{&quot;134233117&quot;:false,&quot;134233118&quot;:false,&quot;201341983&quot;:0,&quot;335559738&quot;:0,&quot;335559739&quot;:0,&quot;335559740&quot;:240}\">\u00a0<\/span><\/p>\n<p><span data-contrast=\"none\">Anne Eschapasse<br \/>\nPr\u00e9sidente et cheffe de la direction<\/span><\/p>\n","protected":false},"excerpt":{"rendered":"<p>Le Mus\u00e9e McCord Stewart c\u00e9l\u00e8bre la vie \u00e0 Montr\u00e9al, d\u2019hier et d\u2019aujourd\u2019hui. Il refl\u00e8te la soci\u00e9t\u00e9 montr\u00e9alaise\u202f: cr\u00e9ative, diversifi\u00e9e et en constante \u00e9volution.\u00a0\u00a0 D\u00e9di\u00e9 \u00e0 l\u2019histoire sociale, le Mus\u00e9e n\u2019en est pas moins r\u00e9solument tourn\u00e9 vers l\u2019avenir. Par l\u2019entremise de ses collections, de sa programmation et de ses activit\u00e9s, il pr\u00e9sente de mani\u00e8re critique et [&hellip;]<\/p>\n","protected":false},"author":17,"featured_media":0,"parent":0,"menu_order":0,"comment_status":"closed","ping_status":"closed","template":"page-templates\/page-texte.php","meta":{"footnotes":""},"categories":[],"tags":[],"acf":[],"yoast_head":"<!-- This site is optimized with the Yoast SEO Premium plugin v20.11 (Yoast SEO v20.11) - https:\/\/yoast.com\/wordpress\/plugins\/seo\/ -->\n<title>Mot de la pr\u00e9sidente et cheffe de la direction - Mus\u00e9e McCord Stewart<\/title>\n<meta name=\"description\" content=\"Le Mus\u00e9e McCord Stewart c\u00e9l\u00e8bre la vie \u00e0 Montr\u00e9al, d\u2019hier et d\u2019aujourd\u2019hui. Il refl\u00e8te la soci\u00e9t\u00e9 montr\u00e9alaise\u202f: cr\u00e9ative, diversifi\u00e9e\" \/>\n<meta name=\"robots\" content=\"index, follow, max-snippet:-1, max-image-preview:large, max-video-preview:-1\" \/>\n<link rel=\"canonical\" href=\"https:\/\/www.musee-mccord-stewart.ca\/fr\/mot-de-la-presidente-et-cheffe-de-la-direction\/\" \/>\n<meta property=\"og:locale\" content=\"fr_FR\" \/>\n<meta property=\"og:type\" content=\"article\" \/>\n<meta property=\"og:title\" content=\"Mot de la pr\u00e9sidente et cheffe de la direction\" \/>\n<meta property=\"og:description\" content=\"Le Mus\u00e9e McCord Stewart c\u00e9l\u00e8bre la vie \u00e0 Montr\u00e9al, d\u2019hier et d\u2019aujourd\u2019hui. Il refl\u00e8te la soci\u00e9t\u00e9 montr\u00e9alaise\u202f: cr\u00e9ative, diversifi\u00e9e\" \/>\n<meta property=\"og:url\" content=\"https:\/\/www.musee-mccord-stewart.ca\/fr\/mot-de-la-presidente-et-cheffe-de-la-direction\/\" \/>\n<meta property=\"og:site_name\" content=\"Mus\u00e9e McCord Stewart\" \/>\n<meta property=\"article:publisher\" content=\"https:\/\/www.facebook.com\/museemccordstewart\" \/>\n<meta property=\"article:modified_time\" content=\"2025-09-11T20:42:00+00:00\" \/>\n<meta property=\"og:image\" content=\"https:\/\/www.musee-mccord-stewart.ca\/app\/uploads\/2023\/03\/mccord-stewart_nouvelle_direction_anne-eschapasse_1920x1080_fr.jpg\" \/>\n\t<meta property=\"og:image:width\" content=\"1920\" \/>\n\t<meta property=\"og:image:height\" content=\"1080\" \/>\n\t<meta property=\"og:image:type\" content=\"image\/jpeg\" \/>\n<meta name=\"twitter:card\" content=\"summary_large_image\" \/>\n<meta name=\"twitter:description\" content=\"Le Mus\u00e9e McCord Stewart c\u00e9l\u00e8bre la vie \u00e0 Montr\u00e9al, d\u2019hier et d\u2019aujourd\u2019hui. Il refl\u00e8te la soci\u00e9t\u00e9 montr\u00e9alaise\u202f: cr\u00e9ative, diversifi\u00e9e\" \/>\n<meta name=\"twitter:site\" content=\"@MuseeMcCordStew\" \/>\n<meta name=\"twitter:label1\" content=\"Dur\u00e9e de lecture estim\u00e9e\" \/>\n\t<meta name=\"twitter:data1\" content=\"1 minute\" \/>\n<script type=\"application\/ld+json\" class=\"yoast-schema-graph\">{\"@context\":\"https:\/\/schema.org\",\"@graph\":[{\"@type\":\"WebPage\",\"@id\":\"https:\/\/www.musee-mccord-stewart.ca\/fr\/mot-de-la-presidente-et-cheffe-de-la-direction\/\",\"url\":\"https:\/\/www.musee-mccord-stewart.ca\/fr\/mot-de-la-presidente-et-cheffe-de-la-direction\/\",\"name\":\"Mot de la pr\u00e9sidente et cheffe de la direction - Mus\u00e9e McCord Stewart\",\"isPartOf\":{\"@id\":\"https:\/\/www.musee-mccord-stewart.ca\/fr\/#website\"},\"datePublished\":\"2015-04-30T13:44:45+00:00\",\"dateModified\":\"2025-09-11T20:42:00+00:00\",\"description\":\"Le Mus\u00e9e McCord Stewart c\u00e9l\u00e8bre la vie \u00e0 Montr\u00e9al, d\u2019hier et d\u2019aujourd\u2019hui. Il refl\u00e8te la soci\u00e9t\u00e9 montr\u00e9alaise\u202f: cr\u00e9ative, diversifi\u00e9e\",\"breadcrumb\":{\"@id\":\"https:\/\/www.musee-mccord-stewart.ca\/fr\/mot-de-la-presidente-et-cheffe-de-la-direction\/#breadcrumb\"},\"inLanguage\":\"fr-FR\",\"potentialAction\":[{\"@type\":\"ReadAction\",\"target\":[\"https:\/\/www.musee-mccord-stewart.ca\/fr\/mot-de-la-presidente-et-cheffe-de-la-direction\/\"]}]},{\"@type\":\"BreadcrumbList\",\"@id\":\"https:\/\/www.musee-mccord-stewart.ca\/fr\/mot-de-la-presidente-et-cheffe-de-la-direction\/#breadcrumb\",\"itemListElement\":[{\"@type\":\"ListItem\",\"position\":1,\"name\":\"Accueil\",\"item\":\"https:\/\/www.musee-mccord-stewart.ca\/fr\/\"},{\"@type\":\"ListItem\",\"position\":2,\"name\":\"Mot de la pr\u00e9sidente et cheffe de la direction\"}]},{\"@type\":\"WebSite\",\"@id\":\"https:\/\/www.musee-mccord-stewart.ca\/fr\/#website\",\"url\":\"https:\/\/www.musee-mccord-stewart.ca\/fr\/\",\"name\":\"Mus\u00e9e McCord Stewart\",\"description\":\"Notre monde, nos histoires\",\"publisher\":{\"@id\":\"https:\/\/www.musee-mccord-stewart.ca\/fr\/#organization\"},\"alternateName\":\"MCS\",\"potentialAction\":[{\"@type\":\"SearchAction\",\"target\":{\"@type\":\"EntryPoint\",\"urlTemplate\":\"https:\/\/www.musee-mccord-stewart.ca\/fr\/?s={search_term_string}\"},\"query-input\":\"required name=search_term_string\"}],\"inLanguage\":\"fr-FR\"},{\"@type\":\"Organization\",\"@id\":\"https:\/\/www.musee-mccord-stewart.ca\/fr\/#organization\",\"name\":\"McCord Stewart Museum\",\"alternateName\":\"MCS\",\"url\":\"https:\/\/www.musee-mccord-stewart.ca\/fr\/\",\"logo\":{\"@type\":\"ImageObject\",\"inLanguage\":\"fr-FR\",\"@id\":\"https:\/\/www.musee-mccord-stewart.ca\/fr\/#\/schema\/logo\/image\/\",\"url\":\"https:\/\/www.musee-mccord-stewart.ca\/app\/uploads\/2023\/05\/logo_museemccordstewart_horizontal_noir_slogan.svg\",\"contentUrl\":\"https:\/\/www.musee-mccord-stewart.ca\/app\/uploads\/2023\/05\/logo_museemccordstewart_horizontal_noir_slogan.svg\",\"width\":1,\"height\":1,\"caption\":\"McCord Stewart Museum\"},\"image\":{\"@id\":\"https:\/\/www.musee-mccord-stewart.ca\/fr\/#\/schema\/logo\/image\/\"},\"sameAs\":[\"https:\/\/www.facebook.com\/museemccordstewart\",\"https:\/\/twitter.com\/MuseeMcCordStew\",\"https:\/\/instagram.com\/museemccordstewart\",\"https:\/\/www.linkedin.com\/company\/museemccordstewart\/\",\"https:\/\/www.pinterest.com\/museemccordstewart\/\",\"https:\/\/www.youtube.com\/c\/MuseeMcCordStewartMuseum\"]}]}<\/script>\n<!-- \/ Yoast SEO Premium plugin. -->","yoast_head_json":{"title":"Mot de la pr\u00e9sidente et cheffe de la direction - Mus\u00e9e McCord Stewart","description":"Le Mus\u00e9e McCord Stewart c\u00e9l\u00e8bre la vie \u00e0 Montr\u00e9al, d\u2019hier et d\u2019aujourd\u2019hui. Il refl\u00e8te la soci\u00e9t\u00e9 montr\u00e9alaise\u202f: cr\u00e9ative, diversifi\u00e9e","robots":{"index":"index","follow":"follow","max-snippet":"max-snippet:-1","max-image-preview":"max-image-preview:large","max-video-preview":"max-video-preview:-1"},"canonical":"https:\/\/www.musee-mccord-stewart.ca\/fr\/mot-de-la-presidente-et-cheffe-de-la-direction\/","og_locale":"fr_FR","og_type":"article","og_title":"Mot de la pr\u00e9sidente et cheffe de la direction","og_description":"Le Mus\u00e9e McCord Stewart c\u00e9l\u00e8bre la vie \u00e0 Montr\u00e9al, d\u2019hier et d\u2019aujourd\u2019hui. Il refl\u00e8te la soci\u00e9t\u00e9 montr\u00e9alaise\u202f: cr\u00e9ative, diversifi\u00e9e","og_url":"https:\/\/www.musee-mccord-stewart.ca\/fr\/mot-de-la-presidente-et-cheffe-de-la-direction\/","og_site_name":"Mus\u00e9e McCord Stewart","article_publisher":"https:\/\/www.facebook.com\/museemccordstewart","article_modified_time":"2025-09-11T20:42:00+00:00","og_image":[{"width":1920,"height":1080,"url":"https:\/\/www.musee-mccord-stewart.ca\/app\/uploads\/2023\/03\/mccord-stewart_nouvelle_direction_anne-eschapasse_1920x1080_fr.jpg","type":"image\/jpeg"}],"twitter_card":"summary_large_image","twitter_description":"Le Mus\u00e9e McCord Stewart c\u00e9l\u00e8bre la vie \u00e0 Montr\u00e9al, d\u2019hier et d\u2019aujourd\u2019hui. Il refl\u00e8te la soci\u00e9t\u00e9 montr\u00e9alaise\u202f: cr\u00e9ative, diversifi\u00e9e","twitter_site":"@MuseeMcCordStew","twitter_misc":{"Dur\u00e9e de lecture estim\u00e9e":"1 minute"},"schema":{"@context":"https:\/\/schema.org","@graph":[{"@type":"WebPage","@id":"https:\/\/www.musee-mccord-stewart.ca\/fr\/mot-de-la-presidente-et-cheffe-de-la-direction\/","url":"https:\/\/www.musee-mccord-stewart.ca\/fr\/mot-de-la-presidente-et-cheffe-de-la-direction\/","name":"Mot de la pr\u00e9sidente et cheffe de la direction - Mus\u00e9e McCord Stewart","isPartOf":{"@id":"https:\/\/www.musee-mccord-stewart.ca\/fr\/#website"},"datePublished":"2015-04-30T13:44:45+00:00","dateModified":"2025-09-11T20:42:00+00:00","description":"Le Mus\u00e9e McCord Stewart c\u00e9l\u00e8bre la vie \u00e0 Montr\u00e9al, d\u2019hier et d\u2019aujourd\u2019hui. Il refl\u00e8te la soci\u00e9t\u00e9 montr\u00e9alaise\u202f: cr\u00e9ative, diversifi\u00e9e","breadcrumb":{"@id":"https:\/\/www.musee-mccord-stewart.ca\/fr\/mot-de-la-presidente-et-cheffe-de-la-direction\/#breadcrumb"},"inLanguage":"fr-FR","potentialAction":[{"@type":"ReadAction","target":["https:\/\/www.musee-mccord-stewart.ca\/fr\/mot-de-la-presidente-et-cheffe-de-la-direction\/"]}]},{"@type":"BreadcrumbList","@id":"https:\/\/www.musee-mccord-stewart.ca\/fr\/mot-de-la-presidente-et-cheffe-de-la-direction\/#breadcrumb","itemListElement":[{"@type":"ListItem","position":1,"name":"Accueil","item":"https:\/\/www.musee-mccord-stewart.ca\/fr\/"},{"@type":"ListItem","position":2,"name":"Mot de la pr\u00e9sidente et cheffe de la direction"}]},{"@type":"WebSite","@id":"https:\/\/www.musee-mccord-stewart.ca\/fr\/#website","url":"https:\/\/www.musee-mccord-stewart.ca\/fr\/","name":"Mus\u00e9e McCord Stewart","description":"Notre monde, nos histoires","publisher":{"@id":"https:\/\/www.musee-mccord-stewart.ca\/fr\/#organization"},"alternateName":"MCS","potentialAction":[{"@type":"SearchAction","target":{"@type":"EntryPoint","urlTemplate":"https:\/\/www.musee-mccord-stewart.ca\/fr\/?s={search_term_string}"},"query-input":"required name=search_term_string"}],"inLanguage":"fr-FR"},{"@type":"Organization","@id":"https:\/\/www.musee-mccord-stewart.ca\/fr\/#organization","name":"McCord Stewart Museum","alternateName":"MCS","url":"https:\/\/www.musee-mccord-stewart.ca\/fr\/","logo":{"@type":"ImageObject","inLanguage":"fr-FR","@id":"https:\/\/www.musee-mccord-stewart.ca\/fr\/#\/schema\/logo\/image\/","url":"https:\/\/www.musee-mccord-stewart.ca\/app\/uploads\/2023\/05\/logo_museemccordstewart_horizontal_noir_slogan.svg","contentUrl":"https:\/\/www.musee-mccord-stewart.ca\/app\/uploads\/2023\/05\/logo_museemccordstewart_horizontal_noir_slogan.svg","width":1,"height":1,"caption":"McCord Stewart Museum"},"image":{"@id":"https:\/\/www.musee-mccord-stewart.ca\/fr\/#\/schema\/logo\/image\/"},"sameAs":["https:\/\/www.facebook.com\/museemccordstewart","https:\/\/twitter.com\/MuseeMcCordStew","https:\/\/instagram.com\/museemccordstewart","https:\/\/www.linkedin.com\/company\/museemccordstewart\/","https:\/\/www.pinterest.com\/museemccordstewart\/","https:\/\/www.youtube.com\/c\/MuseeMcCordStewartMuseum"]}]}},"_links":{"self":[{"href":"https:\/\/www.musee-mccord-stewart.ca\/fr\/wp-json\/wp\/v2\/pages\/1606"}],"collection":[{"href":"https:\/\/www.musee-mccord-stewart.ca\/fr\/wp-json\/wp\/v2\/pages"}],"about":[{"href":"https:\/\/www.musee-mccord-stewart.ca\/fr\/wp-json\/wp\/v2\/types\/page"}],"author":[{"embeddable":true,"href":"https:\/\/www.musee-mccord-stewart.ca\/fr\/wp-json\/wp\/v2\/users\/17"}],"replies":[{"embeddable":true,"href":"https:\/\/www.musee-mccord-stewart.ca\/fr\/wp-json\/wp\/v2\/comments?post=1606"}],"version-history":[{"count":0,"href":"https:\/\/www.musee-mccord-stewart.ca\/fr\/wp-json\/wp\/v2\/pages\/1606\/revisions"}],"wp:attachment":[{"href":"https:\/\/www.musee-mccord-stewart.ca\/fr\/wp-json\/wp\/v2\/media?parent=1606"}],"wp:term":[{"taxonomy":"category","embeddable":true,"href":"https:\/\/www.musee-mccord-stewart.ca\/fr\/wp-json\/wp\/v2\/categories?post=1606"},{"taxonomy":"post_tag","embeddable":true,"href":"https:\/\/www.musee-mccord-stewart.ca\/fr\/wp-json\/wp\/v2\/tags?post=1606"}],"curies":[{"name":"wp","href":"https:\/\/api.w.org\/{rel}","templated":true}]}}