{"id":10883,"date":"2015-09-18T10:16:13","date_gmt":"2015-09-18T14:16:13","guid":{"rendered":"http:\/\/www.musee-mccord-stewart.ca\/?page_id=10883"},"modified":"2025-08-08T10:49:21","modified_gmt":"2025-08-08T14:49:21","slug":"semaine-au-musee","status":"publish","type":"page","link":"https:\/\/www.musee-mccord-stewart.ca\/fr\/education\/semaine-au-musee\/","title":{"rendered":"Une semaine au Mus\u00e9e"},"content":{"rendered":"<p>Ce programme \u00e9ducatif, offert gratuitement, s\u2019adresse aux <strong>enfants montr\u00e9alais du primaire<\/strong>. Visant \u00e0 favoriser la pers\u00e9v\u00e9rance scolaire, il a \u00e9t\u00e9 \u00e9labor\u00e9 sur mesure en collaboration avec les enseignants du 3<sup>e<\/sup> cycle primaire et l\u2019organisme <a title=\"\" href=\"https:\/\/ecolemontrealaise.info\/\" target=\"_blank\" rel=\"noopener\">Une \u00e9cole montr\u00e9alaise pour tous<\/a>.<\/p>\n<p><strong>Pendant une semaine, des classes d\u2019\u00e9l\u00e8ves sont invit\u00e9es \u00e0 poursuivre leurs apprentissages scolaires au Mus\u00e9e, en plus de d\u00e9couvrir les collections et le travail des conservateurs<\/strong>. Ces jeunes vivent une exp\u00e9rience \u00e9ducative stimulante et immersive, adapt\u00e9e \u00e0 leurs besoins, mettant de l\u2019avant leurs mati\u00e8res scolaires et les objets de notre collection. Les \u00e9l\u00e8ves apprennent tout en s\u2019\u00e9panouissant dans un nouvel environnement, que la plupart d\u2019entre eux n\u2019ont jamais visit\u00e9 auparavant.<\/p>\n<p>\u00c0 la fin de ce programme, les \u00e9l\u00e8ves auront tiss\u00e9 des liens sociaux essentiels \u00e0 leur valorisation et \u00e0 leur estime de soi. Ils seront mieux pr\u00e9par\u00e9s \u00e0 devenir les citoyens de demain, en faisant preuve d\u2019une plus grande <strong>ouverture d\u2019esprit envers les autres d\u2019ici et d\u2019ailleurs<\/strong> et en ayant d\u00e9velopp\u00e9 leur <strong>sentiment d\u2019appartenance \u00e0 la communaut\u00e9<\/strong>.<\/p>\n<p>Pour cl\u00f4turer cette semaine de d\u00e9couvertes et de cr\u00e9ations, les productions des \u00e9l\u00e8ves sont fi\u00e8rement pr\u00e9sent\u00e9es dans le cadre d\u2019un vernissage au Mus\u00e9e, auquel parents et amis sont convi\u00e9s.<\/p>\n<h2>\u00c9dition 2022<\/h2>\n<ul class=\"sliderTiny\">\n<li>\n<img decoding=\"async\" src=\"https:\/\/www.musee-mccord-stewart.ca\/app\/uploads\/2022\/06\/mccord_fondation_semaine-musee_220414_roger_aziz_01_1200x800-1200x800.jpg\" alt=\"\u00a9 Roger Aziz, 2022\" title=\"\u00a9 Roger Aziz, 2022\" \/>\n<\/li>\n<li>\n<img decoding=\"async\" src=\"https:\/\/www.musee-mccord-stewart.ca\/app\/uploads\/2022\/06\/mccord_fondation_semaine-musee_220414_roger_aziz_57_1200x800-1200x800.jpg\" alt=\"\u00a9 Roger Aziz, 2022\" title=\"\u00a9 Roger Aziz, 2022\" \/>\n<\/li>\n<li>\n<img decoding=\"async\" src=\"https:\/\/www.musee-mccord-stewart.ca\/app\/uploads\/2022\/06\/mccord_fondation_semaine-musee_220414_roger_aziz_76_1200x800-1200x800.jpg\" alt=\"\u00a9 Roger Aziz, 2022\" title=\"\u00a9 Roger Aziz, 2022\" \/>\n<\/li>\n<li>\n<img decoding=\"async\" src=\"https:\/\/www.musee-mccord-stewart.ca\/app\/uploads\/2022\/06\/mccord_fondation_semaine-musee_060422-2_thibault-caron_1200x800-1200x800.jpg\" alt=\"\u00a9 Thibault Carron, 2022\" title=\"\u00a9 Thibault Carron, 2022\" \/>\n<\/li>\n<li>\n<img decoding=\"async\" src=\"https:\/\/www.musee-mccord-stewart.ca\/app\/uploads\/2022\/06\/mccord_fondation_semaine-musee_060422-3_thibault-caron_1200x800-1200x800.jpg\" alt=\"\u00a9 Thibault Carron, 2022\" title=\"\u00a9 Thibault Carron, 2022\" \/>\n<\/li>\n<li>\n<img decoding=\"async\" src=\"https:\/\/www.musee-mccord-stewart.ca\/app\/uploads\/2022\/06\/mccord_fondation_semaine-musee_060422-7_thibault-caron_1200x800-1200x800.jpg\" alt=\"\u00a9 Thibault Carron, 2022\" title=\"\u00a9 Thibault Carron, 2022\" \/>\n<\/li>\n<li>\n<img decoding=\"async\" src=\"https:\/\/www.musee-mccord-stewart.ca\/app\/uploads\/2022\/06\/mccord_fondation_semaine-musee_060422-14_thibault-caron_1200x800-1200x800.jpg\" alt=\"\u00a9 Thibault Carron, 2022\" title=\"\u00a9 Thibault Carron, 2022\" \/>\n<\/li>\n<li>\n<img decoding=\"async\" src=\"https:\/\/www.musee-mccord-stewart.ca\/app\/uploads\/2022\/06\/mccord_fondation_semaine-musee_060422-40_thibault-caron_1200x800-1200x800.jpg\" alt=\"\u00a9 Thibault Carron, 2022\" title=\"\u00a9 Thibault Carron, 2022\" \/>\n<\/li>\n<li>\n<img decoding=\"async\" src=\"https:\/\/www.musee-mccord-stewart.ca\/app\/uploads\/2022\/06\/mccord_fondation_semaine-musee_220408_roger_aziz_24_1200x800-1200x800.jpg\" alt=\"\u00a9 Roger Aziz, 2022\" title=\"\u00a9 Roger Aziz, 2022\" \/>\n<\/li>\n<li>\n<img decoding=\"async\" src=\"https:\/\/www.musee-mccord-stewart.ca\/app\/uploads\/2022\/06\/mccord_fondation_semaine-musee_220408_roger_aziz_27_1200x800-1200x800.jpg\" alt=\"\u00a9 Roger Aziz, 2022\" title=\"\u00a9 Roger Aziz, 2022\" \/>\n<\/li>\n<\/ul>\n\n<h2>Participer au projet<\/h2>\n<p>\u00c0 ce jour, pr\u00e8s de 2 000 \u00e9l\u00e8ves ont eu la chance de participer \u00e0 cette activit\u00e9! Pour participer \u00e0 ce projet, les classes doivent \u00eatre admissibles au programme de soutien <a title=\"\" href=\"http:\/\/www.ecolemontrealaise.info\/\" target=\"_blank\" rel=\"noopener\">Une \u00e9cole montr\u00e9alaise pour tous<u><\/u><\/a>.<\/p>\n<p>Pour conna\u00eetre les modalit\u00e9s d\u2019inscription, consultez la <a title=\"\" href=\"http:\/\/www.ecolemontrealaise.info\/apropos\" target=\"_blank\" rel=\"noopener\">fiche du projet<\/a>.<\/p>\n<h2>Mot de notre donateur<\/h2>\n<p>\u00ab \u00c9nergie Valero reconnait la vocation \u00e9ducative du Mus\u00e9e McCord qui, par son programme <em>Une semaine au Mus\u00e9e<\/em>, offre aux \u00e9l\u00e8ves une chance de vivre des exp\u00e9riences d\u2019apprentissage diff\u00e9rentes et compl\u00e9mentaires \u00e0 ce qui se fait \u00e0 l\u2019\u00e9cole. Nous sommes heureux de voir les enfants exposer fi\u00e8rement leur projet. Notre r\u00f4le comme entreprise est d\u2019appuyer des initiatives originales et cr\u00e9atives qui \u00e9l\u00e8vent nos petits citoyens! \u00bb<br \/>\n\u2013 Marie-Philippe Frenette, Conseill\u00e8re, Affaires publiques et communications \u2013 Canada, \u00c9nergie Valero<\/p>\n","protected":false},"excerpt":{"rendered":"<p>Ce programme \u00e9ducatif, offert gratuitement, s\u2019adresse aux enfants montr\u00e9alais du primaire. Visant \u00e0 favoriser la pers\u00e9v\u00e9rance scolaire, il a \u00e9t\u00e9 \u00e9labor\u00e9 sur mesure en collaboration avec les enseignants du 3e cycle primaire et l\u2019organisme Une \u00e9cole montr\u00e9alaise pour tous. Pendant une semaine, des classes d\u2019\u00e9l\u00e8ves sont invit\u00e9es \u00e0 poursuivre leurs apprentissages scolaires au Mus\u00e9e, en [&hellip;]<\/p>\n","protected":false},"author":17,"featured_media":0,"parent":23203,"menu_order":0,"comment_status":"closed","ping_status":"closed","template":"page-templates\/page-texte.php","meta":{"footnotes":""},"categories":[],"tags":[],"acf":[],"yoast_head":"<!-- This site is optimized with the Yoast SEO Premium plugin v20.11 (Yoast SEO v20.11) - https:\/\/yoast.com\/wordpress\/plugins\/seo\/ -->\n<title>Une semaine au Mus\u00e9e McCord - Activit\u00e9 \u00e9ducative au Mus\u00e9e McCord<\/title>\n<meta name=\"description\" content=\"Ce programme fait une grande diff\u00e9rence dans la vie des enfants montr\u00e9alais issus de milieux d\u00e9favoris\u00e9s qui ne pourraient venir au Mus\u00e9e autrement.\" \/>\n<meta name=\"robots\" content=\"index, follow, max-snippet:-1, max-image-preview:large, max-video-preview:-1\" \/>\n<link rel=\"canonical\" href=\"https:\/\/www.musee-mccord-stewart.ca\/fr\/education\/semaine-au-musee\/\" \/>\n<meta property=\"og:locale\" content=\"fr_FR\" \/>\n<meta property=\"og:type\" content=\"article\" \/>\n<meta property=\"og:title\" content=\"Une semaine au Mus\u00e9e\" \/>\n<meta property=\"og:description\" content=\"Ce programme fait une grande diff\u00e9rence dans la vie des enfants montr\u00e9alais issus de milieux d\u00e9favoris\u00e9s qui ne pourraient venir au Mus\u00e9e autrement.\" \/>\n<meta property=\"og:url\" content=\"https:\/\/www.musee-mccord-stewart.ca\/fr\/education\/semaine-au-musee\/\" \/>\n<meta property=\"og:site_name\" content=\"Mus\u00e9e McCord Stewart\" \/>\n<meta property=\"article:publisher\" content=\"https:\/\/www.facebook.com\/museemccordstewart\" \/>\n<meta property=\"article:modified_time\" content=\"2025-08-08T14:49:21+00:00\" \/>\n<meta property=\"og:image\" content=\"https:\/\/www.musee-mccord-stewart.ca\/app\/uploads\/2022\/06\/mccord-blogue-semaine-au-musee-roger-aziz-03-1920x1057-1.jpg\" \/>\n\t<meta property=\"og:image:width\" content=\"1920\" \/>\n\t<meta property=\"og:image:height\" content=\"1055\" \/>\n\t<meta property=\"og:image:type\" content=\"image\/jpeg\" \/>\n<meta name=\"twitter:card\" content=\"summary_large_image\" \/>\n<meta name=\"twitter:description\" content=\"Ce programme fait une grande diff\u00e9rence dans la vie des enfants montr\u00e9alais issus de milieux d\u00e9favoris\u00e9s qui ne pourraient venir au Mus\u00e9e autrement.\" \/>\n<meta name=\"twitter:site\" content=\"@MuseeMcCordStew\" \/>\n<meta name=\"twitter:label1\" content=\"Dur\u00e9e de lecture estim\u00e9e\" \/>\n\t<meta name=\"twitter:data1\" content=\"2 minutes\" \/>\n<script type=\"application\/ld+json\" class=\"yoast-schema-graph\">{\"@context\":\"https:\/\/schema.org\",\"@graph\":[{\"@type\":\"WebPage\",\"@id\":\"https:\/\/www.musee-mccord-stewart.ca\/fr\/education\/semaine-au-musee\/\",\"url\":\"https:\/\/www.musee-mccord-stewart.ca\/fr\/education\/semaine-au-musee\/\",\"name\":\"Une semaine au Mus\u00e9e McCord - Activit\u00e9 \u00e9ducative au Mus\u00e9e McCord\",\"isPartOf\":{\"@id\":\"https:\/\/www.musee-mccord-stewart.ca\/fr\/#website\"},\"datePublished\":\"2015-09-18T14:16:13+00:00\",\"dateModified\":\"2025-08-08T14:49:21+00:00\",\"description\":\"Ce programme fait une grande diff\u00e9rence dans la vie des enfants montr\u00e9alais issus de milieux d\u00e9favoris\u00e9s qui ne pourraient venir au Mus\u00e9e autrement.\",\"breadcrumb\":{\"@id\":\"https:\/\/www.musee-mccord-stewart.ca\/fr\/education\/semaine-au-musee\/#breadcrumb\"},\"inLanguage\":\"fr-FR\",\"potentialAction\":[{\"@type\":\"ReadAction\",\"target\":[\"https:\/\/www.musee-mccord-stewart.ca\/fr\/education\/semaine-au-musee\/\"]}]},{\"@type\":\"BreadcrumbList\",\"@id\":\"https:\/\/www.musee-mccord-stewart.ca\/fr\/education\/semaine-au-musee\/#breadcrumb\",\"itemListElement\":[{\"@type\":\"ListItem\",\"position\":1,\"name\":\"Accueil\",\"item\":\"https:\/\/www.musee-mccord-stewart.ca\/fr\/\"},{\"@type\":\"ListItem\",\"position\":2,\"name\":\"\u00c9ducation\",\"item\":\"https:\/\/www.musee-mccord-stewart.ca\/fr\/education\/\"},{\"@type\":\"ListItem\",\"position\":3,\"name\":\"Une semaine au Mus\u00e9e\"}]},{\"@type\":\"WebSite\",\"@id\":\"https:\/\/www.musee-mccord-stewart.ca\/fr\/#website\",\"url\":\"https:\/\/www.musee-mccord-stewart.ca\/fr\/\",\"name\":\"Mus\u00e9e McCord Stewart\",\"description\":\"Notre monde, nos histoires\",\"publisher\":{\"@id\":\"https:\/\/www.musee-mccord-stewart.ca\/fr\/#organization\"},\"alternateName\":\"MCS\",\"potentialAction\":[{\"@type\":\"SearchAction\",\"target\":{\"@type\":\"EntryPoint\",\"urlTemplate\":\"https:\/\/www.musee-mccord-stewart.ca\/fr\/?s={search_term_string}\"},\"query-input\":\"required name=search_term_string\"}],\"inLanguage\":\"fr-FR\"},{\"@type\":\"Organization\",\"@id\":\"https:\/\/www.musee-mccord-stewart.ca\/fr\/#organization\",\"name\":\"McCord Stewart Museum\",\"alternateName\":\"MCS\",\"url\":\"https:\/\/www.musee-mccord-stewart.ca\/fr\/\",\"logo\":{\"@type\":\"ImageObject\",\"inLanguage\":\"fr-FR\",\"@id\":\"https:\/\/www.musee-mccord-stewart.ca\/fr\/#\/schema\/logo\/image\/\",\"url\":\"https:\/\/www.musee-mccord-stewart.ca\/app\/uploads\/2023\/05\/logo_museemccordstewart_horizontal_noir_slogan.svg\",\"contentUrl\":\"https:\/\/www.musee-mccord-stewart.ca\/app\/uploads\/2023\/05\/logo_museemccordstewart_horizontal_noir_slogan.svg\",\"width\":1,\"height\":1,\"caption\":\"McCord Stewart Museum\"},\"image\":{\"@id\":\"https:\/\/www.musee-mccord-stewart.ca\/fr\/#\/schema\/logo\/image\/\"},\"sameAs\":[\"https:\/\/www.facebook.com\/museemccordstewart\",\"https:\/\/twitter.com\/MuseeMcCordStew\",\"https:\/\/instagram.com\/museemccordstewart\",\"https:\/\/www.linkedin.com\/company\/museemccordstewart\/\",\"https:\/\/www.pinterest.com\/museemccordstewart\/\",\"https:\/\/www.youtube.com\/c\/MuseeMcCordStewartMuseum\"]}]}<\/script>\n<!-- \/ Yoast SEO Premium plugin. -->","yoast_head_json":{"title":"Une semaine au Mus\u00e9e McCord - Activit\u00e9 \u00e9ducative au Mus\u00e9e McCord","description":"Ce programme fait une grande diff\u00e9rence dans la vie des enfants montr\u00e9alais issus de milieux d\u00e9favoris\u00e9s qui ne pourraient venir au Mus\u00e9e autrement.","robots":{"index":"index","follow":"follow","max-snippet":"max-snippet:-1","max-image-preview":"max-image-preview:large","max-video-preview":"max-video-preview:-1"},"canonical":"https:\/\/www.musee-mccord-stewart.ca\/fr\/education\/semaine-au-musee\/","og_locale":"fr_FR","og_type":"article","og_title":"Une semaine au Mus\u00e9e","og_description":"Ce programme fait une grande diff\u00e9rence dans la vie des enfants montr\u00e9alais issus de milieux d\u00e9favoris\u00e9s qui ne pourraient venir au Mus\u00e9e autrement.","og_url":"https:\/\/www.musee-mccord-stewart.ca\/fr\/education\/semaine-au-musee\/","og_site_name":"Mus\u00e9e McCord Stewart","article_publisher":"https:\/\/www.facebook.com\/museemccordstewart","article_modified_time":"2025-08-08T14:49:21+00:00","og_image":[{"width":1920,"height":1055,"url":"https:\/\/www.musee-mccord-stewart.ca\/app\/uploads\/2022\/06\/mccord-blogue-semaine-au-musee-roger-aziz-03-1920x1057-1.jpg","type":"image\/jpeg"}],"twitter_card":"summary_large_image","twitter_description":"Ce programme fait une grande diff\u00e9rence dans la vie des enfants montr\u00e9alais issus de milieux d\u00e9favoris\u00e9s qui ne pourraient venir au Mus\u00e9e autrement.","twitter_site":"@MuseeMcCordStew","twitter_misc":{"Dur\u00e9e de lecture estim\u00e9e":"2 minutes"},"schema":{"@context":"https:\/\/schema.org","@graph":[{"@type":"WebPage","@id":"https:\/\/www.musee-mccord-stewart.ca\/fr\/education\/semaine-au-musee\/","url":"https:\/\/www.musee-mccord-stewart.ca\/fr\/education\/semaine-au-musee\/","name":"Une semaine au Mus\u00e9e McCord - Activit\u00e9 \u00e9ducative au Mus\u00e9e McCord","isPartOf":{"@id":"https:\/\/www.musee-mccord-stewart.ca\/fr\/#website"},"datePublished":"2015-09-18T14:16:13+00:00","dateModified":"2025-08-08T14:49:21+00:00","description":"Ce programme fait une grande diff\u00e9rence dans la vie des enfants montr\u00e9alais issus de milieux d\u00e9favoris\u00e9s qui ne pourraient venir au Mus\u00e9e autrement.","breadcrumb":{"@id":"https:\/\/www.musee-mccord-stewart.ca\/fr\/education\/semaine-au-musee\/#breadcrumb"},"inLanguage":"fr-FR","potentialAction":[{"@type":"ReadAction","target":["https:\/\/www.musee-mccord-stewart.ca\/fr\/education\/semaine-au-musee\/"]}]},{"@type":"BreadcrumbList","@id":"https:\/\/www.musee-mccord-stewart.ca\/fr\/education\/semaine-au-musee\/#breadcrumb","itemListElement":[{"@type":"ListItem","position":1,"name":"Accueil","item":"https:\/\/www.musee-mccord-stewart.ca\/fr\/"},{"@type":"ListItem","position":2,"name":"\u00c9ducation","item":"https:\/\/www.musee-mccord-stewart.ca\/fr\/education\/"},{"@type":"ListItem","position":3,"name":"Une semaine au Mus\u00e9e"}]},{"@type":"WebSite","@id":"https:\/\/www.musee-mccord-stewart.ca\/fr\/#website","url":"https:\/\/www.musee-mccord-stewart.ca\/fr\/","name":"Mus\u00e9e McCord Stewart","description":"Notre monde, nos histoires","publisher":{"@id":"https:\/\/www.musee-mccord-stewart.ca\/fr\/#organization"},"alternateName":"MCS","potentialAction":[{"@type":"SearchAction","target":{"@type":"EntryPoint","urlTemplate":"https:\/\/www.musee-mccord-stewart.ca\/fr\/?s={search_term_string}"},"query-input":"required name=search_term_string"}],"inLanguage":"fr-FR"},{"@type":"Organization","@id":"https:\/\/www.musee-mccord-stewart.ca\/fr\/#organization","name":"McCord Stewart Museum","alternateName":"MCS","url":"https:\/\/www.musee-mccord-stewart.ca\/fr\/","logo":{"@type":"ImageObject","inLanguage":"fr-FR","@id":"https:\/\/www.musee-mccord-stewart.ca\/fr\/#\/schema\/logo\/image\/","url":"https:\/\/www.musee-mccord-stewart.ca\/app\/uploads\/2023\/05\/logo_museemccordstewart_horizontal_noir_slogan.svg","contentUrl":"https:\/\/www.musee-mccord-stewart.ca\/app\/uploads\/2023\/05\/logo_museemccordstewart_horizontal_noir_slogan.svg","width":1,"height":1,"caption":"McCord Stewart Museum"},"image":{"@id":"https:\/\/www.musee-mccord-stewart.ca\/fr\/#\/schema\/logo\/image\/"},"sameAs":["https:\/\/www.facebook.com\/museemccordstewart","https:\/\/twitter.com\/MuseeMcCordStew","https:\/\/instagram.com\/museemccordstewart","https:\/\/www.linkedin.com\/company\/museemccordstewart\/","https:\/\/www.pinterest.com\/museemccordstewart\/","https:\/\/www.youtube.com\/c\/MuseeMcCordStewartMuseum"]}]}},"_links":{"self":[{"href":"https:\/\/www.musee-mccord-stewart.ca\/fr\/wp-json\/wp\/v2\/pages\/10883"}],"collection":[{"href":"https:\/\/www.musee-mccord-stewart.ca\/fr\/wp-json\/wp\/v2\/pages"}],"about":[{"href":"https:\/\/www.musee-mccord-stewart.ca\/fr\/wp-json\/wp\/v2\/types\/page"}],"author":[{"embeddable":true,"href":"https:\/\/www.musee-mccord-stewart.ca\/fr\/wp-json\/wp\/v2\/users\/17"}],"replies":[{"embeddable":true,"href":"https:\/\/www.musee-mccord-stewart.ca\/fr\/wp-json\/wp\/v2\/comments?post=10883"}],"version-history":[{"count":0,"href":"https:\/\/www.musee-mccord-stewart.ca\/fr\/wp-json\/wp\/v2\/pages\/10883\/revisions"}],"up":[{"embeddable":true,"href":"https:\/\/www.musee-mccord-stewart.ca\/fr\/wp-json\/wp\/v2\/pages\/23203"}],"wp:attachment":[{"href":"https:\/\/www.musee-mccord-stewart.ca\/fr\/wp-json\/wp\/v2\/media?parent=10883"}],"wp:term":[{"taxonomy":"category","embeddable":true,"href":"https:\/\/www.musee-mccord-stewart.ca\/fr\/wp-json\/wp\/v2\/categories?post=10883"},{"taxonomy":"post_tag","embeddable":true,"href":"https:\/\/www.musee-mccord-stewart.ca\/fr\/wp-json\/wp\/v2\/tags?post=10883"}],"curies":[{"name":"wp","href":"https:\/\/api.w.org\/{rel}","templated":true}]}}