{"id":44846,"date":"2023-07-12T07:00:29","date_gmt":"2023-07-12T11:00:29","guid":{"rendered":"https:\/\/www.musee-mccord-stewart.ca\/?page_id=44846"},"modified":"2023-08-22T13:42:45","modified_gmt":"2023-08-22T17:42:45","slug":"contest-favourite-spot-hochelaga","status":"publish","type":"page","link":"https:\/\/www.musee-mccord-stewart.ca\/en\/contest-favourite-spot-hochelaga\/","title":{"rendered":"Contest: <i>My Favourite Spot in Hochelaga<\/i>"},"content":{"rendered":"<p><strong>Contest closed, thank you for your submissions!<\/strong><\/p>\n<p>This summer, take part in a contest for the exhibition <a title=\"\" href=\"https:\/\/www.musee-mccord-stewart.ca\/en\/exhibitions\/hochelaga-maisonneuve-evolving-montreal\/\" target=\"_blank\" rel=\"noopener\"><em>Hochelaga \u2013 Evolving Montreal<\/em><\/a>.\u00a0<strong>Snap a photo of yourself in your favourite spot in Hochelaga and tell us why you love it so much!\u00a0<\/strong>To enter the contest, post your photo on Instagram with\u00a0<a href=\"https:\/\/www.instagram.com\/explore\/tags\/monhochelaga\/\" target=\"_blank\" rel=\"noopener\">#MonHochelaga<\/a>\u00a0<a href=\"https:\/\/www.instagram.com\/museemccordstewart\/\" target=\"_blank\" rel=\"noopener\">@museemccordstewart<\/a>\u00a0and submit it via the\u00a0online form.<\/p>\n<p>Poems and colourful anecdotes are welcome. <strong>Ready, set, selfie!<\/strong><\/p>\n<h2>Congrats to the winners!<\/h2>\n<ul class=\"sliderTiny\">\n<li>\n<img decoding=\"async\" src=\"https:\/\/www.musee-mccord-stewart.ca\/app\/uploads\/2023\/08\/coup-de-coeur-du-public_dji_0328-martin-reisch_800px.png\" alt=\"\u00a9 Martin Reisch,  @safesolvent - Maisonneuve Market\" title=\"\u00a9 Martin Reisch,  @safesolvent - Maisonneuve Market\" \/>\n<\/li>\n<li>\n<img decoding=\"async\" src=\"https:\/\/www.musee-mccord-stewart.ca\/app\/uploads\/2023\/08\/coup-de-coeur-joannie-lafreniere-horizons-collectif_1200x793px.png\" alt=\"\u00a9 Lou Amsellem et Ad\u00e8le Ross, @horizonscollectif - Mural on Ontario street, next to metro Frontenac\" title=\"\u00a9 Lou Amsellem et Ad\u00e8le Ross, @horizonscollectif - Mural on Ontario street, next to metro Frontenac\" \/>\n<\/li>\n<\/ul>\n\n<h2>Prizes to win<\/h2>\n<p>The <strong>two submissions that win the hearts of Joannie Lafreni\u00e8re and the public<\/strong> will get to <strong>meet the artist over lunch at a local restaurant and many other prizes<\/strong>, including the <strong><a title=\"\" href=\"https:\/\/www.musee-mccord-stewart.ca\/en\/exhibitions\/hochelaga-maisonneuve-evolving-montreal\/\" target=\"_blank\" rel=\"noopener\"><em>Hochelaga \u2013 Evolving Montreal<\/em><\/a><\/strong> exhibition book, annual memberships to the McCord Stewart Museum and gift certificates to Hochelaga businesses!<\/p>\n<h3>Joannie Lafreni\u00e8re\u2019s Choice Award<\/h3>\n<ul>\n<li><strong>A meal at <a title=\"\" href=\"https:\/\/chicrestopop.com\/\" target=\"_blank\" rel=\"noopener\">Chic Resto Pop<\/a> with artist Joannie Lafreni\u00e8re<\/strong>, with the winner of the Instagram Public Choice Award<\/li>\n<li><strong>An annual Member+1 membership<\/strong> to enjoy unlimited access to the Museum for a year with your +1<\/li>\n<li>A gift certificate to <a title=\"\" href=\"https:\/\/hochelaga.ca\/commerces\/commerce\/librairie-le-renard-perche\/\" target=\"_blank\" rel=\"noopener\">Librairie le Renard Perch\u00e9<\/a><\/li>\n<li>A gift certificate to <a title=\"\" href=\"https:\/\/www.facebook.com\/orleansepicerie\/map\" target=\"_blank\" rel=\"noopener\">Orl\u00e9ans \u2013 \u00c9picerie de quartier<\/a><\/li>\n<li>The book HOCHELAGA \u2013 MONTR\u00c9AL EN MUTATION<\/li>\n<\/ul>\n<h3>Instagram Public Choice Award<\/h3>\n<ul>\n<li><strong>A meal at <a title=\"\" href=\"https:\/\/chicrestopop.com\/\" target=\"_blank\" rel=\"noopener\">Chic Resto Pop<\/a> with artist Joannie Lafreni\u00e8re<\/strong>, with the winner of Joannie Lafreni\u00e8re\u2019s Choice Award<\/li>\n<li><strong>An annual Member +1 membership<\/strong> to enjoy unlimited access to the Museum for a year with your +1.<\/li>\n<li>A gift certificate to <a title=\"\" href=\"https:\/\/hochelaga.ca\/commerces\/commerce\/librairie-le-renard-perche\/\" target=\"_blank\" rel=\"noopener\">Librairie le Renard Perch\u00e9<\/a><\/li>\n<li>A gift certificate to <a title=\"\" href=\"https:\/\/www.facebook.com\/orleansepicerie\/map\" target=\"_blank\" rel=\"noopener\">Orl\u00e9ans \u2013 \u00c9picerie de quartier<\/a><\/li>\n<li>The book HOCHELAGA \u2013 MONTR\u00c9AL EN MUTATION<\/li>\n<\/ul>\n<p><a class=\"download\" title=\"\" href=\"https:\/\/www.musee-mccord-stewart.ca\/app\/uploads\/2023\/07\/concours_hochelaga_reglements_en_final-1.pdf\" target=\"_blank\" rel=\"noopener\">Read Constest Rules (PDF)<\/a><\/p>\n<h2>Get inspired by these photographs featured in the exhibition<\/h2>\n<ul class=\"sliderTiny\">\n<li>\n<img decoding=\"async\" src=\"https:\/\/www.musee-mccord-stewart.ca\/app\/uploads\/2022\/07\/mccord-stewart_exposition_hochelaga_joannie-lafreniere_800-4-1-1200x800.jpg\" alt=\"Joannie Lafreni\u00e8re, &lt;i&gt;Autumn Load, De Rouen Street, Montreal&lt;\/i&gt;, QC, 2010\" title=\"Joannie Lafreni\u00e8re, &lt;i&gt;Autumn Load, De Rouen Street, Montreal&lt;\/i&gt;, QC, 2010\" \/>\n<\/li>\n<li>\n<img decoding=\"async\" src=\"https:\/\/www.musee-mccord-stewart.ca\/app\/uploads\/2022\/07\/mccord-stewart_exposition_hochelaga_joannie-lafreniere_800-1-1.jpg\" alt=\"Joannie Lafreni\u00e8re, &lt;i&gt;D\u00e9panneur B\u00e9cotte, Cuvillier Street, Montreal&lt;\/i&gt;, QC, 2020\" title=\"Joannie Lafreni\u00e8re, &lt;i&gt;D\u00e9panneur B\u00e9cotte, Cuvillier Street, Montreal&lt;\/i&gt;, QC, 2020\" \/>\n<\/li>\n<li>\n<img decoding=\"async\" src=\"https:\/\/www.musee-mccord-stewart.ca\/app\/uploads\/2022\/07\/mccord-stewart_exposition_hochelaga_joannie-lafreniere_800-2-1-1200x800.jpg\" alt=\"Joannie Lafreni\u00e8re, &lt;i&gt;Michel Contant, Salon Michel, Lafontaine Street, Montreal&lt;\/i&gt;, QC, 2022\" title=\"Joannie Lafreni\u00e8re, &lt;i&gt;Michel Contant, Salon Michel, Lafontaine Street, Montreal&lt;\/i&gt;, QC, 2022\" \/>\n<\/li>\n<li>\n<img decoding=\"async\" src=\"https:\/\/www.musee-mccord-stewart.ca\/app\/uploads\/2022\/07\/mccord-stewart_exposition_hochelaga_joannie-lafreniere_800-5-1200x800.jpg\" alt=\"Joannie Lafreni\u00e8re, &lt;i&gt;Garage Gauthier Adam Street, Montreal&lt;\/i&gt;, QC, 2020\" title=\"Joannie Lafreni\u00e8re, &lt;i&gt;Garage Gauthier Adam Street, Montreal&lt;\/i&gt;, QC, 2020\" \/>\n<\/li>\n<\/ul>\n\n","protected":false},"excerpt":{"rendered":"<p>Contest closed, thank you for your submissions! This summer, take part in a contest for the exhibition Hochelaga \u2013 Evolving Montreal.\u00a0Snap a photo of yourself in your favourite spot in Hochelaga and tell us why you love it so much!\u00a0To enter the contest, post your photo on Instagram with\u00a0#MonHochelaga\u00a0@museemccordstewart\u00a0and submit it via the\u00a0online form. Poems [&hellip;]<\/p>\n","protected":false},"author":51,"featured_media":0,"parent":0,"menu_order":0,"comment_status":"closed","ping_status":"closed","template":"page-templates\/page-texte.php","meta":{"footnotes":""},"categories":[1],"tags":[],"acf":[],"yoast_head":"<!-- This site is optimized with the Yoast SEO Premium plugin v20.11 (Yoast SEO v20.11) - https:\/\/yoast.com\/wordpress\/plugins\/seo\/ -->\n<title>Contest: My Favourite Spot in Hochelaga - McCord Stewart Museum<\/title>\n<meta name=\"description\" content=\"\u00c0 vos selfies! Cet \u00e9t\u00e9, le Mus\u00e9e vous invite \u00e0 participer \u00e0 un concours dans le cadre de l\u2019exposition Hochelaga \u2013 Montr\u00e9al en mutation.\" \/>\n<meta name=\"robots\" content=\"index, follow, max-snippet:-1, max-image-preview:large, max-video-preview:-1\" \/>\n<link rel=\"canonical\" href=\"https:\/\/www.musee-mccord-stewart.ca\/en\/contest-favourite-spot-hochelaga\/\" \/>\n<meta property=\"og:locale\" content=\"en_US\" \/>\n<meta property=\"og:type\" content=\"article\" \/>\n<meta property=\"og:title\" content=\"Contest: My Favourite Spot in Hochelaga\" \/>\n<meta property=\"og:description\" content=\"Le Mus\u00e9e vous invite \u00e0 participer \u00e0 un concours dans le cadre de l\u2019exposition Hochelaga \u2013 Montr\u00e9al en mutation.\" \/>\n<meta property=\"og:url\" content=\"https:\/\/www.musee-mccord-stewart.ca\/en\/contest-favourite-spot-hochelaga\/\" \/>\n<meta property=\"og:site_name\" content=\"McCord Stewart Museum\" \/>\n<meta property=\"article:publisher\" content=\"https:\/\/www.facebook.com\/museemccordstewart\" \/>\n<meta property=\"article:modified_time\" content=\"2023-08-22T17:42:45+00:00\" \/>\n<meta property=\"og:image\" content=\"https:\/\/www.musee-mccord-stewart.ca\/app\/uploads\/2023\/03\/mccord-stewart_activites_visite-quartier-hochelaga_joannie-lafreniere_800x520.jpg\" \/>\n\t<meta property=\"og:image:width\" content=\"800\" \/>\n\t<meta property=\"og:image:height\" content=\"520\" \/>\n\t<meta property=\"og:image:type\" content=\"image\/jpeg\" \/>\n<meta name=\"twitter:card\" content=\"summary_large_image\" \/>\n<meta name=\"twitter:description\" content=\"\u00c0 vos selfies! Cet \u00e9t\u00e9, le Mus\u00e9e vous invite \u00e0 participer \u00e0 un concours dans le cadre de l\u2019exposition Hochelaga \u2013 Montr\u00e9al en mutation.\" \/>\n<meta name=\"twitter:image\" content=\"https:\/\/www.musee-mccord-stewart.ca\/app\/uploads\/2023\/03\/mccord-stewart_activites_visite-quartier-hochelaga_joannie-lafreniere_800x520.jpg\" \/>\n<meta name=\"twitter:site\" content=\"@MuseeMcCordStew\" \/>\n<meta name=\"twitter:label1\" content=\"Est. reading time\" \/>\n\t<meta name=\"twitter:data1\" content=\"2 minutes\" \/>\n<script type=\"application\/ld+json\" class=\"yoast-schema-graph\">{\"@context\":\"https:\/\/schema.org\",\"@graph\":[{\"@type\":\"WebPage\",\"@id\":\"https:\/\/www.musee-mccord-stewart.ca\/en\/contest-favourite-spot-hochelaga\/\",\"url\":\"https:\/\/www.musee-mccord-stewart.ca\/en\/contest-favourite-spot-hochelaga\/\",\"name\":\"Contest: My Favourite Spot in Hochelaga - McCord Stewart Museum\",\"isPartOf\":{\"@id\":\"https:\/\/www.musee-mccord-stewart.ca\/fr\/#website\"},\"datePublished\":\"2023-07-12T11:00:29+00:00\",\"dateModified\":\"2023-08-22T17:42:45+00:00\",\"description\":\"\u00c0 vos selfies! Cet \u00e9t\u00e9, le Mus\u00e9e vous invite \u00e0 participer \u00e0 un concours dans le cadre de l\u2019exposition Hochelaga \u2013 Montr\u00e9al en mutation.\",\"breadcrumb\":{\"@id\":\"https:\/\/www.musee-mccord-stewart.ca\/en\/contest-favourite-spot-hochelaga\/#breadcrumb\"},\"inLanguage\":\"en-US\",\"potentialAction\":[{\"@type\":\"ReadAction\",\"target\":[\"https:\/\/www.musee-mccord-stewart.ca\/en\/contest-favourite-spot-hochelaga\/\"]}]},{\"@type\":\"BreadcrumbList\",\"@id\":\"https:\/\/www.musee-mccord-stewart.ca\/en\/contest-favourite-spot-hochelaga\/#breadcrumb\",\"itemListElement\":[{\"@type\":\"ListItem\",\"position\":1,\"name\":\"Accueil\",\"item\":\"https:\/\/www.musee-mccord-stewart.ca\/en\/\"},{\"@type\":\"ListItem\",\"position\":2,\"name\":\"Contest: My Favourite Spot in Hochelaga\"}]},{\"@type\":\"WebSite\",\"@id\":\"https:\/\/www.musee-mccord-stewart.ca\/fr\/#website\",\"url\":\"https:\/\/www.musee-mccord-stewart.ca\/fr\/\",\"name\":\"McCord Stewart Museum\",\"description\":\"Our world, our stories\",\"publisher\":{\"@id\":\"https:\/\/www.musee-mccord-stewart.ca\/fr\/#organization\"},\"alternateName\":\"MCS\",\"potentialAction\":[{\"@type\":\"SearchAction\",\"target\":{\"@type\":\"EntryPoint\",\"urlTemplate\":\"https:\/\/www.musee-mccord-stewart.ca\/fr\/?s={search_term_string}\"},\"query-input\":\"required name=search_term_string\"}],\"inLanguage\":\"en-US\"},{\"@type\":\"Organization\",\"@id\":\"https:\/\/www.musee-mccord-stewart.ca\/fr\/#organization\",\"name\":\"McCord Stewart Museum\",\"alternateName\":\"MCS\",\"url\":\"https:\/\/www.musee-mccord-stewart.ca\/fr\/\",\"logo\":{\"@type\":\"ImageObject\",\"inLanguage\":\"en-US\",\"@id\":\"https:\/\/www.musee-mccord-stewart.ca\/fr\/#\/schema\/logo\/image\/\",\"url\":\"https:\/\/www.musee-mccord-stewart.ca\/app\/uploads\/2023\/05\/logo_museemccordstewart_horizontal_noir_slogan.svg\",\"contentUrl\":\"https:\/\/www.musee-mccord-stewart.ca\/app\/uploads\/2023\/05\/logo_museemccordstewart_horizontal_noir_slogan.svg\",\"width\":1,\"height\":1,\"caption\":\"McCord Stewart Museum\"},\"image\":{\"@id\":\"https:\/\/www.musee-mccord-stewart.ca\/fr\/#\/schema\/logo\/image\/\"},\"sameAs\":[\"https:\/\/www.facebook.com\/museemccordstewart\",\"https:\/\/twitter.com\/MuseeMcCordStew\",\"https:\/\/instagram.com\/museemccordstewart\",\"https:\/\/www.linkedin.com\/company\/museemccordstewart\/\",\"https:\/\/www.pinterest.com\/museemccordstewart\/\",\"https:\/\/www.youtube.com\/c\/MuseeMcCordStewartMuseum\"]}]}<\/script>\n<!-- \/ Yoast SEO Premium plugin. -->","yoast_head_json":{"title":"Contest: My Favourite Spot in Hochelaga - McCord Stewart Museum","description":"\u00c0 vos selfies! Cet \u00e9t\u00e9, le Mus\u00e9e vous invite \u00e0 participer \u00e0 un concours dans le cadre de l\u2019exposition Hochelaga \u2013 Montr\u00e9al en mutation.","robots":{"index":"index","follow":"follow","max-snippet":"max-snippet:-1","max-image-preview":"max-image-preview:large","max-video-preview":"max-video-preview:-1"},"canonical":"https:\/\/www.musee-mccord-stewart.ca\/en\/contest-favourite-spot-hochelaga\/","og_locale":"en_US","og_type":"article","og_title":"Contest: My Favourite Spot in Hochelaga","og_description":"Le Mus\u00e9e vous invite \u00e0 participer \u00e0 un concours dans le cadre de l\u2019exposition Hochelaga \u2013 Montr\u00e9al en mutation.","og_url":"https:\/\/www.musee-mccord-stewart.ca\/en\/contest-favourite-spot-hochelaga\/","og_site_name":"McCord Stewart Museum","article_publisher":"https:\/\/www.facebook.com\/museemccordstewart","article_modified_time":"2023-08-22T17:42:45+00:00","og_image":[{"width":800,"height":520,"url":"https:\/\/www.musee-mccord-stewart.ca\/app\/uploads\/2023\/03\/mccord-stewart_activites_visite-quartier-hochelaga_joannie-lafreniere_800x520.jpg","type":"image\/jpeg"}],"twitter_card":"summary_large_image","twitter_description":"\u00c0 vos selfies! Cet \u00e9t\u00e9, le Mus\u00e9e vous invite \u00e0 participer \u00e0 un concours dans le cadre de l\u2019exposition Hochelaga \u2013 Montr\u00e9al en mutation.","twitter_image":"https:\/\/www.musee-mccord-stewart.ca\/app\/uploads\/2023\/03\/mccord-stewart_activites_visite-quartier-hochelaga_joannie-lafreniere_800x520.jpg","twitter_site":"@MuseeMcCordStew","twitter_misc":{"Est. reading time":"2 minutes"},"schema":{"@context":"https:\/\/schema.org","@graph":[{"@type":"WebPage","@id":"https:\/\/www.musee-mccord-stewart.ca\/en\/contest-favourite-spot-hochelaga\/","url":"https:\/\/www.musee-mccord-stewart.ca\/en\/contest-favourite-spot-hochelaga\/","name":"Contest: My Favourite Spot in Hochelaga - McCord Stewart Museum","isPartOf":{"@id":"https:\/\/www.musee-mccord-stewart.ca\/fr\/#website"},"datePublished":"2023-07-12T11:00:29+00:00","dateModified":"2023-08-22T17:42:45+00:00","description":"\u00c0 vos selfies! Cet \u00e9t\u00e9, le Mus\u00e9e vous invite \u00e0 participer \u00e0 un concours dans le cadre de l\u2019exposition Hochelaga \u2013 Montr\u00e9al en mutation.","breadcrumb":{"@id":"https:\/\/www.musee-mccord-stewart.ca\/en\/contest-favourite-spot-hochelaga\/#breadcrumb"},"inLanguage":"en-US","potentialAction":[{"@type":"ReadAction","target":["https:\/\/www.musee-mccord-stewart.ca\/en\/contest-favourite-spot-hochelaga\/"]}]},{"@type":"BreadcrumbList","@id":"https:\/\/www.musee-mccord-stewart.ca\/en\/contest-favourite-spot-hochelaga\/#breadcrumb","itemListElement":[{"@type":"ListItem","position":1,"name":"Accueil","item":"https:\/\/www.musee-mccord-stewart.ca\/en\/"},{"@type":"ListItem","position":2,"name":"Contest: My Favourite Spot in Hochelaga"}]},{"@type":"WebSite","@id":"https:\/\/www.musee-mccord-stewart.ca\/fr\/#website","url":"https:\/\/www.musee-mccord-stewart.ca\/fr\/","name":"McCord Stewart Museum","description":"Our world, our stories","publisher":{"@id":"https:\/\/www.musee-mccord-stewart.ca\/fr\/#organization"},"alternateName":"MCS","potentialAction":[{"@type":"SearchAction","target":{"@type":"EntryPoint","urlTemplate":"https:\/\/www.musee-mccord-stewart.ca\/fr\/?s={search_term_string}"},"query-input":"required name=search_term_string"}],"inLanguage":"en-US"},{"@type":"Organization","@id":"https:\/\/www.musee-mccord-stewart.ca\/fr\/#organization","name":"McCord Stewart Museum","alternateName":"MCS","url":"https:\/\/www.musee-mccord-stewart.ca\/fr\/","logo":{"@type":"ImageObject","inLanguage":"en-US","@id":"https:\/\/www.musee-mccord-stewart.ca\/fr\/#\/schema\/logo\/image\/","url":"https:\/\/www.musee-mccord-stewart.ca\/app\/uploads\/2023\/05\/logo_museemccordstewart_horizontal_noir_slogan.svg","contentUrl":"https:\/\/www.musee-mccord-stewart.ca\/app\/uploads\/2023\/05\/logo_museemccordstewart_horizontal_noir_slogan.svg","width":1,"height":1,"caption":"McCord Stewart Museum"},"image":{"@id":"https:\/\/www.musee-mccord-stewart.ca\/fr\/#\/schema\/logo\/image\/"},"sameAs":["https:\/\/www.facebook.com\/museemccordstewart","https:\/\/twitter.com\/MuseeMcCordStew","https:\/\/instagram.com\/museemccordstewart","https:\/\/www.linkedin.com\/company\/museemccordstewart\/","https:\/\/www.pinterest.com\/museemccordstewart\/","https:\/\/www.youtube.com\/c\/MuseeMcCordStewartMuseum"]}]}},"_links":{"self":[{"href":"https:\/\/www.musee-mccord-stewart.ca\/en\/wp-json\/wp\/v2\/pages\/44846"}],"collection":[{"href":"https:\/\/www.musee-mccord-stewart.ca\/en\/wp-json\/wp\/v2\/pages"}],"about":[{"href":"https:\/\/www.musee-mccord-stewart.ca\/en\/wp-json\/wp\/v2\/types\/page"}],"author":[{"embeddable":true,"href":"https:\/\/www.musee-mccord-stewart.ca\/en\/wp-json\/wp\/v2\/users\/51"}],"replies":[{"embeddable":true,"href":"https:\/\/www.musee-mccord-stewart.ca\/en\/wp-json\/wp\/v2\/comments?post=44846"}],"version-history":[{"count":0,"href":"https:\/\/www.musee-mccord-stewart.ca\/en\/wp-json\/wp\/v2\/pages\/44846\/revisions"}],"wp:attachment":[{"href":"https:\/\/www.musee-mccord-stewart.ca\/en\/wp-json\/wp\/v2\/media?parent=44846"}],"wp:term":[{"taxonomy":"category","embeddable":true,"href":"https:\/\/www.musee-mccord-stewart.ca\/en\/wp-json\/wp\/v2\/categories?post=44846"},{"taxonomy":"post_tag","embeddable":true,"href":"https:\/\/www.musee-mccord-stewart.ca\/en\/wp-json\/wp\/v2\/tags?post=44846"}],"curies":[{"name":"wp","href":"https:\/\/api.w.org\/{rel}","templated":true}]}}